{"id":237,"date":"2023-05-19T15:59:19","date_gmt":"2023-05-19T13:59:19","guid":{"rendered":"https:\/\/davos.dclabs.ch\/?page_id=237"},"modified":"2025-07-09T17:52:42","modified_gmt":"2025-07-09T15:52:42","slug":"davos-baukultur-process","status":"publish","type":"page","link":"https:\/\/davosdeclaration2018.ch\/en\/davos-baukultur-process\/","title":{"rendered":"Davos Baukultur Process"},"content":{"rendered":"<div data-elementor-type=\"wp-page\" data-elementor-id=\"237\" class=\"elementor elementor-237\" data-elementor-post-type=\"page\">\n\t\t\t\t<div class=\"elementor-element elementor-element-a5ad398 u-sidePadding u-dcwiSection -noTop e-flex e-con-boxed e-con e-parent\" data-id=\"a5ad398\" data-element_type=\"container\">\n\t\t\t\t\t<div class=\"e-con-inner\">\n\t\t\t\t<div class=\"elementor-element elementor-element-ca0aa15 elementor-widget elementor-widget-dcwi-content-block\" data-id=\"ca0aa15\" data-element_type=\"widget\" data-widget_type=\"dcwi-content-block.default\">\n\t\t\t\t<div class=\"elementor-widget-container\">\n\t\t\t\t\t        <div class=\"m-contentBlock -wide u-leadText -borderTop\" >\n                            <div class=\"m-contentBlock__header\">\n                    <h1 class=\"u-noMargin\">Davos Baukultur Process<\/h1><span class=\"u-likeH1 u-subHeading\">Towards a high-quality Baukultur<\/span>                <\/div>\n                        <div class=\"m-contentBlock__inner\">\n                <div class=\"m-contentBlock__imageWrapper\"><\/div>                <div class=\"m-contentBlock__content\">\n                    <p>The Davos Declaration marks the starting point of the ongoing Davos Baukultur Process. It continues the discourse of Baukultur with two pillars. The first pillar focuses on the scientific and content discourse. The concept of Baukultur and core terms of the Declaration are scientifically consolidated. The second pillar focuses on the strategic and political discourse through international conferences and debates on a political level and the implementation of culture-centred policies.<\/p>\n                                    <\/div>\n            <\/div>\n        <\/div>\n        \t\t\t\t<\/div>\n\t\t\t\t<\/div>\n\t\t\t\t\t<\/div>\n\t\t\t\t<\/div>\n\t\t<div class=\"elementor-element elementor-element-84a6551 u-sidePadding u-dcwiSection -noTop e-flex e-con-boxed e-con e-parent\" data-id=\"84a6551\" data-element_type=\"container\" id=\"2025-danzig\">\n\t\t\t\t\t<div class=\"e-con-inner\">\n\t\t\t\t<div class=\"elementor-element elementor-element-2af62da elementor-widget elementor-widget-dcwi-event-header\" data-id=\"2af62da\" data-element_type=\"widget\" data-widget_type=\"dcwi-event-header.default\">\n\t\t\t\t<div class=\"elementor-widget-container\">\n\t\t\t\t\t        <div class=\"a-eventHeader\">\n            <span class=\"a-eventHeader__date\">10.\u201312.06.2025<\/span>\n            <span class=\"a-eventHeader__location\">Danzig<\/span>\n            <span class=\"a-eventHeader__type\">Event<\/span>\n        <\/div>\n        \t\t\t\t<\/div>\n\t\t\t\t<\/div>\n\t\t\t\t<div class=\"elementor-element elementor-element-4788d3d elementor-widget elementor-widget-dcwi-content-block\" data-id=\"4788d3d\" data-element_type=\"widget\" data-widget_type=\"dcwi-content-block.default\">\n\t\t\t\t<div class=\"elementor-widget-container\">\n\t\t\t\t\t        <div class=\"m-contentBlock\" >\n                            <div class=\"m-contentBlock__header\">\n                    <h2 class=\"u-noMargin\">Architectural Policies as a European Standard, Gdansk, Poland<\/h2>                <\/div>\n                        <div class=\"m-contentBlock__inner\">\n                <a class=\"m-contentBlock__imageWrapper -noFilter\"href=\"https:\/\/davosdeclaration2018.ch\/wp-content\/uploads\/sites\/2\/2025\/06\/Plakat_Danzig.jpg\"><img fetchpriority=\"high\" decoding=\"async\" width=\"837\" height=\"474\" src=\"https:\/\/davosdeclaration2018.ch\/wp-content\/uploads\/sites\/2\/2025\/06\/Plakat_Danzig.jpg\" class=\"m-contentBlock__image\" alt=\"\" srcset=\"https:\/\/davosdeclaration2018.ch\/wp-content\/uploads\/sites\/2\/2025\/06\/Plakat_Danzig.jpg 837w, https:\/\/davosdeclaration2018.ch\/wp-content\/uploads\/sites\/2\/2025\/06\/Plakat_Danzig-300x170.jpg 300w, https:\/\/davosdeclaration2018.ch\/wp-content\/uploads\/sites\/2\/2025\/06\/Plakat_Danzig-768x435.jpg 768w, https:\/\/davosdeclaration2018.ch\/wp-content\/uploads\/sites\/2\/2025\/06\/Plakat_Danzig-18x10.jpg 18w\" sizes=\"(max-width: 837px) 100vw, 837px\" \/><\/a>                <div class=\"m-contentBlock__content\">\n                    <p>During the Polish presidency of the Council of the European Union, the office of the City Architect of Gdansk organised the international conference \u201cArchitectural Policies as a European Standard\u201d. The aim of the conference was to show ways of designing architectural policies at different administrative levels, especially the local level.<\/p>\n<p>A broad cross-section of experts from throughout Europe was invited to engage in dialogue with local professionals, local politicians and other actors. The programme comprised plenary speeches and podium discussions as well as expert panels, informal meetings and the exhibition of the EUmies Awards 2024. On the afternoon of the second day, the panel members discussed the European perspective on \u201carchitectural policy in the context of the New European Bauhaus and the Davos process\u201d.<\/p>\n                                    <\/div>\n            <\/div>\n        <\/div>\n        \t\t\t\t<\/div>\n\t\t\t\t<\/div>\n\t\t\t\t<div class=\"elementor-element elementor-element-11d3c8f elementor-widget elementor-widget-dcwi-link\" data-id=\"11d3c8f\" data-element_type=\"widget\" data-widget_type=\"dcwi-link.default\">\n\t\t\t\t<div class=\"elementor-widget-container\">\n\t\t\t\t\t            <div class=\"a-link__wrapper\" >\n                <a href=\"https:\/\/davosdeclaration2018.ch\/wp-content\/uploads\/sites\/2\/2025\/06\/Programm_International_Conference_Architectural_policies_as_a_European_Standard.pdf\"  target=\"_blank\"                    class=\"a-link -linkBar -icon -icon-type-arrowRight\"\n                    >\n                    Program                    <svg class=\"svg-inline--fa fa-arrow-right\" aria-hidden=\"true\" focusable=\"false\" data-prefix=\"fal\" data-icon=\"arrow-right\" role=\"img\" xmlns=\"http:\/\/www.w3.org\/2000\/svg\" viewbox=\"0 0 448 512\" data-fa-i2svg=\"\"><path fill=\"currentColor\" d=\"M443.7 266.8l-165.9 176C274.5 446.3 269.1 448 265.5 448c-3.986 0-7.988-1.375-11.16-4.156c-6.773-5.938-7.275-16.06-1.118-22.59L393.9 272H16.59c-9.171 0-16.59-7.155-16.59-15.1S7.421 240 16.59 240h377.3l-140.7-149.3c-6.157-6.531-5.655-16.66 1.118-22.59c6.789-5.906 17.27-5.469 23.45 1.094l165.9 176C449.4 251.3 449.4 260.7 443.7 266.8z\"><\/path><\/svg>                <\/a>\n            <\/div>\n            \t\t\t\t<\/div>\n\t\t\t\t<\/div>\n\t\t\t\t<div class=\"elementor-element elementor-element-6dfef03 elementor-widget elementor-widget-dcwi-link\" data-id=\"6dfef03\" data-element_type=\"widget\" data-widget_type=\"dcwi-link.default\">\n\t\t\t\t<div class=\"elementor-widget-container\">\n\t\t\t\t\t            <div class=\"a-link__wrapper\" >\n                <a href=\"https:\/\/www.gdansk.pl\/tv\/POLITYKI-ARCHITEKTONICZNE-JAKO-EUROPEJSKI-STANDARD,v,5436\"  target=\"_blank\"                    class=\"a-link -linkBar -icon -icon-type-arrowRight\"\n                    >\n                    Video                    <svg class=\"svg-inline--fa fa-arrow-right\" aria-hidden=\"true\" focusable=\"false\" data-prefix=\"fal\" data-icon=\"arrow-right\" role=\"img\" xmlns=\"http:\/\/www.w3.org\/2000\/svg\" viewbox=\"0 0 448 512\" data-fa-i2svg=\"\"><path fill=\"currentColor\" d=\"M443.7 266.8l-165.9 176C274.5 446.3 269.1 448 265.5 448c-3.986 0-7.988-1.375-11.16-4.156c-6.773-5.938-7.275-16.06-1.118-22.59L393.9 272H16.59c-9.171 0-16.59-7.155-16.59-15.1S7.421 240 16.59 240h377.3l-140.7-149.3c-6.157-6.531-5.655-16.66 1.118-22.59c6.789-5.906 17.27-5.469 23.45 1.094l165.9 176C449.4 251.3 449.4 260.7 443.7 266.8z\"><\/path><\/svg>                <\/a>\n            <\/div>\n            \t\t\t\t<\/div>\n\t\t\t\t<\/div>\n\t\t\t\t<div class=\"elementor-element elementor-element-2a6f9f8 elementor-widget elementor-widget-dcwi-prev-widget-toggle\" data-id=\"2a6f9f8\" data-element_type=\"widget\" data-widget_type=\"dcwi-prev-widget-toggle.default\">\n\t\t\t\t<div class=\"elementor-widget-container\">\n\t\t\t\t\t        <div class=\"a-link__wrapper -linkBar\"  data-no-translate>\n            <span tabindex=\"0\"\n                  class=\"a-link -linkBar do-togglePrevWidget -toggleNext\">\n                <span class=\"a-link__label\">Impressions \u00a9 BAM \/ Jaros\u0142aw Zulewski, Miko\u0142aj Wantoch-Rekowski, Grzegorz Mehring<\/span>\n                <svg class=\"svg-inline--fa fa-chevron-down a-link__icon\" aria-hidden=\"true\" focusable=\"false\" data-prefix=\"fal\"\n                     data-icon=\"chevron-down\" role=\"img\" xmlns=\"http:\/\/www.w3.org\/2000\/svg\" viewbox=\"0 0 448 512\" data-fa-i2svg=\"\"><path\n                            fill=\"currentColor\"\n                            d=\"M4.251 181.1C7.392 177.7 11.69 175.1 16 175.1c3.891 0 7.781 1.406 10.86 4.25l197.1 181.1l197.1-181.1c6.5-6 16.64-5.625 22.61 .9062c6 6.5 5.594 16.59-.8906 22.59l-208 192c-6.156 5.688-15.56 5.688-21.72 0l-208-192C-1.343 197.7-1.749 187.6 4.251 181.1z\"><\/path><\/svg>\n            <\/span>\n        <\/div>\n        \t\t\t\t<\/div>\n\t\t\t\t<\/div>\n\t\t\t\t<div class=\"elementor-element elementor-element-7743f76 a-toggleableWidget elementor-widget elementor-widget-gallery\" data-id=\"7743f76\" data-element_type=\"widget\" data-settings=\"{&quot;columns&quot;:&quot;3&quot;,&quot;gap&quot;:{&quot;unit&quot;:&quot;px&quot;,&quot;size&quot;:&quot;20&quot;,&quot;sizes&quot;:[]},&quot;lazyload&quot;:&quot;yes&quot;,&quot;gallery_layout&quot;:&quot;grid&quot;,&quot;columns_tablet&quot;:2,&quot;columns_mobile&quot;:1,&quot;gap_tablet&quot;:{&quot;unit&quot;:&quot;px&quot;,&quot;size&quot;:10,&quot;sizes&quot;:[]},&quot;gap_mobile&quot;:{&quot;unit&quot;:&quot;px&quot;,&quot;size&quot;:10,&quot;sizes&quot;:[]},&quot;link_to&quot;:&quot;file&quot;,&quot;aspect_ratio&quot;:&quot;3:2&quot;,&quot;content_hover_animation&quot;:&quot;fade-in&quot;}\" data-widget_type=\"gallery.default\">\n\t\t\t\t<div class=\"elementor-widget-container\">\n\t\t\t\t\t\t\t<div class=\"elementor-gallery__container\">\n\t\t\t\t\t\t\t<a class=\"e-gallery-item elementor-gallery-item elementor-animated-content\" href=\"https:\/\/davosdeclaration2018.ch\/wp-content\/uploads\/sites\/2\/2025\/06\/2025-06-10-Konferencja-EDAP-029.jpg\" data-elementor-open-lightbox=\"yes\" data-elementor-lightbox-slideshow=\"7743f76\" data-elementor-lightbox-title=\"2025-06-10-Konferencja-EDAP-029\" data-e-action-hash=\"#elementor-action%3Aaction%3Dlightbox%26settings%3DeyJpZCI6MjQzMCwidXJsIjoiaHR0cHM6XC9cL2Rhdm9zZGVjbGFyYXRpb24yMDE4LmNoXC93cC1jb250ZW50XC91cGxvYWRzXC9zaXRlc1wvMlwvMjAyNVwvMDZcLzIwMjUtMDYtMTAtS29uZmVyZW5jamEtRURBUC0wMjkuanBnIiwic2xpZGVzaG93IjoiNzc0M2Y3NiJ9\">\n\t\t\t\t\t<div class=\"e-gallery-image elementor-gallery-item__image\" data-thumbnail=\"https:\/\/davosdeclaration2018.ch\/wp-content\/uploads\/sites\/2\/2025\/06\/2025-06-10-Konferencja-EDAP-029-768x512.jpg\" data-width=\"768\" data-height=\"512\" aria-label=\"\" role=\"img\" ><\/div>\n\t\t\t\t\t\t\t\t\t\t\t\t\t\t<\/a>\n\t\t\t\t\t\t\t<a class=\"e-gallery-item elementor-gallery-item elementor-animated-content\" href=\"https:\/\/davosdeclaration2018.ch\/wp-content\/uploads\/sites\/2\/2025\/06\/2025-06-10-Konferencja-EDAP-043.jpg\" data-elementor-open-lightbox=\"yes\" data-elementor-lightbox-slideshow=\"7743f76\" data-elementor-lightbox-title=\"2025-06-10-Konferencja-EDAP-043\" data-e-action-hash=\"#elementor-action%3Aaction%3Dlightbox%26settings%3DeyJpZCI6MjQzMSwidXJsIjoiaHR0cHM6XC9cL2Rhdm9zZGVjbGFyYXRpb24yMDE4LmNoXC93cC1jb250ZW50XC91cGxvYWRzXC9zaXRlc1wvMlwvMjAyNVwvMDZcLzIwMjUtMDYtMTAtS29uZmVyZW5jamEtRURBUC0wNDMuanBnIiwic2xpZGVzaG93IjoiNzc0M2Y3NiJ9\">\n\t\t\t\t\t<div class=\"e-gallery-image elementor-gallery-item__image\" data-thumbnail=\"https:\/\/davosdeclaration2018.ch\/wp-content\/uploads\/sites\/2\/2025\/06\/2025-06-10-Konferencja-EDAP-043-768x512.jpg\" data-width=\"768\" data-height=\"512\" aria-label=\"\" role=\"img\" ><\/div>\n\t\t\t\t\t\t\t\t\t\t\t\t\t\t<\/a>\n\t\t\t\t\t\t\t<a class=\"e-gallery-item elementor-gallery-item elementor-animated-content\" href=\"https:\/\/davosdeclaration2018.ch\/wp-content\/uploads\/sites\/2\/2025\/06\/IMG_20250610_181505616_HDR-scaled.jpg\" data-elementor-open-lightbox=\"yes\" data-elementor-lightbox-slideshow=\"7743f76\" data-elementor-lightbox-title=\"IMG_20250610_181505616_HDR\" data-e-action-hash=\"#elementor-action%3Aaction%3Dlightbox%26settings%3DeyJpZCI6MjQzOSwidXJsIjoiaHR0cHM6XC9cL2Rhdm9zZGVjbGFyYXRpb24yMDE4LmNoXC93cC1jb250ZW50XC91cGxvYWRzXC9zaXRlc1wvMlwvMjAyNVwvMDZcL0lNR18yMDI1MDYxMF8xODE1MDU2MTZfSERSLXNjYWxlZC5qcGciLCJzbGlkZXNob3ciOiI3NzQzZjc2In0%3D\">\n\t\t\t\t\t<div class=\"e-gallery-image elementor-gallery-item__image\" data-thumbnail=\"https:\/\/davosdeclaration2018.ch\/wp-content\/uploads\/sites\/2\/2025\/06\/IMG_20250610_181505616_HDR-768x576.jpg\" data-width=\"768\" data-height=\"576\" aria-label=\"\" role=\"img\" ><\/div>\n\t\t\t\t\t\t\t\t\t\t\t\t\t\t<\/a>\n\t\t\t\t\t\t\t<a class=\"e-gallery-item elementor-gallery-item elementor-animated-content\" href=\"https:\/\/davosdeclaration2018.ch\/wp-content\/uploads\/sites\/2\/2025\/06\/2025-06-11-konferencja-architektura-009.jpg\" data-elementor-open-lightbox=\"yes\" data-elementor-lightbox-slideshow=\"7743f76\" data-elementor-lightbox-title=\"2025-06-11-konferencja-architektura-009\" data-e-action-hash=\"#elementor-action%3Aaction%3Dlightbox%26settings%3DeyJpZCI6MjQzMiwidXJsIjoiaHR0cHM6XC9cL2Rhdm9zZGVjbGFyYXRpb24yMDE4LmNoXC93cC1jb250ZW50XC91cGxvYWRzXC9zaXRlc1wvMlwvMjAyNVwvMDZcLzIwMjUtMDYtMTEta29uZmVyZW5jamEtYXJjaGl0ZWt0dXJhLTAwOS5qcGciLCJzbGlkZXNob3ciOiI3NzQzZjc2In0%3D\">\n\t\t\t\t\t<div class=\"e-gallery-image elementor-gallery-item__image\" data-thumbnail=\"https:\/\/davosdeclaration2018.ch\/wp-content\/uploads\/sites\/2\/2025\/06\/2025-06-11-konferencja-architektura-009-768x512.jpg\" data-width=\"768\" data-height=\"512\" aria-label=\"\" role=\"img\" ><\/div>\n\t\t\t\t\t\t\t\t\t\t\t\t\t\t<\/a>\n\t\t\t\t\t\t\t<a class=\"e-gallery-item elementor-gallery-item elementor-animated-content\" href=\"https:\/\/davosdeclaration2018.ch\/wp-content\/uploads\/sites\/2\/2025\/06\/2025-06-11-konferencja-architektura-046.jpg\" data-elementor-open-lightbox=\"yes\" data-elementor-lightbox-slideshow=\"7743f76\" data-elementor-lightbox-title=\"2025-06-11-konferencja-architektura-046\" data-e-action-hash=\"#elementor-action%3Aaction%3Dlightbox%26settings%3DeyJpZCI6MjQzMywidXJsIjoiaHR0cHM6XC9cL2Rhdm9zZGVjbGFyYXRpb24yMDE4LmNoXC93cC1jb250ZW50XC91cGxvYWRzXC9zaXRlc1wvMlwvMjAyNVwvMDZcLzIwMjUtMDYtMTEta29uZmVyZW5jamEtYXJjaGl0ZWt0dXJhLTA0Ni5qcGciLCJzbGlkZXNob3ciOiI3NzQzZjc2In0%3D\">\n\t\t\t\t\t<div class=\"e-gallery-image elementor-gallery-item__image\" data-thumbnail=\"https:\/\/davosdeclaration2018.ch\/wp-content\/uploads\/sites\/2\/2025\/06\/2025-06-11-konferencja-architektura-046-768x512.jpg\" data-width=\"768\" data-height=\"512\" aria-label=\"\" role=\"img\" ><\/div>\n\t\t\t\t\t\t\t\t\t\t\t\t\t\t<\/a>\n\t\t\t\t\t\t\t<a class=\"e-gallery-item elementor-gallery-item elementor-animated-content\" href=\"https:\/\/davosdeclaration2018.ch\/wp-content\/uploads\/sites\/2\/2025\/06\/2025-06-11-konferencja-architektura-183.jpg\" data-elementor-open-lightbox=\"yes\" data-elementor-lightbox-slideshow=\"7743f76\" data-elementor-lightbox-title=\"2025-06-11-konferencja-architektura-183\" data-e-action-hash=\"#elementor-action%3Aaction%3Dlightbox%26settings%3DeyJpZCI6MjQzNywidXJsIjoiaHR0cHM6XC9cL2Rhdm9zZGVjbGFyYXRpb24yMDE4LmNoXC93cC1jb250ZW50XC91cGxvYWRzXC9zaXRlc1wvMlwvMjAyNVwvMDZcLzIwMjUtMDYtMTEta29uZmVyZW5jamEtYXJjaGl0ZWt0dXJhLTE4My5qcGciLCJzbGlkZXNob3ciOiI3NzQzZjc2In0%3D\">\n\t\t\t\t\t<div class=\"e-gallery-image elementor-gallery-item__image\" data-thumbnail=\"https:\/\/davosdeclaration2018.ch\/wp-content\/uploads\/sites\/2\/2025\/06\/2025-06-11-konferencja-architektura-183-768x512.jpg\" data-width=\"768\" data-height=\"512\" aria-label=\"\" role=\"img\" ><\/div>\n\t\t\t\t\t\t\t\t\t\t\t\t\t\t<\/a>\n\t\t\t\t\t\t\t<a class=\"e-gallery-item elementor-gallery-item elementor-animated-content\" href=\"https:\/\/davosdeclaration2018.ch\/wp-content\/uploads\/sites\/2\/2025\/06\/MWR-2025-06-11-Mikolaj-Wantoch-Rekowski-001.jpg\" data-elementor-open-lightbox=\"yes\" data-elementor-lightbox-slideshow=\"7743f76\" data-elementor-lightbox-title=\"MWR 2025-06-11 Miko\u0142aj Wantoch-Rekowski 001\" data-e-action-hash=\"#elementor-action%3Aaction%3Dlightbox%26settings%3DeyJpZCI6MjQ0MSwidXJsIjoiaHR0cHM6XC9cL2Rhdm9zZGVjbGFyYXRpb24yMDE4LmNoXC93cC1jb250ZW50XC91cGxvYWRzXC9zaXRlc1wvMlwvMjAyNVwvMDZcL01XUi0yMDI1LTA2LTExLU1pa29sYWotV2FudG9jaC1SZWtvd3NraS0wMDEuanBnIiwic2xpZGVzaG93IjoiNzc0M2Y3NiJ9\">\n\t\t\t\t\t<div class=\"e-gallery-image elementor-gallery-item__image\" data-thumbnail=\"https:\/\/davosdeclaration2018.ch\/wp-content\/uploads\/sites\/2\/2025\/06\/MWR-2025-06-11-Mikolaj-Wantoch-Rekowski-001-768x512.jpg\" data-width=\"768\" data-height=\"512\" aria-label=\"\" role=\"img\" ><\/div>\n\t\t\t\t\t\t\t\t\t\t\t\t\t\t<\/a>\n\t\t\t\t\t\t\t<a class=\"e-gallery-item elementor-gallery-item elementor-animated-content\" href=\"https:\/\/davosdeclaration2018.ch\/wp-content\/uploads\/sites\/2\/2025\/06\/2025-06-12-konferencja-architektoniczna-074.jpg\" data-elementor-open-lightbox=\"yes\" data-elementor-lightbox-slideshow=\"7743f76\" data-elementor-lightbox-title=\"2025-06-12-konferencja-architektoniczna-074\" data-e-action-hash=\"#elementor-action%3Aaction%3Dlightbox%26settings%3DeyJpZCI6MjQzOCwidXJsIjoiaHR0cHM6XC9cL2Rhdm9zZGVjbGFyYXRpb24yMDE4LmNoXC93cC1jb250ZW50XC91cGxvYWRzXC9zaXRlc1wvMlwvMjAyNVwvMDZcLzIwMjUtMDYtMTIta29uZmVyZW5jamEtYXJjaGl0ZWt0b25pY3puYS0wNzQuanBnIiwic2xpZGVzaG93IjoiNzc0M2Y3NiJ9\">\n\t\t\t\t\t<div class=\"e-gallery-image elementor-gallery-item__image\" data-thumbnail=\"https:\/\/davosdeclaration2018.ch\/wp-content\/uploads\/sites\/2\/2025\/06\/2025-06-12-konferencja-architektoniczna-074-768x512.jpg\" data-width=\"768\" data-height=\"512\" aria-label=\"\" role=\"img\" ><\/div>\n\t\t\t\t\t\t\t\t\t\t\t\t\t\t<\/a>\n\t\t\t\t\t\t\t<a class=\"e-gallery-item elementor-gallery-item elementor-animated-content\" href=\"https:\/\/davosdeclaration2018.ch\/wp-content\/uploads\/sites\/2\/2025\/06\/2025-06-12-konferencja-architektoniczna-127.jpg\" data-elementor-open-lightbox=\"yes\" data-elementor-lightbox-slideshow=\"7743f76\" data-elementor-lightbox-title=\"2025-06-12-konferencja-architektoniczna-127\" data-e-action-hash=\"#elementor-action%3Aaction%3Dlightbox%26settings%3DeyJpZCI6MjQ0MiwidXJsIjoiaHR0cHM6XC9cL2Rhdm9zZGVjbGFyYXRpb24yMDE4LmNoXC93cC1jb250ZW50XC91cGxvYWRzXC9zaXRlc1wvMlwvMjAyNVwvMDZcLzIwMjUtMDYtMTIta29uZmVyZW5jamEtYXJjaGl0ZWt0b25pY3puYS0xMjcuanBnIiwic2xpZGVzaG93IjoiNzc0M2Y3NiJ9\">\n\t\t\t\t\t<div class=\"e-gallery-image elementor-gallery-item__image\" data-thumbnail=\"https:\/\/davosdeclaration2018.ch\/wp-content\/uploads\/sites\/2\/2025\/06\/2025-06-12-konferencja-architektoniczna-127-768x512.jpg\" data-width=\"768\" data-height=\"512\" aria-label=\"\" role=\"img\" ><\/div>\n\t\t\t\t\t\t\t\t\t\t\t\t\t\t<\/a>\n\t\t\t\t\t\t\t<a class=\"e-gallery-item elementor-gallery-item elementor-animated-content\" href=\"https:\/\/davosdeclaration2018.ch\/wp-content\/uploads\/sites\/2\/2025\/06\/2025-06-11-konferencja-architektura-112.jpg\" data-elementor-open-lightbox=\"yes\" data-elementor-lightbox-slideshow=\"7743f76\" data-elementor-lightbox-title=\"2025-06-11-konferencja-architektura-112\" data-e-action-hash=\"#elementor-action%3Aaction%3Dlightbox%26settings%3DeyJpZCI6MjQzNCwidXJsIjoiaHR0cHM6XC9cL2Rhdm9zZGVjbGFyYXRpb24yMDE4LmNoXC93cC1jb250ZW50XC91cGxvYWRzXC9zaXRlc1wvMlwvMjAyNVwvMDZcLzIwMjUtMDYtMTEta29uZmVyZW5jamEtYXJjaGl0ZWt0dXJhLTExMi5qcGciLCJzbGlkZXNob3ciOiI3NzQzZjc2In0%3D\">\n\t\t\t\t\t<div class=\"e-gallery-image elementor-gallery-item__image\" data-thumbnail=\"https:\/\/davosdeclaration2018.ch\/wp-content\/uploads\/sites\/2\/2025\/06\/2025-06-11-konferencja-architektura-112-768x512.jpg\" data-width=\"768\" data-height=\"512\" aria-label=\"\" role=\"img\" ><\/div>\n\t\t\t\t\t\t\t\t\t\t\t\t\t\t<\/a>\n\t\t\t\t\t\t\t<a class=\"e-gallery-item elementor-gallery-item elementor-animated-content\" href=\"https:\/\/davosdeclaration2018.ch\/wp-content\/uploads\/sites\/2\/2025\/06\/2025-06-11-konferencja-architektura-118.jpg\" data-elementor-open-lightbox=\"yes\" data-elementor-lightbox-slideshow=\"7743f76\" data-elementor-lightbox-title=\"2025-06-11-konferencja-architektura-118\" data-e-action-hash=\"#elementor-action%3Aaction%3Dlightbox%26settings%3DeyJpZCI6MjQzNSwidXJsIjoiaHR0cHM6XC9cL2Rhdm9zZGVjbGFyYXRpb24yMDE4LmNoXC93cC1jb250ZW50XC91cGxvYWRzXC9zaXRlc1wvMlwvMjAyNVwvMDZcLzIwMjUtMDYtMTEta29uZmVyZW5jamEtYXJjaGl0ZWt0dXJhLTExOC5qcGciLCJzbGlkZXNob3ciOiI3NzQzZjc2In0%3D\">\n\t\t\t\t\t<div class=\"e-gallery-image elementor-gallery-item__image\" data-thumbnail=\"https:\/\/davosdeclaration2018.ch\/wp-content\/uploads\/sites\/2\/2025\/06\/2025-06-11-konferencja-architektura-118-768x512.jpg\" data-width=\"768\" data-height=\"512\" aria-label=\"\" role=\"img\" ><\/div>\n\t\t\t\t\t\t\t\t\t\t\t\t\t\t<\/a>\n\t\t\t\t\t\t\t<a class=\"e-gallery-item elementor-gallery-item elementor-animated-content\" href=\"https:\/\/davosdeclaration2018.ch\/wp-content\/uploads\/sites\/2\/2025\/06\/2025-06-11-konferencja-architektura-135.jpg\" data-elementor-open-lightbox=\"yes\" data-elementor-lightbox-slideshow=\"7743f76\" data-elementor-lightbox-title=\"2025-06-11-konferencja-architektura-135\" data-e-action-hash=\"#elementor-action%3Aaction%3Dlightbox%26settings%3DeyJpZCI6MjQzNiwidXJsIjoiaHR0cHM6XC9cL2Rhdm9zZGVjbGFyYXRpb24yMDE4LmNoXC93cC1jb250ZW50XC91cGxvYWRzXC9zaXRlc1wvMlwvMjAyNVwvMDZcLzIwMjUtMDYtMTEta29uZmVyZW5jamEtYXJjaGl0ZWt0dXJhLTEzNS5qcGciLCJzbGlkZXNob3ciOiI3NzQzZjc2In0%3D\">\n\t\t\t\t\t<div class=\"e-gallery-image elementor-gallery-item__image\" data-thumbnail=\"https:\/\/davosdeclaration2018.ch\/wp-content\/uploads\/sites\/2\/2025\/06\/2025-06-11-konferencja-architektura-135-768x512.jpg\" data-width=\"768\" data-height=\"512\" aria-label=\"\" role=\"img\" ><\/div>\n\t\t\t\t\t\t\t\t\t\t\t\t\t\t<\/a>\n\t\t\t\t\t<\/div>\n\t\t\t\t\t<\/div>\n\t\t\t\t<\/div>\n\t\t\t\t\t<\/div>\n\t\t\t\t<\/div>\n\t\t<div class=\"elementor-element elementor-element-5757a26 u-sidePadding u-dcwiSection -noTop e-flex e-con-boxed e-con e-parent\" data-id=\"5757a26\" data-element_type=\"container\" id=\"2024-brussel\">\n\t\t\t\t\t<div class=\"e-con-inner\">\n\t\t\t\t<div class=\"elementor-element elementor-element-6bad5a7 elementor-widget elementor-widget-dcwi-event-header\" data-id=\"6bad5a7\" data-element_type=\"widget\" data-widget_type=\"dcwi-event-header.default\">\n\t\t\t\t<div class=\"elementor-widget-container\">\n\t\t\t\t\t        <div class=\"a-eventHeader\">\n            <span class=\"a-eventHeader__date\">23.\u201326.04.2024<\/span>\n            <span class=\"a-eventHeader__location\">Brussels<\/span>\n            <span class=\"a-eventHeader__type\">Event<\/span>\n        <\/div>\n        \t\t\t\t<\/div>\n\t\t\t\t<\/div>\n\t\t\t\t<div class=\"elementor-element elementor-element-19d7604 elementor-widget elementor-widget-dcwi-content-block\" data-id=\"19d7604\" data-element_type=\"widget\" data-widget_type=\"dcwi-content-block.default\">\n\t\t\t\t<div class=\"elementor-widget-container\">\n\t\t\t\t\t        <div class=\"m-contentBlock\" >\n                            <div class=\"m-contentBlock__header\">\n                    <h2 class=\"u-noMargin\">Architecture Quality as a common concern<br> Brussels, Belgium<\/h2>                <\/div>\n                        <div class=\"m-contentBlock__inner\">\n                <a class=\"m-contentBlock__imageWrapper -noFilter\"href=\"https:\/\/davosdeclaration2018.ch\/wp-content\/uploads\/sites\/2\/2024\/06\/ECAPBE_2024_EDAP-meeting.jpg\"><img decoding=\"async\" width=\"1280\" height=\"853\" src=\"https:\/\/davosdeclaration2018.ch\/wp-content\/uploads\/sites\/2\/2024\/06\/ECAPBE_2024_EDAP-meeting.jpg\" class=\"m-contentBlock__image\" alt=\"\" srcset=\"https:\/\/davosdeclaration2018.ch\/wp-content\/uploads\/sites\/2\/2024\/06\/ECAPBE_2024_EDAP-meeting.jpg 1280w, https:\/\/davosdeclaration2018.ch\/wp-content\/uploads\/sites\/2\/2024\/06\/ECAPBE_2024_EDAP-meeting-300x200.jpg 300w, https:\/\/davosdeclaration2018.ch\/wp-content\/uploads\/sites\/2\/2024\/06\/ECAPBE_2024_EDAP-meeting-1024x682.jpg 1024w, https:\/\/davosdeclaration2018.ch\/wp-content\/uploads\/sites\/2\/2024\/06\/ECAPBE_2024_EDAP-meeting-768x512.jpg 768w, https:\/\/davosdeclaration2018.ch\/wp-content\/uploads\/sites\/2\/2024\/06\/ECAPBE_2024_EDAP-meeting-18x12.jpg 18w\" sizes=\"(max-width: 1280px) 100vw, 1280px\" \/><\/a>                <div class=\"m-contentBlock__content\">\n                    <p>The conference organised by the Belgian chambers of architects centred on cooperation between the public sector, investors, planners and the public. What is the role of these different actors? When are they involved and how much scope for action do they have? And, most importantly: how can the issue of project quality be placed at the top of the discussion agenda?<\/p>\n<p>Following a look at individual case studies, different cooperation constellations were discussed in workshops. Selected projects were identified during trips to the different regions of Belgium.<\/p>\n                                    <\/div>\n            <\/div>\n        <\/div>\n        \t\t\t\t<\/div>\n\t\t\t\t<\/div>\n\t\t\t\t<div class=\"elementor-element elementor-element-76a3dc0 elementor-widget elementor-widget-dcwi-link\" data-id=\"76a3dc0\" data-element_type=\"widget\" data-widget_type=\"dcwi-link.default\">\n\t\t\t\t<div class=\"elementor-widget-container\">\n\t\t\t\t\t            <div class=\"a-link__wrapper\" >\n                <a href=\"https:\/\/davosdeclaration2018.ch\/wp-content\/uploads\/sites\/2\/2024\/06\/Programm_ECAP_1.pdf\"  target=\"_blank\"                    class=\"a-link -linkBar -icon -icon-type-arrowRight\"\n                    >\n                    Program                    <svg class=\"svg-inline--fa fa-arrow-right\" aria-hidden=\"true\" focusable=\"false\" data-prefix=\"fal\" data-icon=\"arrow-right\" role=\"img\" xmlns=\"http:\/\/www.w3.org\/2000\/svg\" viewbox=\"0 0 448 512\" data-fa-i2svg=\"\"><path fill=\"currentColor\" d=\"M443.7 266.8l-165.9 176C274.5 446.3 269.1 448 265.5 448c-3.986 0-7.988-1.375-11.16-4.156c-6.773-5.938-7.275-16.06-1.118-22.59L393.9 272H16.59c-9.171 0-16.59-7.155-16.59-15.1S7.421 240 16.59 240h377.3l-140.7-149.3c-6.157-6.531-5.655-16.66 1.118-22.59c6.789-5.906 17.27-5.469 23.45 1.094l165.9 176C449.4 251.3 449.4 260.7 443.7 266.8z\"><\/path><\/svg>                <\/a>\n            <\/div>\n            \t\t\t\t<\/div>\n\t\t\t\t<\/div>\n\t\t\t\t<div class=\"elementor-element elementor-element-410f505 elementor-widget elementor-widget-dcwi-link\" data-id=\"410f505\" data-element_type=\"widget\" data-widget_type=\"dcwi-link.default\">\n\t\t\t\t<div class=\"elementor-widget-container\">\n\t\t\t\t\t            <div class=\"a-link__wrapper\" >\n                <a href=\"https:\/\/davosdeclaration2018.ch\/wp-content\/uploads\/sites\/2\/2024\/06\/ECAP_25.04.2024_Guided-Tour-1_Brussel-BMA_Saint-Gilles_GUIDE.pdf\"  target=\"_blank\"                    class=\"a-link -linkBar -icon -icon-type-arrowRight\"\n                    >\n                    Excursion guide Brussels St. Gilles                    <svg class=\"svg-inline--fa fa-arrow-right\" aria-hidden=\"true\" focusable=\"false\" data-prefix=\"fal\" data-icon=\"arrow-right\" role=\"img\" xmlns=\"http:\/\/www.w3.org\/2000\/svg\" viewbox=\"0 0 448 512\" data-fa-i2svg=\"\"><path fill=\"currentColor\" d=\"M443.7 266.8l-165.9 176C274.5 446.3 269.1 448 265.5 448c-3.986 0-7.988-1.375-11.16-4.156c-6.773-5.938-7.275-16.06-1.118-22.59L393.9 272H16.59c-9.171 0-16.59-7.155-16.59-15.1S7.421 240 16.59 240h377.3l-140.7-149.3c-6.157-6.531-5.655-16.66 1.118-22.59c6.789-5.906 17.27-5.469 23.45 1.094l165.9 176C449.4 251.3 449.4 260.7 443.7 266.8z\"><\/path><\/svg>                <\/a>\n            <\/div>\n            \t\t\t\t<\/div>\n\t\t\t\t<\/div>\n\t\t\t\t<div class=\"elementor-element elementor-element-c8be5df elementor-widget elementor-widget-dcwi-link\" data-id=\"c8be5df\" data-element_type=\"widget\" data-widget_type=\"dcwi-link.default\">\n\t\t\t\t<div class=\"elementor-widget-container\">\n\t\t\t\t\t            <div class=\"a-link__wrapper\" >\n                <a href=\"https:\/\/davosdeclaration2018.ch\/wp-content\/uploads\/sites\/2\/2024\/06\/ECAP_25.04.2024_Guided-Tour-2_Brussel-BMA_Biestebroeck_GUIDE.pdf\"  target=\"_blank\"                    class=\"a-link -linkBar -icon -icon-type-arrowRight\"\n                    >\n                    Excursion guide Biestebroeck                    <svg class=\"svg-inline--fa fa-arrow-right\" aria-hidden=\"true\" focusable=\"false\" data-prefix=\"fal\" data-icon=\"arrow-right\" role=\"img\" xmlns=\"http:\/\/www.w3.org\/2000\/svg\" viewbox=\"0 0 448 512\" data-fa-i2svg=\"\"><path fill=\"currentColor\" d=\"M443.7 266.8l-165.9 176C274.5 446.3 269.1 448 265.5 448c-3.986 0-7.988-1.375-11.16-4.156c-6.773-5.938-7.275-16.06-1.118-22.59L393.9 272H16.59c-9.171 0-16.59-7.155-16.59-15.1S7.421 240 16.59 240h377.3l-140.7-149.3c-6.157-6.531-5.655-16.66 1.118-22.59c6.789-5.906 17.27-5.469 23.45 1.094l165.9 176C449.4 251.3 449.4 260.7 443.7 266.8z\"><\/path><\/svg>                <\/a>\n            <\/div>\n            \t\t\t\t<\/div>\n\t\t\t\t<\/div>\n\t\t\t\t<div class=\"elementor-element elementor-element-1390413 elementor-widget elementor-widget-dcwi-link\" data-id=\"1390413\" data-element_type=\"widget\" data-widget_type=\"dcwi-link.default\">\n\t\t\t\t<div class=\"elementor-widget-container\">\n\t\t\t\t\t            <div class=\"a-link__wrapper\" >\n                <a href=\"https:\/\/davosdeclaration2018.ch\/wp-content\/uploads\/sites\/2\/2024\/06\/ECAP_25.04.2024_Guided-Tour-3_Brussel-BMA_Tour-Taxis_GUIDE.pdf\"  target=\"_blank\"                    class=\"a-link -linkBar -icon -icon-type-arrowRight\"\n                    >\n                    Excursion guide Tour &amp; Taxis                    <svg class=\"svg-inline--fa fa-arrow-right\" aria-hidden=\"true\" focusable=\"false\" data-prefix=\"fal\" data-icon=\"arrow-right\" role=\"img\" xmlns=\"http:\/\/www.w3.org\/2000\/svg\" viewbox=\"0 0 448 512\" data-fa-i2svg=\"\"><path fill=\"currentColor\" d=\"M443.7 266.8l-165.9 176C274.5 446.3 269.1 448 265.5 448c-3.986 0-7.988-1.375-11.16-4.156c-6.773-5.938-7.275-16.06-1.118-22.59L393.9 272H16.59c-9.171 0-16.59-7.155-16.59-15.1S7.421 240 16.59 240h377.3l-140.7-149.3c-6.157-6.531-5.655-16.66 1.118-22.59c6.789-5.906 17.27-5.469 23.45 1.094l165.9 176C449.4 251.3 449.4 260.7 443.7 266.8z\"><\/path><\/svg>                <\/a>\n            <\/div>\n            \t\t\t\t<\/div>\n\t\t\t\t<\/div>\n\t\t\t\t<div class=\"elementor-element elementor-element-5b69ad0 elementor-widget elementor-widget-dcwi-link\" data-id=\"5b69ad0\" data-element_type=\"widget\" data-widget_type=\"dcwi-link.default\">\n\t\t\t\t<div class=\"elementor-widget-container\">\n\t\t\t\t\t            <div class=\"a-link__wrapper\" >\n                <a href=\"https:\/\/davosdeclaration2018.ch\/wp-content\/uploads\/sites\/2\/2024\/06\/ECAP_26.04.2024_Trip-Between-the-Scheldt-and-the-Lys_GUIDE.pdf\"  target=\"_blank\"                    class=\"a-link -linkBar -icon -icon-type-arrowRight\"\n                    >\n                    Excursion guide Between the Schelde and the Lys                    <svg class=\"svg-inline--fa fa-arrow-right\" aria-hidden=\"true\" focusable=\"false\" data-prefix=\"fal\" data-icon=\"arrow-right\" role=\"img\" xmlns=\"http:\/\/www.w3.org\/2000\/svg\" viewbox=\"0 0 448 512\" data-fa-i2svg=\"\"><path fill=\"currentColor\" d=\"M443.7 266.8l-165.9 176C274.5 446.3 269.1 448 265.5 448c-3.986 0-7.988-1.375-11.16-4.156c-6.773-5.938-7.275-16.06-1.118-22.59L393.9 272H16.59c-9.171 0-16.59-7.155-16.59-15.1S7.421 240 16.59 240h377.3l-140.7-149.3c-6.157-6.531-5.655-16.66 1.118-22.59c6.789-5.906 17.27-5.469 23.45 1.094l165.9 176C449.4 251.3 449.4 260.7 443.7 266.8z\"><\/path><\/svg>                <\/a>\n            <\/div>\n            \t\t\t\t<\/div>\n\t\t\t\t<\/div>\n\t\t\t\t\t<\/div>\n\t\t\t\t<\/div>\n\t\t<div class=\"elementor-element elementor-element-7bde51b u-sidePadding u-dcwiSection -noTop e-flex e-con-boxed e-con e-parent\" data-id=\"7bde51b\" data-element_type=\"container\" id=\"2023-zagreb\">\n\t\t\t\t\t<div class=\"e-con-inner\">\n\t\t\t\t<div class=\"elementor-element elementor-element-53dabff elementor-widget elementor-widget-dcwi-event-header\" data-id=\"53dabff\" data-element_type=\"widget\" data-widget_type=\"dcwi-event-header.default\">\n\t\t\t\t<div class=\"elementor-widget-container\">\n\t\t\t\t\t        <div class=\"a-eventHeader\">\n            <span class=\"a-eventHeader__date\">07.\u201308.12.2023<\/span>\n            <span class=\"a-eventHeader__location\">Zagreb<\/span>\n            <span class=\"a-eventHeader__type\">Event<\/span>\n        <\/div>\n        \t\t\t\t<\/div>\n\t\t\t\t<\/div>\n\t\t\t\t<div class=\"elementor-element elementor-element-53f496f elementor-widget elementor-widget-dcwi-content-block\" data-id=\"53f496f\" data-element_type=\"widget\" data-widget_type=\"dcwi-content-block.default\">\n\t\t\t\t<div class=\"elementor-widget-container\">\n\t\t\t\t\t        <div class=\"m-contentBlock\" >\n                            <div class=\"m-contentBlock__header\">\n                    <h2 class=\"u-noMargin\">Space and Architecture: Places for People<br>SEECEL, Zagreb<\/h2>                <\/div>\n                        <div class=\"m-contentBlock__inner\">\n                <a class=\"m-contentBlock__imageWrapper -noFilter\"href=\"https:\/\/davosdeclaration2018.ch\/wp-content\/uploads\/sites\/2\/2024\/01\/Apolitika_Kroatien-scaled.jpg\"><img decoding=\"async\" width=\"2030\" height=\"2880\" src=\"https:\/\/davosdeclaration2018.ch\/wp-content\/uploads\/sites\/2\/2024\/01\/Apolitika_Kroatien-scaled.jpg\" class=\"m-contentBlock__image\" alt=\"\" srcset=\"https:\/\/davosdeclaration2018.ch\/wp-content\/uploads\/sites\/2\/2024\/01\/Apolitika_Kroatien-scaled.jpg 2030w, https:\/\/davosdeclaration2018.ch\/wp-content\/uploads\/sites\/2\/2024\/01\/Apolitika_Kroatien-211x300.jpg 211w, https:\/\/davosdeclaration2018.ch\/wp-content\/uploads\/sites\/2\/2024\/01\/Apolitika_Kroatien-722x1024.jpg 722w, https:\/\/davosdeclaration2018.ch\/wp-content\/uploads\/sites\/2\/2024\/01\/Apolitika_Kroatien-768x1089.jpg 768w, https:\/\/davosdeclaration2018.ch\/wp-content\/uploads\/sites\/2\/2024\/01\/Apolitika_Kroatien-1083x1536.jpg 1083w, https:\/\/davosdeclaration2018.ch\/wp-content\/uploads\/sites\/2\/2024\/01\/Apolitika_Kroatien-1444x2048.jpg 1444w, https:\/\/davosdeclaration2018.ch\/wp-content\/uploads\/sites\/2\/2024\/01\/Apolitika_Kroatien-8x12.jpg 8w\" sizes=\"(max-width: 2030px) 100vw, 2030px\" \/><\/a>                <div class=\"m-contentBlock__content\">\n                    <p>This two-day conference was organised by Croatia to identify challenges and to define priorities and measures that contribute to creating better spatial quality and improving quality of life. The occasion was the development of the second generation of Croatian architectural policy, the concept of which was presented during the conference.<\/p>\n<p>The varied programme enabled discussions about the main current challenges and provided a platform for other European countries to share their experiences.<\/p>\n<p>The Davos Baukultur process and Davos Baukultur Alliance were presented as part of the Swiss address.<\/p>\n                                    <\/div>\n            <\/div>\n        <\/div>\n        \t\t\t\t<\/div>\n\t\t\t\t<\/div>\n\t\t\t\t<div class=\"elementor-element elementor-element-8f53671 elementor-widget elementor-widget-dcwi-link\" data-id=\"8f53671\" data-element_type=\"widget\" data-widget_type=\"dcwi-link.default\">\n\t\t\t\t<div class=\"elementor-widget-container\">\n\t\t\t\t\t            <div class=\"a-link__wrapper\" >\n                <a href=\"https:\/\/davosdeclaration2018.ch\/wp-content\/uploads\/sites\/2\/2024\/01\/Apolitika_Kroatien.pdf\"  target=\"_blank\"                    class=\"a-link -linkBar -icon -icon-type-arrowRight\"\n                    >\n                    Program                    <svg class=\"svg-inline--fa fa-arrow-right\" aria-hidden=\"true\" focusable=\"false\" data-prefix=\"fal\" data-icon=\"arrow-right\" role=\"img\" xmlns=\"http:\/\/www.w3.org\/2000\/svg\" viewbox=\"0 0 448 512\" data-fa-i2svg=\"\"><path fill=\"currentColor\" d=\"M443.7 266.8l-165.9 176C274.5 446.3 269.1 448 265.5 448c-3.986 0-7.988-1.375-11.16-4.156c-6.773-5.938-7.275-16.06-1.118-22.59L393.9 272H16.59c-9.171 0-16.59-7.155-16.59-15.1S7.421 240 16.59 240h377.3l-140.7-149.3c-6.157-6.531-5.655-16.66 1.118-22.59c6.789-5.906 17.27-5.469 23.45 1.094l165.9 176C449.4 251.3 449.4 260.7 443.7 266.8z\"><\/path><\/svg>                <\/a>\n            <\/div>\n            \t\t\t\t<\/div>\n\t\t\t\t<\/div>\n\t\t\t\t<div class=\"elementor-element elementor-element-1cecf78 elementor-widget elementor-widget-dcwi-prev-widget-toggle\" data-id=\"1cecf78\" data-element_type=\"widget\" data-widget_type=\"dcwi-prev-widget-toggle.default\">\n\t\t\t\t<div class=\"elementor-widget-container\">\n\t\t\t\t\t        <div class=\"a-link__wrapper -linkBar\"  data-no-translate>\n            <span tabindex=\"0\"\n                  class=\"a-link -linkBar do-togglePrevWidget -toggleNext\">\n                <span class=\"a-link__label\">Impressions<\/span>\n                <svg class=\"svg-inline--fa fa-chevron-down a-link__icon\" aria-hidden=\"true\" focusable=\"false\" data-prefix=\"fal\"\n                     data-icon=\"chevron-down\" role=\"img\" xmlns=\"http:\/\/www.w3.org\/2000\/svg\" viewbox=\"0 0 448 512\" data-fa-i2svg=\"\"><path\n                            fill=\"currentColor\"\n                            d=\"M4.251 181.1C7.392 177.7 11.69 175.1 16 175.1c3.891 0 7.781 1.406 10.86 4.25l197.1 181.1l197.1-181.1c6.5-6 16.64-5.625 22.61 .9062c6 6.5 5.594 16.59-.8906 22.59l-208 192c-6.156 5.688-15.56 5.688-21.72 0l-208-192C-1.343 197.7-1.749 187.6 4.251 181.1z\"><\/path><\/svg>\n            <\/span>\n        <\/div>\n        \t\t\t\t<\/div>\n\t\t\t\t<\/div>\n\t\t\t\t<div class=\"elementor-element elementor-element-9baf701 a-toggleableWidget elementor-widget elementor-widget-gallery\" data-id=\"9baf701\" data-element_type=\"widget\" data-settings=\"{&quot;columns&quot;:&quot;3&quot;,&quot;gap&quot;:{&quot;unit&quot;:&quot;px&quot;,&quot;size&quot;:&quot;20&quot;,&quot;sizes&quot;:[]},&quot;lazyload&quot;:&quot;yes&quot;,&quot;gallery_layout&quot;:&quot;grid&quot;,&quot;columns_tablet&quot;:2,&quot;columns_mobile&quot;:1,&quot;gap_tablet&quot;:{&quot;unit&quot;:&quot;px&quot;,&quot;size&quot;:10,&quot;sizes&quot;:[]},&quot;gap_mobile&quot;:{&quot;unit&quot;:&quot;px&quot;,&quot;size&quot;:10,&quot;sizes&quot;:[]},&quot;link_to&quot;:&quot;file&quot;,&quot;aspect_ratio&quot;:&quot;3:2&quot;,&quot;content_hover_animation&quot;:&quot;fade-in&quot;}\" data-widget_type=\"gallery.default\">\n\t\t\t\t<div class=\"elementor-widget-container\">\n\t\t\t\t\t\t\t<div class=\"elementor-gallery__container\">\n\t\t\t\t\t\t\t<a class=\"e-gallery-item elementor-gallery-item elementor-animated-content\" href=\"https:\/\/davosdeclaration2018.ch\/wp-content\/uploads\/sites\/2\/2024\/01\/DSC01224-scaled.jpg\" data-elementor-open-lightbox=\"yes\" data-elementor-lightbox-slideshow=\"9baf701\" data-elementor-lightbox-title=\"DSC01224\" data-e-action-hash=\"#elementor-action%3Aaction%3Dlightbox%26settings%3DeyJpZCI6MjA0NSwidXJsIjoiaHR0cHM6XC9cL2Rhdm9zZGVjbGFyYXRpb24yMDE4LmNoXC93cC1jb250ZW50XC91cGxvYWRzXC9zaXRlc1wvMlwvMjAyNFwvMDFcL0RTQzAxMjI0LXNjYWxlZC5qcGciLCJzbGlkZXNob3ciOiI5YmFmNzAxIn0%3D\">\n\t\t\t\t\t<div class=\"e-gallery-image elementor-gallery-item__image\" data-thumbnail=\"https:\/\/davosdeclaration2018.ch\/wp-content\/uploads\/sites\/2\/2024\/01\/DSC01224-768x512.jpg\" data-width=\"768\" data-height=\"512\" aria-label=\"\" role=\"img\" ><\/div>\n\t\t\t\t\t\t\t\t\t\t\t\t\t\t<\/a>\n\t\t\t\t\t\t\t<a class=\"e-gallery-item elementor-gallery-item elementor-animated-content\" href=\"https:\/\/davosdeclaration2018.ch\/wp-content\/uploads\/sites\/2\/2024\/01\/DSC01231-scaled.jpg\" data-elementor-open-lightbox=\"yes\" data-elementor-lightbox-slideshow=\"9baf701\" data-elementor-lightbox-title=\"DSC01231\" data-e-action-hash=\"#elementor-action%3Aaction%3Dlightbox%26settings%3DeyJpZCI6MjA0NiwidXJsIjoiaHR0cHM6XC9cL2Rhdm9zZGVjbGFyYXRpb24yMDE4LmNoXC93cC1jb250ZW50XC91cGxvYWRzXC9zaXRlc1wvMlwvMjAyNFwvMDFcL0RTQzAxMjMxLXNjYWxlZC5qcGciLCJzbGlkZXNob3ciOiI5YmFmNzAxIn0%3D\">\n\t\t\t\t\t<div class=\"e-gallery-image elementor-gallery-item__image\" data-thumbnail=\"https:\/\/davosdeclaration2018.ch\/wp-content\/uploads\/sites\/2\/2024\/01\/DSC01231-768x512.jpg\" data-width=\"768\" data-height=\"512\" aria-label=\"\" role=\"img\" ><\/div>\n\t\t\t\t\t\t\t\t\t\t\t\t\t\t<\/a>\n\t\t\t\t\t\t\t<a class=\"e-gallery-item elementor-gallery-item elementor-animated-content\" href=\"https:\/\/davosdeclaration2018.ch\/wp-content\/uploads\/sites\/2\/2024\/01\/DSC01255-scaled.jpg\" data-elementor-open-lightbox=\"yes\" data-elementor-lightbox-slideshow=\"9baf701\" data-elementor-lightbox-title=\"DSC01255\" data-e-action-hash=\"#elementor-action%3Aaction%3Dlightbox%26settings%3DeyJpZCI6MjA0NywidXJsIjoiaHR0cHM6XC9cL2Rhdm9zZGVjbGFyYXRpb24yMDE4LmNoXC93cC1jb250ZW50XC91cGxvYWRzXC9zaXRlc1wvMlwvMjAyNFwvMDFcL0RTQzAxMjU1LXNjYWxlZC5qcGciLCJzbGlkZXNob3ciOiI5YmFmNzAxIn0%3D\">\n\t\t\t\t\t<div class=\"e-gallery-image elementor-gallery-item__image\" data-thumbnail=\"https:\/\/davosdeclaration2018.ch\/wp-content\/uploads\/sites\/2\/2024\/01\/DSC01255-768x512.jpg\" data-width=\"768\" data-height=\"512\" aria-label=\"\" role=\"img\" ><\/div>\n\t\t\t\t\t\t\t\t\t\t\t\t\t\t<\/a>\n\t\t\t\t\t\t\t<a class=\"e-gallery-item elementor-gallery-item elementor-animated-content\" href=\"https:\/\/davosdeclaration2018.ch\/wp-content\/uploads\/sites\/2\/2024\/01\/DSC01303-scaled.jpg\" data-elementor-open-lightbox=\"yes\" data-elementor-lightbox-slideshow=\"9baf701\" data-elementor-lightbox-title=\"DSC01303\" data-e-action-hash=\"#elementor-action%3Aaction%3Dlightbox%26settings%3DeyJpZCI6MjA0OCwidXJsIjoiaHR0cHM6XC9cL2Rhdm9zZGVjbGFyYXRpb24yMDE4LmNoXC93cC1jb250ZW50XC91cGxvYWRzXC9zaXRlc1wvMlwvMjAyNFwvMDFcL0RTQzAxMzAzLXNjYWxlZC5qcGciLCJzbGlkZXNob3ciOiI5YmFmNzAxIn0%3D\">\n\t\t\t\t\t<div class=\"e-gallery-image elementor-gallery-item__image\" data-thumbnail=\"https:\/\/davosdeclaration2018.ch\/wp-content\/uploads\/sites\/2\/2024\/01\/DSC01303-768x512.jpg\" data-width=\"768\" data-height=\"512\" aria-label=\"\" role=\"img\" ><\/div>\n\t\t\t\t\t\t\t\t\t\t\t\t\t\t<\/a>\n\t\t\t\t\t\t\t<a class=\"e-gallery-item elementor-gallery-item elementor-animated-content\" href=\"https:\/\/davosdeclaration2018.ch\/wp-content\/uploads\/sites\/2\/2024\/01\/DSC01322-scaled.jpg\" data-elementor-open-lightbox=\"yes\" data-elementor-lightbox-slideshow=\"9baf701\" data-elementor-lightbox-title=\"DSC01322\" data-e-action-hash=\"#elementor-action%3Aaction%3Dlightbox%26settings%3DeyJpZCI6MjA0OSwidXJsIjoiaHR0cHM6XC9cL2Rhdm9zZGVjbGFyYXRpb24yMDE4LmNoXC93cC1jb250ZW50XC91cGxvYWRzXC9zaXRlc1wvMlwvMjAyNFwvMDFcL0RTQzAxMzIyLXNjYWxlZC5qcGciLCJzbGlkZXNob3ciOiI5YmFmNzAxIn0%3D\">\n\t\t\t\t\t<div class=\"e-gallery-image elementor-gallery-item__image\" data-thumbnail=\"https:\/\/davosdeclaration2018.ch\/wp-content\/uploads\/sites\/2\/2024\/01\/DSC01322-768x512.jpg\" data-width=\"768\" data-height=\"512\" aria-label=\"\" role=\"img\" ><\/div>\n\t\t\t\t\t\t\t\t\t\t\t\t\t\t<\/a>\n\t\t\t\t\t\t\t<a class=\"e-gallery-item elementor-gallery-item elementor-animated-content\" href=\"https:\/\/davosdeclaration2018.ch\/wp-content\/uploads\/sites\/2\/2024\/01\/DSC01339-scaled.jpg\" data-elementor-open-lightbox=\"yes\" data-elementor-lightbox-slideshow=\"9baf701\" data-elementor-lightbox-title=\"DSC01339\" data-e-action-hash=\"#elementor-action%3Aaction%3Dlightbox%26settings%3DeyJpZCI6MjA1MCwidXJsIjoiaHR0cHM6XC9cL2Rhdm9zZGVjbGFyYXRpb24yMDE4LmNoXC93cC1jb250ZW50XC91cGxvYWRzXC9zaXRlc1wvMlwvMjAyNFwvMDFcL0RTQzAxMzM5LXNjYWxlZC5qcGciLCJzbGlkZXNob3ciOiI5YmFmNzAxIn0%3D\">\n\t\t\t\t\t<div class=\"e-gallery-image elementor-gallery-item__image\" data-thumbnail=\"https:\/\/davosdeclaration2018.ch\/wp-content\/uploads\/sites\/2\/2024\/01\/DSC01339-768x512.jpg\" data-width=\"768\" data-height=\"512\" aria-label=\"\" role=\"img\" ><\/div>\n\t\t\t\t\t\t\t\t\t\t\t\t\t\t<\/a>\n\t\t\t\t\t\t\t<a class=\"e-gallery-item elementor-gallery-item elementor-animated-content\" href=\"https:\/\/davosdeclaration2018.ch\/wp-content\/uploads\/sites\/2\/2024\/01\/DSC01393-scaled.jpg\" data-elementor-open-lightbox=\"yes\" data-elementor-lightbox-slideshow=\"9baf701\" data-elementor-lightbox-title=\"DSC01393\" data-e-action-hash=\"#elementor-action%3Aaction%3Dlightbox%26settings%3DeyJpZCI6MjA1MSwidXJsIjoiaHR0cHM6XC9cL2Rhdm9zZGVjbGFyYXRpb24yMDE4LmNoXC93cC1jb250ZW50XC91cGxvYWRzXC9zaXRlc1wvMlwvMjAyNFwvMDFcL0RTQzAxMzkzLXNjYWxlZC5qcGciLCJzbGlkZXNob3ciOiI5YmFmNzAxIn0%3D\">\n\t\t\t\t\t<div class=\"e-gallery-image elementor-gallery-item__image\" data-thumbnail=\"https:\/\/davosdeclaration2018.ch\/wp-content\/uploads\/sites\/2\/2024\/01\/DSC01393-768x512.jpg\" data-width=\"768\" data-height=\"512\" aria-label=\"\" role=\"img\" ><\/div>\n\t\t\t\t\t\t\t\t\t\t\t\t\t\t<\/a>\n\t\t\t\t\t\t\t<a class=\"e-gallery-item elementor-gallery-item elementor-animated-content\" href=\"https:\/\/davosdeclaration2018.ch\/wp-content\/uploads\/sites\/2\/2024\/01\/DSC01409-scaled.jpg\" data-elementor-open-lightbox=\"yes\" data-elementor-lightbox-slideshow=\"9baf701\" data-elementor-lightbox-title=\"DSC01409\" data-e-action-hash=\"#elementor-action%3Aaction%3Dlightbox%26settings%3DeyJpZCI6MjA1MiwidXJsIjoiaHR0cHM6XC9cL2Rhdm9zZGVjbGFyYXRpb24yMDE4LmNoXC93cC1jb250ZW50XC91cGxvYWRzXC9zaXRlc1wvMlwvMjAyNFwvMDFcL0RTQzAxNDA5LXNjYWxlZC5qcGciLCJzbGlkZXNob3ciOiI5YmFmNzAxIn0%3D\">\n\t\t\t\t\t<div class=\"e-gallery-image elementor-gallery-item__image\" data-thumbnail=\"https:\/\/davosdeclaration2018.ch\/wp-content\/uploads\/sites\/2\/2024\/01\/DSC01409-768x512.jpg\" data-width=\"768\" data-height=\"512\" aria-label=\"\" role=\"img\" ><\/div>\n\t\t\t\t\t\t\t\t\t\t\t\t\t\t<\/a>\n\t\t\t\t\t\t\t<a class=\"e-gallery-item elementor-gallery-item elementor-animated-content\" href=\"https:\/\/davosdeclaration2018.ch\/wp-content\/uploads\/sites\/2\/2024\/01\/DSC01419-scaled.jpg\" data-elementor-open-lightbox=\"yes\" data-elementor-lightbox-slideshow=\"9baf701\" data-elementor-lightbox-title=\"DSC01419\" data-e-action-hash=\"#elementor-action%3Aaction%3Dlightbox%26settings%3DeyJpZCI6MjA1MywidXJsIjoiaHR0cHM6XC9cL2Rhdm9zZGVjbGFyYXRpb24yMDE4LmNoXC93cC1jb250ZW50XC91cGxvYWRzXC9zaXRlc1wvMlwvMjAyNFwvMDFcL0RTQzAxNDE5LXNjYWxlZC5qcGciLCJzbGlkZXNob3ciOiI5YmFmNzAxIn0%3D\">\n\t\t\t\t\t<div class=\"e-gallery-image elementor-gallery-item__image\" data-thumbnail=\"https:\/\/davosdeclaration2018.ch\/wp-content\/uploads\/sites\/2\/2024\/01\/DSC01419-768x512.jpg\" data-width=\"768\" data-height=\"512\" aria-label=\"\" role=\"img\" ><\/div>\n\t\t\t\t\t\t\t\t\t\t\t\t\t\t<\/a>\n\t\t\t\t\t\t\t<a class=\"e-gallery-item elementor-gallery-item elementor-animated-content\" href=\"https:\/\/davosdeclaration2018.ch\/wp-content\/uploads\/sites\/2\/2024\/01\/DSC01432-scaled.jpg\" data-elementor-open-lightbox=\"yes\" data-elementor-lightbox-slideshow=\"9baf701\" data-elementor-lightbox-title=\"DSC01432\" data-e-action-hash=\"#elementor-action%3Aaction%3Dlightbox%26settings%3DeyJpZCI6MjA1NCwidXJsIjoiaHR0cHM6XC9cL2Rhdm9zZGVjbGFyYXRpb24yMDE4LmNoXC93cC1jb250ZW50XC91cGxvYWRzXC9zaXRlc1wvMlwvMjAyNFwvMDFcL0RTQzAxNDMyLXNjYWxlZC5qcGciLCJzbGlkZXNob3ciOiI5YmFmNzAxIn0%3D\">\n\t\t\t\t\t<div class=\"e-gallery-image elementor-gallery-item__image\" data-thumbnail=\"https:\/\/davosdeclaration2018.ch\/wp-content\/uploads\/sites\/2\/2024\/01\/DSC01432-768x512.jpg\" data-width=\"768\" data-height=\"512\" aria-label=\"\" role=\"img\" ><\/div>\n\t\t\t\t\t\t\t\t\t\t\t\t\t\t<\/a>\n\t\t\t\t\t\t\t<a class=\"e-gallery-item elementor-gallery-item elementor-animated-content\" href=\"https:\/\/davosdeclaration2018.ch\/wp-content\/uploads\/sites\/2\/2024\/01\/DSC01436-scaled.jpg\" data-elementor-open-lightbox=\"yes\" data-elementor-lightbox-slideshow=\"9baf701\" data-elementor-lightbox-title=\"DSC01436\" data-e-action-hash=\"#elementor-action%3Aaction%3Dlightbox%26settings%3DeyJpZCI6MjA1NSwidXJsIjoiaHR0cHM6XC9cL2Rhdm9zZGVjbGFyYXRpb24yMDE4LmNoXC93cC1jb250ZW50XC91cGxvYWRzXC9zaXRlc1wvMlwvMjAyNFwvMDFcL0RTQzAxNDM2LXNjYWxlZC5qcGciLCJzbGlkZXNob3ciOiI5YmFmNzAxIn0%3D\">\n\t\t\t\t\t<div class=\"e-gallery-image elementor-gallery-item__image\" data-thumbnail=\"https:\/\/davosdeclaration2018.ch\/wp-content\/uploads\/sites\/2\/2024\/01\/DSC01436-768x512.jpg\" data-width=\"768\" data-height=\"512\" aria-label=\"\" role=\"img\" ><\/div>\n\t\t\t\t\t\t\t\t\t\t\t\t\t\t<\/a>\n\t\t\t\t\t\t\t<a class=\"e-gallery-item elementor-gallery-item elementor-animated-content\" href=\"https:\/\/davosdeclaration2018.ch\/wp-content\/uploads\/sites\/2\/2024\/01\/DSC01458-scaled.jpg\" data-elementor-open-lightbox=\"yes\" data-elementor-lightbox-slideshow=\"9baf701\" data-elementor-lightbox-title=\"DSC01458\" data-e-action-hash=\"#elementor-action%3Aaction%3Dlightbox%26settings%3DeyJpZCI6MjA1NiwidXJsIjoiaHR0cHM6XC9cL2Rhdm9zZGVjbGFyYXRpb24yMDE4LmNoXC93cC1jb250ZW50XC91cGxvYWRzXC9zaXRlc1wvMlwvMjAyNFwvMDFcL0RTQzAxNDU4LXNjYWxlZC5qcGciLCJzbGlkZXNob3ciOiI5YmFmNzAxIn0%3D\">\n\t\t\t\t\t<div class=\"e-gallery-image elementor-gallery-item__image\" data-thumbnail=\"https:\/\/davosdeclaration2018.ch\/wp-content\/uploads\/sites\/2\/2024\/01\/DSC01458-768x512.jpg\" data-width=\"768\" data-height=\"512\" aria-label=\"\" role=\"img\" ><\/div>\n\t\t\t\t\t\t\t\t\t\t\t\t\t\t<\/a>\n\t\t\t\t\t<\/div>\n\t\t\t\t\t<\/div>\n\t\t\t\t<\/div>\n\t\t\t\t\t<\/div>\n\t\t\t\t<\/div>\n\t\t<div class=\"elementor-element elementor-element-5595b65 u-sidePadding e-flex e-con-boxed e-con e-parent\" data-id=\"5595b65\" data-element_type=\"container\" id=\"2023-venedig\">\n\t\t\t\t\t<div class=\"e-con-inner\">\n\t\t\t\t<div class=\"elementor-element elementor-element-2100ddc elementor-widget elementor-widget-dcwi-event-header\" data-id=\"2100ddc\" data-element_type=\"widget\" data-widget_type=\"dcwi-event-header.default\">\n\t\t\t\t<div class=\"elementor-widget-container\">\n\t\t\t\t\t        <div class=\"a-eventHeader\">\n            <span class=\"a-eventHeader__date\">19.\u201320.05.2023<\/span>\n            <span class=\"a-eventHeader__location\">Venice<\/span>\n            <span class=\"a-eventHeader__type\">Event<\/span>\n        <\/div>\n        \t\t\t\t<\/div>\n\t\t\t\t<\/div>\n\t\t\t\t<div class=\"elementor-element elementor-element-0b116ad elementor-widget elementor-widget-dcwi-content-block\" data-id=\"0b116ad\" data-element_type=\"widget\" data-widget_type=\"dcwi-content-block.default\">\n\t\t\t\t<div class=\"elementor-widget-container\">\n\t\t\t\t\t        <div class=\"m-contentBlock\" >\n                            <div class=\"m-contentBlock__header\">\n                    <h2 class=\"u-noMargin\">Creating Vibrant Communities for All  <br>Palazzo Zorzi, Venedig <\/h2>                <\/div>\n                        <div class=\"m-contentBlock__inner\">\n                <a class=\"m-contentBlock__imageWrapper -noFilter\"href=\"https:\/\/davosdeclaration2018.ch\/wp-content\/uploads\/sites\/2\/2023\/06\/2023-05-22-152728-dsc05566.jpg\"><img loading=\"lazy\" decoding=\"async\" width=\"1000\" height=\"667\" src=\"https:\/\/davosdeclaration2018.ch\/wp-content\/uploads\/sites\/2\/2023\/06\/2023-05-22-152728-dsc05566.jpg\" class=\"m-contentBlock__image\" alt=\"\" srcset=\"https:\/\/davosdeclaration2018.ch\/wp-content\/uploads\/sites\/2\/2023\/06\/2023-05-22-152728-dsc05566.jpg 1000w, https:\/\/davosdeclaration2018.ch\/wp-content\/uploads\/sites\/2\/2023\/06\/2023-05-22-152728-dsc05566-300x200.jpg 300w, https:\/\/davosdeclaration2018.ch\/wp-content\/uploads\/sites\/2\/2023\/06\/2023-05-22-152728-dsc05566-768x512.jpg 768w, https:\/\/davosdeclaration2018.ch\/wp-content\/uploads\/sites\/2\/2023\/06\/2023-05-22-152728-dsc05566-18x12.jpg 18w\" sizes=\"(max-width: 1000px) 100vw, 1000px\" \/><\/a>                <div class=\"m-contentBlock__content\">\n                    <p>In the run-up to the Architecture Biennale in Venice, President Alain Berset opened the first public event of the Davos Baukultur Alliance under the title \"Creating Vibrant Communities for All \u2012 Spotlight on Affordability\". In a showcase on Baukultur, Alejandro Aravena (ELEMENTAL), Christian Benimana (MASS Design Group) as well as Lyndon Neri and Rossana Hu (Neri&amp;Hu Design)\ndemonstrated by means of a particular project how high-quality Baukultur is being implemented across the globe. This was followed by a panel discussion among leading members of the Davos Baukultur Alliance. Together with the audience, they debated how governments, business and civil society can work together to advance a quality-oriented approach to planning, construction, and management of communities that embraces history and culture while also prioritizing affordability.<\/p>\n<p>On the second day, members established year one priorities and agreed on activities and outcomes of the Davos Baukultur Alliance. The topics \"Affordability and Social Value Creation\", \"Resilience and Climate Adaptation\" as well as \"Sustainability and Circularity\" were discussed in depth by the Alliance members and examined for concrete, common fields of action.<\/p>\n                                    <\/div>\n            <\/div>\n        <\/div>\n        \t\t\t\t<\/div>\n\t\t\t\t<\/div>\n\t\t\t\t<div class=\"elementor-element elementor-element-2138198 elementor-widget elementor-widget-dcwi-link\" data-id=\"2138198\" data-element_type=\"widget\" data-widget_type=\"dcwi-link.default\">\n\t\t\t\t<div class=\"elementor-widget-container\">\n\t\t\t\t\t            <div class=\"a-link__wrapper\" >\n                <a href=\"\/wp-content\/uploads\/sites\/2\/2023\/06\/2023-05-22-141223-davos-baukultur-alliance-event-schedule-19-20-may.pdf\"  target=\"_blank\"                    class=\"a-link -linkBar -icon -icon-type-arrowRight\"\n                    >\n                    Program                    <svg class=\"svg-inline--fa fa-arrow-right\" aria-hidden=\"true\" focusable=\"false\" data-prefix=\"fal\" data-icon=\"arrow-right\" role=\"img\" xmlns=\"http:\/\/www.w3.org\/2000\/svg\" viewbox=\"0 0 448 512\" data-fa-i2svg=\"\"><path fill=\"currentColor\" d=\"M443.7 266.8l-165.9 176C274.5 446.3 269.1 448 265.5 448c-3.986 0-7.988-1.375-11.16-4.156c-6.773-5.938-7.275-16.06-1.118-22.59L393.9 272H16.59c-9.171 0-16.59-7.155-16.59-15.1S7.421 240 16.59 240h377.3l-140.7-149.3c-6.157-6.531-5.655-16.66 1.118-22.59c6.789-5.906 17.27-5.469 23.45 1.094l165.9 176C449.4 251.3 449.4 260.7 443.7 266.8z\"><\/path><\/svg>                <\/a>\n            <\/div>\n            \t\t\t\t<\/div>\n\t\t\t\t<\/div>\n\t\t\t\t<div class=\"elementor-element elementor-element-1db3c51 elementor-widget elementor-widget-dcwi-prev-widget-toggle\" data-id=\"1db3c51\" data-element_type=\"widget\" data-widget_type=\"dcwi-prev-widget-toggle.default\">\n\t\t\t\t<div class=\"elementor-widget-container\">\n\t\t\t\t\t        <div class=\"a-link__wrapper -linkBar\"  data-no-translate>\n            <span tabindex=\"0\"\n                  class=\"a-link -linkBar do-togglePrevWidget -toggleNext\">\n                <span class=\"a-link__label\">Impressions<\/span>\n                <svg class=\"svg-inline--fa fa-chevron-down a-link__icon\" aria-hidden=\"true\" focusable=\"false\" data-prefix=\"fal\"\n                     data-icon=\"chevron-down\" role=\"img\" xmlns=\"http:\/\/www.w3.org\/2000\/svg\" viewbox=\"0 0 448 512\" data-fa-i2svg=\"\"><path\n                            fill=\"currentColor\"\n                            d=\"M4.251 181.1C7.392 177.7 11.69 175.1 16 175.1c3.891 0 7.781 1.406 10.86 4.25l197.1 181.1l197.1-181.1c6.5-6 16.64-5.625 22.61 .9062c6 6.5 5.594 16.59-.8906 22.59l-208 192c-6.156 5.688-15.56 5.688-21.72 0l-208-192C-1.343 197.7-1.749 187.6 4.251 181.1z\"><\/path><\/svg>\n            <\/span>\n        <\/div>\n        \t\t\t\t<\/div>\n\t\t\t\t<\/div>\n\t\t\t\t<div class=\"elementor-element elementor-element-75d5195 a-toggleableWidget elementor-widget elementor-widget-gallery\" data-id=\"75d5195\" data-element_type=\"widget\" data-settings=\"{&quot;columns&quot;:&quot;3&quot;,&quot;gap&quot;:{&quot;unit&quot;:&quot;px&quot;,&quot;size&quot;:&quot;20&quot;,&quot;sizes&quot;:[]},&quot;lazyload&quot;:&quot;yes&quot;,&quot;gallery_layout&quot;:&quot;grid&quot;,&quot;columns_tablet&quot;:2,&quot;columns_mobile&quot;:1,&quot;gap_tablet&quot;:{&quot;unit&quot;:&quot;px&quot;,&quot;size&quot;:10,&quot;sizes&quot;:[]},&quot;gap_mobile&quot;:{&quot;unit&quot;:&quot;px&quot;,&quot;size&quot;:10,&quot;sizes&quot;:[]},&quot;link_to&quot;:&quot;file&quot;,&quot;aspect_ratio&quot;:&quot;3:2&quot;,&quot;content_hover_animation&quot;:&quot;fade-in&quot;}\" data-widget_type=\"gallery.default\">\n\t\t\t\t<div class=\"elementor-widget-container\">\n\t\t\t\t\t\t\t<div class=\"elementor-gallery__container\">\n\t\t\t\t\t\t\t<a class=\"e-gallery-item elementor-gallery-item elementor-animated-content\" href=\"https:\/\/davosdeclaration2018.ch\/wp-content\/uploads\/sites\/2\/2023\/06\/2023-05-23-151816-mg-9316.jpg\" data-elementor-open-lightbox=\"yes\" data-elementor-lightbox-slideshow=\"75d5195\" data-elementor-lightbox-title=\"2023-05-23-151816--mg-9316\" data-e-action-hash=\"#elementor-action%3Aaction%3Dlightbox%26settings%3DeyJpZCI6ODkwLCJ1cmwiOiJodHRwczpcL1wvZGF2b3NkZWNsYXJhdGlvbjIwMTguY2hcL3dwLWNvbnRlbnRcL3VwbG9hZHNcL3NpdGVzXC8yXC8yMDIzXC8wNlwvMjAyMy0wNS0yMy0xNTE4MTYtbWctOTMxNi5qcGciLCJzbGlkZXNob3ciOiI3NWQ1MTk1In0%3D\">\n\t\t\t\t\t<div class=\"e-gallery-image elementor-gallery-item__image\" data-thumbnail=\"https:\/\/davosdeclaration2018.ch\/wp-content\/uploads\/sites\/2\/2023\/06\/2023-05-23-151816-mg-9316-768x432.jpg\" data-width=\"768\" data-height=\"432\" aria-label=\"\" role=\"img\" ><\/div>\n\t\t\t\t\t\t\t\t\t\t\t\t\t\t<\/a>\n\t\t\t\t\t\t\t<a class=\"e-gallery-item elementor-gallery-item elementor-animated-content\" href=\"https:\/\/davosdeclaration2018.ch\/wp-content\/uploads\/sites\/2\/2023\/06\/2023-05-23-151645-img-0696.jpg\" data-elementor-open-lightbox=\"yes\" data-elementor-lightbox-slideshow=\"75d5195\" data-elementor-lightbox-title=\"2023-05-23-151645--img-0696\" data-e-action-hash=\"#elementor-action%3Aaction%3Dlightbox%26settings%3DeyJpZCI6ODg5LCJ1cmwiOiJodHRwczpcL1wvZGF2b3NkZWNsYXJhdGlvbjIwMTguY2hcL3dwLWNvbnRlbnRcL3VwbG9hZHNcL3NpdGVzXC8yXC8yMDIzXC8wNlwvMjAyMy0wNS0yMy0xNTE2NDUtaW1nLTA2OTYuanBnIiwic2xpZGVzaG93IjoiNzVkNTE5NSJ9\">\n\t\t\t\t\t<div class=\"e-gallery-image elementor-gallery-item__image\" data-thumbnail=\"https:\/\/davosdeclaration2018.ch\/wp-content\/uploads\/sites\/2\/2023\/06\/2023-05-23-151645-img-0696-768x432.jpg\" data-width=\"768\" data-height=\"432\" aria-label=\"\" role=\"img\" ><\/div>\n\t\t\t\t\t\t\t\t\t\t\t\t\t\t<\/a>\n\t\t\t\t\t\t\t<a class=\"e-gallery-item elementor-gallery-item elementor-animated-content\" href=\"https:\/\/davosdeclaration2018.ch\/wp-content\/uploads\/sites\/2\/2023\/06\/2023-05-23-151842-mg-0740.jpg\" data-elementor-open-lightbox=\"yes\" data-elementor-lightbox-slideshow=\"75d5195\" data-elementor-lightbox-title=\"2023-05-23-151842--mg-0740\" data-e-action-hash=\"#elementor-action%3Aaction%3Dlightbox%26settings%3DeyJpZCI6ODkxLCJ1cmwiOiJodHRwczpcL1wvZGF2b3NkZWNsYXJhdGlvbjIwMTguY2hcL3dwLWNvbnRlbnRcL3VwbG9hZHNcL3NpdGVzXC8yXC8yMDIzXC8wNlwvMjAyMy0wNS0yMy0xNTE4NDItbWctMDc0MC5qcGciLCJzbGlkZXNob3ciOiI3NWQ1MTk1In0%3D\">\n\t\t\t\t\t<div class=\"e-gallery-image elementor-gallery-item__image\" data-thumbnail=\"https:\/\/davosdeclaration2018.ch\/wp-content\/uploads\/sites\/2\/2023\/06\/2023-05-23-151842-mg-0740-768x432.jpg\" data-width=\"768\" data-height=\"432\" aria-label=\"\" role=\"img\" ><\/div>\n\t\t\t\t\t\t\t\t\t\t\t\t\t\t<\/a>\n\t\t\t\t\t\t\t<a class=\"e-gallery-item elementor-gallery-item elementor-animated-content\" href=\"https:\/\/davosdeclaration2018.ch\/wp-content\/uploads\/sites\/2\/2023\/06\/2023-05-23-151925-mg-0772.jpg\" data-elementor-open-lightbox=\"yes\" data-elementor-lightbox-slideshow=\"75d5195\" data-elementor-lightbox-title=\"2023-05-23-151925--mg-0772\" data-e-action-hash=\"#elementor-action%3Aaction%3Dlightbox%26settings%3DeyJpZCI6ODkyLCJ1cmwiOiJodHRwczpcL1wvZGF2b3NkZWNsYXJhdGlvbjIwMTguY2hcL3dwLWNvbnRlbnRcL3VwbG9hZHNcL3NpdGVzXC8yXC8yMDIzXC8wNlwvMjAyMy0wNS0yMy0xNTE5MjUtbWctMDc3Mi5qcGciLCJzbGlkZXNob3ciOiI3NWQ1MTk1In0%3D\">\n\t\t\t\t\t<div class=\"e-gallery-image elementor-gallery-item__image\" data-thumbnail=\"https:\/\/davosdeclaration2018.ch\/wp-content\/uploads\/sites\/2\/2023\/06\/2023-05-23-151925-mg-0772-768x432.jpg\" data-width=\"768\" data-height=\"432\" aria-label=\"\" role=\"img\" ><\/div>\n\t\t\t\t\t\t\t\t\t\t\t\t\t\t<\/a>\n\t\t\t\t\t\t\t<a class=\"e-gallery-item elementor-gallery-item elementor-animated-content\" href=\"https:\/\/davosdeclaration2018.ch\/wp-content\/uploads\/sites\/2\/2023\/06\/2023-05-23-151953-mg-0805.jpg\" data-elementor-open-lightbox=\"yes\" data-elementor-lightbox-slideshow=\"75d5195\" data-elementor-lightbox-title=\"2023-05-23-151953--mg-0805\" data-e-action-hash=\"#elementor-action%3Aaction%3Dlightbox%26settings%3DeyJpZCI6ODkzLCJ1cmwiOiJodHRwczpcL1wvZGF2b3NkZWNsYXJhdGlvbjIwMTguY2hcL3dwLWNvbnRlbnRcL3VwbG9hZHNcL3NpdGVzXC8yXC8yMDIzXC8wNlwvMjAyMy0wNS0yMy0xNTE5NTMtbWctMDgwNS5qcGciLCJzbGlkZXNob3ciOiI3NWQ1MTk1In0%3D\">\n\t\t\t\t\t<div class=\"e-gallery-image elementor-gallery-item__image\" data-thumbnail=\"https:\/\/davosdeclaration2018.ch\/wp-content\/uploads\/sites\/2\/2023\/06\/2023-05-23-151953-mg-0805-768x432.jpg\" data-width=\"768\" data-height=\"432\" aria-label=\"\" role=\"img\" ><\/div>\n\t\t\t\t\t\t\t\t\t\t\t\t\t\t<\/a>\n\t\t\t\t\t\t\t<a class=\"e-gallery-item elementor-gallery-item elementor-animated-content\" href=\"https:\/\/davosdeclaration2018.ch\/wp-content\/uploads\/sites\/2\/2023\/06\/2023-05-23-153104-mg-0828.jpg\" data-elementor-open-lightbox=\"yes\" data-elementor-lightbox-slideshow=\"75d5195\" data-elementor-lightbox-title=\"2023-05-23-153104--mg-0828\" data-e-action-hash=\"#elementor-action%3Aaction%3Dlightbox%26settings%3DeyJpZCI6ODk2LCJ1cmwiOiJodHRwczpcL1wvZGF2b3NkZWNsYXJhdGlvbjIwMTguY2hcL3dwLWNvbnRlbnRcL3VwbG9hZHNcL3NpdGVzXC8yXC8yMDIzXC8wNlwvMjAyMy0wNS0yMy0xNTMxMDQtbWctMDgyOC5qcGciLCJzbGlkZXNob3ciOiI3NWQ1MTk1In0%3D\">\n\t\t\t\t\t<div class=\"e-gallery-image elementor-gallery-item__image\" data-thumbnail=\"https:\/\/davosdeclaration2018.ch\/wp-content\/uploads\/sites\/2\/2023\/06\/2023-05-23-153104-mg-0828-768x432.jpg\" data-width=\"768\" data-height=\"432\" aria-label=\"\" role=\"img\" ><\/div>\n\t\t\t\t\t\t\t\t\t\t\t\t\t\t<\/a>\n\t\t\t\t\t\t\t<a class=\"e-gallery-item elementor-gallery-item elementor-animated-content\" href=\"https:\/\/davosdeclaration2018.ch\/wp-content\/uploads\/sites\/2\/2023\/06\/2023-05-23-152250-mg-9363.jpg\" data-elementor-open-lightbox=\"yes\" data-elementor-lightbox-slideshow=\"75d5195\" data-elementor-lightbox-title=\"2023-05-23-152250--mg-9363\" data-e-action-hash=\"#elementor-action%3Aaction%3Dlightbox%26settings%3DeyJpZCI6ODk0LCJ1cmwiOiJodHRwczpcL1wvZGF2b3NkZWNsYXJhdGlvbjIwMTguY2hcL3dwLWNvbnRlbnRcL3VwbG9hZHNcL3NpdGVzXC8yXC8yMDIzXC8wNlwvMjAyMy0wNS0yMy0xNTIyNTAtbWctOTM2My5qcGciLCJzbGlkZXNob3ciOiI3NWQ1MTk1In0%3D\">\n\t\t\t\t\t<div class=\"e-gallery-image elementor-gallery-item__image\" data-thumbnail=\"https:\/\/davosdeclaration2018.ch\/wp-content\/uploads\/sites\/2\/2023\/06\/2023-05-23-152250-mg-9363-768x432.jpg\" data-width=\"768\" data-height=\"432\" aria-label=\"\" role=\"img\" ><\/div>\n\t\t\t\t\t\t\t\t\t\t\t\t\t\t<\/a>\n\t\t\t\t\t\t\t<a class=\"e-gallery-item elementor-gallery-item elementor-animated-content\" href=\"https:\/\/davosdeclaration2018.ch\/wp-content\/uploads\/sites\/2\/2023\/06\/2023-05-23-152415-mg-0996.jpg\" data-elementor-open-lightbox=\"yes\" data-elementor-lightbox-slideshow=\"75d5195\" data-elementor-lightbox-title=\"2023-05-23-152415--mg-0996\" data-e-action-hash=\"#elementor-action%3Aaction%3Dlightbox%26settings%3DeyJpZCI6ODk1LCJ1cmwiOiJodHRwczpcL1wvZGF2b3NkZWNsYXJhdGlvbjIwMTguY2hcL3dwLWNvbnRlbnRcL3VwbG9hZHNcL3NpdGVzXC8yXC8yMDIzXC8wNlwvMjAyMy0wNS0yMy0xNTI0MTUtbWctMDk5Ni5qcGciLCJzbGlkZXNob3ciOiI3NWQ1MTk1In0%3D\">\n\t\t\t\t\t<div class=\"e-gallery-image elementor-gallery-item__image\" data-thumbnail=\"https:\/\/davosdeclaration2018.ch\/wp-content\/uploads\/sites\/2\/2023\/06\/2023-05-23-152415-mg-0996-768x432.jpg\" data-width=\"768\" data-height=\"432\" aria-label=\"\" role=\"img\" ><\/div>\n\t\t\t\t\t\t\t\t\t\t\t\t\t\t<\/a>\n\t\t\t\t\t\t\t<a class=\"e-gallery-item elementor-gallery-item elementor-animated-content\" href=\"https:\/\/davosdeclaration2018.ch\/wp-content\/uploads\/sites\/2\/2023\/06\/2023-05-23-153158-mg-1057.jpg\" data-elementor-open-lightbox=\"yes\" data-elementor-lightbox-slideshow=\"75d5195\" data-elementor-lightbox-title=\"2023-05-23-153158--mg-1057\" data-e-action-hash=\"#elementor-action%3Aaction%3Dlightbox%26settings%3DeyJpZCI6ODk3LCJ1cmwiOiJodHRwczpcL1wvZGF2b3NkZWNsYXJhdGlvbjIwMTguY2hcL3dwLWNvbnRlbnRcL3VwbG9hZHNcL3NpdGVzXC8yXC8yMDIzXC8wNlwvMjAyMy0wNS0yMy0xNTMxNTgtbWctMTA1Ny5qcGciLCJzbGlkZXNob3ciOiI3NWQ1MTk1In0%3D\">\n\t\t\t\t\t<div class=\"e-gallery-image elementor-gallery-item__image\" data-thumbnail=\"https:\/\/davosdeclaration2018.ch\/wp-content\/uploads\/sites\/2\/2023\/06\/2023-05-23-153158-mg-1057-768x432.jpg\" data-width=\"768\" data-height=\"432\" aria-label=\"\" role=\"img\" ><\/div>\n\t\t\t\t\t\t\t\t\t\t\t\t\t\t<\/a>\n\t\t\t\t\t<\/div>\n\t\t\t\t\t<\/div>\n\t\t\t\t<\/div>\n\t\t\t\t\t<\/div>\n\t\t\t\t<\/div>\n\t\t<div class=\"elementor-element elementor-element-9f93d11 u-sidePadding u-dcwiSection e-flex e-con-boxed e-con e-parent\" data-id=\"9f93d11\" data-element_type=\"container\" id=\"2023-davos\">\n\t\t\t\t\t<div class=\"e-con-inner\">\n\t\t\t\t<div class=\"elementor-element elementor-element-2917b62 elementor-widget elementor-widget-dcwi-event-header\" data-id=\"2917b62\" data-element_type=\"widget\" data-widget_type=\"dcwi-event-header.default\">\n\t\t\t\t<div class=\"elementor-widget-container\">\n\t\t\t\t\t        <div class=\"a-eventHeader\">\n            <span class=\"a-eventHeader__date\">14.\u201316.01.2023<\/span>\n            <span class=\"a-eventHeader__location\">Davos<\/span>\n            <span class=\"a-eventHeader__type\">Event<\/span>\n        <\/div>\n        \t\t\t\t<\/div>\n\t\t\t\t<\/div>\n\t\t\t\t<div class=\"elementor-element elementor-element-ef9fcd4 elementor-widget elementor-widget-dcwi-content-block\" data-id=\"ef9fcd4\" data-element_type=\"widget\" data-widget_type=\"dcwi-content-block.default\">\n\t\t\t\t<div class=\"elementor-widget-container\">\n\t\t\t\t\t        <div class=\"m-contentBlock\" >\n                            <div class=\"m-contentBlock__header\">\n                    <h2 class=\"u-noMargin\">Conference of Ministries of Culture Davos 2023<\/h2>                <\/div>\n                        <div class=\"m-contentBlock__inner\">\n                <a class=\"m-contentBlock__imageWrapper -noFilter\"href=\"https:\/\/davosdeclaration2018.ch\/wp-content\/uploads\/sites\/2\/2023\/06\/2023-01-16-132202-davosalliance2023-official-photo.jpg\"><img loading=\"lazy\" decoding=\"async\" width=\"1000\" height=\"667\" src=\"https:\/\/davosdeclaration2018.ch\/wp-content\/uploads\/sites\/2\/2023\/06\/2023-01-16-132202-davosalliance2023-official-photo.jpg\" class=\"m-contentBlock__image\" alt=\"\" srcset=\"https:\/\/davosdeclaration2018.ch\/wp-content\/uploads\/sites\/2\/2023\/06\/2023-01-16-132202-davosalliance2023-official-photo.jpg 1000w, https:\/\/davosdeclaration2018.ch\/wp-content\/uploads\/sites\/2\/2023\/06\/2023-01-16-132202-davosalliance2023-official-photo-300x200.jpg 300w, https:\/\/davosdeclaration2018.ch\/wp-content\/uploads\/sites\/2\/2023\/06\/2023-01-16-132202-davosalliance2023-official-photo-768x512.jpg 768w, https:\/\/davosdeclaration2018.ch\/wp-content\/uploads\/sites\/2\/2023\/06\/2023-01-16-132202-davosalliance2023-official-photo-18x12.jpg 18w\" sizes=\"(max-width: 1000px) 100vw, 1000px\" \/><\/a>                <div class=\"m-contentBlock__content\">\n                    <p class=\"translation-block\">The second Conference of European Ministers of Culture under the title \u201cCommon Good \u2013 Shared Responsibility\u201d took place at the invitation of the Federal Councillor Alain Berset. In Davos, Ministers of Culture from 31 European countries met with civil society organisations and leading companies in the construction and real estate industry to launch the <a href=\"https:\/\/www.davosalliance.org\/home\" target=\"_blank\" rel=\"noopener\">Davos Baukultur Alliance<\/a>: a network for an overarching dialogue at the international level.<\/p>\n<p>The Alliance is committed to the goals of the Davos Declaration and is based on the criteria of the Davos Baukultur Quality System. Switzerland will chair the Davos Baukultur Alliance for the first five years; its secretariat is based within the World Economic Forum.<\/p>\n                                    <\/div>\n            <\/div>\n        <\/div>\n        \t\t\t\t<\/div>\n\t\t\t\t<\/div>\n\t\t\t\t<div class=\"elementor-element elementor-element-e8d82e5 elementor-widget elementor-widget-dcwi-link\" data-id=\"e8d82e5\" data-element_type=\"widget\" data-widget_type=\"dcwi-link.default\">\n\t\t\t\t<div class=\"elementor-widget-container\">\n\t\t\t\t\t            <div class=\"a-link__wrapper\" >\n                <a href=\"https:\/\/davosdeclaration2018.ch\/wp-content\/uploads\/sites\/2\/2023\/06\/2023-05-11-132341-davos-baukultur-memorandum-en.pdf\"  target=\"_blank\"                    class=\"a-link -linkBar -icon -icon-type-arrowRight\"\n                    >\n                    Davos Baukultur Memorandum                    <svg class=\"svg-inline--fa fa-arrow-right\" aria-hidden=\"true\" focusable=\"false\" data-prefix=\"fal\" data-icon=\"arrow-right\" role=\"img\" xmlns=\"http:\/\/www.w3.org\/2000\/svg\" viewbox=\"0 0 448 512\" data-fa-i2svg=\"\"><path fill=\"currentColor\" d=\"M443.7 266.8l-165.9 176C274.5 446.3 269.1 448 265.5 448c-3.986 0-7.988-1.375-11.16-4.156c-6.773-5.938-7.275-16.06-1.118-22.59L393.9 272H16.59c-9.171 0-16.59-7.155-16.59-15.1S7.421 240 16.59 240h377.3l-140.7-149.3c-6.157-6.531-5.655-16.66 1.118-22.59c6.789-5.906 17.27-5.469 23.45 1.094l165.9 176C449.4 251.3 449.4 260.7 443.7 266.8z\"><\/path><\/svg>                <\/a>\n            <\/div>\n            \t\t\t\t<\/div>\n\t\t\t\t<\/div>\n\t\t\t\t<div class=\"elementor-element elementor-element-7451d03 elementor-widget elementor-widget-dcwi-link\" data-id=\"7451d03\" data-element_type=\"widget\" data-widget_type=\"dcwi-link.default\">\n\t\t\t\t<div class=\"elementor-widget-container\">\n\t\t\t\t\t            <div class=\"a-link__wrapper\" >\n                <a href=\"https:\/\/davosdeclaration2018.ch\/\/wp-content\/uploads\/sites\/2\/2023\/06\/2023-01-23-090659-20230115-alliance-founding-act-fr.pdf\"  target=\"_blank\"                    class=\"a-link -linkBar -icon -icon-type-arrowRight\"\n                    >\n                    Alliance de Davos pour la culture du b\u00e2ti - Acte fondateur (french)                    <svg class=\"svg-inline--fa fa-arrow-right\" aria-hidden=\"true\" focusable=\"false\" data-prefix=\"fal\" data-icon=\"arrow-right\" role=\"img\" xmlns=\"http:\/\/www.w3.org\/2000\/svg\" viewbox=\"0 0 448 512\" data-fa-i2svg=\"\"><path fill=\"currentColor\" d=\"M443.7 266.8l-165.9 176C274.5 446.3 269.1 448 265.5 448c-3.986 0-7.988-1.375-11.16-4.156c-6.773-5.938-7.275-16.06-1.118-22.59L393.9 272H16.59c-9.171 0-16.59-7.155-16.59-15.1S7.421 240 16.59 240h377.3l-140.7-149.3c-6.157-6.531-5.655-16.66 1.118-22.59c6.789-5.906 17.27-5.469 23.45 1.094l165.9 176C449.4 251.3 449.4 260.7 443.7 266.8z\"><\/path><\/svg>                <\/a>\n            <\/div>\n            \t\t\t\t<\/div>\n\t\t\t\t<\/div>\n\t\t\t\t<div class=\"elementor-element elementor-element-80f2475 elementor-widget elementor-widget-dcwi-link\" data-id=\"80f2475\" data-element_type=\"widget\" data-widget_type=\"dcwi-link.default\">\n\t\t\t\t<div class=\"elementor-widget-container\">\n\t\t\t\t\t            <div class=\"a-link__wrapper\" >\n                <a href=\"https:\/\/davosdeclaration2018.ch\/wp-content\/uploads\/sites\/2\/2023\/08\/A4_CONTEXT_FR_OK.pdf\"  target=\"_blank\"                    class=\"a-link -linkBar -icon -icon-type-arrowRight\"\n                    >\n                    Alliance de Davos pour la culture du b\u00e2ti - Document de contexte (french)                    <svg class=\"svg-inline--fa fa-arrow-right\" aria-hidden=\"true\" focusable=\"false\" data-prefix=\"fal\" data-icon=\"arrow-right\" role=\"img\" xmlns=\"http:\/\/www.w3.org\/2000\/svg\" viewbox=\"0 0 448 512\" data-fa-i2svg=\"\"><path fill=\"currentColor\" d=\"M443.7 266.8l-165.9 176C274.5 446.3 269.1 448 265.5 448c-3.986 0-7.988-1.375-11.16-4.156c-6.773-5.938-7.275-16.06-1.118-22.59L393.9 272H16.59c-9.171 0-16.59-7.155-16.59-15.1S7.421 240 16.59 240h377.3l-140.7-149.3c-6.157-6.531-5.655-16.66 1.118-22.59c6.789-5.906 17.27-5.469 23.45 1.094l165.9 176C449.4 251.3 449.4 260.7 443.7 266.8z\"><\/path><\/svg>                <\/a>\n            <\/div>\n            \t\t\t\t<\/div>\n\t\t\t\t<\/div>\n\t\t\t\t<div class=\"elementor-element elementor-element-eb6eec9 elementor-widget elementor-widget-dcwi-link\" data-id=\"eb6eec9\" data-element_type=\"widget\" data-widget_type=\"dcwi-link.default\">\n\t\t\t\t<div class=\"elementor-widget-container\">\n\t\t\t\t\t            <div class=\"a-link__wrapper\" >\n                <a href=\"https:\/\/davosdeclaration2018.ch\/wp-content\/uploads\/sites\/2\/2023\/06\/2023-01-23-090624-20230115-alliance-founding-act-en.pdf\"  target=\"_blank\"                    class=\"a-link -linkBar -icon -icon-type-arrowRight\"\n                    >\n                    Davos Baukultur Alliance - Founding Act                    <svg class=\"svg-inline--fa fa-arrow-right\" aria-hidden=\"true\" focusable=\"false\" data-prefix=\"fal\" data-icon=\"arrow-right\" role=\"img\" xmlns=\"http:\/\/www.w3.org\/2000\/svg\" viewbox=\"0 0 448 512\" data-fa-i2svg=\"\"><path fill=\"currentColor\" d=\"M443.7 266.8l-165.9 176C274.5 446.3 269.1 448 265.5 448c-3.986 0-7.988-1.375-11.16-4.156c-6.773-5.938-7.275-16.06-1.118-22.59L393.9 272H16.59c-9.171 0-16.59-7.155-16.59-15.1S7.421 240 16.59 240h377.3l-140.7-149.3c-6.157-6.531-5.655-16.66 1.118-22.59c6.789-5.906 17.27-5.469 23.45 1.094l165.9 176C449.4 251.3 449.4 260.7 443.7 266.8z\"><\/path><\/svg>                <\/a>\n            <\/div>\n            \t\t\t\t<\/div>\n\t\t\t\t<\/div>\n\t\t\t\t<div class=\"elementor-element elementor-element-9c4d3a6 elementor-widget elementor-widget-dcwi-link\" data-id=\"9c4d3a6\" data-element_type=\"widget\" data-widget_type=\"dcwi-link.default\">\n\t\t\t\t<div class=\"elementor-widget-container\">\n\t\t\t\t\t            <div class=\"a-link__wrapper\" >\n                <a href=\"https:\/\/davosdeclaration2018.ch\/wp-content\/uploads\/sites\/2\/2023\/08\/A4_CONTEXT_EN_OK.pdf\"  target=\"_blank\"                    class=\"a-link -linkBar -icon -icon-type-arrowRight\"\n                    >\n                    Davos Baukultur Alliance - Context Document                    <svg class=\"svg-inline--fa fa-arrow-right\" aria-hidden=\"true\" focusable=\"false\" data-prefix=\"fal\" data-icon=\"arrow-right\" role=\"img\" xmlns=\"http:\/\/www.w3.org\/2000\/svg\" viewbox=\"0 0 448 512\" data-fa-i2svg=\"\"><path fill=\"currentColor\" d=\"M443.7 266.8l-165.9 176C274.5 446.3 269.1 448 265.5 448c-3.986 0-7.988-1.375-11.16-4.156c-6.773-5.938-7.275-16.06-1.118-22.59L393.9 272H16.59c-9.171 0-16.59-7.155-16.59-15.1S7.421 240 16.59 240h377.3l-140.7-149.3c-6.157-6.531-5.655-16.66 1.118-22.59c6.789-5.906 17.27-5.469 23.45 1.094l165.9 176C449.4 251.3 449.4 260.7 443.7 266.8z\"><\/path><\/svg>                <\/a>\n            <\/div>\n            \t\t\t\t<\/div>\n\t\t\t\t<\/div>\n\t\t\t\t<div class=\"elementor-element elementor-element-2719b98 elementor-widget elementor-widget-dcwi-link\" data-id=\"2719b98\" data-element_type=\"widget\" data-widget_type=\"dcwi-link.default\">\n\t\t\t\t<div class=\"elementor-widget-container\">\n\t\t\t\t\t            <div class=\"a-link__wrapper\" >\n                <a href=\"\/wp-content\/uploads\/sites\/2\/2023\/06\/2023-01-16-142642-20230116-joint-statement-of-the-ministers-of-culture.pdf\"  target=\"_blank\"                    class=\"a-link -linkBar -icon -icon-type-arrowRight\"\n                    >\n                    Joint Statement on Ukraine of the Ministers of Culture                    <svg class=\"svg-inline--fa fa-arrow-right\" aria-hidden=\"true\" focusable=\"false\" data-prefix=\"fal\" data-icon=\"arrow-right\" role=\"img\" xmlns=\"http:\/\/www.w3.org\/2000\/svg\" viewbox=\"0 0 448 512\" data-fa-i2svg=\"\"><path fill=\"currentColor\" d=\"M443.7 266.8l-165.9 176C274.5 446.3 269.1 448 265.5 448c-3.986 0-7.988-1.375-11.16-4.156c-6.773-5.938-7.275-16.06-1.118-22.59L393.9 272H16.59c-9.171 0-16.59-7.155-16.59-15.1S7.421 240 16.59 240h377.3l-140.7-149.3c-6.157-6.531-5.655-16.66 1.118-22.59c6.789-5.906 17.27-5.469 23.45 1.094l165.9 176C449.4 251.3 449.4 260.7 443.7 266.8z\"><\/path><\/svg>                <\/a>\n            <\/div>\n            \t\t\t\t<\/div>\n\t\t\t\t<\/div>\n\t\t\t\t<div class=\"elementor-element elementor-element-abcbc02 elementor-widget elementor-widget-dcwi-link\" data-id=\"abcbc02\" data-element_type=\"widget\" data-widget_type=\"dcwi-link.default\">\n\t\t\t\t<div class=\"elementor-widget-container\">\n\t\t\t\t\t            <div class=\"a-link__wrapper\" >\n                <a href=\"https:\/\/davosdeclaration2018.ch\/wp-content\/uploads\/sites\/2\/2023\/06\/2022-09-15-084555-study-quality-sells-ahlfeldt-pietrostefani.pdf\"  target=\"_blank\"                    class=\"a-link -linkBar -icon -icon-type-arrowRight\"\n                    >\n                    Study \u00abQuality sells\u00bb by Gabriel M. Ahlfeldt, Elisabetta Pietrostefani                    <svg class=\"svg-inline--fa fa-arrow-right\" aria-hidden=\"true\" focusable=\"false\" data-prefix=\"fal\" data-icon=\"arrow-right\" role=\"img\" xmlns=\"http:\/\/www.w3.org\/2000\/svg\" viewbox=\"0 0 448 512\" data-fa-i2svg=\"\"><path fill=\"currentColor\" d=\"M443.7 266.8l-165.9 176C274.5 446.3 269.1 448 265.5 448c-3.986 0-7.988-1.375-11.16-4.156c-6.773-5.938-7.275-16.06-1.118-22.59L393.9 272H16.59c-9.171 0-16.59-7.155-16.59-15.1S7.421 240 16.59 240h377.3l-140.7-149.3c-6.157-6.531-5.655-16.66 1.118-22.59c6.789-5.906 17.27-5.469 23.45 1.094l165.9 176C449.4 251.3 449.4 260.7 443.7 266.8z\"><\/path><\/svg>                <\/a>\n            <\/div>\n            \t\t\t\t<\/div>\n\t\t\t\t<\/div>\n\t\t\t\t<div class=\"elementor-element elementor-element-3b70fde elementor-widget elementor-widget-dcwi-link\" data-id=\"3b70fde\" data-element_type=\"widget\" data-widget_type=\"dcwi-link.default\">\n\t\t\t\t<div class=\"elementor-widget-container\">\n\t\t\t\t\t            <div class=\"a-link__wrapper\" >\n                <a href=\"https:\/\/davosdeclaration2018.ch\/wp-content\/uploads\/sites\/2\/2023\/06\/2022-09-15-084232-feasibility-study-baukultur-qualification-arup.pdf\"  target=\"_blank\"                    class=\"a-link -linkBar -icon -icon-type-arrowRight\"\n                    >\n                    Feasibility Study Baukultur Qualification ARUP                    <svg class=\"svg-inline--fa fa-arrow-right\" aria-hidden=\"true\" focusable=\"false\" data-prefix=\"fal\" data-icon=\"arrow-right\" role=\"img\" xmlns=\"http:\/\/www.w3.org\/2000\/svg\" viewbox=\"0 0 448 512\" data-fa-i2svg=\"\"><path fill=\"currentColor\" d=\"M443.7 266.8l-165.9 176C274.5 446.3 269.1 448 265.5 448c-3.986 0-7.988-1.375-11.16-4.156c-6.773-5.938-7.275-16.06-1.118-22.59L393.9 272H16.59c-9.171 0-16.59-7.155-16.59-15.1S7.421 240 16.59 240h377.3l-140.7-149.3c-6.157-6.531-5.655-16.66 1.118-22.59c6.789-5.906 17.27-5.469 23.45 1.094l165.9 176C449.4 251.3 449.4 260.7 443.7 266.8z\"><\/path><\/svg>                <\/a>\n            <\/div>\n            \t\t\t\t<\/div>\n\t\t\t\t<\/div>\n\t\t\t\t<div class=\"elementor-element elementor-element-b3b0def elementor-widget elementor-widget-dcwi-prev-widget-toggle\" data-id=\"b3b0def\" data-element_type=\"widget\" data-widget_type=\"dcwi-prev-widget-toggle.default\">\n\t\t\t\t<div class=\"elementor-widget-container\">\n\t\t\t\t\t        <div class=\"a-link__wrapper -linkBar\"  data-no-translate>\n            <span tabindex=\"0\"\n                  class=\"a-link -linkBar do-togglePrevWidget -toggleNext\">\n                <span class=\"a-link__label\">Impressions<\/span>\n                <svg class=\"svg-inline--fa fa-chevron-down a-link__icon\" aria-hidden=\"true\" focusable=\"false\" data-prefix=\"fal\"\n                     data-icon=\"chevron-down\" role=\"img\" xmlns=\"http:\/\/www.w3.org\/2000\/svg\" viewbox=\"0 0 448 512\" data-fa-i2svg=\"\"><path\n                            fill=\"currentColor\"\n                            d=\"M4.251 181.1C7.392 177.7 11.69 175.1 16 175.1c3.891 0 7.781 1.406 10.86 4.25l197.1 181.1l197.1-181.1c6.5-6 16.64-5.625 22.61 .9062c6 6.5 5.594 16.59-.8906 22.59l-208 192c-6.156 5.688-15.56 5.688-21.72 0l-208-192C-1.343 197.7-1.749 187.6 4.251 181.1z\"><\/path><\/svg>\n            <\/span>\n        <\/div>\n        \t\t\t\t<\/div>\n\t\t\t\t<\/div>\n\t\t\t\t<div class=\"elementor-element elementor-element-7c29180 a-toggleableWidget elementor-widget elementor-widget-gallery\" data-id=\"7c29180\" data-element_type=\"widget\" data-settings=\"{&quot;columns&quot;:&quot;3&quot;,&quot;gap&quot;:{&quot;unit&quot;:&quot;px&quot;,&quot;size&quot;:&quot;20&quot;,&quot;sizes&quot;:[]},&quot;lazyload&quot;:&quot;yes&quot;,&quot;gallery_layout&quot;:&quot;grid&quot;,&quot;columns_tablet&quot;:2,&quot;columns_mobile&quot;:1,&quot;gap_tablet&quot;:{&quot;unit&quot;:&quot;px&quot;,&quot;size&quot;:10,&quot;sizes&quot;:[]},&quot;gap_mobile&quot;:{&quot;unit&quot;:&quot;px&quot;,&quot;size&quot;:10,&quot;sizes&quot;:[]},&quot;link_to&quot;:&quot;file&quot;,&quot;aspect_ratio&quot;:&quot;3:2&quot;,&quot;content_hover_animation&quot;:&quot;fade-in&quot;}\" data-widget_type=\"gallery.default\">\n\t\t\t\t<div class=\"elementor-widget-container\">\n\t\t\t\t\t\t\t<div class=\"elementor-gallery__container\">\n\t\t\t\t\t\t\t<a class=\"e-gallery-item elementor-gallery-item elementor-animated-content\" href=\"https:\/\/davosdeclaration2018.ch\/wp-content\/uploads\/sites\/2\/2023\/06\/2023-01-19-114838-055-davos-alliance-baukultur.jpg\" data-elementor-open-lightbox=\"yes\" data-elementor-lightbox-slideshow=\"7c29180\" data-elementor-lightbox-title=\"2023-01-19-114838--055-davos-alliance-baukultur\" data-e-action-hash=\"#elementor-action%3Aaction%3Dlightbox%26settings%3DeyJpZCI6MTAxMywidXJsIjoiaHR0cHM6XC9cL2Rhdm9zZGVjbGFyYXRpb24yMDE4LmNoXC93cC1jb250ZW50XC91cGxvYWRzXC9zaXRlc1wvMlwvMjAyM1wvMDZcLzIwMjMtMDEtMTktMTE0ODM4LTA1NS1kYXZvcy1hbGxpYW5jZS1iYXVrdWx0dXIuanBnIiwic2xpZGVzaG93IjoiN2MyOTE4MCJ9\">\n\t\t\t\t\t<div class=\"e-gallery-image elementor-gallery-item__image\" data-thumbnail=\"https:\/\/davosdeclaration2018.ch\/wp-content\/uploads\/sites\/2\/2023\/06\/2023-01-19-114838-055-davos-alliance-baukultur-768x512.jpg\" data-width=\"768\" data-height=\"512\" aria-label=\"\" role=\"img\" ><\/div>\n\t\t\t\t\t\t\t\t\t\t\t\t\t\t<\/a>\n\t\t\t\t\t\t\t<a class=\"e-gallery-item elementor-gallery-item elementor-animated-content\" href=\"https:\/\/davosdeclaration2018.ch\/wp-content\/uploads\/sites\/2\/2023\/06\/2023-01-19-114902-049-davos-alliance-baukultur.jpg\" data-elementor-open-lightbox=\"yes\" data-elementor-lightbox-slideshow=\"7c29180\" data-elementor-lightbox-title=\"2023-01-19-114902--049-davos-alliance-baukultur\" data-e-action-hash=\"#elementor-action%3Aaction%3Dlightbox%26settings%3DeyJpZCI6MTAxNCwidXJsIjoiaHR0cHM6XC9cL2Rhdm9zZGVjbGFyYXRpb24yMDE4LmNoXC93cC1jb250ZW50XC91cGxvYWRzXC9zaXRlc1wvMlwvMjAyM1wvMDZcLzIwMjMtMDEtMTktMTE0OTAyLTA0OS1kYXZvcy1hbGxpYW5jZS1iYXVrdWx0dXIuanBnIiwic2xpZGVzaG93IjoiN2MyOTE4MCJ9\">\n\t\t\t\t\t<div class=\"e-gallery-image elementor-gallery-item__image\" data-thumbnail=\"https:\/\/davosdeclaration2018.ch\/wp-content\/uploads\/sites\/2\/2023\/06\/2023-01-19-114902-049-davos-alliance-baukultur-768x512.jpg\" data-width=\"768\" data-height=\"512\" aria-label=\"\" role=\"img\" ><\/div>\n\t\t\t\t\t\t\t\t\t\t\t\t\t\t<\/a>\n\t\t\t\t\t\t\t<a class=\"e-gallery-item elementor-gallery-item elementor-animated-content\" href=\"https:\/\/davosdeclaration2018.ch\/wp-content\/uploads\/sites\/2\/2023\/06\/2023-01-19-114928-064-davos-alliance-baukultur.jpg\" data-elementor-open-lightbox=\"yes\" data-elementor-lightbox-slideshow=\"7c29180\" data-elementor-lightbox-title=\"2023-01-19-114928--064-davos-alliance-baukultur\" data-e-action-hash=\"#elementor-action%3Aaction%3Dlightbox%26settings%3DeyJpZCI6MTAxNSwidXJsIjoiaHR0cHM6XC9cL2Rhdm9zZGVjbGFyYXRpb24yMDE4LmNoXC93cC1jb250ZW50XC91cGxvYWRzXC9zaXRlc1wvMlwvMjAyM1wvMDZcLzIwMjMtMDEtMTktMTE0OTI4LTA2NC1kYXZvcy1hbGxpYW5jZS1iYXVrdWx0dXIuanBnIiwic2xpZGVzaG93IjoiN2MyOTE4MCJ9\">\n\t\t\t\t\t<div class=\"e-gallery-image elementor-gallery-item__image\" data-thumbnail=\"https:\/\/davosdeclaration2018.ch\/wp-content\/uploads\/sites\/2\/2023\/06\/2023-01-19-114928-064-davos-alliance-baukultur-768x512.jpg\" data-width=\"768\" data-height=\"512\" aria-label=\"\" role=\"img\" ><\/div>\n\t\t\t\t\t\t\t\t\t\t\t\t\t\t<\/a>\n\t\t\t\t\t\t\t<a class=\"e-gallery-item elementor-gallery-item elementor-animated-content\" href=\"https:\/\/davosdeclaration2018.ch\/wp-content\/uploads\/sites\/2\/2023\/06\/2023-01-19-114948-048-davos-alliance-baukultur.jpg\" data-elementor-open-lightbox=\"yes\" data-elementor-lightbox-slideshow=\"7c29180\" data-elementor-lightbox-title=\"2023-01-19-114948--048-davos-alliance-baukultur\" data-e-action-hash=\"#elementor-action%3Aaction%3Dlightbox%26settings%3DeyJpZCI6MTAxNiwidXJsIjoiaHR0cHM6XC9cL2Rhdm9zZGVjbGFyYXRpb24yMDE4LmNoXC93cC1jb250ZW50XC91cGxvYWRzXC9zaXRlc1wvMlwvMjAyM1wvMDZcLzIwMjMtMDEtMTktMTE0OTQ4LTA0OC1kYXZvcy1hbGxpYW5jZS1iYXVrdWx0dXIuanBnIiwic2xpZGVzaG93IjoiN2MyOTE4MCJ9\">\n\t\t\t\t\t<div class=\"e-gallery-image elementor-gallery-item__image\" data-thumbnail=\"https:\/\/davosdeclaration2018.ch\/wp-content\/uploads\/sites\/2\/2023\/06\/2023-01-19-114948-048-davos-alliance-baukultur-768x512.jpg\" data-width=\"768\" data-height=\"512\" aria-label=\"\" role=\"img\" ><\/div>\n\t\t\t\t\t\t\t\t\t\t\t\t\t\t<\/a>\n\t\t\t\t\t\t\t<a class=\"e-gallery-item elementor-gallery-item elementor-animated-content\" href=\"https:\/\/davosdeclaration2018.ch\/wp-content\/uploads\/sites\/2\/2023\/06\/2023-01-19-115005-077-davos-alliance-baukultur.jpg\" data-elementor-open-lightbox=\"yes\" data-elementor-lightbox-slideshow=\"7c29180\" data-elementor-lightbox-title=\"2023-01-19-115005--077-davos-alliance-baukultur\" data-e-action-hash=\"#elementor-action%3Aaction%3Dlightbox%26settings%3DeyJpZCI6MTAxNywidXJsIjoiaHR0cHM6XC9cL2Rhdm9zZGVjbGFyYXRpb24yMDE4LmNoXC93cC1jb250ZW50XC91cGxvYWRzXC9zaXRlc1wvMlwvMjAyM1wvMDZcLzIwMjMtMDEtMTktMTE1MDA1LTA3Ny1kYXZvcy1hbGxpYW5jZS1iYXVrdWx0dXIuanBnIiwic2xpZGVzaG93IjoiN2MyOTE4MCJ9\">\n\t\t\t\t\t<div class=\"e-gallery-image elementor-gallery-item__image\" data-thumbnail=\"https:\/\/davosdeclaration2018.ch\/wp-content\/uploads\/sites\/2\/2023\/06\/2023-01-19-115005-077-davos-alliance-baukultur-768x512.jpg\" data-width=\"768\" data-height=\"512\" aria-label=\"\" role=\"img\" ><\/div>\n\t\t\t\t\t\t\t\t\t\t\t\t\t\t<\/a>\n\t\t\t\t\t\t\t<a class=\"e-gallery-item elementor-gallery-item elementor-animated-content\" href=\"https:\/\/davosdeclaration2018.ch\/wp-content\/uploads\/sites\/2\/2023\/06\/2023-01-19-115027-083-davos-alliance-baukultur.jpg\" data-elementor-open-lightbox=\"yes\" data-elementor-lightbox-slideshow=\"7c29180\" data-elementor-lightbox-title=\"2023-01-19-115027--083-davos-alliance-baukultur\" data-e-action-hash=\"#elementor-action%3Aaction%3Dlightbox%26settings%3DeyJpZCI6MTAxOCwidXJsIjoiaHR0cHM6XC9cL2Rhdm9zZGVjbGFyYXRpb24yMDE4LmNoXC93cC1jb250ZW50XC91cGxvYWRzXC9zaXRlc1wvMlwvMjAyM1wvMDZcLzIwMjMtMDEtMTktMTE1MDI3LTA4My1kYXZvcy1hbGxpYW5jZS1iYXVrdWx0dXIuanBnIiwic2xpZGVzaG93IjoiN2MyOTE4MCJ9\">\n\t\t\t\t\t<div class=\"e-gallery-image elementor-gallery-item__image\" data-thumbnail=\"https:\/\/davosdeclaration2018.ch\/wp-content\/uploads\/sites\/2\/2023\/06\/2023-01-19-115027-083-davos-alliance-baukultur-768x512.jpg\" data-width=\"768\" data-height=\"512\" aria-label=\"\" role=\"img\" ><\/div>\n\t\t\t\t\t\t\t\t\t\t\t\t\t\t<\/a>\n\t\t\t\t\t\t\t<a class=\"e-gallery-item elementor-gallery-item elementor-animated-content\" href=\"https:\/\/davosdeclaration2018.ch\/wp-content\/uploads\/sites\/2\/2023\/06\/2023-01-19-115047-162-davos-alliance-baukultur.jpg\" data-elementor-open-lightbox=\"yes\" data-elementor-lightbox-slideshow=\"7c29180\" data-elementor-lightbox-title=\"2023-01-19-115047--162-davos-alliance-baukultur\" data-e-action-hash=\"#elementor-action%3Aaction%3Dlightbox%26settings%3DeyJpZCI6MTAxOSwidXJsIjoiaHR0cHM6XC9cL2Rhdm9zZGVjbGFyYXRpb24yMDE4LmNoXC93cC1jb250ZW50XC91cGxvYWRzXC9zaXRlc1wvMlwvMjAyM1wvMDZcLzIwMjMtMDEtMTktMTE1MDQ3LTE2Mi1kYXZvcy1hbGxpYW5jZS1iYXVrdWx0dXIuanBnIiwic2xpZGVzaG93IjoiN2MyOTE4MCJ9\">\n\t\t\t\t\t<div class=\"e-gallery-image elementor-gallery-item__image\" data-thumbnail=\"https:\/\/davosdeclaration2018.ch\/wp-content\/uploads\/sites\/2\/2023\/06\/2023-01-19-115047-162-davos-alliance-baukultur-768x512.jpg\" data-width=\"768\" data-height=\"512\" aria-label=\"\" role=\"img\" ><\/div>\n\t\t\t\t\t\t\t\t\t\t\t\t\t\t<\/a>\n\t\t\t\t\t\t\t<a class=\"e-gallery-item elementor-gallery-item elementor-animated-content\" href=\"https:\/\/davosdeclaration2018.ch\/wp-content\/uploads\/sites\/2\/2023\/06\/2023-01-19-115118-176-davos-alliance-baukultur.jpg\" data-elementor-open-lightbox=\"yes\" data-elementor-lightbox-slideshow=\"7c29180\" data-elementor-lightbox-title=\"2023-01-19-115118--176-davos-alliance-baukultur\" data-e-action-hash=\"#elementor-action%3Aaction%3Dlightbox%26settings%3DeyJpZCI6MTAyMCwidXJsIjoiaHR0cHM6XC9cL2Rhdm9zZGVjbGFyYXRpb24yMDE4LmNoXC93cC1jb250ZW50XC91cGxvYWRzXC9zaXRlc1wvMlwvMjAyM1wvMDZcLzIwMjMtMDEtMTktMTE1MTE4LTE3Ni1kYXZvcy1hbGxpYW5jZS1iYXVrdWx0dXIuanBnIiwic2xpZGVzaG93IjoiN2MyOTE4MCJ9\">\n\t\t\t\t\t<div class=\"e-gallery-image elementor-gallery-item__image\" data-thumbnail=\"https:\/\/davosdeclaration2018.ch\/wp-content\/uploads\/sites\/2\/2023\/06\/2023-01-19-115118-176-davos-alliance-baukultur-768x512.jpg\" data-width=\"768\" data-height=\"512\" aria-label=\"\" role=\"img\" ><\/div>\n\t\t\t\t\t\t\t\t\t\t\t\t\t\t<\/a>\n\t\t\t\t\t\t\t<a class=\"e-gallery-item elementor-gallery-item elementor-animated-content\" href=\"https:\/\/davosdeclaration2018.ch\/wp-content\/uploads\/sites\/2\/2023\/06\/2023-01-19-115149-297-davos-alliance-baukultur.jpg\" data-elementor-open-lightbox=\"yes\" data-elementor-lightbox-slideshow=\"7c29180\" data-elementor-lightbox-title=\"2023-01-19-115149--297-davos-alliance-baukultur\" data-e-action-hash=\"#elementor-action%3Aaction%3Dlightbox%26settings%3DeyJpZCI6MTAyMSwidXJsIjoiaHR0cHM6XC9cL2Rhdm9zZGVjbGFyYXRpb24yMDE4LmNoXC93cC1jb250ZW50XC91cGxvYWRzXC9zaXRlc1wvMlwvMjAyM1wvMDZcLzIwMjMtMDEtMTktMTE1MTQ5LTI5Ny1kYXZvcy1hbGxpYW5jZS1iYXVrdWx0dXIuanBnIiwic2xpZGVzaG93IjoiN2MyOTE4MCJ9\">\n\t\t\t\t\t<div class=\"e-gallery-image elementor-gallery-item__image\" data-thumbnail=\"https:\/\/davosdeclaration2018.ch\/wp-content\/uploads\/sites\/2\/2023\/06\/2023-01-19-115149-297-davos-alliance-baukultur-768x512.jpg\" data-width=\"768\" data-height=\"512\" aria-label=\"\" role=\"img\" ><\/div>\n\t\t\t\t\t\t\t\t\t\t\t\t\t\t<\/a>\n\t\t\t\t\t\t\t<a class=\"e-gallery-item elementor-gallery-item elementor-animated-content\" href=\"https:\/\/davosdeclaration2018.ch\/wp-content\/uploads\/sites\/2\/2023\/06\/2023-01-19-115207-222-davos-alliance-baukultur.jpg\" data-elementor-open-lightbox=\"yes\" data-elementor-lightbox-slideshow=\"7c29180\" data-elementor-lightbox-title=\"2023-01-19-115207--222-davos-alliance-baukultur\" data-e-action-hash=\"#elementor-action%3Aaction%3Dlightbox%26settings%3DeyJpZCI6MTAyMiwidXJsIjoiaHR0cHM6XC9cL2Rhdm9zZGVjbGFyYXRpb24yMDE4LmNoXC93cC1jb250ZW50XC91cGxvYWRzXC9zaXRlc1wvMlwvMjAyM1wvMDZcLzIwMjMtMDEtMTktMTE1MjA3LTIyMi1kYXZvcy1hbGxpYW5jZS1iYXVrdWx0dXIuanBnIiwic2xpZGVzaG93IjoiN2MyOTE4MCJ9\">\n\t\t\t\t\t<div class=\"e-gallery-image elementor-gallery-item__image\" data-thumbnail=\"https:\/\/davosdeclaration2018.ch\/wp-content\/uploads\/sites\/2\/2023\/06\/2023-01-19-115207-222-davos-alliance-baukultur-768x512.jpg\" data-width=\"768\" data-height=\"512\" aria-label=\"\" role=\"img\" ><\/div>\n\t\t\t\t\t\t\t\t\t\t\t\t\t\t<\/a>\n\t\t\t\t\t\t\t<a class=\"e-gallery-item elementor-gallery-item elementor-animated-content\" href=\"https:\/\/davosdeclaration2018.ch\/wp-content\/uploads\/sites\/2\/2023\/06\/2023-01-19-115229-301-davos-alliance-baukultur.jpg\" data-elementor-open-lightbox=\"yes\" data-elementor-lightbox-slideshow=\"7c29180\" data-elementor-lightbox-title=\"2023-01-19-115229--301-davos-alliance-baukultur\" data-e-action-hash=\"#elementor-action%3Aaction%3Dlightbox%26settings%3DeyJpZCI6MTAyMywidXJsIjoiaHR0cHM6XC9cL2Rhdm9zZGVjbGFyYXRpb24yMDE4LmNoXC93cC1jb250ZW50XC91cGxvYWRzXC9zaXRlc1wvMlwvMjAyM1wvMDZcLzIwMjMtMDEtMTktMTE1MjI5LTMwMS1kYXZvcy1hbGxpYW5jZS1iYXVrdWx0dXIuanBnIiwic2xpZGVzaG93IjoiN2MyOTE4MCJ9\">\n\t\t\t\t\t<div class=\"e-gallery-image elementor-gallery-item__image\" data-thumbnail=\"https:\/\/davosdeclaration2018.ch\/wp-content\/uploads\/sites\/2\/2023\/06\/2023-01-19-115229-301-davos-alliance-baukultur-768x512.jpg\" data-width=\"768\" data-height=\"512\" aria-label=\"\" role=\"img\" ><\/div>\n\t\t\t\t\t\t\t\t\t\t\t\t\t\t<\/a>\n\t\t\t\t\t\t\t<a class=\"e-gallery-item elementor-gallery-item elementor-animated-content\" href=\"https:\/\/davosdeclaration2018.ch\/wp-content\/uploads\/sites\/2\/2023\/06\/2023-01-19-115254-311-davos-alliance-baukultur.jpg\" data-elementor-open-lightbox=\"yes\" data-elementor-lightbox-slideshow=\"7c29180\" data-elementor-lightbox-title=\"2023-01-19-115254--311-davos-alliance-baukultur\" data-e-action-hash=\"#elementor-action%3Aaction%3Dlightbox%26settings%3DeyJpZCI6MTAyNCwidXJsIjoiaHR0cHM6XC9cL2Rhdm9zZGVjbGFyYXRpb24yMDE4LmNoXC93cC1jb250ZW50XC91cGxvYWRzXC9zaXRlc1wvMlwvMjAyM1wvMDZcLzIwMjMtMDEtMTktMTE1MjU0LTMxMS1kYXZvcy1hbGxpYW5jZS1iYXVrdWx0dXIuanBnIiwic2xpZGVzaG93IjoiN2MyOTE4MCJ9\">\n\t\t\t\t\t<div class=\"e-gallery-image elementor-gallery-item__image\" data-thumbnail=\"https:\/\/davosdeclaration2018.ch\/wp-content\/uploads\/sites\/2\/2023\/06\/2023-01-19-115254-311-davos-alliance-baukultur-768x512.jpg\" data-width=\"768\" data-height=\"512\" aria-label=\"\" role=\"img\" ><\/div>\n\t\t\t\t\t\t\t\t\t\t\t\t\t\t<\/a>\n\t\t\t\t\t\t\t<a class=\"e-gallery-item elementor-gallery-item elementor-animated-content\" href=\"https:\/\/davosdeclaration2018.ch\/wp-content\/uploads\/sites\/2\/2023\/06\/2023-01-19-115409-357-davos-alliance-baukultur.jpg\" data-elementor-open-lightbox=\"yes\" data-elementor-lightbox-slideshow=\"7c29180\" data-elementor-lightbox-title=\"2023-01-19-115409--357-davos-alliance-baukultur\" data-e-action-hash=\"#elementor-action%3Aaction%3Dlightbox%26settings%3DeyJpZCI6MTAyNSwidXJsIjoiaHR0cHM6XC9cL2Rhdm9zZGVjbGFyYXRpb24yMDE4LmNoXC93cC1jb250ZW50XC91cGxvYWRzXC9zaXRlc1wvMlwvMjAyM1wvMDZcLzIwMjMtMDEtMTktMTE1NDA5LTM1Ny1kYXZvcy1hbGxpYW5jZS1iYXVrdWx0dXIuanBnIiwic2xpZGVzaG93IjoiN2MyOTE4MCJ9\">\n\t\t\t\t\t<div class=\"e-gallery-image elementor-gallery-item__image\" data-thumbnail=\"https:\/\/davosdeclaration2018.ch\/wp-content\/uploads\/sites\/2\/2023\/06\/2023-01-19-115409-357-davos-alliance-baukultur-768x512.jpg\" data-width=\"768\" data-height=\"512\" aria-label=\"\" role=\"img\" ><\/div>\n\t\t\t\t\t\t\t\t\t\t\t\t\t\t<\/a>\n\t\t\t\t\t\t\t<a class=\"e-gallery-item elementor-gallery-item elementor-animated-content\" href=\"https:\/\/davosdeclaration2018.ch\/wp-content\/uploads\/sites\/2\/2023\/06\/2023-01-19-112353-steering-committee-davosbaukulturalliance.jpg\" data-elementor-open-lightbox=\"yes\" data-elementor-lightbox-slideshow=\"7c29180\" data-elementor-lightbox-title=\"2023-01-19-112353--steering-committee-davosbaukulturalliance\" data-e-action-hash=\"#elementor-action%3Aaction%3Dlightbox%26settings%3DeyJpZCI6MTAyNywidXJsIjoiaHR0cHM6XC9cL2Rhdm9zZGVjbGFyYXRpb24yMDE4LmNoXC93cC1jb250ZW50XC91cGxvYWRzXC9zaXRlc1wvMlwvMjAyM1wvMDZcLzIwMjMtMDEtMTktMTEyMzUzLXN0ZWVyaW5nLWNvbW1pdHRlZS1kYXZvc2JhdWt1bHR1cmFsbGlhbmNlLmpwZyIsInNsaWRlc2hvdyI6IjdjMjkxODAifQ%3D%3D\">\n\t\t\t\t\t<div class=\"e-gallery-image elementor-gallery-item__image\" data-thumbnail=\"https:\/\/davosdeclaration2018.ch\/wp-content\/uploads\/sites\/2\/2023\/06\/2023-01-19-112353-steering-committee-davosbaukulturalliance-768x512.jpg\" data-width=\"768\" data-height=\"512\" aria-label=\"\" role=\"img\" ><\/div>\n\t\t\t\t\t\t\t\t\t\t\t\t\t\t<\/a>\n\t\t\t\t\t\t\t<a class=\"e-gallery-item elementor-gallery-item elementor-animated-content\" href=\"https:\/\/davosdeclaration2018.ch\/wp-content\/uploads\/sites\/2\/2023\/06\/2023-01-19-115437-362-davos-alliance-baukultur.jpg\" data-elementor-open-lightbox=\"yes\" data-elementor-lightbox-slideshow=\"7c29180\" data-elementor-lightbox-title=\"2023-01-19-115437--362-davos-alliance-baukultur\" data-e-action-hash=\"#elementor-action%3Aaction%3Dlightbox%26settings%3DeyJpZCI6MTAyNiwidXJsIjoiaHR0cHM6XC9cL2Rhdm9zZGVjbGFyYXRpb24yMDE4LmNoXC93cC1jb250ZW50XC91cGxvYWRzXC9zaXRlc1wvMlwvMjAyM1wvMDZcLzIwMjMtMDEtMTktMTE1NDM3LTM2Mi1kYXZvcy1hbGxpYW5jZS1iYXVrdWx0dXIuanBnIiwic2xpZGVzaG93IjoiN2MyOTE4MCJ9\">\n\t\t\t\t\t<div class=\"e-gallery-image elementor-gallery-item__image\" data-thumbnail=\"https:\/\/davosdeclaration2018.ch\/wp-content\/uploads\/sites\/2\/2023\/06\/2023-01-19-115437-362-davos-alliance-baukultur-768x512.jpg\" data-width=\"768\" data-height=\"512\" aria-label=\"\" role=\"img\" ><\/div>\n\t\t\t\t\t\t\t\t\t\t\t\t\t\t<\/a>\n\t\t\t\t\t<\/div>\n\t\t\t\t\t<\/div>\n\t\t\t\t<\/div>\n\t\t\t\t\t<\/div>\n\t\t\t\t<\/div>\n\t\t<div class=\"elementor-element elementor-element-6f667ce u-sidePadding u-dcwiSection e-flex e-con-boxed e-con e-parent\" data-id=\"6f667ce\" data-element_type=\"container\" id=\"2022-prag\">\n\t\t\t\t\t<div class=\"e-con-inner\">\n\t\t\t\t<div class=\"elementor-element elementor-element-c52b442 elementor-widget elementor-widget-dcwi-event-header\" data-id=\"c52b442\" data-element_type=\"widget\" data-widget_type=\"dcwi-event-header.default\">\n\t\t\t\t<div class=\"elementor-widget-container\">\n\t\t\t\t\t        <div class=\"a-eventHeader\">\n            <span class=\"a-eventHeader__date\">10.\u201312.10.2022<\/span>\n            <span class=\"a-eventHeader__location\">Prague<\/span>\n            <span class=\"a-eventHeader__type\">Event<\/span>\n        <\/div>\n        \t\t\t\t<\/div>\n\t\t\t\t<\/div>\n\t\t\t\t<div class=\"elementor-element elementor-element-8bb63d8 elementor-widget elementor-widget-dcwi-content-block\" data-id=\"8bb63d8\" data-element_type=\"widget\" data-widget_type=\"dcwi-content-block.default\">\n\t\t\t\t<div class=\"elementor-widget-container\">\n\t\t\t\t\t        <div class=\"m-contentBlock\" >\n                            <div class=\"m-contentBlock__header\">\n                    <h2 class=\"u-noMargin translation-block\">Conference on Architecture and Building Culture Policies \u2013 ECAP 2022<br>\nCongress Centre Prague<\/h2>                <\/div>\n                        <div class=\"m-contentBlock__inner\">\n                <div class=\"m-contentBlock__imageWrapper -noFilter\"><img loading=\"lazy\" decoding=\"async\" width=\"739\" height=\"519\" src=\"https:\/\/davosdeclaration2018.ch\/wp-content\/uploads\/sites\/2\/2023\/06\/2022-10-25-095001-ecap.jpg\" class=\"m-contentBlock__image\" alt=\"\" srcset=\"https:\/\/davosdeclaration2018.ch\/wp-content\/uploads\/sites\/2\/2023\/06\/2022-10-25-095001-ecap.jpg 739w, https:\/\/davosdeclaration2018.ch\/wp-content\/uploads\/sites\/2\/2023\/06\/2022-10-25-095001-ecap-300x211.jpg 300w, https:\/\/davosdeclaration2018.ch\/wp-content\/uploads\/sites\/2\/2023\/06\/2022-10-25-095001-ecap-18x12.jpg 18w\" sizes=\"(max-width: 739px) 100vw, 739px\" \/><\/div>                <div class=\"m-contentBlock__content\">\n                    <p>Over two days Baukultur experts discussed the quality of the built environment, sustainability and affordable living space, guidelines and instruments of different EU member states as well as the question of whether an International Building Exhibition (IBA) is possibly the right way to rebuild Ukrainian cities after the war. Before the conference, representatives of the ministries and of various European Baukultur initiatives met to swap notes. Switzerland presented the Davos Baukultur Alliance 2023 and the pending second conference of ministers of culture as the next milestones in the Davos Process. The event was organised under the auspices of the Czech EU presidency by the Ministry of Regional Development of the Czech Republic in cooperation with the Ministry of Culture, Czech Chamber of Architects and other partners.<\/p>\n                                    <\/div>\n            <\/div>\n        <\/div>\n        \t\t\t\t<\/div>\n\t\t\t\t<\/div>\n\t\t\t\t<div class=\"elementor-element elementor-element-6baabaf elementor-widget elementor-widget-dcwi-link\" data-id=\"6baabaf\" data-element_type=\"widget\" data-widget_type=\"dcwi-link.default\">\n\t\t\t\t<div class=\"elementor-widget-container\">\n\t\t\t\t\t            <div class=\"a-link__wrapper\" >\n                <a href=\"\/wp-content\/uploads\/sites\/2\/2023\/06\/2022-10-25-100726-programme-ecap-2022-conference.pdf\"  target=\"_blank\"                    class=\"a-link -linkBar -icon -icon-type-arrowRight\"\n                    >\n                    Programme of the conference                    <svg class=\"svg-inline--fa fa-arrow-right\" aria-hidden=\"true\" focusable=\"false\" data-prefix=\"fal\" data-icon=\"arrow-right\" role=\"img\" xmlns=\"http:\/\/www.w3.org\/2000\/svg\" viewbox=\"0 0 448 512\" data-fa-i2svg=\"\"><path fill=\"currentColor\" d=\"M443.7 266.8l-165.9 176C274.5 446.3 269.1 448 265.5 448c-3.986 0-7.988-1.375-11.16-4.156c-6.773-5.938-7.275-16.06-1.118-22.59L393.9 272H16.59c-9.171 0-16.59-7.155-16.59-15.1S7.421 240 16.59 240h377.3l-140.7-149.3c-6.157-6.531-5.655-16.66 1.118-22.59c6.789-5.906 17.27-5.469 23.45 1.094l165.9 176C449.4 251.3 449.4 260.7 443.7 266.8z\"><\/path><\/svg>                <\/a>\n            <\/div>\n            \t\t\t\t<\/div>\n\t\t\t\t<\/div>\n\t\t\t\t<div class=\"elementor-element elementor-element-bbc1a8b elementor-widget elementor-widget-dcwi-prev-widget-toggle\" data-id=\"bbc1a8b\" data-element_type=\"widget\" data-widget_type=\"dcwi-prev-widget-toggle.default\">\n\t\t\t\t<div class=\"elementor-widget-container\">\n\t\t\t\t\t        <div class=\"a-link__wrapper -linkBar\"  data-no-translate>\n            <span tabindex=\"0\"\n                  class=\"a-link -linkBar do-togglePrevWidget -toggleNext\">\n                <span class=\"a-link__label\">Impressions \u00a9 Ministry of Regional Development CZ<\/span>\n                <svg class=\"svg-inline--fa fa-chevron-down a-link__icon\" aria-hidden=\"true\" focusable=\"false\" data-prefix=\"fal\"\n                     data-icon=\"chevron-down\" role=\"img\" xmlns=\"http:\/\/www.w3.org\/2000\/svg\" viewbox=\"0 0 448 512\" data-fa-i2svg=\"\"><path\n                            fill=\"currentColor\"\n                            d=\"M4.251 181.1C7.392 177.7 11.69 175.1 16 175.1c3.891 0 7.781 1.406 10.86 4.25l197.1 181.1l197.1-181.1c6.5-6 16.64-5.625 22.61 .9062c6 6.5 5.594 16.59-.8906 22.59l-208 192c-6.156 5.688-15.56 5.688-21.72 0l-208-192C-1.343 197.7-1.749 187.6 4.251 181.1z\"><\/path><\/svg>\n            <\/span>\n        <\/div>\n        \t\t\t\t<\/div>\n\t\t\t\t<\/div>\n\t\t\t\t<div class=\"elementor-element elementor-element-f347529 a-toggleableWidget elementor-widget elementor-widget-gallery\" data-id=\"f347529\" data-element_type=\"widget\" data-settings=\"{&quot;columns&quot;:&quot;3&quot;,&quot;gap&quot;:{&quot;unit&quot;:&quot;px&quot;,&quot;size&quot;:&quot;20&quot;,&quot;sizes&quot;:[]},&quot;lazyload&quot;:&quot;yes&quot;,&quot;gallery_layout&quot;:&quot;grid&quot;,&quot;columns_tablet&quot;:2,&quot;columns_mobile&quot;:1,&quot;gap_tablet&quot;:{&quot;unit&quot;:&quot;px&quot;,&quot;size&quot;:10,&quot;sizes&quot;:[]},&quot;gap_mobile&quot;:{&quot;unit&quot;:&quot;px&quot;,&quot;size&quot;:10,&quot;sizes&quot;:[]},&quot;link_to&quot;:&quot;file&quot;,&quot;aspect_ratio&quot;:&quot;3:2&quot;,&quot;content_hover_animation&quot;:&quot;fade-in&quot;}\" data-widget_type=\"gallery.default\">\n\t\t\t\t<div class=\"elementor-widget-container\">\n\t\t\t\t\t\t\t<div class=\"elementor-gallery__container\">\n\t\t\t\t\t\t\t<a class=\"e-gallery-item elementor-gallery-item elementor-animated-content\" href=\"https:\/\/davosdeclaration2018.ch\/wp-content\/uploads\/sites\/2\/2023\/06\/2022-11-07-111127-arch-003.jpg\" data-elementor-open-lightbox=\"yes\" data-elementor-lightbox-slideshow=\"f347529\" data-elementor-lightbox-title=\"2022-11-07-111127--arch-003\" data-e-action-hash=\"#elementor-action%3Aaction%3Dlightbox%26settings%3DeyJpZCI6MTA0MywidXJsIjoiaHR0cHM6XC9cL2Rhdm9zZGVjbGFyYXRpb24yMDE4LmNoXC93cC1jb250ZW50XC91cGxvYWRzXC9zaXRlc1wvMlwvMjAyM1wvMDZcLzIwMjItMTEtMDctMTExMTI3LWFyY2gtMDAzLmpwZyIsInNsaWRlc2hvdyI6ImYzNDc1MjkifQ%3D%3D\">\n\t\t\t\t\t<div class=\"e-gallery-image elementor-gallery-item__image\" data-thumbnail=\"https:\/\/davosdeclaration2018.ch\/wp-content\/uploads\/sites\/2\/2023\/06\/2022-11-07-111127-arch-003-768x512.jpg\" data-width=\"768\" data-height=\"512\" aria-label=\"\" role=\"img\" ><\/div>\n\t\t\t\t\t\t\t\t\t\t\t\t\t\t<\/a>\n\t\t\t\t\t\t\t<a class=\"e-gallery-item elementor-gallery-item elementor-animated-content\" href=\"https:\/\/davosdeclaration2018.ch\/wp-content\/uploads\/sites\/2\/2023\/06\/2022-11-07-111559-arch-007.jpg\" data-elementor-open-lightbox=\"yes\" data-elementor-lightbox-slideshow=\"f347529\" data-elementor-lightbox-title=\"2022-11-07-111559--arch-007\" data-e-action-hash=\"#elementor-action%3Aaction%3Dlightbox%26settings%3DeyJpZCI6MTA0NCwidXJsIjoiaHR0cHM6XC9cL2Rhdm9zZGVjbGFyYXRpb24yMDE4LmNoXC93cC1jb250ZW50XC91cGxvYWRzXC9zaXRlc1wvMlwvMjAyM1wvMDZcLzIwMjItMTEtMDctMTExNTU5LWFyY2gtMDA3LmpwZyIsInNsaWRlc2hvdyI6ImYzNDc1MjkifQ%3D%3D\">\n\t\t\t\t\t<div class=\"e-gallery-image elementor-gallery-item__image\" data-thumbnail=\"https:\/\/davosdeclaration2018.ch\/wp-content\/uploads\/sites\/2\/2023\/06\/2022-11-07-111559-arch-007-768x512.jpg\" data-width=\"768\" data-height=\"512\" aria-label=\"\" role=\"img\" ><\/div>\n\t\t\t\t\t\t\t\t\t\t\t\t\t\t<\/a>\n\t\t\t\t\t\t\t<a class=\"e-gallery-item elementor-gallery-item elementor-animated-content\" href=\"https:\/\/davosdeclaration2018.ch\/wp-content\/uploads\/sites\/2\/2023\/06\/2022-11-07-111626-arch-021.jpg\" data-elementor-open-lightbox=\"yes\" data-elementor-lightbox-slideshow=\"f347529\" data-elementor-lightbox-title=\"2022-11-07-111626--arch-021\" data-e-action-hash=\"#elementor-action%3Aaction%3Dlightbox%26settings%3DeyJpZCI6MTA0NSwidXJsIjoiaHR0cHM6XC9cL2Rhdm9zZGVjbGFyYXRpb24yMDE4LmNoXC93cC1jb250ZW50XC91cGxvYWRzXC9zaXRlc1wvMlwvMjAyM1wvMDZcLzIwMjItMTEtMDctMTExNjI2LWFyY2gtMDIxLmpwZyIsInNsaWRlc2hvdyI6ImYzNDc1MjkifQ%3D%3D\">\n\t\t\t\t\t<div class=\"e-gallery-image elementor-gallery-item__image\" data-thumbnail=\"https:\/\/davosdeclaration2018.ch\/wp-content\/uploads\/sites\/2\/2023\/06\/2022-11-07-111626-arch-021-768x512.jpg\" data-width=\"768\" data-height=\"512\" aria-label=\"\" role=\"img\" ><\/div>\n\t\t\t\t\t\t\t\t\t\t\t\t\t\t<\/a>\n\t\t\t\t\t\t\t<a class=\"e-gallery-item elementor-gallery-item elementor-animated-content\" href=\"https:\/\/davosdeclaration2018.ch\/wp-content\/uploads\/sites\/2\/2023\/06\/2022-11-07-112508-arch-025.jpg\" data-elementor-open-lightbox=\"yes\" data-elementor-lightbox-slideshow=\"f347529\" data-elementor-lightbox-title=\"2022-11-07-112508--arch-025\" data-e-action-hash=\"#elementor-action%3Aaction%3Dlightbox%26settings%3DeyJpZCI6MTA0NiwidXJsIjoiaHR0cHM6XC9cL2Rhdm9zZGVjbGFyYXRpb24yMDE4LmNoXC93cC1jb250ZW50XC91cGxvYWRzXC9zaXRlc1wvMlwvMjAyM1wvMDZcLzIwMjItMTEtMDctMTEyNTA4LWFyY2gtMDI1LmpwZyIsInNsaWRlc2hvdyI6ImYzNDc1MjkifQ%3D%3D\">\n\t\t\t\t\t<div class=\"e-gallery-image elementor-gallery-item__image\" data-thumbnail=\"https:\/\/davosdeclaration2018.ch\/wp-content\/uploads\/sites\/2\/2023\/06\/2022-11-07-112508-arch-025-768x512.jpg\" data-width=\"768\" data-height=\"512\" aria-label=\"\" role=\"img\" ><\/div>\n\t\t\t\t\t\t\t\t\t\t\t\t\t\t<\/a>\n\t\t\t\t\t\t\t<a class=\"e-gallery-item elementor-gallery-item elementor-animated-content\" href=\"https:\/\/davosdeclaration2018.ch\/wp-content\/uploads\/sites\/2\/2023\/06\/2022-11-07-112539-arch-042.jpg\" data-elementor-open-lightbox=\"yes\" data-elementor-lightbox-slideshow=\"f347529\" data-elementor-lightbox-title=\"2022-11-07-112539--arch-042\" data-e-action-hash=\"#elementor-action%3Aaction%3Dlightbox%26settings%3DeyJpZCI6MTA0NywidXJsIjoiaHR0cHM6XC9cL2Rhdm9zZGVjbGFyYXRpb24yMDE4LmNoXC93cC1jb250ZW50XC91cGxvYWRzXC9zaXRlc1wvMlwvMjAyM1wvMDZcLzIwMjItMTEtMDctMTEyNTM5LWFyY2gtMDQyLmpwZyIsInNsaWRlc2hvdyI6ImYzNDc1MjkifQ%3D%3D\">\n\t\t\t\t\t<div class=\"e-gallery-image elementor-gallery-item__image\" data-thumbnail=\"https:\/\/davosdeclaration2018.ch\/wp-content\/uploads\/sites\/2\/2023\/06\/2022-11-07-112539-arch-042-768x512.jpg\" data-width=\"768\" data-height=\"512\" aria-label=\"\" role=\"img\" ><\/div>\n\t\t\t\t\t\t\t\t\t\t\t\t\t\t<\/a>\n\t\t\t\t\t\t\t<a class=\"e-gallery-item elementor-gallery-item elementor-animated-content\" href=\"https:\/\/davosdeclaration2018.ch\/wp-content\/uploads\/sites\/2\/2023\/06\/2022-11-07-112555-arch-045.jpg\" data-elementor-open-lightbox=\"yes\" data-elementor-lightbox-slideshow=\"f347529\" data-elementor-lightbox-title=\"2022-11-07-112555--arch-045\" data-e-action-hash=\"#elementor-action%3Aaction%3Dlightbox%26settings%3DeyJpZCI6MTA0OCwidXJsIjoiaHR0cHM6XC9cL2Rhdm9zZGVjbGFyYXRpb24yMDE4LmNoXC93cC1jb250ZW50XC91cGxvYWRzXC9zaXRlc1wvMlwvMjAyM1wvMDZcLzIwMjItMTEtMDctMTEyNTU1LWFyY2gtMDQ1LmpwZyIsInNsaWRlc2hvdyI6ImYzNDc1MjkifQ%3D%3D\">\n\t\t\t\t\t<div class=\"e-gallery-image elementor-gallery-item__image\" data-thumbnail=\"https:\/\/davosdeclaration2018.ch\/wp-content\/uploads\/sites\/2\/2023\/06\/2022-11-07-112555-arch-045-768x512.jpg\" data-width=\"768\" data-height=\"512\" aria-label=\"\" role=\"img\" ><\/div>\n\t\t\t\t\t\t\t\t\t\t\t\t\t\t<\/a>\n\t\t\t\t\t\t\t<a class=\"e-gallery-item elementor-gallery-item elementor-animated-content\" href=\"https:\/\/davosdeclaration2018.ch\/wp-content\/uploads\/sites\/2\/2023\/06\/2022-11-07-112613-arch-047.jpg\" data-elementor-open-lightbox=\"yes\" data-elementor-lightbox-slideshow=\"f347529\" data-elementor-lightbox-title=\"2022-11-07-112613--arch-047\" data-e-action-hash=\"#elementor-action%3Aaction%3Dlightbox%26settings%3DeyJpZCI6MTA0OSwidXJsIjoiaHR0cHM6XC9cL2Rhdm9zZGVjbGFyYXRpb24yMDE4LmNoXC93cC1jb250ZW50XC91cGxvYWRzXC9zaXRlc1wvMlwvMjAyM1wvMDZcLzIwMjItMTEtMDctMTEyNjEzLWFyY2gtMDQ3LmpwZyIsInNsaWRlc2hvdyI6ImYzNDc1MjkifQ%3D%3D\">\n\t\t\t\t\t<div class=\"e-gallery-image elementor-gallery-item__image\" data-thumbnail=\"https:\/\/davosdeclaration2018.ch\/wp-content\/uploads\/sites\/2\/2023\/06\/2022-11-07-112613-arch-047-768x512.jpg\" data-width=\"768\" data-height=\"512\" aria-label=\"\" role=\"img\" ><\/div>\n\t\t\t\t\t\t\t\t\t\t\t\t\t\t<\/a>\n\t\t\t\t\t\t\t<a class=\"e-gallery-item elementor-gallery-item elementor-animated-content\" href=\"https:\/\/davosdeclaration2018.ch\/wp-content\/uploads\/sites\/2\/2023\/06\/2022-11-07-112634-arch-049.jpg\" data-elementor-open-lightbox=\"yes\" data-elementor-lightbox-slideshow=\"f347529\" data-elementor-lightbox-title=\"2022-11-07-112634--arch-049\" data-e-action-hash=\"#elementor-action%3Aaction%3Dlightbox%26settings%3DeyJpZCI6MTA1MCwidXJsIjoiaHR0cHM6XC9cL2Rhdm9zZGVjbGFyYXRpb24yMDE4LmNoXC93cC1jb250ZW50XC91cGxvYWRzXC9zaXRlc1wvMlwvMjAyM1wvMDZcLzIwMjItMTEtMDctMTEyNjM0LWFyY2gtMDQ5LmpwZyIsInNsaWRlc2hvdyI6ImYzNDc1MjkifQ%3D%3D\">\n\t\t\t\t\t<div class=\"e-gallery-image elementor-gallery-item__image\" data-thumbnail=\"https:\/\/davosdeclaration2018.ch\/wp-content\/uploads\/sites\/2\/2023\/06\/2022-11-07-112634-arch-049-768x512.jpg\" data-width=\"768\" data-height=\"512\" aria-label=\"\" role=\"img\" ><\/div>\n\t\t\t\t\t\t\t\t\t\t\t\t\t\t<\/a>\n\t\t\t\t\t\t\t<a class=\"e-gallery-item elementor-gallery-item elementor-animated-content\" href=\"https:\/\/davosdeclaration2018.ch\/wp-content\/uploads\/sites\/2\/2023\/06\/2022-11-07-113032-arch-050.jpg\" data-elementor-open-lightbox=\"yes\" data-elementor-lightbox-slideshow=\"f347529\" data-elementor-lightbox-title=\"2022-11-07-113032--arch-050\" data-e-action-hash=\"#elementor-action%3Aaction%3Dlightbox%26settings%3DeyJpZCI6MTA1MSwidXJsIjoiaHR0cHM6XC9cL2Rhdm9zZGVjbGFyYXRpb24yMDE4LmNoXC93cC1jb250ZW50XC91cGxvYWRzXC9zaXRlc1wvMlwvMjAyM1wvMDZcLzIwMjItMTEtMDctMTEzMDMyLWFyY2gtMDUwLmpwZyIsInNsaWRlc2hvdyI6ImYzNDc1MjkifQ%3D%3D\">\n\t\t\t\t\t<div class=\"e-gallery-image elementor-gallery-item__image\" data-thumbnail=\"https:\/\/davosdeclaration2018.ch\/wp-content\/uploads\/sites\/2\/2023\/06\/2022-11-07-113032-arch-050-768x512.jpg\" data-width=\"768\" data-height=\"512\" aria-label=\"\" role=\"img\" ><\/div>\n\t\t\t\t\t\t\t\t\t\t\t\t\t\t<\/a>\n\t\t\t\t\t\t\t<a class=\"e-gallery-item elementor-gallery-item elementor-animated-content\" href=\"https:\/\/davosdeclaration2018.ch\/wp-content\/uploads\/sites\/2\/2023\/06\/2022-11-07-113246-arch-067.jpg\" data-elementor-open-lightbox=\"yes\" data-elementor-lightbox-slideshow=\"f347529\" data-elementor-lightbox-title=\"2022-11-07-113246--arch-067\" data-e-action-hash=\"#elementor-action%3Aaction%3Dlightbox%26settings%3DeyJpZCI6MTA1MiwidXJsIjoiaHR0cHM6XC9cL2Rhdm9zZGVjbGFyYXRpb24yMDE4LmNoXC93cC1jb250ZW50XC91cGxvYWRzXC9zaXRlc1wvMlwvMjAyM1wvMDZcLzIwMjItMTEtMDctMTEzMjQ2LWFyY2gtMDY3LmpwZyIsInNsaWRlc2hvdyI6ImYzNDc1MjkifQ%3D%3D\">\n\t\t\t\t\t<div class=\"e-gallery-image elementor-gallery-item__image\" data-thumbnail=\"https:\/\/davosdeclaration2018.ch\/wp-content\/uploads\/sites\/2\/2023\/06\/2022-11-07-113246-arch-067-768x512.jpg\" data-width=\"768\" data-height=\"512\" aria-label=\"\" role=\"img\" ><\/div>\n\t\t\t\t\t\t\t\t\t\t\t\t\t\t<\/a>\n\t\t\t\t\t\t\t<a class=\"e-gallery-item elementor-gallery-item elementor-animated-content\" href=\"https:\/\/davosdeclaration2018.ch\/wp-content\/uploads\/sites\/2\/2023\/06\/2022-11-07-113306-arch-079.jpg\" data-elementor-open-lightbox=\"yes\" data-elementor-lightbox-slideshow=\"f347529\" data-elementor-lightbox-title=\"2022-11-07-113306--arch-079\" data-e-action-hash=\"#elementor-action%3Aaction%3Dlightbox%26settings%3DeyJpZCI6MTA1MywidXJsIjoiaHR0cHM6XC9cL2Rhdm9zZGVjbGFyYXRpb24yMDE4LmNoXC93cC1jb250ZW50XC91cGxvYWRzXC9zaXRlc1wvMlwvMjAyM1wvMDZcLzIwMjItMTEtMDctMTEzMzA2LWFyY2gtMDc5LmpwZyIsInNsaWRlc2hvdyI6ImYzNDc1MjkifQ%3D%3D\">\n\t\t\t\t\t<div class=\"e-gallery-image elementor-gallery-item__image\" data-thumbnail=\"https:\/\/davosdeclaration2018.ch\/wp-content\/uploads\/sites\/2\/2023\/06\/2022-11-07-113306-arch-079-768x512.jpg\" data-width=\"768\" data-height=\"512\" aria-label=\"\" role=\"img\" ><\/div>\n\t\t\t\t\t\t\t\t\t\t\t\t\t\t<\/a>\n\t\t\t\t\t\t\t<a class=\"e-gallery-item elementor-gallery-item elementor-animated-content\" href=\"https:\/\/davosdeclaration2018.ch\/wp-content\/uploads\/sites\/2\/2023\/06\/2022-11-07-113328-arch-090.jpg\" data-elementor-open-lightbox=\"yes\" data-elementor-lightbox-slideshow=\"f347529\" data-elementor-lightbox-title=\"2022-11-07-113328--arch-090\" data-e-action-hash=\"#elementor-action%3Aaction%3Dlightbox%26settings%3DeyJpZCI6MTA1NCwidXJsIjoiaHR0cHM6XC9cL2Rhdm9zZGVjbGFyYXRpb24yMDE4LmNoXC93cC1jb250ZW50XC91cGxvYWRzXC9zaXRlc1wvMlwvMjAyM1wvMDZcLzIwMjItMTEtMDctMTEzMzI4LWFyY2gtMDkwLmpwZyIsInNsaWRlc2hvdyI6ImYzNDc1MjkifQ%3D%3D\">\n\t\t\t\t\t<div class=\"e-gallery-image elementor-gallery-item__image\" data-thumbnail=\"https:\/\/davosdeclaration2018.ch\/wp-content\/uploads\/sites\/2\/2023\/06\/2022-11-07-113328-arch-090-768x512.jpg\" data-width=\"768\" data-height=\"512\" aria-label=\"\" role=\"img\" ><\/div>\n\t\t\t\t\t\t\t\t\t\t\t\t\t\t<\/a>\n\t\t\t\t\t<\/div>\n\t\t\t\t\t<\/div>\n\t\t\t\t<\/div>\n\t\t\t\t<div class=\"elementor-element elementor-element-2e2e668 elementor-widget elementor-widget-dcwi-prev-widget-toggle\" data-id=\"2e2e668\" data-element_type=\"widget\" data-widget_type=\"dcwi-prev-widget-toggle.default\">\n\t\t\t\t<div class=\"elementor-widget-container\">\n\t\t\t\t\t        <div class=\"a-link__wrapper -linkBar\"  data-no-translate>\n            <span tabindex=\"0\"\n                  class=\"a-link -linkBar do-togglePrevWidget -toggleNext\">\n                <span class=\"a-link__label\">Video<\/span>\n                <svg class=\"svg-inline--fa fa-chevron-down a-link__icon\" aria-hidden=\"true\" focusable=\"false\" data-prefix=\"fal\"\n                     data-icon=\"chevron-down\" role=\"img\" xmlns=\"http:\/\/www.w3.org\/2000\/svg\" viewbox=\"0 0 448 512\" data-fa-i2svg=\"\"><path\n                            fill=\"currentColor\"\n                            d=\"M4.251 181.1C7.392 177.7 11.69 175.1 16 175.1c3.891 0 7.781 1.406 10.86 4.25l197.1 181.1l197.1-181.1c6.5-6 16.64-5.625 22.61 .9062c6 6.5 5.594 16.59-.8906 22.59l-208 192c-6.156 5.688-15.56 5.688-21.72 0l-208-192C-1.343 197.7-1.749 187.6 4.251 181.1z\"><\/path><\/svg>\n            <\/span>\n        <\/div>\n        \t\t\t\t<\/div>\n\t\t\t\t<\/div>\n\t\t\t\t<div class=\"elementor-element elementor-element-bad08bf elementor-widget__width-initial elementor-widget-mobile__width-inherit a-toggleableWidget dce_masking-none elementor-widget elementor-widget-video\" data-id=\"bad08bf\" data-element_type=\"widget\" data-settings=\"{&quot;youtube_url&quot;:&quot;https:\\\/\\\/youtu.be\\\/ZsY1K6knFsI&quot;,&quot;video_type&quot;:&quot;youtube&quot;,&quot;controls&quot;:&quot;yes&quot;}\" data-widget_type=\"video.default\">\n\t\t\t\t<div class=\"elementor-widget-container\">\n\t\t\t\t\t\t\t<div class=\"elementor-wrapper elementor-open-inline\">\n\t\t\t<div class=\"elementor-video\"><\/div>\t\t<\/div>\n\t\t\t\t\t\t<\/div>\n\t\t\t\t<\/div>\n\t\t\t\t\t<\/div>\n\t\t\t\t<\/div>\n\t\t<div class=\"elementor-element elementor-element-3020201 u-sidePadding u-dcwiSection e-flex e-con-boxed e-con e-parent\" data-id=\"3020201\" data-element_type=\"container\" id=\"2021-graz\">\n\t\t\t\t\t<div class=\"e-con-inner\">\n\t\t\t\t<div class=\"elementor-element elementor-element-42e6f9f elementor-widget elementor-widget-dcwi-event-header\" data-id=\"42e6f9f\" data-element_type=\"widget\" data-widget_type=\"dcwi-event-header.default\">\n\t\t\t\t<div class=\"elementor-widget-container\">\n\t\t\t\t\t        <div class=\"a-eventHeader\">\n            <span class=\"a-eventHeader__date\">6.\u20138.10.2021<\/span>\n            <span class=\"a-eventHeader__location\">Graz\/Maribor<\/span>\n            <span class=\"a-eventHeader__type\">Event<\/span>\n        <\/div>\n        \t\t\t\t<\/div>\n\t\t\t\t<\/div>\n\t\t\t\t<div class=\"elementor-element elementor-element-012d7c9 elementor-widget elementor-widget-dcwi-content-block\" data-id=\"012d7c9\" data-element_type=\"widget\" data-widget_type=\"dcwi-content-block.default\">\n\t\t\t\t<div class=\"elementor-widget-container\">\n\t\t\t\t\t        <div class=\"m-contentBlock\" >\n                            <div class=\"m-contentBlock__header\">\n                    <h2 class=\"u-noMargin\">Building Europe Conference: Towards a Culture of High-Quality Architecture and Built Environment for Everyone<br>\nOrpheum Graz \/ Lutkovno gledali\u0161\u010de Maribor <\/h2>                <\/div>\n                        <div class=\"m-contentBlock__inner\">\n                <a class=\"m-contentBlock__imageWrapper -noFilter\"href=\"https:\/\/davosdeclaration2018.ch\/wp-content\/uploads\/sites\/2\/2023\/06\/2022-06-09-084233-screenshot-2022-06-09-at-08-39-31.png\"><img loading=\"lazy\" decoding=\"async\" width=\"1000\" height=\"667\" src=\"https:\/\/davosdeclaration2018.ch\/wp-content\/uploads\/sites\/2\/2023\/06\/2022-06-09-084233-screenshot-2022-06-09-at-08-39-31.png\" class=\"m-contentBlock__image\" alt=\"\" srcset=\"https:\/\/davosdeclaration2018.ch\/wp-content\/uploads\/sites\/2\/2023\/06\/2022-06-09-084233-screenshot-2022-06-09-at-08-39-31.png 1000w, https:\/\/davosdeclaration2018.ch\/wp-content\/uploads\/sites\/2\/2023\/06\/2022-06-09-084233-screenshot-2022-06-09-at-08-39-31-300x200.png 300w, https:\/\/davosdeclaration2018.ch\/wp-content\/uploads\/sites\/2\/2023\/06\/2022-06-09-084233-screenshot-2022-06-09-at-08-39-31-768x512.png 768w, https:\/\/davosdeclaration2018.ch\/wp-content\/uploads\/sites\/2\/2023\/06\/2022-06-09-084233-screenshot-2022-06-09-at-08-39-31-18x12.png 18w\" sizes=\"(max-width: 1000px) 100vw, 1000px\" \/><\/a>                <div class=\"m-contentBlock__content\">\n                    <p>Austria and Slovenia organised this 3-days event on the current state and future of Architectural Policies and Baukultur in the European Union. Focus of the conference in Graz and Maribor were the results of the Open Method of Coordination (OMC) Working Group on high-quality Architecture and Built Environment for everyone. On behalf of the European Commission, this Working Group has drawn up recommendations for European policies on different levels of action.<\/p>\n<p>During the conference, the \u201cDavos Baukultur Quality system\u201d was presented in detail. As an important tool to assess the quality of Baukultur, it is to be applied in future projects. Within the framework of the conference, these activities are connected with the initiative of the New European Bauhaus.<\/p>\n                                    <\/div>\n            <\/div>\n        <\/div>\n        \t\t\t\t<\/div>\n\t\t\t\t<\/div>\n\t\t\t\t<div class=\"elementor-element elementor-element-d19b642 elementor-widget elementor-widget-dcwi-link\" data-id=\"d19b642\" data-element_type=\"widget\" data-widget_type=\"dcwi-link.default\">\n\t\t\t\t<div class=\"elementor-widget-container\">\n\t\t\t\t\t            <div class=\"a-link__wrapper\" >\n                <a href=\"\/wp-content\/uploads\/sites\/2\/2023\/06\/2022-05-23-100308-20211006-prg-building-europe-haus-der-architektur-1.pdf\"  target=\"_blank\"                    class=\"a-link -linkBar -icon -icon-type-arrowRight\"\n                    >\n                    Programme of the conference                    <svg class=\"svg-inline--fa fa-arrow-right\" aria-hidden=\"true\" focusable=\"false\" data-prefix=\"fal\" data-icon=\"arrow-right\" role=\"img\" xmlns=\"http:\/\/www.w3.org\/2000\/svg\" viewbox=\"0 0 448 512\" data-fa-i2svg=\"\"><path fill=\"currentColor\" d=\"M443.7 266.8l-165.9 176C274.5 446.3 269.1 448 265.5 448c-3.986 0-7.988-1.375-11.16-4.156c-6.773-5.938-7.275-16.06-1.118-22.59L393.9 272H16.59c-9.171 0-16.59-7.155-16.59-15.1S7.421 240 16.59 240h377.3l-140.7-149.3c-6.157-6.531-5.655-16.66 1.118-22.59c6.789-5.906 17.27-5.469 23.45 1.094l165.9 176C449.4 251.3 449.4 260.7 443.7 266.8z\"><\/path><\/svg>                <\/a>\n            <\/div>\n            \t\t\t\t<\/div>\n\t\t\t\t<\/div>\n\t\t\t\t<div class=\"elementor-element elementor-element-b6425ef elementor-widget elementor-widget-dcwi-link\" data-id=\"b6425ef\" data-element_type=\"widget\" data-widget_type=\"dcwi-link.default\">\n\t\t\t\t<div class=\"elementor-widget-container\">\n\t\t\t\t\t            <div class=\"a-link__wrapper\" >\n                <a href=\"\/wp-content\/uploads\/sites\/2\/2023\/06\/2022-06-24-124014-building-europe-conference-messages.pdf\"  target=\"_blank\"                    class=\"a-link -linkBar -icon -icon-type-arrowRight\"\n                    >\n                    Building Europe Conference Message                    <svg class=\"svg-inline--fa fa-arrow-right\" aria-hidden=\"true\" focusable=\"false\" data-prefix=\"fal\" data-icon=\"arrow-right\" role=\"img\" xmlns=\"http:\/\/www.w3.org\/2000\/svg\" viewbox=\"0 0 448 512\" data-fa-i2svg=\"\"><path fill=\"currentColor\" d=\"M443.7 266.8l-165.9 176C274.5 446.3 269.1 448 265.5 448c-3.986 0-7.988-1.375-11.16-4.156c-6.773-5.938-7.275-16.06-1.118-22.59L393.9 272H16.59c-9.171 0-16.59-7.155-16.59-15.1S7.421 240 16.59 240h377.3l-140.7-149.3c-6.157-6.531-5.655-16.66 1.118-22.59c6.789-5.906 17.27-5.469 23.45 1.094l165.9 176C449.4 251.3 449.4 260.7 443.7 266.8z\"><\/path><\/svg>                <\/a>\n            <\/div>\n            \t\t\t\t<\/div>\n\t\t\t\t<\/div>\n\t\t\t\t<div class=\"elementor-element elementor-element-c61bd9f elementor-widget elementor-widget-dcwi-prev-widget-toggle\" data-id=\"c61bd9f\" data-element_type=\"widget\" data-widget_type=\"dcwi-prev-widget-toggle.default\">\n\t\t\t\t<div class=\"elementor-widget-container\">\n\t\t\t\t\t        <div class=\"a-link__wrapper -linkBar\"  data-no-translate>\n            <span tabindex=\"0\"\n                  class=\"a-link -linkBar do-togglePrevWidget -toggleNext\">\n                <span class=\"a-link__label\">Impressions<\/span>\n                <svg class=\"svg-inline--fa fa-chevron-down a-link__icon\" aria-hidden=\"true\" focusable=\"false\" data-prefix=\"fal\"\n                     data-icon=\"chevron-down\" role=\"img\" xmlns=\"http:\/\/www.w3.org\/2000\/svg\" viewbox=\"0 0 448 512\" data-fa-i2svg=\"\"><path\n                            fill=\"currentColor\"\n                            d=\"M4.251 181.1C7.392 177.7 11.69 175.1 16 175.1c3.891 0 7.781 1.406 10.86 4.25l197.1 181.1l197.1-181.1c6.5-6 16.64-5.625 22.61 .9062c6 6.5 5.594 16.59-.8906 22.59l-208 192c-6.156 5.688-15.56 5.688-21.72 0l-208-192C-1.343 197.7-1.749 187.6 4.251 181.1z\"><\/path><\/svg>\n            <\/span>\n        <\/div>\n        \t\t\t\t<\/div>\n\t\t\t\t<\/div>\n\t\t\t\t<div class=\"elementor-element elementor-element-9953d99 a-toggleableWidget elementor-widget elementor-widget-gallery\" data-id=\"9953d99\" data-element_type=\"widget\" data-settings=\"{&quot;columns&quot;:&quot;3&quot;,&quot;gap&quot;:{&quot;unit&quot;:&quot;px&quot;,&quot;size&quot;:&quot;20&quot;,&quot;sizes&quot;:[]},&quot;lazyload&quot;:&quot;yes&quot;,&quot;gallery_layout&quot;:&quot;grid&quot;,&quot;columns_tablet&quot;:2,&quot;columns_mobile&quot;:1,&quot;gap_tablet&quot;:{&quot;unit&quot;:&quot;px&quot;,&quot;size&quot;:10,&quot;sizes&quot;:[]},&quot;gap_mobile&quot;:{&quot;unit&quot;:&quot;px&quot;,&quot;size&quot;:10,&quot;sizes&quot;:[]},&quot;link_to&quot;:&quot;file&quot;,&quot;aspect_ratio&quot;:&quot;3:2&quot;,&quot;content_hover_animation&quot;:&quot;fade-in&quot;}\" data-widget_type=\"gallery.default\">\n\t\t\t\t<div class=\"elementor-widget-container\">\n\t\t\t\t\t\t\t<div class=\"elementor-gallery__container\">\n\t\t\t\t\t\t\t<a class=\"e-gallery-item elementor-gallery-item elementor-animated-content\" href=\"https:\/\/davosdeclaration2018.ch\/wp-content\/uploads\/sites\/2\/2023\/06\/2022-05-23-095901-screenshot-2022-05-23-at-08-55-19.png\" data-elementor-open-lightbox=\"yes\" data-elementor-lightbox-slideshow=\"9953d99\" data-elementor-lightbox-title=\"2022-05-23-095901--screenshot-2022-05-23-at-08-55-19\" data-e-action-hash=\"#elementor-action%3Aaction%3Dlightbox%26settings%3DeyJpZCI6MTEwMywidXJsIjoiaHR0cHM6XC9cL2Rhdm9zZGVjbGFyYXRpb24yMDE4LmNoXC93cC1jb250ZW50XC91cGxvYWRzXC9zaXRlc1wvMlwvMjAyM1wvMDZcLzIwMjItMDUtMjMtMDk1OTAxLXNjcmVlbnNob3QtMjAyMi0wNS0yMy1hdC0wOC01NS0xOS5wbmciLCJzbGlkZXNob3ciOiI5OTUzZDk5In0%3D\">\n\t\t\t\t\t<div class=\"e-gallery-image elementor-gallery-item__image\" data-thumbnail=\"https:\/\/davosdeclaration2018.ch\/wp-content\/uploads\/sites\/2\/2023\/06\/2022-05-23-095901-screenshot-2022-05-23-at-08-55-19-768x517.png\" data-width=\"768\" data-height=\"517\" aria-label=\"\" role=\"img\" ><\/div>\n\t\t\t\t\t\t\t\t\t\t\t\t\t\t<\/a>\n\t\t\t\t\t\t\t<a class=\"e-gallery-item elementor-gallery-item elementor-animated-content\" href=\"https:\/\/davosdeclaration2018.ch\/wp-content\/uploads\/sites\/2\/2023\/06\/2022-05-23-095947-screenshot-2022-05-23-at-08-55-36.png\" data-elementor-open-lightbox=\"yes\" data-elementor-lightbox-slideshow=\"9953d99\" data-elementor-lightbox-title=\"2022-05-23-095947--screenshot-2022-05-23-at-08-55-36\" data-e-action-hash=\"#elementor-action%3Aaction%3Dlightbox%26settings%3DeyJpZCI6MTEwMiwidXJsIjoiaHR0cHM6XC9cL2Rhdm9zZGVjbGFyYXRpb24yMDE4LmNoXC93cC1jb250ZW50XC91cGxvYWRzXC9zaXRlc1wvMlwvMjAyM1wvMDZcLzIwMjItMDUtMjMtMDk1OTQ3LXNjcmVlbnNob3QtMjAyMi0wNS0yMy1hdC0wOC01NS0zNi5wbmciLCJzbGlkZXNob3ciOiI5OTUzZDk5In0%3D\">\n\t\t\t\t\t<div class=\"e-gallery-image elementor-gallery-item__image\" data-thumbnail=\"https:\/\/davosdeclaration2018.ch\/wp-content\/uploads\/sites\/2\/2023\/06\/2022-05-23-095947-screenshot-2022-05-23-at-08-55-36-768x511.png\" data-width=\"768\" data-height=\"511\" aria-label=\"\" role=\"img\" ><\/div>\n\t\t\t\t\t\t\t\t\t\t\t\t\t\t<\/a>\n\t\t\t\t\t\t\t<a class=\"e-gallery-item elementor-gallery-item elementor-animated-content\" href=\"https:\/\/davosdeclaration2018.ch\/wp-content\/uploads\/sites\/2\/2023\/06\/2022-05-23-095921-screenshot-2022-05-23-at-08-55-27.png\" data-elementor-open-lightbox=\"yes\" data-elementor-lightbox-slideshow=\"9953d99\" data-elementor-lightbox-title=\"2022-05-23-095921--screenshot-2022-05-23-at-08-55-27\" data-e-action-hash=\"#elementor-action%3Aaction%3Dlightbox%26settings%3DeyJpZCI6MTEwMSwidXJsIjoiaHR0cHM6XC9cL2Rhdm9zZGVjbGFyYXRpb24yMDE4LmNoXC93cC1jb250ZW50XC91cGxvYWRzXC9zaXRlc1wvMlwvMjAyM1wvMDZcLzIwMjItMDUtMjMtMDk1OTIxLXNjcmVlbnNob3QtMjAyMi0wNS0yMy1hdC0wOC01NS0yNy5wbmciLCJzbGlkZXNob3ciOiI5OTUzZDk5In0%3D\">\n\t\t\t\t\t<div class=\"e-gallery-image elementor-gallery-item__image\" data-thumbnail=\"https:\/\/davosdeclaration2018.ch\/wp-content\/uploads\/sites\/2\/2023\/06\/2022-05-23-095921-screenshot-2022-05-23-at-08-55-27-768x514.png\" data-width=\"768\" data-height=\"514\" aria-label=\"\" role=\"img\" ><\/div>\n\t\t\t\t\t\t\t\t\t\t\t\t\t\t<\/a>\n\t\t\t\t\t\t\t<a class=\"e-gallery-item elementor-gallery-item elementor-animated-content\" href=\"https:\/\/davosdeclaration2018.ch\/wp-content\/uploads\/sites\/2\/2023\/06\/2022-06-24-123035-building-europe-jakob-kotzmuth-211006-081.jpg\" data-elementor-open-lightbox=\"yes\" data-elementor-lightbox-slideshow=\"9953d99\" data-elementor-lightbox-title=\"2022-06-24-123035--building-europe-jakob-kotzmuth-211006-081\" data-e-action-hash=\"#elementor-action%3Aaction%3Dlightbox%26settings%3DeyJpZCI6MTEwMCwidXJsIjoiaHR0cHM6XC9cL2Rhdm9zZGVjbGFyYXRpb24yMDE4LmNoXC93cC1jb250ZW50XC91cGxvYWRzXC9zaXRlc1wvMlwvMjAyM1wvMDZcLzIwMjItMDYtMjQtMTIzMDM1LWJ1aWxkaW5nLWV1cm9wZS1qYWtvYi1rb3R6bXV0aC0yMTEwMDYtMDgxLmpwZyIsInNsaWRlc2hvdyI6Ijk5NTNkOTkifQ%3D%3D\">\n\t\t\t\t\t<div class=\"e-gallery-image elementor-gallery-item__image\" data-thumbnail=\"https:\/\/davosdeclaration2018.ch\/wp-content\/uploads\/sites\/2\/2023\/06\/2022-06-24-123035-building-europe-jakob-kotzmuth-211006-081-768x513.jpg\" data-width=\"768\" data-height=\"513\" aria-label=\"\" role=\"img\" ><\/div>\n\t\t\t\t\t\t\t\t\t\t\t\t\t\t<\/a>\n\t\t\t\t\t\t\t<a class=\"e-gallery-item elementor-gallery-item elementor-animated-content\" href=\"https:\/\/davosdeclaration2018.ch\/wp-content\/uploads\/sites\/2\/2023\/06\/2022-06-24-123229-building-europe-jakob-kotzmuth-211006-083.jpg\" data-elementor-open-lightbox=\"yes\" data-elementor-lightbox-slideshow=\"9953d99\" data-elementor-lightbox-title=\"2022-06-24-123229--building-europe-jakob-kotzmuth-211006-083\" data-e-action-hash=\"#elementor-action%3Aaction%3Dlightbox%26settings%3DeyJpZCI6MTA5OSwidXJsIjoiaHR0cHM6XC9cL2Rhdm9zZGVjbGFyYXRpb24yMDE4LmNoXC93cC1jb250ZW50XC91cGxvYWRzXC9zaXRlc1wvMlwvMjAyM1wvMDZcLzIwMjItMDYtMjQtMTIzMjI5LWJ1aWxkaW5nLWV1cm9wZS1qYWtvYi1rb3R6bXV0aC0yMTEwMDYtMDgzLmpwZyIsInNsaWRlc2hvdyI6Ijk5NTNkOTkifQ%3D%3D\">\n\t\t\t\t\t<div class=\"e-gallery-image elementor-gallery-item__image\" data-thumbnail=\"https:\/\/davosdeclaration2018.ch\/wp-content\/uploads\/sites\/2\/2023\/06\/2022-06-24-123229-building-europe-jakob-kotzmuth-211006-083-768x513.jpg\" data-width=\"768\" data-height=\"513\" aria-label=\"\" role=\"img\" ><\/div>\n\t\t\t\t\t\t\t\t\t\t\t\t\t\t<\/a>\n\t\t\t\t\t\t\t<a class=\"e-gallery-item elementor-gallery-item elementor-animated-content\" href=\"https:\/\/davosdeclaration2018.ch\/wp-content\/uploads\/sites\/2\/2023\/06\/2022-06-24-123314-nina-mekacher-c-building-europe-jakob-kotzmuth.jpg\" data-elementor-open-lightbox=\"yes\" data-elementor-lightbox-slideshow=\"9953d99\" data-elementor-lightbox-title=\"2022-06-24-123314--nina-mekacher-c-building-europe-jakob-kotzmuth\" data-e-action-hash=\"#elementor-action%3Aaction%3Dlightbox%26settings%3DeyJpZCI6MTA5OCwidXJsIjoiaHR0cHM6XC9cL2Rhdm9zZGVjbGFyYXRpb24yMDE4LmNoXC93cC1jb250ZW50XC91cGxvYWRzXC9zaXRlc1wvMlwvMjAyM1wvMDZcLzIwMjItMDYtMjQtMTIzMzE0LW5pbmEtbWVrYWNoZXItYy1idWlsZGluZy1ldXJvcGUtamFrb2Ita290em11dGguanBnIiwic2xpZGVzaG93IjoiOTk1M2Q5OSJ9\">\n\t\t\t\t\t<div class=\"e-gallery-image elementor-gallery-item__image\" data-thumbnail=\"https:\/\/davosdeclaration2018.ch\/wp-content\/uploads\/sites\/2\/2023\/06\/2022-06-24-123314-nina-mekacher-c-building-europe-jakob-kotzmuth-768x513.jpg\" data-width=\"768\" data-height=\"513\" aria-label=\"\" role=\"img\" ><\/div>\n\t\t\t\t\t\t\t\t\t\t\t\t\t\t<\/a>\n\t\t\t\t\t\t\t<a class=\"e-gallery-item elementor-gallery-item elementor-animated-content\" href=\"https:\/\/davosdeclaration2018.ch\/wp-content\/uploads\/sites\/2\/2023\/06\/2022-06-24-122118-c-building-europe-jakob-kotzmuth-6.jpg\" data-elementor-open-lightbox=\"yes\" data-elementor-lightbox-slideshow=\"9953d99\" data-elementor-lightbox-title=\"2022-06-24-122118--c-building-europe-jakob-kotzmuth-6\" data-e-action-hash=\"#elementor-action%3Aaction%3Dlightbox%26settings%3DeyJpZCI6MTA5NywidXJsIjoiaHR0cHM6XC9cL2Rhdm9zZGVjbGFyYXRpb24yMDE4LmNoXC93cC1jb250ZW50XC91cGxvYWRzXC9zaXRlc1wvMlwvMjAyM1wvMDZcLzIwMjItMDYtMjQtMTIyMTE4LWMtYnVpbGRpbmctZXVyb3BlLWpha29iLWtvdHptdXRoLTYuanBnIiwic2xpZGVzaG93IjoiOTk1M2Q5OSJ9\">\n\t\t\t\t\t<div class=\"e-gallery-image elementor-gallery-item__image\" data-thumbnail=\"https:\/\/davosdeclaration2018.ch\/wp-content\/uploads\/sites\/2\/2023\/06\/2022-06-24-122118-c-building-europe-jakob-kotzmuth-6-768x513.jpg\" data-width=\"768\" data-height=\"513\" aria-label=\"\" role=\"img\" ><\/div>\n\t\t\t\t\t\t\t\t\t\t\t\t\t\t<\/a>\n\t\t\t\t\t\t\t<a class=\"e-gallery-item elementor-gallery-item elementor-animated-content\" href=\"https:\/\/davosdeclaration2018.ch\/wp-content\/uploads\/sites\/2\/2023\/06\/2022-06-24-123424-veronika-valk-siska-c-building-europe-jakob-kotzmuth.jpg\" data-elementor-open-lightbox=\"yes\" data-elementor-lightbox-slideshow=\"9953d99\" data-elementor-lightbox-title=\"2022-06-24-123424--veronika-valk-siska-c-building-europe-jakob-kotzmuth\" data-e-action-hash=\"#elementor-action%3Aaction%3Dlightbox%26settings%3DeyJpZCI6MTA5NiwidXJsIjoiaHR0cHM6XC9cL2Rhdm9zZGVjbGFyYXRpb24yMDE4LmNoXC93cC1jb250ZW50XC91cGxvYWRzXC9zaXRlc1wvMlwvMjAyM1wvMDZcLzIwMjItMDYtMjQtMTIzNDI0LXZlcm9uaWthLXZhbGstc2lza2EtYy1idWlsZGluZy1ldXJvcGUtamFrb2Ita290em11dGguanBnIiwic2xpZGVzaG93IjoiOTk1M2Q5OSJ9\">\n\t\t\t\t\t<div class=\"e-gallery-image elementor-gallery-item__image\" data-thumbnail=\"https:\/\/davosdeclaration2018.ch\/wp-content\/uploads\/sites\/2\/2023\/06\/2022-06-24-123424-veronika-valk-siska-c-building-europe-jakob-kotzmuth-768x513.jpg\" data-width=\"768\" data-height=\"513\" aria-label=\"\" role=\"img\" ><\/div>\n\t\t\t\t\t\t\t\t\t\t\t\t\t\t<\/a>\n\t\t\t\t\t\t\t<a class=\"e-gallery-item elementor-gallery-item elementor-animated-content\" href=\"https:\/\/davosdeclaration2018.ch\/wp-content\/uploads\/sites\/2\/2023\/06\/2022-06-24-123537-teilmehmer-innen-c-building-europe-jakob-kotzmuth.jpg\" data-elementor-open-lightbox=\"yes\" data-elementor-lightbox-slideshow=\"9953d99\" data-elementor-lightbox-title=\"2022-06-24-123537--teilmehmer-innen-c-building-europe-jakob-kotzmuth\" data-e-action-hash=\"#elementor-action%3Aaction%3Dlightbox%26settings%3DeyJpZCI6MTA5NSwidXJsIjoiaHR0cHM6XC9cL2Rhdm9zZGVjbGFyYXRpb24yMDE4LmNoXC93cC1jb250ZW50XC91cGxvYWRzXC9zaXRlc1wvMlwvMjAyM1wvMDZcLzIwMjItMDYtMjQtMTIzNTM3LXRlaWxtZWhtZXItaW5uZW4tYy1idWlsZGluZy1ldXJvcGUtamFrb2Ita290em11dGguanBnIiwic2xpZGVzaG93IjoiOTk1M2Q5OSJ9\">\n\t\t\t\t\t<div class=\"e-gallery-image elementor-gallery-item__image\" data-thumbnail=\"https:\/\/davosdeclaration2018.ch\/wp-content\/uploads\/sites\/2\/2023\/06\/2022-06-24-123537-teilmehmer-innen-c-building-europe-jakob-kotzmuth-768x513.jpg\" data-width=\"768\" data-height=\"513\" aria-label=\"\" role=\"img\" ><\/div>\n\t\t\t\t\t\t\t\t\t\t\t\t\t\t<\/a>\n\t\t\t\t\t<\/div>\n\t\t\t\t\t<\/div>\n\t\t\t\t<\/div>\n\t\t\t\t\t<\/div>\n\t\t\t\t<\/div>\n\t\t<div class=\"elementor-element elementor-element-caf8456 u-sidePadding u-dcwiSection e-flex e-con-boxed e-con e-parent\" data-id=\"caf8456\" data-element_type=\"container\" id=\"2021-venedig\">\n\t\t\t\t\t<div class=\"e-con-inner\">\n\t\t\t\t<div class=\"elementor-element elementor-element-1652dea elementor-widget elementor-widget-dcwi-event-header\" data-id=\"1652dea\" data-element_type=\"widget\" data-widget_type=\"dcwi-event-header.default\">\n\t\t\t\t<div class=\"elementor-widget-container\">\n\t\t\t\t\t        <div class=\"a-eventHeader\">\n            <span class=\"a-eventHeader__date\">22.09.2021<\/span>\n            <span class=\"a-eventHeader__location\">Venice<\/span>\n            <span class=\"a-eventHeader__type\">Event<\/span>\n        <\/div>\n        \t\t\t\t<\/div>\n\t\t\t\t<\/div>\n\t\t\t\t<div class=\"elementor-element elementor-element-07a0c3a elementor-widget elementor-widget-dcwi-content-block\" data-id=\"07a0c3a\" data-element_type=\"widget\" data-widget_type=\"dcwi-content-block.default\">\n\t\t\t\t<div class=\"elementor-widget-container\">\n\t\t\t\t\t        <div class=\"m-contentBlock\" >\n                            <div class=\"m-contentBlock__header\">\n                    <h2 class=\"u-noMargin translation-block\">High-quality <i>Baukultur!<\/i><br>\nGiorgio Cini Foundation Venice<\/h2>                <\/div>\n                        <div class=\"m-contentBlock__inner\">\n                <a class=\"m-contentBlock__imageWrapper -noFilter\"href=\"https:\/\/davosdeclaration2018.ch\/wp-content\/uploads\/sites\/2\/2023\/06\/2022-06-09-094659-screenshot-2022-06-09-at-09-45-15.png\"><img loading=\"lazy\" decoding=\"async\" width=\"1000\" height=\"725\" src=\"https:\/\/davosdeclaration2018.ch\/wp-content\/uploads\/sites\/2\/2023\/06\/2022-06-09-094659-screenshot-2022-06-09-at-09-45-15.png\" class=\"m-contentBlock__image\" alt=\"\" srcset=\"https:\/\/davosdeclaration2018.ch\/wp-content\/uploads\/sites\/2\/2023\/06\/2022-06-09-094659-screenshot-2022-06-09-at-09-45-15.png 1000w, https:\/\/davosdeclaration2018.ch\/wp-content\/uploads\/sites\/2\/2023\/06\/2022-06-09-094659-screenshot-2022-06-09-at-09-45-15-300x218.png 300w, https:\/\/davosdeclaration2018.ch\/wp-content\/uploads\/sites\/2\/2023\/06\/2022-06-09-094659-screenshot-2022-06-09-at-09-45-15-768x557.png 768w, https:\/\/davosdeclaration2018.ch\/wp-content\/uploads\/sites\/2\/2023\/06\/2022-06-09-094659-screenshot-2022-06-09-at-09-45-15-18x12.png 18w\" sizes=\"(max-width: 1000px) 100vw, 1000px\" \/><\/a>                <div class=\"m-contentBlock__content\">\n                    <p>In the frame of the European Cultural Heritage Summit 2021, the Swiss Federal Office of Culture (FOC) in collaboration with Europa Nostra organized this event. In his key-note speech, Sir David Chipperfield highlighted: <em>\u201cThe Davos Declaration creates the proposition that careful construction and consideration of how we develop and care for our built environment is one of the most effective ways by which we might start to tackle what otherwise seem to be issues beyond our control.\u201d<\/em><\/p>\n<p>Afterwards, Alain Berset, Swiss Federal Councillor for Home Affairs, invited his guests on stage: Anne Katrin Bohle, German State Secretary at the Federal Ministry of the Interior, Building and Community, Francisco de Paula Coelho, Dean of the European Investment Bank Institute, Sir David Chipperfield and Oliver Martin, Swiss Federal Office of Culture. Sne\u0161ka Quaedvlieg-Mihailovic, Secretary General of Europa Nostra, led the debate on high-quality Baukultur.<\/p>\n                                    <\/div>\n            <\/div>\n        <\/div>\n        \t\t\t\t<\/div>\n\t\t\t\t<\/div>\n\t\t\t\t<div class=\"elementor-element elementor-element-8c24054 elementor-widget elementor-widget-dcwi-prev-widget-toggle\" data-id=\"8c24054\" data-element_type=\"widget\" data-widget_type=\"dcwi-prev-widget-toggle.default\">\n\t\t\t\t<div class=\"elementor-widget-container\">\n\t\t\t\t\t        <div class=\"a-link__wrapper -linkBar\"  data-no-translate>\n            <span tabindex=\"0\"\n                  class=\"a-link -linkBar do-togglePrevWidget -toggleNext\">\n                <span class=\"a-link__label\">Impressions \u00a9 Europa Nostra<\/span>\n                <svg class=\"svg-inline--fa fa-chevron-down a-link__icon\" aria-hidden=\"true\" focusable=\"false\" data-prefix=\"fal\"\n                     data-icon=\"chevron-down\" role=\"img\" xmlns=\"http:\/\/www.w3.org\/2000\/svg\" viewbox=\"0 0 448 512\" data-fa-i2svg=\"\"><path\n                            fill=\"currentColor\"\n                            d=\"M4.251 181.1C7.392 177.7 11.69 175.1 16 175.1c3.891 0 7.781 1.406 10.86 4.25l197.1 181.1l197.1-181.1c6.5-6 16.64-5.625 22.61 .9062c6 6.5 5.594 16.59-.8906 22.59l-208 192c-6.156 5.688-15.56 5.688-21.72 0l-208-192C-1.343 197.7-1.749 187.6 4.251 181.1z\"><\/path><\/svg>\n            <\/span>\n        <\/div>\n        \t\t\t\t<\/div>\n\t\t\t\t<\/div>\n\t\t\t\t<div class=\"elementor-element elementor-element-9e25fe3 a-toggleableWidget elementor-widget elementor-widget-gallery\" data-id=\"9e25fe3\" data-element_type=\"widget\" data-settings=\"{&quot;columns&quot;:&quot;3&quot;,&quot;gap&quot;:{&quot;unit&quot;:&quot;px&quot;,&quot;size&quot;:&quot;20&quot;,&quot;sizes&quot;:[]},&quot;lazyload&quot;:&quot;yes&quot;,&quot;gallery_layout&quot;:&quot;grid&quot;,&quot;columns_tablet&quot;:2,&quot;columns_mobile&quot;:1,&quot;gap_tablet&quot;:{&quot;unit&quot;:&quot;px&quot;,&quot;size&quot;:10,&quot;sizes&quot;:[]},&quot;gap_mobile&quot;:{&quot;unit&quot;:&quot;px&quot;,&quot;size&quot;:10,&quot;sizes&quot;:[]},&quot;link_to&quot;:&quot;file&quot;,&quot;aspect_ratio&quot;:&quot;3:2&quot;,&quot;content_hover_animation&quot;:&quot;fade-in&quot;}\" data-widget_type=\"gallery.default\">\n\t\t\t\t<div class=\"elementor-widget-container\">\n\t\t\t\t\t\t\t<div class=\"elementor-gallery__container\">\n\t\t\t\t\t\t\t<a class=\"e-gallery-item elementor-gallery-item elementor-animated-content\" href=\"https:\/\/davosdeclaration2018.ch\/wp-content\/uploads\/sites\/2\/2023\/06\/2022-06-28-163323-high-quality-baukultur-a-high-level-debate-on-baukultur-51538893834-europa-nostra-1024x683-1.jpg\" data-elementor-open-lightbox=\"yes\" data-elementor-lightbox-slideshow=\"9e25fe3\" data-elementor-lightbox-title=\"2022-06-28-163323--high-quality-baukultur-a-high-level-debate-on-baukultur-51538893834-europa-nostra-1024x683\" data-e-action-hash=\"#elementor-action%3Aaction%3Dlightbox%26settings%3DeyJpZCI6MTEzMCwidXJsIjoiaHR0cHM6XC9cL2Rhdm9zZGVjbGFyYXRpb24yMDE4LmNoXC93cC1jb250ZW50XC91cGxvYWRzXC9zaXRlc1wvMlwvMjAyM1wvMDZcLzIwMjItMDYtMjgtMTYzMzIzLWhpZ2gtcXVhbGl0eS1iYXVrdWx0dXItYS1oaWdoLWxldmVsLWRlYmF0ZS1vbi1iYXVrdWx0dXItNTE1Mzg4OTM4MzQtZXVyb3BhLW5vc3RyYS0xMDI0eDY4My0xLmpwZyIsInNsaWRlc2hvdyI6IjllMjVmZTMifQ%3D%3D\">\n\t\t\t\t\t<div class=\"e-gallery-image elementor-gallery-item__image\" data-thumbnail=\"https:\/\/davosdeclaration2018.ch\/wp-content\/uploads\/sites\/2\/2023\/06\/2022-06-28-163323-high-quality-baukultur-a-high-level-debate-on-baukultur-51538893834-europa-nostra-1024x683-1-768x512.jpg\" data-width=\"768\" data-height=\"512\" aria-label=\"\" role=\"img\" ><\/div>\n\t\t\t\t\t\t\t\t\t\t\t\t\t\t<\/a>\n\t\t\t\t\t\t\t<a class=\"e-gallery-item elementor-gallery-item elementor-animated-content\" href=\"https:\/\/davosdeclaration2018.ch\/wp-content\/uploads\/sites\/2\/2023\/06\/2022-06-24-125947-high-quality-baukultur-a-high-level-debate-on-baukultur-51507206435-c-europa-nostra.jpg\" data-elementor-open-lightbox=\"yes\" data-elementor-lightbox-slideshow=\"9e25fe3\" data-elementor-lightbox-title=\"2022-06-24-125947--high-quality-baukultur-a-high-level-debate-on-baukultur-51507206435-c-europa-nostra\" data-e-action-hash=\"#elementor-action%3Aaction%3Dlightbox%26settings%3DeyJpZCI6MTEyMywidXJsIjoiaHR0cHM6XC9cL2Rhdm9zZGVjbGFyYXRpb24yMDE4LmNoXC93cC1jb250ZW50XC91cGxvYWRzXC9zaXRlc1wvMlwvMjAyM1wvMDZcLzIwMjItMDYtMjQtMTI1OTQ3LWhpZ2gtcXVhbGl0eS1iYXVrdWx0dXItYS1oaWdoLWxldmVsLWRlYmF0ZS1vbi1iYXVrdWx0dXItNTE1MDcyMDY0MzUtYy1ldXJvcGEtbm9zdHJhLmpwZyIsInNsaWRlc2hvdyI6IjllMjVmZTMifQ%3D%3D\">\n\t\t\t\t\t<div class=\"e-gallery-image elementor-gallery-item__image\" data-thumbnail=\"https:\/\/davosdeclaration2018.ch\/wp-content\/uploads\/sites\/2\/2023\/06\/2022-06-24-125947-high-quality-baukultur-a-high-level-debate-on-baukultur-51507206435-c-europa-nostra-768x510.jpg\" data-width=\"768\" data-height=\"510\" aria-label=\"\" role=\"img\" ><\/div>\n\t\t\t\t\t\t\t\t\t\t\t\t\t\t<\/a>\n\t\t\t\t\t\t\t<a class=\"e-gallery-item elementor-gallery-item elementor-animated-content\" href=\"https:\/\/davosdeclaration2018.ch\/wp-content\/uploads\/sites\/2\/2023\/06\/2022-06-28-163345-high-quality-baukultur-a-high-level-debate-on-baukultur-51539097635-europa-nostra-1024x581-1.jpg\" data-elementor-open-lightbox=\"yes\" data-elementor-lightbox-slideshow=\"9e25fe3\" data-elementor-lightbox-title=\"2022-06-28-163345--high-quality-baukultur-a-high-level-debate-on-baukultur-51539097635-europa-nostra-1024x581\" data-e-action-hash=\"#elementor-action%3Aaction%3Dlightbox%26settings%3DeyJpZCI6MTEzMSwidXJsIjoiaHR0cHM6XC9cL2Rhdm9zZGVjbGFyYXRpb24yMDE4LmNoXC93cC1jb250ZW50XC91cGxvYWRzXC9zaXRlc1wvMlwvMjAyM1wvMDZcLzIwMjItMDYtMjgtMTYzMzQ1LWhpZ2gtcXVhbGl0eS1iYXVrdWx0dXItYS1oaWdoLWxldmVsLWRlYmF0ZS1vbi1iYXVrdWx0dXItNTE1MzkwOTc2MzUtZXVyb3BhLW5vc3RyYS0xMDI0eDU4MS0xLmpwZyIsInNsaWRlc2hvdyI6IjllMjVmZTMifQ%3D%3D\">\n\t\t\t\t\t<div class=\"e-gallery-image elementor-gallery-item__image\" data-thumbnail=\"https:\/\/davosdeclaration2018.ch\/wp-content\/uploads\/sites\/2\/2023\/06\/2022-06-28-163345-high-quality-baukultur-a-high-level-debate-on-baukultur-51539097635-europa-nostra-1024x581-1-768x436.jpg\" data-width=\"768\" data-height=\"436\" aria-label=\"\" role=\"img\" ><\/div>\n\t\t\t\t\t\t\t\t\t\t\t\t\t\t<\/a>\n\t\t\t\t\t\t\t<a class=\"e-gallery-item elementor-gallery-item elementor-animated-content\" href=\"https:\/\/davosdeclaration2018.ch\/wp-content\/uploads\/sites\/2\/2023\/06\/2022-06-28-163056-high-quality-baukultur-a-high-level-debate-on-baukultur-51537385447-europa-nostra-1024x683-1.jpg\" data-elementor-open-lightbox=\"yes\" data-elementor-lightbox-slideshow=\"9e25fe3\" data-elementor-lightbox-title=\"2022-06-28-163056--high-quality-baukultur-a-high-level-debate-on-baukultur-51537385447-europa-nostra-1024x683\" data-e-action-hash=\"#elementor-action%3Aaction%3Dlightbox%26settings%3DeyJpZCI6MTEyNiwidXJsIjoiaHR0cHM6XC9cL2Rhdm9zZGVjbGFyYXRpb24yMDE4LmNoXC93cC1jb250ZW50XC91cGxvYWRzXC9zaXRlc1wvMlwvMjAyM1wvMDZcLzIwMjItMDYtMjgtMTYzMDU2LWhpZ2gtcXVhbGl0eS1iYXVrdWx0dXItYS1oaWdoLWxldmVsLWRlYmF0ZS1vbi1iYXVrdWx0dXItNTE1MzczODU0NDctZXVyb3BhLW5vc3RyYS0xMDI0eDY4My0xLmpwZyIsInNsaWRlc2hvdyI6IjllMjVmZTMifQ%3D%3D\">\n\t\t\t\t\t<div class=\"e-gallery-image elementor-gallery-item__image\" data-thumbnail=\"https:\/\/davosdeclaration2018.ch\/wp-content\/uploads\/sites\/2\/2023\/06\/2022-06-28-163056-high-quality-baukultur-a-high-level-debate-on-baukultur-51537385447-europa-nostra-1024x683-1-768x512.jpg\" data-width=\"768\" data-height=\"512\" aria-label=\"\" role=\"img\" ><\/div>\n\t\t\t\t\t\t\t\t\t\t\t\t\t\t<\/a>\n\t\t\t\t\t\t\t<a class=\"e-gallery-item elementor-gallery-item elementor-animated-content\" href=\"https:\/\/davosdeclaration2018.ch\/wp-content\/uploads\/sites\/2\/2023\/06\/2022-06-28-163125-high-quality-baukultur-a-high-level-debate-on-baukultur-51538171311-europa-nostra-1024x661-1.jpg\" data-elementor-open-lightbox=\"yes\" data-elementor-lightbox-slideshow=\"9e25fe3\" data-elementor-lightbox-title=\"2022-06-28-163125--high-quality-baukultur-a-high-level-debate-on-baukultur-51538171311-europa-nostra-1024x661\" data-e-action-hash=\"#elementor-action%3Aaction%3Dlightbox%26settings%3DeyJpZCI6MTEyNywidXJsIjoiaHR0cHM6XC9cL2Rhdm9zZGVjbGFyYXRpb24yMDE4LmNoXC93cC1jb250ZW50XC91cGxvYWRzXC9zaXRlc1wvMlwvMjAyM1wvMDZcLzIwMjItMDYtMjgtMTYzMTI1LWhpZ2gtcXVhbGl0eS1iYXVrdWx0dXItYS1oaWdoLWxldmVsLWRlYmF0ZS1vbi1iYXVrdWx0dXItNTE1MzgxNzEzMTEtZXVyb3BhLW5vc3RyYS0xMDI0eDY2MS0xLmpwZyIsInNsaWRlc2hvdyI6IjllMjVmZTMifQ%3D%3D\">\n\t\t\t\t\t<div class=\"e-gallery-image elementor-gallery-item__image\" data-thumbnail=\"https:\/\/davosdeclaration2018.ch\/wp-content\/uploads\/sites\/2\/2023\/06\/2022-06-28-163125-high-quality-baukultur-a-high-level-debate-on-baukultur-51538171311-europa-nostra-1024x661-1-768x496.jpg\" data-width=\"768\" data-height=\"496\" aria-label=\"\" role=\"img\" ><\/div>\n\t\t\t\t\t\t\t\t\t\t\t\t\t\t<\/a>\n\t\t\t\t\t\t\t<a class=\"e-gallery-item elementor-gallery-item elementor-animated-content\" href=\"https:\/\/davosdeclaration2018.ch\/wp-content\/uploads\/sites\/2\/2023\/06\/2022-06-24-130102-high-quality-baukultur-a-high-level-debate-on-baukultur-51507207270-c-europa-nostra.jpg\" data-elementor-open-lightbox=\"yes\" data-elementor-lightbox-slideshow=\"9e25fe3\" data-elementor-lightbox-title=\"2022-06-24-130102--high-quality-baukultur-a-high-level-debate-on-baukultur-51507207270-c-europa-nostra\" data-e-action-hash=\"#elementor-action%3Aaction%3Dlightbox%26settings%3DeyJpZCI6MTEyNCwidXJsIjoiaHR0cHM6XC9cL2Rhdm9zZGVjbGFyYXRpb24yMDE4LmNoXC93cC1jb250ZW50XC91cGxvYWRzXC9zaXRlc1wvMlwvMjAyM1wvMDZcLzIwMjItMDYtMjQtMTMwMTAyLWhpZ2gtcXVhbGl0eS1iYXVrdWx0dXItYS1oaWdoLWxldmVsLWRlYmF0ZS1vbi1iYXVrdWx0dXItNTE1MDcyMDcyNzAtYy1ldXJvcGEtbm9zdHJhLmpwZyIsInNsaWRlc2hvdyI6IjllMjVmZTMifQ%3D%3D\">\n\t\t\t\t\t<div class=\"e-gallery-image elementor-gallery-item__image\" data-thumbnail=\"https:\/\/davosdeclaration2018.ch\/wp-content\/uploads\/sites\/2\/2023\/06\/2022-06-24-130102-high-quality-baukultur-a-high-level-debate-on-baukultur-51507207270-c-europa-nostra-768x512.jpg\" data-width=\"768\" data-height=\"512\" aria-label=\"\" role=\"img\" ><\/div>\n\t\t\t\t\t\t\t\t\t\t\t\t\t\t<\/a>\n\t\t\t\t\t\t\t<a class=\"e-gallery-item elementor-gallery-item elementor-animated-content\" href=\"https:\/\/davosdeclaration2018.ch\/wp-content\/uploads\/sites\/2\/2023\/06\/2022-06-24-131215-high-quality-baukultur-a-high-level-debate-on-baukultur-51507207425-c-europa-nostra.jpg\" data-elementor-open-lightbox=\"yes\" data-elementor-lightbox-slideshow=\"9e25fe3\" data-elementor-lightbox-title=\"2022-06-24-131215--high-quality-baukultur-a-high-level-debate-on-baukultur-51507207425-c-europa-nostra\" data-e-action-hash=\"#elementor-action%3Aaction%3Dlightbox%26settings%3DeyJpZCI6MTEyNSwidXJsIjoiaHR0cHM6XC9cL2Rhdm9zZGVjbGFyYXRpb24yMDE4LmNoXC93cC1jb250ZW50XC91cGxvYWRzXC9zaXRlc1wvMlwvMjAyM1wvMDZcLzIwMjItMDYtMjQtMTMxMjE1LWhpZ2gtcXVhbGl0eS1iYXVrdWx0dXItYS1oaWdoLWxldmVsLWRlYmF0ZS1vbi1iYXVrdWx0dXItNTE1MDcyMDc0MjUtYy1ldXJvcGEtbm9zdHJhLmpwZyIsInNsaWRlc2hvdyI6IjllMjVmZTMifQ%3D%3D\">\n\t\t\t\t\t<div class=\"e-gallery-image elementor-gallery-item__image\" data-thumbnail=\"https:\/\/davosdeclaration2018.ch\/wp-content\/uploads\/sites\/2\/2023\/06\/2022-06-24-131215-high-quality-baukultur-a-high-level-debate-on-baukultur-51507207425-c-europa-nostra-768x512.jpg\" data-width=\"768\" data-height=\"512\" aria-label=\"\" role=\"img\" ><\/div>\n\t\t\t\t\t\t\t\t\t\t\t\t\t\t<\/a>\n\t\t\t\t\t\t\t<a class=\"e-gallery-item elementor-gallery-item elementor-animated-content\" href=\"https:\/\/davosdeclaration2018.ch\/wp-content\/uploads\/sites\/2\/2023\/06\/2022-06-28-163257-high-quality-baukultur-a-high-level-debate-on-baukultur-51538891374-europa-nostra-1024x683-1.jpg\" data-elementor-open-lightbox=\"yes\" data-elementor-lightbox-slideshow=\"9e25fe3\" data-elementor-lightbox-title=\"2022-06-28-163257--high-quality-baukultur-a-high-level-debate-on-baukultur-51538891374-europa-nostra-1024x683\" data-e-action-hash=\"#elementor-action%3Aaction%3Dlightbox%26settings%3DeyJpZCI6MTEyOSwidXJsIjoiaHR0cHM6XC9cL2Rhdm9zZGVjbGFyYXRpb24yMDE4LmNoXC93cC1jb250ZW50XC91cGxvYWRzXC9zaXRlc1wvMlwvMjAyM1wvMDZcLzIwMjItMDYtMjgtMTYzMjU3LWhpZ2gtcXVhbGl0eS1iYXVrdWx0dXItYS1oaWdoLWxldmVsLWRlYmF0ZS1vbi1iYXVrdWx0dXItNTE1Mzg4OTEzNzQtZXVyb3BhLW5vc3RyYS0xMDI0eDY4My0xLmpwZyIsInNsaWRlc2hvdyI6IjllMjVmZTMifQ%3D%3D\">\n\t\t\t\t\t<div class=\"e-gallery-image elementor-gallery-item__image\" data-thumbnail=\"https:\/\/davosdeclaration2018.ch\/wp-content\/uploads\/sites\/2\/2023\/06\/2022-06-28-163257-high-quality-baukultur-a-high-level-debate-on-baukultur-51538891374-europa-nostra-1024x683-1-768x512.jpg\" data-width=\"768\" data-height=\"512\" aria-label=\"\" role=\"img\" ><\/div>\n\t\t\t\t\t\t\t\t\t\t\t\t\t\t<\/a>\n\t\t\t\t\t\t\t<a class=\"e-gallery-item elementor-gallery-item elementor-animated-content\" href=\"https:\/\/davosdeclaration2018.ch\/wp-content\/uploads\/sites\/2\/2023\/06\/2022-06-28-163200-high-quality-baukultur-a-high-level-debate-on-baukultur-51538410703-europa-nostra-1024x664-1.jpg\" data-elementor-open-lightbox=\"yes\" data-elementor-lightbox-slideshow=\"9e25fe3\" data-elementor-lightbox-title=\"2022-06-28-163200--high-quality-baukultur-a-high-level-debate-on-baukultur-51538410703-europa-nostra-1024x664\" data-e-action-hash=\"#elementor-action%3Aaction%3Dlightbox%26settings%3DeyJpZCI6MTEyOCwidXJsIjoiaHR0cHM6XC9cL2Rhdm9zZGVjbGFyYXRpb24yMDE4LmNoXC93cC1jb250ZW50XC91cGxvYWRzXC9zaXRlc1wvMlwvMjAyM1wvMDZcLzIwMjItMDYtMjgtMTYzMjAwLWhpZ2gtcXVhbGl0eS1iYXVrdWx0dXItYS1oaWdoLWxldmVsLWRlYmF0ZS1vbi1iYXVrdWx0dXItNTE1Mzg0MTA3MDMtZXVyb3BhLW5vc3RyYS0xMDI0eDY2NC0xLmpwZyIsInNsaWRlc2hvdyI6IjllMjVmZTMifQ%3D%3D\">\n\t\t\t\t\t<div class=\"e-gallery-image elementor-gallery-item__image\" data-thumbnail=\"https:\/\/davosdeclaration2018.ch\/wp-content\/uploads\/sites\/2\/2023\/06\/2022-06-28-163200-high-quality-baukultur-a-high-level-debate-on-baukultur-51538410703-europa-nostra-1024x664-1-768x498.jpg\" data-width=\"768\" data-height=\"498\" aria-label=\"\" role=\"img\" ><\/div>\n\t\t\t\t\t\t\t\t\t\t\t\t\t\t<\/a>\n\t\t\t\t\t<\/div>\n\t\t\t\t\t<\/div>\n\t\t\t\t<\/div>\n\t\t\t\t<div class=\"elementor-element elementor-element-d3bc040 elementor-widget elementor-widget-dcwi-prev-widget-toggle\" data-id=\"d3bc040\" data-element_type=\"widget\" data-widget_type=\"dcwi-prev-widget-toggle.default\">\n\t\t\t\t<div class=\"elementor-widget-container\">\n\t\t\t\t\t        <div class=\"a-link__wrapper -linkBar\"  data-no-translate>\n            <span tabindex=\"0\"\n                  class=\"a-link -linkBar do-togglePrevWidget -toggleNext\">\n                <span class=\"a-link__label\">Video<\/span>\n                <svg class=\"svg-inline--fa fa-chevron-down a-link__icon\" aria-hidden=\"true\" focusable=\"false\" data-prefix=\"fal\"\n                     data-icon=\"chevron-down\" role=\"img\" xmlns=\"http:\/\/www.w3.org\/2000\/svg\" viewbox=\"0 0 448 512\" data-fa-i2svg=\"\"><path\n                            fill=\"currentColor\"\n                            d=\"M4.251 181.1C7.392 177.7 11.69 175.1 16 175.1c3.891 0 7.781 1.406 10.86 4.25l197.1 181.1l197.1-181.1c6.5-6 16.64-5.625 22.61 .9062c6 6.5 5.594 16.59-.8906 22.59l-208 192c-6.156 5.688-15.56 5.688-21.72 0l-208-192C-1.343 197.7-1.749 187.6 4.251 181.1z\"><\/path><\/svg>\n            <\/span>\n        <\/div>\n        \t\t\t\t<\/div>\n\t\t\t\t<\/div>\n\t\t\t\t<div class=\"elementor-element elementor-element-b3b32e2 elementor-widget__width-initial elementor-widget-mobile__width-inherit a-toggleableWidget dce_masking-none elementor-widget elementor-widget-video\" data-id=\"b3b32e2\" data-element_type=\"widget\" data-settings=\"{&quot;video_type&quot;:&quot;vimeo&quot;}\" data-widget_type=\"video.default\">\n\t\t\t\t<div class=\"elementor-widget-container\">\n\t\t\t\t\t\t\t<div class=\"elementor-wrapper elementor-open-inline\">\n\t\t\t<iframe class=\"elementor-video-iframe\" allowfullscreen allow=\"clipboard-write\" title=\"vimeo Video Player\" src=\"https:\/\/player.vimeo.com\/video\/611948518?color&amp;autopause=0&amp;loop=0&amp;muted=0&amp;title=1&amp;portrait=1&amp;byline=1#t=\" data-no-translation-title=\"\"><\/iframe>\t\t<\/div>\n\t\t\t\t\t\t<\/div>\n\t\t\t\t<\/div>\n\t\t\t\t\t<\/div>\n\t\t\t\t<\/div>\n\t\t<div class=\"elementor-element elementor-element-05bbc0c u-sidePadding u-dcwiSection e-flex e-con-boxed e-con e-parent\" data-id=\"05bbc0c\" data-element_type=\"container\" id=\"2019-genf\">\n\t\t\t\t\t<div class=\"e-con-inner\">\n\t\t\t\t<div class=\"elementor-element elementor-element-56adeaa elementor-widget elementor-widget-dcwi-event-header\" data-id=\"56adeaa\" data-element_type=\"widget\" data-widget_type=\"dcwi-event-header.default\">\n\t\t\t\t<div class=\"elementor-widget-container\">\n\t\t\t\t\t        <div class=\"a-eventHeader\">\n            <span class=\"a-eventHeader__date\">4.\u20135.11.2019<\/span>\n            <span class=\"a-eventHeader__location\">Geneva<\/span>\n            <span class=\"a-eventHeader__type\">Event<\/span>\n        <\/div>\n        \t\t\t\t<\/div>\n\t\t\t\t<\/div>\n\t\t\t\t<div class=\"elementor-element elementor-element-ac96711 elementor-widget elementor-widget-dcwi-content-block\" data-id=\"ac96711\" data-element_type=\"widget\" data-widget_type=\"dcwi-content-block.default\">\n\t\t\t\t<div class=\"elementor-widget-container\">\n\t\t\t\t\t        <div class=\"m-contentBlock\" >\n                            <div class=\"m-contentBlock__header\">\n                    <h2 class=\"u-noMargin translation-block\">Getting the measure of Baukultur \u2013 pour un espace de vie de qualit\u00e9<br>\nSicli Pavillon Geneva<\/h2>                <\/div>\n                        <div class=\"m-contentBlock__inner\">\n                <a class=\"m-contentBlock__imageWrapper -noFilter\"href=\"https:\/\/davosdeclaration2018.ch\/wp-content\/uploads\/sites\/2\/2023\/06\/2022-06-24-085404-poster-getting-the-measure.png\"><img loading=\"lazy\" decoding=\"async\" width=\"594\" height=\"839\" src=\"https:\/\/davosdeclaration2018.ch\/wp-content\/uploads\/sites\/2\/2023\/06\/2022-06-24-085404-poster-getting-the-measure.png\" class=\"m-contentBlock__image\" alt=\"\" srcset=\"https:\/\/davosdeclaration2018.ch\/wp-content\/uploads\/sites\/2\/2023\/06\/2022-06-24-085404-poster-getting-the-measure.png 594w, https:\/\/davosdeclaration2018.ch\/wp-content\/uploads\/sites\/2\/2023\/06\/2022-06-24-085404-poster-getting-the-measure-212x300.png 212w, https:\/\/davosdeclaration2018.ch\/wp-content\/uploads\/sites\/2\/2023\/06\/2022-06-24-085404-poster-getting-the-measure-8x12.png 8w\" sizes=\"(max-width: 594px) 100vw, 594px\" \/><\/a>                <div class=\"m-contentBlock__content\">\n                    <p>In January 2018 the European Ministers of Culture adopted the Davos Declaration calling for a high-quality Baukultur to improve the wellbeing of all. To understand how we can improve the built environment, the Swiss Federal Office of Culture (FOC), the International Council on Monuments and Sites (ICOMOS), the International Union of Architects (UIA), the Swiss Society of Engineers and Architects (SIA) and the Department of Territorial Development (DT) of the Canton of Geneva organised a conference entitled \u201cGetting the measure of Baukultur\u201d. The conference addressed questions such as these: What is our exact definition of high-quality <i>Baukultur?<\/i> How can it be achieved? How can Baukultur be assessed?<\/p>\n<p>#culturedubati19<br \/>#baukultur19<\/p>\n                                    <\/div>\n            <\/div>\n        <\/div>\n        \t\t\t\t<\/div>\n\t\t\t\t<\/div>\n\t\t\t\t<div class=\"elementor-element elementor-element-46b5d92 elementor-widget elementor-widget-dcwi-link\" data-id=\"46b5d92\" data-element_type=\"widget\" data-widget_type=\"dcwi-link.default\">\n\t\t\t\t<div class=\"elementor-widget-container\">\n\t\t\t\t\t            <div class=\"a-link__wrapper\" >\n                <a href=\"\/wp-content\/uploads\/sites\/2\/2023\/06\/2022-06-24-094626-getting-the-measure-of-baukultur-191104.pdf\"  target=\"_blank\"                    class=\"a-link -linkBar -icon -icon-type-arrowRight\"\n                    >\n                    Programme of the conference                    <svg class=\"svg-inline--fa fa-arrow-right\" aria-hidden=\"true\" focusable=\"false\" data-prefix=\"fal\" data-icon=\"arrow-right\" role=\"img\" xmlns=\"http:\/\/www.w3.org\/2000\/svg\" viewbox=\"0 0 448 512\" data-fa-i2svg=\"\"><path fill=\"currentColor\" d=\"M443.7 266.8l-165.9 176C274.5 446.3 269.1 448 265.5 448c-3.986 0-7.988-1.375-11.16-4.156c-6.773-5.938-7.275-16.06-1.118-22.59L393.9 272H16.59c-9.171 0-16.59-7.155-16.59-15.1S7.421 240 16.59 240h377.3l-140.7-149.3c-6.157-6.531-5.655-16.66 1.118-22.59c6.789-5.906 17.27-5.469 23.45 1.094l165.9 176C449.4 251.3 449.4 260.7 443.7 266.8z\"><\/path><\/svg>                <\/a>\n            <\/div>\n            \t\t\t\t<\/div>\n\t\t\t\t<\/div>\n\t\t\t\t<div class=\"elementor-element elementor-element-dc02c9c elementor-widget elementor-widget-dcwi-link\" data-id=\"dc02c9c\" data-element_type=\"widget\" data-widget_type=\"dcwi-link.default\">\n\t\t\t\t<div class=\"elementor-widget-container\">\n\t\t\t\t\t            <div class=\"a-link__wrapper\" >\n                <a href=\"\/wp-content\/uploads\/sites\/2\/2023\/06\/2022-06-24-103035-getting-the-measure-of-baukultur-slido.pdf\"  target=\"_blank\"                    class=\"a-link -linkBar -icon -icon-type-arrowRight\"\n                    >\n                    Results of the exchange with the audience                    <svg class=\"svg-inline--fa fa-arrow-right\" aria-hidden=\"true\" focusable=\"false\" data-prefix=\"fal\" data-icon=\"arrow-right\" role=\"img\" xmlns=\"http:\/\/www.w3.org\/2000\/svg\" viewbox=\"0 0 448 512\" data-fa-i2svg=\"\"><path fill=\"currentColor\" d=\"M443.7 266.8l-165.9 176C274.5 446.3 269.1 448 265.5 448c-3.986 0-7.988-1.375-11.16-4.156c-6.773-5.938-7.275-16.06-1.118-22.59L393.9 272H16.59c-9.171 0-16.59-7.155-16.59-15.1S7.421 240 16.59 240h377.3l-140.7-149.3c-6.157-6.531-5.655-16.66 1.118-22.59c6.789-5.906 17.27-5.469 23.45 1.094l165.9 176C449.4 251.3 449.4 260.7 443.7 266.8z\"><\/path><\/svg>                <\/a>\n            <\/div>\n            \t\t\t\t<\/div>\n\t\t\t\t<\/div>\n\t\t\t\t<div class=\"elementor-element elementor-element-a719370 elementor-widget elementor-widget-dcwi-prev-widget-toggle\" data-id=\"a719370\" data-element_type=\"widget\" data-widget_type=\"dcwi-prev-widget-toggle.default\">\n\t\t\t\t<div class=\"elementor-widget-container\">\n\t\t\t\t\t        <div class=\"a-link__wrapper -linkBar\"  data-no-translate>\n            <span tabindex=\"0\"\n                  class=\"a-link -linkBar do-togglePrevWidget -toggleNext\">\n                <span class=\"a-link__label\">Impressions<\/span>\n                <svg class=\"svg-inline--fa fa-chevron-down a-link__icon\" aria-hidden=\"true\" focusable=\"false\" data-prefix=\"fal\"\n                     data-icon=\"chevron-down\" role=\"img\" xmlns=\"http:\/\/www.w3.org\/2000\/svg\" viewbox=\"0 0 448 512\" data-fa-i2svg=\"\"><path\n                            fill=\"currentColor\"\n                            d=\"M4.251 181.1C7.392 177.7 11.69 175.1 16 175.1c3.891 0 7.781 1.406 10.86 4.25l197.1 181.1l197.1-181.1c6.5-6 16.64-5.625 22.61 .9062c6 6.5 5.594 16.59-.8906 22.59l-208 192c-6.156 5.688-15.56 5.688-21.72 0l-208-192C-1.343 197.7-1.749 187.6 4.251 181.1z\"><\/path><\/svg>\n            <\/span>\n        <\/div>\n        \t\t\t\t<\/div>\n\t\t\t\t<\/div>\n\t\t\t\t<div class=\"elementor-element elementor-element-6cf2016 a-toggleableWidget elementor-widget elementor-widget-gallery\" data-id=\"6cf2016\" data-element_type=\"widget\" data-settings=\"{&quot;columns&quot;:&quot;3&quot;,&quot;gap&quot;:{&quot;unit&quot;:&quot;px&quot;,&quot;size&quot;:&quot;20&quot;,&quot;sizes&quot;:[]},&quot;lazyload&quot;:&quot;yes&quot;,&quot;gallery_layout&quot;:&quot;grid&quot;,&quot;columns_tablet&quot;:2,&quot;columns_mobile&quot;:1,&quot;gap_tablet&quot;:{&quot;unit&quot;:&quot;px&quot;,&quot;size&quot;:10,&quot;sizes&quot;:[]},&quot;gap_mobile&quot;:{&quot;unit&quot;:&quot;px&quot;,&quot;size&quot;:10,&quot;sizes&quot;:[]},&quot;link_to&quot;:&quot;file&quot;,&quot;aspect_ratio&quot;:&quot;3:2&quot;,&quot;content_hover_animation&quot;:&quot;fade-in&quot;}\" data-widget_type=\"gallery.default\">\n\t\t\t\t<div class=\"elementor-widget-container\">\n\t\t\t\t\t\t\t<div class=\"elementor-gallery__container\">\n\t\t\t\t\t\t\t<a class=\"e-gallery-item elementor-gallery-item elementor-animated-content\" href=\"https:\/\/davosdeclaration2018.ch\/wp-content\/uploads\/sites\/2\/2023\/06\/2022-06-30-124619-0002-c-bak-i-foto-matthias-kacc88ser-1024x683-1.jpg\" data-elementor-open-lightbox=\"yes\" data-elementor-lightbox-slideshow=\"6cf2016\" data-elementor-lightbox-title=\"2022-06-30-124619--0002-c-bak-i-foto-matthias-kacc88ser-1024x683\" data-e-action-hash=\"#elementor-action%3Aaction%3Dlightbox%26settings%3DeyJpZCI6MTE5OSwidXJsIjoiaHR0cHM6XC9cL2Rhdm9zZGVjbGFyYXRpb24yMDE4LmNoXC93cC1jb250ZW50XC91cGxvYWRzXC9zaXRlc1wvMlwvMjAyM1wvMDZcLzIwMjItMDYtMzAtMTI0NjE5LTAwMDItYy1iYWstaS1mb3RvLW1hdHRoaWFzLWthY2M4OHNlci0xMDI0eDY4My0xLmpwZyIsInNsaWRlc2hvdyI6IjZjZjIwMTYifQ%3D%3D\">\n\t\t\t\t\t<div class=\"e-gallery-image elementor-gallery-item__image\" data-thumbnail=\"https:\/\/davosdeclaration2018.ch\/wp-content\/uploads\/sites\/2\/2023\/06\/2022-06-30-124619-0002-c-bak-i-foto-matthias-kacc88ser-1024x683-1-768x512.jpg\" data-width=\"768\" data-height=\"512\" aria-label=\"\" role=\"img\" ><\/div>\n\t\t\t\t\t\t\t\t\t\t\t\t\t\t<\/a>\n\t\t\t\t\t\t\t<a class=\"e-gallery-item elementor-gallery-item elementor-animated-content\" href=\"https:\/\/davosdeclaration2018.ch\/wp-content\/uploads\/sites\/2\/2023\/06\/2022-06-30-124642-0013-c-bak-i-foto-matthias-kacc88ser-1024x683-1.jpg\" data-elementor-open-lightbox=\"yes\" data-elementor-lightbox-slideshow=\"6cf2016\" data-elementor-lightbox-title=\"2022-06-30-124642--0013-c-bak-i-foto-matthias-kacc88ser-1024x683\" data-e-action-hash=\"#elementor-action%3Aaction%3Dlightbox%26settings%3DeyJpZCI6MTIwMCwidXJsIjoiaHR0cHM6XC9cL2Rhdm9zZGVjbGFyYXRpb24yMDE4LmNoXC93cC1jb250ZW50XC91cGxvYWRzXC9zaXRlc1wvMlwvMjAyM1wvMDZcLzIwMjItMDYtMzAtMTI0NjQyLTAwMTMtYy1iYWstaS1mb3RvLW1hdHRoaWFzLWthY2M4OHNlci0xMDI0eDY4My0xLmpwZyIsInNsaWRlc2hvdyI6IjZjZjIwMTYifQ%3D%3D\">\n\t\t\t\t\t<div class=\"e-gallery-image elementor-gallery-item__image\" data-thumbnail=\"https:\/\/davosdeclaration2018.ch\/wp-content\/uploads\/sites\/2\/2023\/06\/2022-06-30-124642-0013-c-bak-i-foto-matthias-kacc88ser-1024x683-1-768x512.jpg\" data-width=\"768\" data-height=\"512\" aria-label=\"\" role=\"img\" ><\/div>\n\t\t\t\t\t\t\t\t\t\t\t\t\t\t<\/a>\n\t\t\t\t\t\t\t<a class=\"e-gallery-item elementor-gallery-item elementor-animated-content\" href=\"https:\/\/davosdeclaration2018.ch\/wp-content\/uploads\/sites\/2\/2023\/06\/2022-06-30-124701-0015-c-bak-i-foto-matthias-kacc88ser-1536x1024-1.jpg\" data-elementor-open-lightbox=\"yes\" data-elementor-lightbox-slideshow=\"6cf2016\" data-elementor-lightbox-title=\"2022-06-30-124701--0015-c-bak-i-foto-matthias-kacc88ser-1536x1024\" data-e-action-hash=\"#elementor-action%3Aaction%3Dlightbox%26settings%3DeyJpZCI6MTIwMSwidXJsIjoiaHR0cHM6XC9cL2Rhdm9zZGVjbGFyYXRpb24yMDE4LmNoXC93cC1jb250ZW50XC91cGxvYWRzXC9zaXRlc1wvMlwvMjAyM1wvMDZcLzIwMjItMDYtMzAtMTI0NzAxLTAwMTUtYy1iYWstaS1mb3RvLW1hdHRoaWFzLWthY2M4OHNlci0xNTM2eDEwMjQtMS5qcGciLCJzbGlkZXNob3ciOiI2Y2YyMDE2In0%3D\">\n\t\t\t\t\t<div class=\"e-gallery-image elementor-gallery-item__image\" data-thumbnail=\"https:\/\/davosdeclaration2018.ch\/wp-content\/uploads\/sites\/2\/2023\/06\/2022-06-30-124701-0015-c-bak-i-foto-matthias-kacc88ser-1536x1024-1-768x512.jpg\" data-width=\"768\" data-height=\"512\" aria-label=\"\" role=\"img\" ><\/div>\n\t\t\t\t\t\t\t\t\t\t\t\t\t\t<\/a>\n\t\t\t\t\t\t\t<a class=\"e-gallery-item elementor-gallery-item elementor-animated-content\" href=\"https:\/\/davosdeclaration2018.ch\/wp-content\/uploads\/sites\/2\/2023\/06\/2022-06-30-124717-0019-c-c-bak-i-foto-matthias-kacc88ser-1024x683-1.jpg\" data-elementor-open-lightbox=\"yes\" data-elementor-lightbox-slideshow=\"6cf2016\" data-elementor-lightbox-title=\"2022-06-30-124717--0019-c-c-bak-i-foto-matthias-kacc88ser-1024x683\" data-e-action-hash=\"#elementor-action%3Aaction%3Dlightbox%26settings%3DeyJpZCI6MTIwMiwidXJsIjoiaHR0cHM6XC9cL2Rhdm9zZGVjbGFyYXRpb24yMDE4LmNoXC93cC1jb250ZW50XC91cGxvYWRzXC9zaXRlc1wvMlwvMjAyM1wvMDZcLzIwMjItMDYtMzAtMTI0NzE3LTAwMTktYy1jLWJhay1pLWZvdG8tbWF0dGhpYXMta2FjYzg4c2VyLTEwMjR4NjgzLTEuanBnIiwic2xpZGVzaG93IjoiNmNmMjAxNiJ9\">\n\t\t\t\t\t<div class=\"e-gallery-image elementor-gallery-item__image\" data-thumbnail=\"https:\/\/davosdeclaration2018.ch\/wp-content\/uploads\/sites\/2\/2023\/06\/2022-06-30-124717-0019-c-c-bak-i-foto-matthias-kacc88ser-1024x683-1-768x512.jpg\" data-width=\"768\" data-height=\"512\" aria-label=\"\" role=\"img\" ><\/div>\n\t\t\t\t\t\t\t\t\t\t\t\t\t\t<\/a>\n\t\t\t\t\t\t\t<a class=\"e-gallery-item elementor-gallery-item elementor-animated-content\" href=\"https:\/\/davosdeclaration2018.ch\/wp-content\/uploads\/sites\/2\/2023\/06\/2022-06-30-124735-0028-c-bak-i-foto-matthias-kacc88ser-1024x683-1.jpg\" data-elementor-open-lightbox=\"yes\" data-elementor-lightbox-slideshow=\"6cf2016\" data-elementor-lightbox-title=\"2022-06-30-124735--0028-c-bak-i-foto-matthias-kacc88ser-1024x683\" data-e-action-hash=\"#elementor-action%3Aaction%3Dlightbox%26settings%3DeyJpZCI6MTIwMywidXJsIjoiaHR0cHM6XC9cL2Rhdm9zZGVjbGFyYXRpb24yMDE4LmNoXC93cC1jb250ZW50XC91cGxvYWRzXC9zaXRlc1wvMlwvMjAyM1wvMDZcLzIwMjItMDYtMzAtMTI0NzM1LTAwMjgtYy1iYWstaS1mb3RvLW1hdHRoaWFzLWthY2M4OHNlci0xMDI0eDY4My0xLmpwZyIsInNsaWRlc2hvdyI6IjZjZjIwMTYifQ%3D%3D\">\n\t\t\t\t\t<div class=\"e-gallery-image elementor-gallery-item__image\" data-thumbnail=\"https:\/\/davosdeclaration2018.ch\/wp-content\/uploads\/sites\/2\/2023\/06\/2022-06-30-124735-0028-c-bak-i-foto-matthias-kacc88ser-1024x683-1-768x512.jpg\" data-width=\"768\" data-height=\"512\" aria-label=\"\" role=\"img\" ><\/div>\n\t\t\t\t\t\t\t\t\t\t\t\t\t\t<\/a>\n\t\t\t\t\t\t\t<a class=\"e-gallery-item elementor-gallery-item elementor-animated-content\" href=\"https:\/\/davosdeclaration2018.ch\/wp-content\/uploads\/sites\/2\/2023\/06\/2022-06-30-124755-0079-c-bak-i-foto-matthias-kacc88ser-1024x683-1.jpg\" data-elementor-open-lightbox=\"yes\" data-elementor-lightbox-slideshow=\"6cf2016\" data-elementor-lightbox-title=\"2022-06-30-124755--0079-c-bak-i-foto-matthias-kacc88ser-1024x683\" data-e-action-hash=\"#elementor-action%3Aaction%3Dlightbox%26settings%3DeyJpZCI6MTIwNCwidXJsIjoiaHR0cHM6XC9cL2Rhdm9zZGVjbGFyYXRpb24yMDE4LmNoXC93cC1jb250ZW50XC91cGxvYWRzXC9zaXRlc1wvMlwvMjAyM1wvMDZcLzIwMjItMDYtMzAtMTI0NzU1LTAwNzktYy1iYWstaS1mb3RvLW1hdHRoaWFzLWthY2M4OHNlci0xMDI0eDY4My0xLmpwZyIsInNsaWRlc2hvdyI6IjZjZjIwMTYifQ%3D%3D\">\n\t\t\t\t\t<div class=\"e-gallery-image elementor-gallery-item__image\" data-thumbnail=\"https:\/\/davosdeclaration2018.ch\/wp-content\/uploads\/sites\/2\/2023\/06\/2022-06-30-124755-0079-c-bak-i-foto-matthias-kacc88ser-1024x683-1-768x512.jpg\" data-width=\"768\" data-height=\"512\" aria-label=\"\" role=\"img\" ><\/div>\n\t\t\t\t\t\t\t\t\t\t\t\t\t\t<\/a>\n\t\t\t\t\t\t\t<a class=\"e-gallery-item elementor-gallery-item elementor-animated-content\" href=\"https:\/\/davosdeclaration2018.ch\/wp-content\/uploads\/sites\/2\/2023\/06\/2022-06-30-124813-0083-c-bak-i-foto-matthias-kacc88ser-1024x683-1.jpg\" data-elementor-open-lightbox=\"yes\" data-elementor-lightbox-slideshow=\"6cf2016\" data-elementor-lightbox-title=\"2022-06-30-124813--0083-c-bak-i-foto-matthias-kacc88ser-1024x683\" data-e-action-hash=\"#elementor-action%3Aaction%3Dlightbox%26settings%3DeyJpZCI6MTIwNSwidXJsIjoiaHR0cHM6XC9cL2Rhdm9zZGVjbGFyYXRpb24yMDE4LmNoXC93cC1jb250ZW50XC91cGxvYWRzXC9zaXRlc1wvMlwvMjAyM1wvMDZcLzIwMjItMDYtMzAtMTI0ODEzLTAwODMtYy1iYWstaS1mb3RvLW1hdHRoaWFzLWthY2M4OHNlci0xMDI0eDY4My0xLmpwZyIsInNsaWRlc2hvdyI6IjZjZjIwMTYifQ%3D%3D\">\n\t\t\t\t\t<div class=\"e-gallery-image elementor-gallery-item__image\" data-thumbnail=\"https:\/\/davosdeclaration2018.ch\/wp-content\/uploads\/sites\/2\/2023\/06\/2022-06-30-124813-0083-c-bak-i-foto-matthias-kacc88ser-1024x683-1-768x512.jpg\" data-width=\"768\" data-height=\"512\" aria-label=\"\" role=\"img\" ><\/div>\n\t\t\t\t\t\t\t\t\t\t\t\t\t\t<\/a>\n\t\t\t\t\t\t\t<a class=\"e-gallery-item elementor-gallery-item elementor-animated-content\" href=\"https:\/\/davosdeclaration2018.ch\/wp-content\/uploads\/sites\/2\/2023\/06\/2022-06-30-124831-0084-getting-the-measuere-of-baukultur-mak-1024x683-1.jpg\" data-elementor-open-lightbox=\"yes\" data-elementor-lightbox-slideshow=\"6cf2016\" data-elementor-lightbox-title=\"2022-06-30-124831--0084-getting-the-measuere-of-baukultur-mak-1024x683\" data-e-action-hash=\"#elementor-action%3Aaction%3Dlightbox%26settings%3DeyJpZCI6MTIwNiwidXJsIjoiaHR0cHM6XC9cL2Rhdm9zZGVjbGFyYXRpb24yMDE4LmNoXC93cC1jb250ZW50XC91cGxvYWRzXC9zaXRlc1wvMlwvMjAyM1wvMDZcLzIwMjItMDYtMzAtMTI0ODMxLTAwODQtZ2V0dGluZy10aGUtbWVhc3VlcmUtb2YtYmF1a3VsdHVyLW1hay0xMDI0eDY4My0xLmpwZyIsInNsaWRlc2hvdyI6IjZjZjIwMTYifQ%3D%3D\">\n\t\t\t\t\t<div class=\"e-gallery-image elementor-gallery-item__image\" data-thumbnail=\"https:\/\/davosdeclaration2018.ch\/wp-content\/uploads\/sites\/2\/2023\/06\/2022-06-30-124831-0084-getting-the-measuere-of-baukultur-mak-1024x683-1-768x512.jpg\" data-width=\"768\" data-height=\"512\" aria-label=\"\" role=\"img\" ><\/div>\n\t\t\t\t\t\t\t\t\t\t\t\t\t\t<\/a>\n\t\t\t\t\t\t\t<a class=\"e-gallery-item elementor-gallery-item elementor-animated-content\" href=\"https:\/\/davosdeclaration2018.ch\/wp-content\/uploads\/sites\/2\/2023\/06\/2022-06-30-124849-0179-getting-the-measuere-of-baukultur-mak-1024x683-1.jpg\" data-elementor-open-lightbox=\"yes\" data-elementor-lightbox-slideshow=\"6cf2016\" data-elementor-lightbox-title=\"2022-06-30-124849--0179-getting-the-measuere-of-baukultur-mak-1024x683\" data-e-action-hash=\"#elementor-action%3Aaction%3Dlightbox%26settings%3DeyJpZCI6MTIwNywidXJsIjoiaHR0cHM6XC9cL2Rhdm9zZGVjbGFyYXRpb24yMDE4LmNoXC93cC1jb250ZW50XC91cGxvYWRzXC9zaXRlc1wvMlwvMjAyM1wvMDZcLzIwMjItMDYtMzAtMTI0ODQ5LTAxNzktZ2V0dGluZy10aGUtbWVhc3VlcmUtb2YtYmF1a3VsdHVyLW1hay0xMDI0eDY4My0xLmpwZyIsInNsaWRlc2hvdyI6IjZjZjIwMTYifQ%3D%3D\">\n\t\t\t\t\t<div class=\"e-gallery-image elementor-gallery-item__image\" data-thumbnail=\"https:\/\/davosdeclaration2018.ch\/wp-content\/uploads\/sites\/2\/2023\/06\/2022-06-30-124849-0179-getting-the-measuere-of-baukultur-mak-1024x683-1-768x512.jpg\" data-width=\"768\" data-height=\"512\" aria-label=\"\" role=\"img\" ><\/div>\n\t\t\t\t\t\t\t\t\t\t\t\t\t\t<\/a>\n\t\t\t\t\t<\/div>\n\t\t\t\t\t<\/div>\n\t\t\t\t<\/div>\n\t\t\t\t<div class=\"elementor-element elementor-element-b8789d6 elementor-widget elementor-widget-dcwi-prev-widget-toggle\" data-id=\"b8789d6\" data-element_type=\"widget\" data-widget_type=\"dcwi-prev-widget-toggle.default\">\n\t\t\t\t<div class=\"elementor-widget-container\">\n\t\t\t\t\t        <div class=\"a-link__wrapper -linkBar\"  data-no-translate>\n            <span tabindex=\"0\"\n                  class=\"a-link -linkBar do-togglePrevWidget -toggleNext\">\n                <span class=\"a-link__label\">Welcome videos<\/span>\n                <svg class=\"svg-inline--fa fa-chevron-down a-link__icon\" aria-hidden=\"true\" focusable=\"false\" data-prefix=\"fal\"\n                     data-icon=\"chevron-down\" role=\"img\" xmlns=\"http:\/\/www.w3.org\/2000\/svg\" viewbox=\"0 0 448 512\" data-fa-i2svg=\"\"><path\n                            fill=\"currentColor\"\n                            d=\"M4.251 181.1C7.392 177.7 11.69 175.1 16 175.1c3.891 0 7.781 1.406 10.86 4.25l197.1 181.1l197.1-181.1c6.5-6 16.64-5.625 22.61 .9062c6 6.5 5.594 16.59-.8906 22.59l-208 192c-6.156 5.688-15.56 5.688-21.72 0l-208-192C-1.343 197.7-1.749 187.6 4.251 181.1z\"><\/path><\/svg>\n            <\/span>\n        <\/div>\n        \t\t\t\t<\/div>\n\t\t\t\t<\/div>\n\t\t<div class=\"elementor-element elementor-element-1ceb72d e-grid u-sidePadding a-toggleableWidget e-con-boxed e-con e-child\" data-id=\"1ceb72d\" data-element_type=\"container\">\n\t\t\t\t\t<div class=\"e-con-inner\">\n\t\t<div class=\"elementor-element elementor-element-9f6ed4b e-flex e-con-boxed e-con e-child\" data-id=\"9f6ed4b\" data-element_type=\"container\">\n\t\t\t\t\t<div class=\"e-con-inner\">\n\t\t\t\t<div class=\"elementor-element elementor-element-8c92826 elementor-widget__width-initial elementor-widget-mobile__width-inherit dce_masking-none elementor-widget elementor-widget-video\" data-id=\"8c92826\" data-element_type=\"widget\" data-settings=\"{&quot;youtube_url&quot;:&quot;https:\\\/\\\/youtu.be\\\/pVJbJyh9PVU&quot;,&quot;video_type&quot;:&quot;youtube&quot;,&quot;controls&quot;:&quot;yes&quot;}\" data-widget_type=\"video.default\">\n\t\t\t\t<div class=\"elementor-widget-container\">\n\t\t\t\t\t\t\t<div class=\"elementor-wrapper elementor-open-inline\">\n\t\t\t<div class=\"elementor-video\"><\/div>\t\t<\/div>\n\t\t\t\t\t\t<\/div>\n\t\t\t\t<\/div>\n\t\t\t\t<div class=\"elementor-element elementor-element-11d5a52 elementor-widget elementor-widget-text-editor\" data-id=\"11d5a52\" data-element_type=\"widget\" data-widget_type=\"text-editor.default\">\n\t\t\t\t<div class=\"elementor-widget-container\">\n\t\t\t\t\t\t\t\t\t<p>Welcome addresses<br \/>Isabelle Chassot, Director of the Federal Office of Culture, Bern (SUI)<br \/>Antonio Hodgers, President of the State Council, Geneva (SUI)<\/p>\t\t\t\t\t\t\t\t<\/div>\n\t\t\t\t<\/div>\n\t\t\t\t\t<\/div>\n\t\t\t\t<\/div>\n\t\t<div class=\"elementor-element elementor-element-b72473d e-flex e-con-boxed e-con e-child\" data-id=\"b72473d\" data-element_type=\"container\">\n\t\t\t\t\t<div class=\"e-con-inner\">\n\t\t\t\t<div class=\"elementor-element elementor-element-7789c06 elementor-widget__width-initial elementor-widget-mobile__width-inherit dce_masking-none elementor-widget elementor-widget-video\" data-id=\"7789c06\" data-element_type=\"widget\" data-settings=\"{&quot;youtube_url&quot;:&quot;https:\\\/\\\/youtu.be\\\/vVB7yMmPVdE&quot;,&quot;video_type&quot;:&quot;youtube&quot;,&quot;controls&quot;:&quot;yes&quot;}\" data-widget_type=\"video.default\">\n\t\t\t\t<div class=\"elementor-widget-container\">\n\t\t\t\t\t\t\t<div class=\"elementor-wrapper elementor-open-inline\">\n\t\t\t<div class=\"elementor-video\"><\/div>\t\t<\/div>\n\t\t\t\t\t\t<\/div>\n\t\t\t\t<\/div>\n\t\t\t\t<div class=\"elementor-element elementor-element-ea0af86 elementor-widget elementor-widget-text-editor\" data-id=\"ea0af86\" data-element_type=\"widget\" data-widget_type=\"text-editor.default\">\n\t\t\t\t<div class=\"elementor-widget-container\">\n\t\t\t\t\t\t\t\t\t<p class=\"translation-block\">Introduction<br>Oliver Martin, Head of the Cultural Heritage and Historical Monuments section, Federal Office of Culture, Bern (SUI)<\/p>\t\t\t\t\t\t\t\t<\/div>\n\t\t\t\t<\/div>\n\t\t\t\t\t<\/div>\n\t\t\t\t<\/div>\n\t\t\t\t\t<\/div>\n\t\t\t\t<\/div>\n\t\t\t\t<div class=\"elementor-element elementor-element-39626a5 elementor-widget elementor-widget-dcwi-prev-widget-toggle\" data-id=\"39626a5\" data-element_type=\"widget\" data-widget_type=\"dcwi-prev-widget-toggle.default\">\n\t\t\t\t<div class=\"elementor-widget-container\">\n\t\t\t\t\t        <div class=\"a-link__wrapper -linkBar\"  data-no-translate>\n            <span tabindex=\"0\"\n                  class=\"a-link -linkBar do-togglePrevWidget -toggleNext\">\n                <span class=\"a-link__label\">Videos Session 1: What is quality?<\/span>\n                <svg class=\"svg-inline--fa fa-chevron-down a-link__icon\" aria-hidden=\"true\" focusable=\"false\" data-prefix=\"fal\"\n                     data-icon=\"chevron-down\" role=\"img\" xmlns=\"http:\/\/www.w3.org\/2000\/svg\" viewbox=\"0 0 448 512\" data-fa-i2svg=\"\"><path\n                            fill=\"currentColor\"\n                            d=\"M4.251 181.1C7.392 177.7 11.69 175.1 16 175.1c3.891 0 7.781 1.406 10.86 4.25l197.1 181.1l197.1-181.1c6.5-6 16.64-5.625 22.61 .9062c6 6.5 5.594 16.59-.8906 22.59l-208 192c-6.156 5.688-15.56 5.688-21.72 0l-208-192C-1.343 197.7-1.749 187.6 4.251 181.1z\"><\/path><\/svg>\n            <\/span>\n        <\/div>\n        \t\t\t\t<\/div>\n\t\t\t\t<\/div>\n\t\t<div class=\"elementor-element elementor-element-01c99c5 a-toggleableWidget e-flex e-con-boxed e-con e-child\" data-id=\"01c99c5\" data-element_type=\"container\">\n\t\t\t\t\t<div class=\"e-con-inner\">\n\t\t\t\t<div class=\"elementor-element elementor-element-1ed69cb u-leadText elementor-widget elementor-widget-text-editor\" data-id=\"1ed69cb\" data-element_type=\"widget\" data-widget_type=\"text-editor.default\">\n\t\t\t\t<div class=\"elementor-widget-container\">\n\t\t\t\t\t\t\t\t\t<p class=\"translation-block\"><strong>Keynote session 1: What is quality?<\/strong><br>\nTechnical norms define quality through the fulfilment of objectively measurable requirements and criteria. Defining the quality of Baukultur, however, is much more complex. It requires conscious decisions based on cultural values and a broad expert and public debate. This session explores methods and tools to comprehend quality in terms of Baukultur.<\/p>\t\t\t\t\t\t\t\t<\/div>\n\t\t\t\t<\/div>\n\t\t<div class=\"elementor-element elementor-element-fd36c53 e-grid u-sidePadding e-con-boxed e-con e-child\" data-id=\"fd36c53\" data-element_type=\"container\">\n\t\t\t\t\t<div class=\"e-con-inner\">\n\t\t<div class=\"elementor-element elementor-element-ddf5619 e-flex e-con-boxed e-con e-child\" data-id=\"ddf5619\" data-element_type=\"container\">\n\t\t\t\t\t<div class=\"e-con-inner\">\n\t\t\t\t<div class=\"elementor-element elementor-element-7b82ba1 elementor-widget__width-initial elementor-widget-mobile__width-inherit dce_masking-none elementor-widget elementor-widget-video\" data-id=\"7b82ba1\" data-element_type=\"widget\" data-settings=\"{&quot;youtube_url&quot;:&quot;https:\\\/\\\/youtu.be\\\/FJLPBEclRiw&quot;,&quot;video_type&quot;:&quot;youtube&quot;,&quot;controls&quot;:&quot;yes&quot;}\" data-widget_type=\"video.default\">\n\t\t\t\t<div class=\"elementor-widget-container\">\n\t\t\t\t\t\t\t<div class=\"elementor-wrapper elementor-open-inline\">\n\t\t\t<div class=\"elementor-video\"><\/div>\t\t<\/div>\n\t\t\t\t\t\t<\/div>\n\t\t\t\t<\/div>\n\t\t\t\t<div class=\"elementor-element elementor-element-6d7380b elementor-widget elementor-widget-text-editor\" data-id=\"6d7380b\" data-element_type=\"widget\" data-widget_type=\"text-editor.default\">\n\t\t\t\t<div class=\"elementor-widget-container\">\n\t\t\t\t\t\t\t\t\t<p class=\"translation-block\">How to define quality<br>\nChris Youn\u00e8s, Psychosociologist and Philosopher, Professor at the \u00c9cole Sp\u00e9ciale d\u2019Architecture, Paris (FRA)<\/p>\t\t\t\t\t\t\t\t<\/div>\n\t\t\t\t<\/div>\n\t\t\t\t<div class=\"elementor-element elementor-element-c97f091 elementor-widget elementor-widget-dcwi-link\" data-id=\"c97f091\" data-element_type=\"widget\" data-widget_type=\"dcwi-link.default\">\n\t\t\t\t<div class=\"elementor-widget-container\">\n\t\t\t\t\t            <div class=\"a-link__wrapper\" >\n                <a href=\"\/wp-content\/uploads\/sites\/2\/2023\/06\/2022-06-28-154931-chrisyounes.pdf\"  target=\"_blank\"                    class=\"a-link -icon -icon-type-arrowRight\"\n                    >\n                    written presentation Chris Youn\u00e8s (pdf)                    <svg class=\"svg-inline--fa fa-arrow-right\" aria-hidden=\"true\" focusable=\"false\" data-prefix=\"fal\" data-icon=\"arrow-right\" role=\"img\" xmlns=\"http:\/\/www.w3.org\/2000\/svg\" viewbox=\"0 0 448 512\" data-fa-i2svg=\"\"><path fill=\"currentColor\" d=\"M443.7 266.8l-165.9 176C274.5 446.3 269.1 448 265.5 448c-3.986 0-7.988-1.375-11.16-4.156c-6.773-5.938-7.275-16.06-1.118-22.59L393.9 272H16.59c-9.171 0-16.59-7.155-16.59-15.1S7.421 240 16.59 240h377.3l-140.7-149.3c-6.157-6.531-5.655-16.66 1.118-22.59c6.789-5.906 17.27-5.469 23.45 1.094l165.9 176C449.4 251.3 449.4 260.7 443.7 266.8z\"><\/path><\/svg>                <\/a>\n            <\/div>\n            \t\t\t\t<\/div>\n\t\t\t\t<\/div>\n\t\t\t\t\t<\/div>\n\t\t\t\t<\/div>\n\t\t<div class=\"elementor-element elementor-element-03b4ef3 e-flex e-con-boxed e-con e-child\" data-id=\"03b4ef3\" data-element_type=\"container\">\n\t\t\t\t\t<div class=\"e-con-inner\">\n\t\t\t\t<div class=\"elementor-element elementor-element-6bcf5da elementor-widget__width-initial elementor-widget-mobile__width-inherit dce_masking-none elementor-widget elementor-widget-video\" data-id=\"6bcf5da\" data-element_type=\"widget\" data-settings=\"{&quot;youtube_url&quot;:&quot;https:\\\/\\\/youtu.be\\\/A5y0UWS_FF8&quot;,&quot;video_type&quot;:&quot;youtube&quot;,&quot;controls&quot;:&quot;yes&quot;}\" data-widget_type=\"video.default\">\n\t\t\t\t<div class=\"elementor-widget-container\">\n\t\t\t\t\t\t\t<div class=\"elementor-wrapper elementor-open-inline\">\n\t\t\t<div class=\"elementor-video\"><\/div>\t\t<\/div>\n\t\t\t\t\t\t<\/div>\n\t\t\t\t<\/div>\n\t\t\t\t<div class=\"elementor-element elementor-element-062d0bf elementor-widget elementor-widget-text-editor\" data-id=\"062d0bf\" data-element_type=\"widget\" data-widget_type=\"text-editor.default\">\n\t\t\t\t<div class=\"elementor-widget-container\">\n\t\t\t\t\t\t\t\t\t<p class=\"translation-block\">Why do people aspire to quality?<br>Gabriele Oettingen, Professor of Psychology at New York University (USA)<\/p>\t\t\t\t\t\t\t\t<\/div>\n\t\t\t\t<\/div>\n\t\t\t\t<div class=\"elementor-element elementor-element-0bde084 elementor-widget elementor-widget-dcwi-link\" data-id=\"0bde084\" data-element_type=\"widget\" data-widget_type=\"dcwi-link.default\">\n\t\t\t\t<div class=\"elementor-widget-container\">\n\t\t\t\t\t            <div class=\"a-link__wrapper\" >\n                <a href=\"\/wp-content\/uploads\/sites\/2\/2023\/06\/2022-06-28-155627-gabrieleoettingen.pdf\"  target=\"_blank\"                    class=\"a-link -icon -icon-type-arrowRight\"\n                    >\n                    written presentation Gabriele Oettingen (pdf)                    <svg class=\"svg-inline--fa fa-arrow-right\" aria-hidden=\"true\" focusable=\"false\" data-prefix=\"fal\" data-icon=\"arrow-right\" role=\"img\" xmlns=\"http:\/\/www.w3.org\/2000\/svg\" viewbox=\"0 0 448 512\" data-fa-i2svg=\"\"><path fill=\"currentColor\" d=\"M443.7 266.8l-165.9 176C274.5 446.3 269.1 448 265.5 448c-3.986 0-7.988-1.375-11.16-4.156c-6.773-5.938-7.275-16.06-1.118-22.59L393.9 272H16.59c-9.171 0-16.59-7.155-16.59-15.1S7.421 240 16.59 240h377.3l-140.7-149.3c-6.157-6.531-5.655-16.66 1.118-22.59c6.789-5.906 17.27-5.469 23.45 1.094l165.9 176C449.4 251.3 449.4 260.7 443.7 266.8z\"><\/path><\/svg>                <\/a>\n            <\/div>\n            \t\t\t\t<\/div>\n\t\t\t\t<\/div>\n\t\t\t\t\t<\/div>\n\t\t\t\t<\/div>\n\t\t<div class=\"elementor-element elementor-element-9c4643c e-flex e-con-boxed e-con e-child\" data-id=\"9c4643c\" data-element_type=\"container\">\n\t\t\t\t\t<div class=\"e-con-inner\">\n\t\t\t\t<div class=\"elementor-element elementor-element-bb505bc elementor-widget__width-initial elementor-widget-mobile__width-inherit dce_masking-none elementor-widget elementor-widget-video\" data-id=\"bb505bc\" data-element_type=\"widget\" data-settings=\"{&quot;youtube_url&quot;:&quot;https:\\\/\\\/youtu.be\\\/FDKPcQHnqQk&quot;,&quot;video_type&quot;:&quot;youtube&quot;,&quot;controls&quot;:&quot;yes&quot;}\" data-widget_type=\"video.default\">\n\t\t\t\t<div class=\"elementor-widget-container\">\n\t\t\t\t\t\t\t<div class=\"elementor-wrapper elementor-open-inline\">\n\t\t\t<div class=\"elementor-video\"><\/div>\t\t<\/div>\n\t\t\t\t\t\t<\/div>\n\t\t\t\t<\/div>\n\t\t\t\t<div class=\"elementor-element elementor-element-40d0d15 elementor-widget elementor-widget-text-editor\" data-id=\"40d0d15\" data-element_type=\"widget\" data-widget_type=\"text-editor.default\">\n\t\t\t\t<div class=\"elementor-widget-container\">\n\t\t\t\t\t\t\t\t\t<p class=\"translation-block\">What is high-quality <i>Baukultur?<\/i><br>Panel with Chris Youn\u00e8s, Gabriele Oettingen, Julien Cainne (Head of the Department of Urban Planning, Mobility and Sustainable Development of the City of Vevey, SUI) and Stefan Cadosch (President of the Swiss Society of Engineers and Architects, Zurich, SUI)<\/p>\t\t\t\t\t\t\t\t<\/div>\n\t\t\t\t<\/div>\n\t\t\t\t\t<\/div>\n\t\t\t\t<\/div>\n\t\t<div class=\"elementor-element elementor-element-f9eb000 e-flex e-con-boxed e-con e-child\" data-id=\"f9eb000\" data-element_type=\"container\">\n\t\t\t\t\t<div class=\"e-con-inner\">\n\t\t\t\t<div class=\"elementor-element elementor-element-af1fe19 elementor-widget__width-initial elementor-widget-mobile__width-inherit dce_masking-none elementor-widget elementor-widget-video\" data-id=\"af1fe19\" data-element_type=\"widget\" data-settings=\"{&quot;youtube_url&quot;:&quot;https:\\\/\\\/youtu.be\\\/yAETxuPbkqs&quot;,&quot;video_type&quot;:&quot;youtube&quot;,&quot;controls&quot;:&quot;yes&quot;}\" data-widget_type=\"video.default\">\n\t\t\t\t<div class=\"elementor-widget-container\">\n\t\t\t\t\t\t\t<div class=\"elementor-wrapper elementor-open-inline\">\n\t\t\t<div class=\"elementor-video\"><\/div>\t\t<\/div>\n\t\t\t\t\t\t<\/div>\n\t\t\t\t<\/div>\n\t\t\t\t<div class=\"elementor-element elementor-element-d1c9909 elementor-widget elementor-widget-text-editor\" data-id=\"d1c9909\" data-element_type=\"widget\" data-widget_type=\"text-editor.default\">\n\t\t\t\t<div class=\"elementor-widget-container\">\n\t\t\t\t\t\t\t\t\t<p class=\"translation-block\">Pavillon Sicli<br>\nBarbara Tirone, Vice-president of the Association Pavillon Sicli and of the House of Architecture, Geneva (SUI)<\/p>\t\t\t\t\t\t\t\t<\/div>\n\t\t\t\t<\/div>\n\t\t\t\t\t<\/div>\n\t\t\t\t<\/div>\n\t\t\t\t\t<\/div>\n\t\t\t\t<\/div>\n\t\t\t\t\t<\/div>\n\t\t\t\t<\/div>\n\t\t\t\t<div class=\"elementor-element elementor-element-ff58670 elementor-widget elementor-widget-dcwi-prev-widget-toggle\" data-id=\"ff58670\" data-element_type=\"widget\" data-widget_type=\"dcwi-prev-widget-toggle.default\">\n\t\t\t\t<div class=\"elementor-widget-container\">\n\t\t\t\t\t        <div class=\"a-link__wrapper -linkBar\"  data-no-translate>\n            <span tabindex=\"0\"\n                  class=\"a-link -linkBar do-togglePrevWidget -toggleNext\">\n                <span class=\"a-link__label\">Videos Session 2: Is quality measurable?<\/span>\n                <svg class=\"svg-inline--fa fa-chevron-down a-link__icon\" aria-hidden=\"true\" focusable=\"false\" data-prefix=\"fal\"\n                     data-icon=\"chevron-down\" role=\"img\" xmlns=\"http:\/\/www.w3.org\/2000\/svg\" viewbox=\"0 0 448 512\" data-fa-i2svg=\"\"><path\n                            fill=\"currentColor\"\n                            d=\"M4.251 181.1C7.392 177.7 11.69 175.1 16 175.1c3.891 0 7.781 1.406 10.86 4.25l197.1 181.1l197.1-181.1c6.5-6 16.64-5.625 22.61 .9062c6 6.5 5.594 16.59-.8906 22.59l-208 192c-6.156 5.688-15.56 5.688-21.72 0l-208-192C-1.343 197.7-1.749 187.6 4.251 181.1z\"><\/path><\/svg>\n            <\/span>\n        <\/div>\n        \t\t\t\t<\/div>\n\t\t\t\t<\/div>\n\t\t<div class=\"elementor-element elementor-element-76800e1 a-toggleableWidget e-flex e-con-boxed e-con e-child\" data-id=\"76800e1\" data-element_type=\"container\">\n\t\t\t\t\t<div class=\"e-con-inner\">\n\t\t\t\t<div class=\"elementor-element elementor-element-cd98e6c u-leadText elementor-widget elementor-widget-text-editor\" data-id=\"cd98e6c\" data-element_type=\"widget\" data-widget_type=\"text-editor.default\">\n\t\t\t\t<div class=\"elementor-widget-container\">\n\t\t\t\t\t\t\t\t\t<p>The quality of Baukultur is evaluated and assessed every day. These evaluations and assessments are usually based on value judgments. What are the possibilities and risks of integrating quantity-based measurement methods?<\/p><p class=\"translation-block\">The impudence of quantification<br>\nSteffen Mau, Professor of Macrosociology at Humboldt University of Berlin (GER)<\/p>\t\t\t\t\t\t\t\t<\/div>\n\t\t\t\t<\/div>\n\t\t\t\t<div class=\"elementor-element elementor-element-152f1df elementor-widget elementor-widget-dcwi-link\" data-id=\"152f1df\" data-element_type=\"widget\" data-widget_type=\"dcwi-link.default\">\n\t\t\t\t<div class=\"elementor-widget-container\">\n\t\t\t\t\t            <div class=\"a-link__wrapper\" >\n                <a href=\"\/wp-content\/uploads\/sites\/2\/2023\/06\/2022-06-28-161026-steffenmau.pdf\"  target=\"_blank\"                    class=\"a-link -icon -icon-type-arrowRight\"\n                    >\n                    written presentation only (pdf)                    <svg class=\"svg-inline--fa fa-arrow-right\" aria-hidden=\"true\" focusable=\"false\" data-prefix=\"fal\" data-icon=\"arrow-right\" role=\"img\" xmlns=\"http:\/\/www.w3.org\/2000\/svg\" viewbox=\"0 0 448 512\" data-fa-i2svg=\"\"><path fill=\"currentColor\" d=\"M443.7 266.8l-165.9 176C274.5 446.3 269.1 448 265.5 448c-3.986 0-7.988-1.375-11.16-4.156c-6.773-5.938-7.275-16.06-1.118-22.59L393.9 272H16.59c-9.171 0-16.59-7.155-16.59-15.1S7.421 240 16.59 240h377.3l-140.7-149.3c-6.157-6.531-5.655-16.66 1.118-22.59c6.789-5.906 17.27-5.469 23.45 1.094l165.9 176C449.4 251.3 449.4 260.7 443.7 266.8z\"><\/path><\/svg>                <\/a>\n            <\/div>\n            \t\t\t\t<\/div>\n\t\t\t\t<\/div>\n\t\t<div class=\"elementor-element elementor-element-4919590 e-grid u-sidePadding e-con-boxed e-con e-child\" data-id=\"4919590\" data-element_type=\"container\">\n\t\t\t\t\t<div class=\"e-con-inner\">\n\t\t<div class=\"elementor-element elementor-element-d0631e3 e-flex e-con-boxed e-con e-child\" data-id=\"d0631e3\" data-element_type=\"container\">\n\t\t\t\t\t<div class=\"e-con-inner\">\n\t\t\t\t<div class=\"elementor-element elementor-element-0c6ef1b elementor-widget__width-initial elementor-widget-mobile__width-inherit dce_masking-none elementor-widget elementor-widget-video\" data-id=\"0c6ef1b\" data-element_type=\"widget\" data-settings=\"{&quot;youtube_url&quot;:&quot;https:\\\/\\\/youtu.be\\\/11wzpctMWJc&quot;,&quot;video_type&quot;:&quot;youtube&quot;,&quot;controls&quot;:&quot;yes&quot;}\" data-widget_type=\"video.default\">\n\t\t\t\t<div class=\"elementor-widget-container\">\n\t\t\t\t\t\t\t<div class=\"elementor-wrapper elementor-open-inline\">\n\t\t\t<div class=\"elementor-video\"><\/div>\t\t<\/div>\n\t\t\t\t\t\t<\/div>\n\t\t\t\t<\/div>\n\t\t\t\t<div class=\"elementor-element elementor-element-0125d1b elementor-widget elementor-widget-text-editor\" data-id=\"0125d1b\" data-element_type=\"widget\" data-widget_type=\"text-editor.default\">\n\t\t\t\t<div class=\"elementor-widget-container\">\n\t\t\t\t\t\t\t\t\t<p class=\"translation-block\">Places to love\n<br>\nColin Ellard, Associate Professor of Cognitive Neuroscience at the University of Waterloo (CAN)<\/p>\t\t\t\t\t\t\t\t<\/div>\n\t\t\t\t<\/div>\n\t\t\t\t<div class=\"elementor-element elementor-element-19719a0 elementor-widget elementor-widget-dcwi-link\" data-id=\"19719a0\" data-element_type=\"widget\" data-widget_type=\"dcwi-link.default\">\n\t\t\t\t<div class=\"elementor-widget-container\">\n\t\t\t\t\t            <div class=\"a-link__wrapper\" >\n                <a href=\"\/wp-content\/uploads\/sites\/2\/2023\/06\/2022-06-28-155409-colinellard.pdf\"  target=\"_blank\"                    class=\"a-link -icon -icon-type-arrowRight\"\n                    >\n                    written presentation Colin Ellard (pdf)                    <svg class=\"svg-inline--fa fa-arrow-right\" aria-hidden=\"true\" focusable=\"false\" data-prefix=\"fal\" data-icon=\"arrow-right\" role=\"img\" xmlns=\"http:\/\/www.w3.org\/2000\/svg\" viewbox=\"0 0 448 512\" data-fa-i2svg=\"\"><path fill=\"currentColor\" d=\"M443.7 266.8l-165.9 176C274.5 446.3 269.1 448 265.5 448c-3.986 0-7.988-1.375-11.16-4.156c-6.773-5.938-7.275-16.06-1.118-22.59L393.9 272H16.59c-9.171 0-16.59-7.155-16.59-15.1S7.421 240 16.59 240h377.3l-140.7-149.3c-6.157-6.531-5.655-16.66 1.118-22.59c6.789-5.906 17.27-5.469 23.45 1.094l165.9 176C449.4 251.3 449.4 260.7 443.7 266.8z\"><\/path><\/svg>                <\/a>\n            <\/div>\n            \t\t\t\t<\/div>\n\t\t\t\t<\/div>\n\t\t\t\t\t<\/div>\n\t\t\t\t<\/div>\n\t\t<div class=\"elementor-element elementor-element-0f85f46 e-flex e-con-boxed e-con e-child\" data-id=\"0f85f46\" data-element_type=\"container\">\n\t\t\t\t\t<div class=\"e-con-inner\">\n\t\t\t\t<div class=\"elementor-element elementor-element-f4fd7e2 elementor-widget__width-initial elementor-widget-mobile__width-inherit dce_masking-none elementor-widget elementor-widget-video\" data-id=\"f4fd7e2\" data-element_type=\"widget\" data-settings=\"{&quot;youtube_url&quot;:&quot;https:\\\/\\\/youtu.be\\\/trLydqjApo8&quot;,&quot;video_type&quot;:&quot;youtube&quot;,&quot;controls&quot;:&quot;yes&quot;}\" data-widget_type=\"video.default\">\n\t\t\t\t<div class=\"elementor-widget-container\">\n\t\t\t\t\t\t\t<div class=\"elementor-wrapper elementor-open-inline\">\n\t\t\t<div class=\"elementor-video\"><\/div>\t\t<\/div>\n\t\t\t\t\t\t<\/div>\n\t\t\t\t<\/div>\n\t\t\t\t<div class=\"elementor-element elementor-element-187be8a elementor-widget elementor-widget-text-editor\" data-id=\"187be8a\" data-element_type=\"widget\" data-widget_type=\"text-editor.default\">\n\t\t\t\t<div class=\"elementor-widget-container\">\n\t\t\t\t\t\t\t\t\t<p class=\"translation-block\">Can the quality of Baukultur be quantified?\n<br>\nPanel with Colin Ellard, Paul McConnell (Head of Digital Studio at Arup, London, GBR) and Georg Pendl (President of the Architects\u2019 Council of Europe, Brussels, BEL)<\/p>\t\t\t\t\t\t\t\t<\/div>\n\t\t\t\t<\/div>\n\t\t\t\t\t<\/div>\n\t\t\t\t<\/div>\n\t\t\t\t\t<\/div>\n\t\t\t\t<\/div>\n\t\t\t\t\t<\/div>\n\t\t\t\t<\/div>\n\t\t\t\t<div class=\"elementor-element elementor-element-ab8b122 elementor-widget elementor-widget-dcwi-prev-widget-toggle\" data-id=\"ab8b122\" data-element_type=\"widget\" data-widget_type=\"dcwi-prev-widget-toggle.default\">\n\t\t\t\t<div class=\"elementor-widget-container\">\n\t\t\t\t\t        <div class=\"a-link__wrapper -linkBar\"  data-no-translate>\n            <span tabindex=\"0\"\n                  class=\"a-link -linkBar do-togglePrevWidget -toggleNext\">\n                <span class=\"a-link__label\">Videos Parallel event 1: Street landscapes<\/span>\n                <svg class=\"svg-inline--fa fa-chevron-down a-link__icon\" aria-hidden=\"true\" focusable=\"false\" data-prefix=\"fal\"\n                     data-icon=\"chevron-down\" role=\"img\" xmlns=\"http:\/\/www.w3.org\/2000\/svg\" viewbox=\"0 0 448 512\" data-fa-i2svg=\"\"><path\n                            fill=\"currentColor\"\n                            d=\"M4.251 181.1C7.392 177.7 11.69 175.1 16 175.1c3.891 0 7.781 1.406 10.86 4.25l197.1 181.1l197.1-181.1c6.5-6 16.64-5.625 22.61 .9062c6 6.5 5.594 16.59-.8906 22.59l-208 192c-6.156 5.688-15.56 5.688-21.72 0l-208-192C-1.343 197.7-1.749 187.6 4.251 181.1z\"><\/path><\/svg>\n            <\/span>\n        <\/div>\n        \t\t\t\t<\/div>\n\t\t\t\t<\/div>\n\t\t<div class=\"elementor-element elementor-element-37e2c39 a-toggleableWidget e-flex e-con-boxed e-con e-child\" data-id=\"37e2c39\" data-element_type=\"container\">\n\t\t\t\t\t<div class=\"e-con-inner\">\n\t\t<div class=\"elementor-element elementor-element-6b02244 e-grid u-sidePadding e-con-boxed e-con e-child\" data-id=\"6b02244\" data-element_type=\"container\">\n\t\t\t\t\t<div class=\"e-con-inner\">\n\t\t<div class=\"elementor-element elementor-element-e9893b0 e-flex e-con-boxed e-con e-child\" data-id=\"e9893b0\" data-element_type=\"container\">\n\t\t\t\t\t<div class=\"e-con-inner\">\n\t\t\t\t<div class=\"elementor-element elementor-element-2681d75 elementor-widget__width-initial elementor-widget-mobile__width-inherit dce_masking-none elementor-widget elementor-widget-video\" data-id=\"2681d75\" data-element_type=\"widget\" data-settings=\"{&quot;youtube_url&quot;:&quot;https:\\\/\\\/youtu.be\\\/FxqwhA8FQTw&quot;,&quot;video_type&quot;:&quot;youtube&quot;,&quot;controls&quot;:&quot;yes&quot;}\" data-widget_type=\"video.default\">\n\t\t\t\t<div class=\"elementor-widget-container\">\n\t\t\t\t\t\t\t<div class=\"elementor-wrapper elementor-open-inline\">\n\t\t\t<div class=\"elementor-video\"><\/div>\t\t<\/div>\n\t\t\t\t\t\t<\/div>\n\t\t\t\t<\/div>\n\t\t\t\t<div class=\"elementor-element elementor-element-c6190e1 elementor-widget elementor-widget-text-editor\" data-id=\"c6190e1\" data-element_type=\"widget\" data-widget_type=\"text-editor.default\">\n\t\t\t\t<div class=\"elementor-widget-container\">\n\t\t\t\t\t\t\t\t\t<p class=\"translation-block\">Understanding the human experience to improve urban places\n<br>\nSandro Cattacin, Professor of Sociology at the University of Geneva (SUI)<\/p>\t\t\t\t\t\t\t\t<\/div>\n\t\t\t\t<\/div>\n\t\t\t\t<div class=\"elementor-element elementor-element-ee44a8d elementor-widget elementor-widget-dcwi-link\" data-id=\"ee44a8d\" data-element_type=\"widget\" data-widget_type=\"dcwi-link.default\">\n\t\t\t\t<div class=\"elementor-widget-container\">\n\t\t\t\t\t            <div class=\"a-link__wrapper\" >\n                <a href=\"\/wp-content\/uploads\/sites\/2\/2023\/06\/2022-06-28-160754-sandrocattacin.pdf\"  target=\"_blank\"                    class=\"a-link -icon -icon-type-arrowRight\"\n                    >\n                    written presentation Sandro Cattacin (pdf)                    <svg class=\"svg-inline--fa fa-arrow-right\" aria-hidden=\"true\" focusable=\"false\" data-prefix=\"fal\" data-icon=\"arrow-right\" role=\"img\" xmlns=\"http:\/\/www.w3.org\/2000\/svg\" viewbox=\"0 0 448 512\" data-fa-i2svg=\"\"><path fill=\"currentColor\" d=\"M443.7 266.8l-165.9 176C274.5 446.3 269.1 448 265.5 448c-3.986 0-7.988-1.375-11.16-4.156c-6.773-5.938-7.275-16.06-1.118-22.59L393.9 272H16.59c-9.171 0-16.59-7.155-16.59-15.1S7.421 240 16.59 240h377.3l-140.7-149.3c-6.157-6.531-5.655-16.66 1.118-22.59c6.789-5.906 17.27-5.469 23.45 1.094l165.9 176C449.4 251.3 449.4 260.7 443.7 266.8z\"><\/path><\/svg>                <\/a>\n            <\/div>\n            \t\t\t\t<\/div>\n\t\t\t\t<\/div>\n\t\t\t\t\t<\/div>\n\t\t\t\t<\/div>\n\t\t<div class=\"elementor-element elementor-element-36c1dc3 e-flex e-con-boxed e-con e-child\" data-id=\"36c1dc3\" data-element_type=\"container\">\n\t\t\t\t\t<div class=\"e-con-inner\">\n\t\t\t\t<div class=\"elementor-element elementor-element-ea9cd5b elementor-widget__width-initial elementor-widget-mobile__width-inherit dce_masking-none elementor-widget elementor-widget-video\" data-id=\"ea9cd5b\" data-element_type=\"widget\" data-settings=\"{&quot;youtube_url&quot;:&quot;https:\\\/\\\/youtu.be\\\/jcms2W-I6mQ&quot;,&quot;video_type&quot;:&quot;youtube&quot;,&quot;controls&quot;:&quot;yes&quot;}\" data-widget_type=\"video.default\">\n\t\t\t\t<div class=\"elementor-widget-container\">\n\t\t\t\t\t\t\t<div class=\"elementor-wrapper elementor-open-inline\">\n\t\t\t<div class=\"elementor-video\"><\/div>\t\t<\/div>\n\t\t\t\t\t\t<\/div>\n\t\t\t\t<\/div>\n\t\t\t\t<div class=\"elementor-element elementor-element-d292d53 elementor-widget elementor-widget-text-editor\" data-id=\"d292d53\" data-element_type=\"widget\" data-widget_type=\"text-editor.default\">\n\t\t\t\t<div class=\"elementor-widget-container\">\n\t\t\t\t\t\t\t\t\t<p class=\"translation-block\">Smartphone technologies for more resilient communities\n<br>\nNeil Davidson, Landscape Architect and partner at J &amp; L Gibbons, London (GBR)<\/p>\t\t\t\t\t\t\t\t<\/div>\n\t\t\t\t<\/div>\n\t\t\t\t<div class=\"elementor-element elementor-element-033ca26 elementor-widget elementor-widget-dcwi-link\" data-id=\"033ca26\" data-element_type=\"widget\" data-widget_type=\"dcwi-link.default\">\n\t\t\t\t<div class=\"elementor-widget-container\">\n\t\t\t\t\t            <div class=\"a-link__wrapper\" >\n                <a href=\"\/wp-content\/uploads\/sites\/2\/2023\/06\/2022-06-28-160658-neildavidson.pdf\"  target=\"_blank\"                    class=\"a-link -icon -icon-type-arrowRight\"\n                    >\n                    written presentation Neil Davidson (pdf)                    <svg class=\"svg-inline--fa fa-arrow-right\" aria-hidden=\"true\" focusable=\"false\" data-prefix=\"fal\" data-icon=\"arrow-right\" role=\"img\" xmlns=\"http:\/\/www.w3.org\/2000\/svg\" viewbox=\"0 0 448 512\" data-fa-i2svg=\"\"><path fill=\"currentColor\" d=\"M443.7 266.8l-165.9 176C274.5 446.3 269.1 448 265.5 448c-3.986 0-7.988-1.375-11.16-4.156c-6.773-5.938-7.275-16.06-1.118-22.59L393.9 272H16.59c-9.171 0-16.59-7.155-16.59-15.1S7.421 240 16.59 240h377.3l-140.7-149.3c-6.157-6.531-5.655-16.66 1.118-22.59c6.789-5.906 17.27-5.469 23.45 1.094l165.9 176C449.4 251.3 449.4 260.7 443.7 266.8z\"><\/path><\/svg>                <\/a>\n            <\/div>\n            \t\t\t\t<\/div>\n\t\t\t\t<\/div>\n\t\t\t\t\t<\/div>\n\t\t\t\t<\/div>\n\t\t<div class=\"elementor-element elementor-element-944bd18 e-flex e-con-boxed e-con e-child\" data-id=\"944bd18\" data-element_type=\"container\">\n\t\t\t\t\t<div class=\"e-con-inner\">\n\t\t\t\t<div class=\"elementor-element elementor-element-e671f75 elementor-widget__width-initial elementor-widget-mobile__width-inherit dce_masking-none elementor-widget elementor-widget-video\" data-id=\"e671f75\" data-element_type=\"widget\" data-settings=\"{&quot;youtube_url&quot;:&quot;https:\\\/\\\/youtu.be\\\/yGyClu5zuyY&quot;,&quot;video_type&quot;:&quot;youtube&quot;,&quot;controls&quot;:&quot;yes&quot;}\" data-widget_type=\"video.default\">\n\t\t\t\t<div class=\"elementor-widget-container\">\n\t\t\t\t\t\t\t<div class=\"elementor-wrapper elementor-open-inline\">\n\t\t\t<div class=\"elementor-video\"><\/div>\t\t<\/div>\n\t\t\t\t\t\t<\/div>\n\t\t\t\t<\/div>\n\t\t\t\t<div class=\"elementor-element elementor-element-1934994 elementor-widget elementor-widget-text-editor\" data-id=\"1934994\" data-element_type=\"widget\" data-widget_type=\"text-editor.default\">\n\t\t\t\t<div class=\"elementor-widget-container\">\n\t\t\t\t\t\t\t\t\t<p class=\"translation-block\">People, spaces, buildings, places \u2013 creating a lifecycle approach\n<br>\nLynne Ceeney, Chair of the DQI Initiative for the UK Construction Industry Council, London (GBR)<\/p>\t\t\t\t\t\t\t\t<\/div>\n\t\t\t\t<\/div>\n\t\t\t\t<div class=\"elementor-element elementor-element-9e0f44b elementor-widget elementor-widget-dcwi-link\" data-id=\"9e0f44b\" data-element_type=\"widget\" data-widget_type=\"dcwi-link.default\">\n\t\t\t\t<div class=\"elementor-widget-container\">\n\t\t\t\t\t            <div class=\"a-link__wrapper\" >\n                <a href=\"\/wp-content\/uploads\/sites\/2\/2023\/06\/2022-06-28-160129-lynneceeney.pdf\"  target=\"_blank\"                    class=\"a-link -icon -icon-type-arrowRight\"\n                    >\n                    written presentation Lynne Ceeney (pdf)                    <svg class=\"svg-inline--fa fa-arrow-right\" aria-hidden=\"true\" focusable=\"false\" data-prefix=\"fal\" data-icon=\"arrow-right\" role=\"img\" xmlns=\"http:\/\/www.w3.org\/2000\/svg\" viewbox=\"0 0 448 512\" data-fa-i2svg=\"\"><path fill=\"currentColor\" d=\"M443.7 266.8l-165.9 176C274.5 446.3 269.1 448 265.5 448c-3.986 0-7.988-1.375-11.16-4.156c-6.773-5.938-7.275-16.06-1.118-22.59L393.9 272H16.59c-9.171 0-16.59-7.155-16.59-15.1S7.421 240 16.59 240h377.3l-140.7-149.3c-6.157-6.531-5.655-16.66 1.118-22.59c6.789-5.906 17.27-5.469 23.45 1.094l165.9 176C449.4 251.3 449.4 260.7 443.7 266.8z\"><\/path><\/svg>                <\/a>\n            <\/div>\n            \t\t\t\t<\/div>\n\t\t\t\t<\/div>\n\t\t\t\t\t<\/div>\n\t\t\t\t<\/div>\n\t\t<div class=\"elementor-element elementor-element-031029a e-flex e-con-boxed e-con e-child\" data-id=\"031029a\" data-element_type=\"container\">\n\t\t\t\t\t<div class=\"e-con-inner\">\n\t\t\t\t<div class=\"elementor-element elementor-element-0783829 elementor-widget__width-initial elementor-widget-mobile__width-inherit dce_masking-none elementor-widget elementor-widget-video\" data-id=\"0783829\" data-element_type=\"widget\" data-settings=\"{&quot;youtube_url&quot;:&quot;https:\\\/\\\/youtu.be\\\/9BTx8O6QgFk&quot;,&quot;video_type&quot;:&quot;youtube&quot;,&quot;controls&quot;:&quot;yes&quot;}\" data-widget_type=\"video.default\">\n\t\t\t\t<div class=\"elementor-widget-container\">\n\t\t\t\t\t\t\t<div class=\"elementor-wrapper elementor-open-inline\">\n\t\t\t<div class=\"elementor-video\"><\/div>\t\t<\/div>\n\t\t\t\t\t\t<\/div>\n\t\t\t\t<\/div>\n\t\t\t\t<div class=\"elementor-element elementor-element-1f5f1b9 elementor-widget elementor-widget-text-editor\" data-id=\"1f5f1b9\" data-element_type=\"widget\" data-widget_type=\"text-editor.default\">\n\t\t\t\t<div class=\"elementor-widget-container\">\n\t\t\t\t\t\t\t\t\t<p class=\"translation-block\">Discussion\n<br>\nModeration by Ariane Widmer Pham, Swiss Society of Engineers and Architects, Zurich (SUI)<\/p>\t\t\t\t\t\t\t\t<\/div>\n\t\t\t\t<\/div>\n\t\t\t\t\t<\/div>\n\t\t\t\t<\/div>\n\t\t\t\t\t<\/div>\n\t\t\t\t<\/div>\n\t\t\t\t\t<\/div>\n\t\t\t\t<\/div>\n\t\t\t\t<div class=\"elementor-element elementor-element-2f34a3d elementor-widget elementor-widget-dcwi-prev-widget-toggle\" data-id=\"2f34a3d\" data-element_type=\"widget\" data-widget_type=\"dcwi-prev-widget-toggle.default\">\n\t\t\t\t<div class=\"elementor-widget-container\">\n\t\t\t\t\t        <div class=\"a-link__wrapper -linkBar\"  data-no-translate>\n            <span tabindex=\"0\"\n                  class=\"a-link -linkBar do-togglePrevWidget -toggleNext\">\n                <span class=\"a-link__label\">Videos Parallel event 2: Working environments<\/span>\n                <svg class=\"svg-inline--fa fa-chevron-down a-link__icon\" aria-hidden=\"true\" focusable=\"false\" data-prefix=\"fal\"\n                     data-icon=\"chevron-down\" role=\"img\" xmlns=\"http:\/\/www.w3.org\/2000\/svg\" viewbox=\"0 0 448 512\" data-fa-i2svg=\"\"><path\n                            fill=\"currentColor\"\n                            d=\"M4.251 181.1C7.392 177.7 11.69 175.1 16 175.1c3.891 0 7.781 1.406 10.86 4.25l197.1 181.1l197.1-181.1c6.5-6 16.64-5.625 22.61 .9062c6 6.5 5.594 16.59-.8906 22.59l-208 192c-6.156 5.688-15.56 5.688-21.72 0l-208-192C-1.343 197.7-1.749 187.6 4.251 181.1z\"><\/path><\/svg>\n            <\/span>\n        <\/div>\n        \t\t\t\t<\/div>\n\t\t\t\t<\/div>\n\t\t<div class=\"elementor-element elementor-element-336fe21 a-toggleableWidget e-flex e-con-boxed e-con e-child\" data-id=\"336fe21\" data-element_type=\"container\">\n\t\t\t\t\t<div class=\"e-con-inner\">\n\t\t<div class=\"elementor-element elementor-element-e9a3ba2 e-grid u-sidePadding e-con-boxed e-con e-child\" data-id=\"e9a3ba2\" data-element_type=\"container\">\n\t\t\t\t\t<div class=\"e-con-inner\">\n\t\t<div class=\"elementor-element elementor-element-9b3e70f e-flex e-con-boxed e-con e-child\" data-id=\"9b3e70f\" data-element_type=\"container\">\n\t\t\t\t\t<div class=\"e-con-inner\">\n\t\t\t\t<div class=\"elementor-element elementor-element-a8bf453 elementor-widget__width-initial elementor-widget-mobile__width-inherit dce_masking-none elementor-widget elementor-widget-video\" data-id=\"a8bf453\" data-element_type=\"widget\" data-settings=\"{&quot;youtube_url&quot;:&quot;https:\\\/\\\/youtu.be\\\/pU_oLIdne7M&quot;,&quot;video_type&quot;:&quot;youtube&quot;,&quot;controls&quot;:&quot;yes&quot;}\" data-widget_type=\"video.default\">\n\t\t\t\t<div class=\"elementor-widget-container\">\n\t\t\t\t\t\t\t<div class=\"elementor-wrapper elementor-open-inline\">\n\t\t\t<div class=\"elementor-video\"><\/div>\t\t<\/div>\n\t\t\t\t\t\t<\/div>\n\t\t\t\t<\/div>\n\t\t\t\t<div class=\"elementor-element elementor-element-c5f1b1f elementor-widget elementor-widget-text-editor\" data-id=\"c5f1b1f\" data-element_type=\"widget\" data-widget_type=\"text-editor.default\">\n\t\t\t\t<div class=\"elementor-widget-container\">\n\t\t\t\t\t\t\t\t\t<p class=\"translation-block\">Making the workplace feel human\n<br>\nSevil Peach, Interior Designer, London (GBR)<\/p>\t\t\t\t\t\t\t\t<\/div>\n\t\t\t\t<\/div>\n\t\t\t\t<div class=\"elementor-element elementor-element-fd5b74b elementor-widget elementor-widget-dcwi-link\" data-id=\"fd5b74b\" data-element_type=\"widget\" data-widget_type=\"dcwi-link.default\">\n\t\t\t\t<div class=\"elementor-widget-container\">\n\t\t\t\t\t            <div class=\"a-link__wrapper\" >\n                <a href=\"\/wp-content\/uploads\/sites\/2\/2023\/06\/2022-06-28-160939-sevilpeach.pdf\"  target=\"_blank\"                    class=\"a-link -icon -icon-type-arrowRight\"\n                    >\n                    written presentation Sevil Peach (pdf)                    <svg class=\"svg-inline--fa fa-arrow-right\" aria-hidden=\"true\" focusable=\"false\" data-prefix=\"fal\" data-icon=\"arrow-right\" role=\"img\" xmlns=\"http:\/\/www.w3.org\/2000\/svg\" viewbox=\"0 0 448 512\" data-fa-i2svg=\"\"><path fill=\"currentColor\" d=\"M443.7 266.8l-165.9 176C274.5 446.3 269.1 448 265.5 448c-3.986 0-7.988-1.375-11.16-4.156c-6.773-5.938-7.275-16.06-1.118-22.59L393.9 272H16.59c-9.171 0-16.59-7.155-16.59-15.1S7.421 240 16.59 240h377.3l-140.7-149.3c-6.157-6.531-5.655-16.66 1.118-22.59c6.789-5.906 17.27-5.469 23.45 1.094l165.9 176C449.4 251.3 449.4 260.7 443.7 266.8z\"><\/path><\/svg>                <\/a>\n            <\/div>\n            \t\t\t\t<\/div>\n\t\t\t\t<\/div>\n\t\t\t\t\t<\/div>\n\t\t\t\t<\/div>\n\t\t<div class=\"elementor-element elementor-element-3607a0e e-flex e-con-boxed e-con e-child\" data-id=\"3607a0e\" data-element_type=\"container\">\n\t\t\t\t\t<div class=\"e-con-inner\">\n\t\t\t\t<div class=\"elementor-element elementor-element-254c1a3 elementor-widget__width-initial elementor-widget-mobile__width-inherit dce_masking-none elementor-widget elementor-widget-video\" data-id=\"254c1a3\" data-element_type=\"widget\" data-settings=\"{&quot;youtube_url&quot;:&quot;https:\\\/\\\/youtu.be\\\/UgO75-AJZ2s&quot;,&quot;video_type&quot;:&quot;youtube&quot;,&quot;controls&quot;:&quot;yes&quot;}\" data-widget_type=\"video.default\">\n\t\t\t\t<div class=\"elementor-widget-container\">\n\t\t\t\t\t\t\t<div class=\"elementor-wrapper elementor-open-inline\">\n\t\t\t<div class=\"elementor-video\"><\/div>\t\t<\/div>\n\t\t\t\t\t\t<\/div>\n\t\t\t\t<\/div>\n\t\t\t\t<div class=\"elementor-element elementor-element-8294edf elementor-widget elementor-widget-text-editor\" data-id=\"8294edf\" data-element_type=\"widget\" data-widget_type=\"text-editor.default\">\n\t\t\t\t<div class=\"elementor-widget-container\">\n\t\t\t\t\t\t\t\t\t<p class=\"translation-block\">\u2018Open\u2019 workspace and human collaboration\n<br>\nStephen Turban, co-author of \u201cThe impact of the \u2018open\u2019 workspace on human collaboration\u201d, Cambridge (USA)<\/p>\t\t\t\t\t\t\t\t<\/div>\n\t\t\t\t<\/div>\n\t\t\t\t<div class=\"elementor-element elementor-element-3e87e50 elementor-widget elementor-widget-dcwi-link\" data-id=\"3e87e50\" data-element_type=\"widget\" data-widget_type=\"dcwi-link.default\">\n\t\t\t\t<div class=\"elementor-widget-container\">\n\t\t\t\t\t            <div class=\"a-link__wrapper\" >\n                <a href=\"\/wp-content\/uploads\/sites\/2\/2023\/06\/2022-06-28-161150-stephenturban.pdf\"  target=\"_blank\"                    class=\"a-link -icon -icon-type-arrowRight\"\n                    >\n                    written presentation Stephen Turban (pdf)                    <svg class=\"svg-inline--fa fa-arrow-right\" aria-hidden=\"true\" focusable=\"false\" data-prefix=\"fal\" data-icon=\"arrow-right\" role=\"img\" xmlns=\"http:\/\/www.w3.org\/2000\/svg\" viewbox=\"0 0 448 512\" data-fa-i2svg=\"\"><path fill=\"currentColor\" d=\"M443.7 266.8l-165.9 176C274.5 446.3 269.1 448 265.5 448c-3.986 0-7.988-1.375-11.16-4.156c-6.773-5.938-7.275-16.06-1.118-22.59L393.9 272H16.59c-9.171 0-16.59-7.155-16.59-15.1S7.421 240 16.59 240h377.3l-140.7-149.3c-6.157-6.531-5.655-16.66 1.118-22.59c6.789-5.906 17.27-5.469 23.45 1.094l165.9 176C449.4 251.3 449.4 260.7 443.7 266.8z\"><\/path><\/svg>                <\/a>\n            <\/div>\n            \t\t\t\t<\/div>\n\t\t\t\t<\/div>\n\t\t\t\t\t<\/div>\n\t\t\t\t<\/div>\n\t\t<div class=\"elementor-element elementor-element-bf15ca4 e-flex e-con-boxed e-con e-child\" data-id=\"bf15ca4\" data-element_type=\"container\">\n\t\t\t\t\t<div class=\"e-con-inner\">\n\t\t\t\t<div class=\"elementor-element elementor-element-f540ad8 elementor-widget__width-initial elementor-widget-mobile__width-inherit dce_masking-none elementor-widget elementor-widget-video\" data-id=\"f540ad8\" data-element_type=\"widget\" data-settings=\"{&quot;youtube_url&quot;:&quot;https:\\\/\\\/youtu.be\\\/4p9oxNViGOc&quot;,&quot;video_type&quot;:&quot;youtube&quot;,&quot;controls&quot;:&quot;yes&quot;}\" data-widget_type=\"video.default\">\n\t\t\t\t<div class=\"elementor-widget-container\">\n\t\t\t\t\t\t\t<div class=\"elementor-wrapper elementor-open-inline\">\n\t\t\t<div class=\"elementor-video\"><\/div>\t\t<\/div>\n\t\t\t\t\t\t<\/div>\n\t\t\t\t<\/div>\n\t\t\t\t<div class=\"elementor-element elementor-element-17d4dfe elementor-widget elementor-widget-text-editor\" data-id=\"17d4dfe\" data-element_type=\"widget\" data-widget_type=\"text-editor.default\">\n\t\t\t\t<div class=\"elementor-widget-container\">\n\t\t\t\t\t\t\t\t\t<p class=\"translation-block\">Price impacts of quality architecture\n<br>\nIlir Nase, Assistant Professor of Management in the Built Environment at Delft University of Technology (NLD)<\/p>\t\t\t\t\t\t\t\t<\/div>\n\t\t\t\t<\/div>\n\t\t\t\t<div class=\"elementor-element elementor-element-626ae93 elementor-widget elementor-widget-dcwi-link\" data-id=\"626ae93\" data-element_type=\"widget\" data-widget_type=\"dcwi-link.default\">\n\t\t\t\t<div class=\"elementor-widget-container\">\n\t\t\t\t\t            <div class=\"a-link__wrapper\" >\n                <a href=\"\/wp-content\/uploads\/sites\/2\/2023\/06\/2022-06-28-155732-ilirnase.pdf\"  target=\"_blank\"                    class=\"a-link -icon -icon-type-arrowRight\"\n                    >\n                    written presentation Ilir Nase (pdf)                    <svg class=\"svg-inline--fa fa-arrow-right\" aria-hidden=\"true\" focusable=\"false\" data-prefix=\"fal\" data-icon=\"arrow-right\" role=\"img\" xmlns=\"http:\/\/www.w3.org\/2000\/svg\" viewbox=\"0 0 448 512\" data-fa-i2svg=\"\"><path fill=\"currentColor\" d=\"M443.7 266.8l-165.9 176C274.5 446.3 269.1 448 265.5 448c-3.986 0-7.988-1.375-11.16-4.156c-6.773-5.938-7.275-16.06-1.118-22.59L393.9 272H16.59c-9.171 0-16.59-7.155-16.59-15.1S7.421 240 16.59 240h377.3l-140.7-149.3c-6.157-6.531-5.655-16.66 1.118-22.59c6.789-5.906 17.27-5.469 23.45 1.094l165.9 176C449.4 251.3 449.4 260.7 443.7 266.8z\"><\/path><\/svg>                <\/a>\n            <\/div>\n            \t\t\t\t<\/div>\n\t\t\t\t<\/div>\n\t\t\t\t\t<\/div>\n\t\t\t\t<\/div>\n\t\t<div class=\"elementor-element elementor-element-1a93224 e-flex e-con-boxed e-con e-child\" data-id=\"1a93224\" data-element_type=\"container\">\n\t\t\t\t\t<div class=\"e-con-inner\">\n\t\t\t\t<div class=\"elementor-element elementor-element-5171497 elementor-widget__width-initial elementor-widget-mobile__width-inherit dce_masking-none elementor-widget elementor-widget-video\" data-id=\"5171497\" data-element_type=\"widget\" data-settings=\"{&quot;youtube_url&quot;:&quot;https:\\\/\\\/youtu.be\\\/HulQmapwOKA&quot;,&quot;video_type&quot;:&quot;youtube&quot;,&quot;controls&quot;:&quot;yes&quot;}\" data-widget_type=\"video.default\">\n\t\t\t\t<div class=\"elementor-widget-container\">\n\t\t\t\t\t\t\t<div class=\"elementor-wrapper elementor-open-inline\">\n\t\t\t<div class=\"elementor-video\"><\/div>\t\t<\/div>\n\t\t\t\t\t\t<\/div>\n\t\t\t\t<\/div>\n\t\t\t\t<div class=\"elementor-element elementor-element-5214f52 elementor-widget elementor-widget-text-editor\" data-id=\"5214f52\" data-element_type=\"widget\" data-widget_type=\"text-editor.default\">\n\t\t\t\t<div class=\"elementor-widget-container\">\n\t\t\t\t\t\t\t\t\t<p class=\"translation-block\">Discussion\n<br>\nModeration by Lorenz Br\u00e4ker, Vice-president of the International Union of Architects, Paris (FRA)<\/p>\t\t\t\t\t\t\t\t<\/div>\n\t\t\t\t<\/div>\n\t\t\t\t\t<\/div>\n\t\t\t\t<\/div>\n\t\t\t\t\t<\/div>\n\t\t\t\t<\/div>\n\t\t\t\t\t<\/div>\n\t\t\t\t<\/div>\n\t\t\t\t<div class=\"elementor-element elementor-element-b52aae1 elementor-widget elementor-widget-dcwi-prev-widget-toggle\" data-id=\"b52aae1\" data-element_type=\"widget\" data-widget_type=\"dcwi-prev-widget-toggle.default\">\n\t\t\t\t<div class=\"elementor-widget-container\">\n\t\t\t\t\t        <div class=\"a-link__wrapper -linkBar\"  data-no-translate>\n            <span tabindex=\"0\"\n                  class=\"a-link -linkBar do-togglePrevWidget -toggleNext\">\n                <span class=\"a-link__label\">Videos Session 3: How can quality be systematised?<\/span>\n                <svg class=\"svg-inline--fa fa-chevron-down a-link__icon\" aria-hidden=\"true\" focusable=\"false\" data-prefix=\"fal\"\n                     data-icon=\"chevron-down\" role=\"img\" xmlns=\"http:\/\/www.w3.org\/2000\/svg\" viewbox=\"0 0 448 512\" data-fa-i2svg=\"\"><path\n                            fill=\"currentColor\"\n                            d=\"M4.251 181.1C7.392 177.7 11.69 175.1 16 175.1c3.891 0 7.781 1.406 10.86 4.25l197.1 181.1l197.1-181.1c6.5-6 16.64-5.625 22.61 .9062c6 6.5 5.594 16.59-.8906 22.59l-208 192c-6.156 5.688-15.56 5.688-21.72 0l-208-192C-1.343 197.7-1.749 187.6 4.251 181.1z\"><\/path><\/svg>\n            <\/span>\n        <\/div>\n        \t\t\t\t<\/div>\n\t\t\t\t<\/div>\n\t\t<div class=\"elementor-element elementor-element-a995348 a-toggleableWidget e-flex e-con-boxed e-con e-child\" data-id=\"a995348\" data-element_type=\"container\">\n\t\t\t\t\t<div class=\"e-con-inner\">\n\t\t\t\t<div class=\"elementor-element elementor-element-013f1c8 u-leadText elementor-widget elementor-widget-text-editor\" data-id=\"013f1c8\" data-element_type=\"widget\" data-widget_type=\"text-editor.default\">\n\t\t\t\t<div class=\"elementor-widget-container\">\n\t\t\t\t\t\t\t\t\t<p>Different fields of expertise have established their own quality management systems. What can we learn from them? What are the prospects and limitations of quality management in the area of <i>Baukultur?<\/i> This session explores methods and tools to comprehend quality in terms of Baukultur.<\/p>\t\t\t\t\t\t\t\t<\/div>\n\t\t\t\t<\/div>\n\t\t<div class=\"elementor-element elementor-element-12de0d2 e-grid u-sidePadding e-con-boxed e-con e-child\" data-id=\"12de0d2\" data-element_type=\"container\">\n\t\t\t\t\t<div class=\"e-con-inner\">\n\t\t<div class=\"elementor-element elementor-element-49024a0 e-flex e-con-boxed e-con e-child\" data-id=\"49024a0\" data-element_type=\"container\">\n\t\t\t\t\t<div class=\"e-con-inner\">\n\t\t\t\t<div class=\"elementor-element elementor-element-53aa22c elementor-widget__width-initial elementor-widget-mobile__width-inherit dce_masking-none elementor-widget elementor-widget-video\" data-id=\"53aa22c\" data-element_type=\"widget\" data-settings=\"{&quot;youtube_url&quot;:&quot;https:\\\/\\\/youtu.be\\\/jxVzqhzhRXM&quot;,&quot;video_type&quot;:&quot;youtube&quot;,&quot;controls&quot;:&quot;yes&quot;}\" data-widget_type=\"video.default\">\n\t\t\t\t<div class=\"elementor-widget-container\">\n\t\t\t\t\t\t\t<div class=\"elementor-wrapper elementor-open-inline\">\n\t\t\t<div class=\"elementor-video\"><\/div>\t\t<\/div>\n\t\t\t\t\t\t<\/div>\n\t\t\t\t<\/div>\n\t\t\t\t<div class=\"elementor-element elementor-element-0b24f5b elementor-widget elementor-widget-text-editor\" data-id=\"0b24f5b\" data-element_type=\"widget\" data-widget_type=\"text-editor.default\">\n\t\t\t\t<div class=\"elementor-widget-container\">\n\t\t\t\t\t\t\t\t\t<p class=\"translation-block\">Urban design governance and place value\n<br>\nMatthew Carmona, Professor of Planning and Urban Design at University College London (GBR)<\/p>\t\t\t\t\t\t\t\t<\/div>\n\t\t\t\t<\/div>\n\t\t\t\t<div class=\"elementor-element elementor-element-5b73d5e elementor-widget elementor-widget-dcwi-link\" data-id=\"5b73d5e\" data-element_type=\"widget\" data-widget_type=\"dcwi-link.default\">\n\t\t\t\t<div class=\"elementor-widget-container\">\n\t\t\t\t\t            <div class=\"a-link__wrapper\" >\n                <a href=\"\/wp-content\/uploads\/sites\/2\/2023\/06\/2022-06-28-160319-matthewcarmona.pdf\"  target=\"_blank\"                    class=\"a-link -icon -icon-type-arrowRight\"\n                    >\n                    written presentation Matthew Carmona (pdf)                    <svg class=\"svg-inline--fa fa-arrow-right\" aria-hidden=\"true\" focusable=\"false\" data-prefix=\"fal\" data-icon=\"arrow-right\" role=\"img\" xmlns=\"http:\/\/www.w3.org\/2000\/svg\" viewbox=\"0 0 448 512\" data-fa-i2svg=\"\"><path fill=\"currentColor\" d=\"M443.7 266.8l-165.9 176C274.5 446.3 269.1 448 265.5 448c-3.986 0-7.988-1.375-11.16-4.156c-6.773-5.938-7.275-16.06-1.118-22.59L393.9 272H16.59c-9.171 0-16.59-7.155-16.59-15.1S7.421 240 16.59 240h377.3l-140.7-149.3c-6.157-6.531-5.655-16.66 1.118-22.59c6.789-5.906 17.27-5.469 23.45 1.094l165.9 176C449.4 251.3 449.4 260.7 443.7 266.8z\"><\/path><\/svg>                <\/a>\n            <\/div>\n            \t\t\t\t<\/div>\n\t\t\t\t<\/div>\n\t\t\t\t\t<\/div>\n\t\t\t\t<\/div>\n\t\t<div class=\"elementor-element elementor-element-f6a2c1e e-flex e-con-boxed e-con e-child\" data-id=\"f6a2c1e\" data-element_type=\"container\">\n\t\t\t\t\t<div class=\"e-con-inner\">\n\t\t\t\t<div class=\"elementor-element elementor-element-a0ec2c0 elementor-widget__width-initial elementor-widget-mobile__width-inherit dce_masking-none elementor-widget elementor-widget-video\" data-id=\"a0ec2c0\" data-element_type=\"widget\" data-settings=\"{&quot;youtube_url&quot;:&quot;https:\\\/\\\/youtu.be\\\/HtejEM7jRQs&quot;,&quot;video_type&quot;:&quot;youtube&quot;,&quot;controls&quot;:&quot;yes&quot;}\" data-widget_type=\"video.default\">\n\t\t\t\t<div class=\"elementor-widget-container\">\n\t\t\t\t\t\t\t<div class=\"elementor-wrapper elementor-open-inline\">\n\t\t\t<div class=\"elementor-video\"><\/div>\t\t<\/div>\n\t\t\t\t\t\t<\/div>\n\t\t\t\t<\/div>\n\t\t\t\t<div class=\"elementor-element elementor-element-b5d79b7 elementor-widget elementor-widget-text-editor\" data-id=\"b5d79b7\" data-element_type=\"widget\" data-widget_type=\"text-editor.default\">\n\t\t\t\t<div class=\"elementor-widget-container\">\n\t\t\t\t\t\t\t\t\tHow is high-quality Baukultur achieved and ensured?\n<br>\nPanel with Matthew Carmona, Natalie Mossin (Head of the Institute of Architecture and Technology at the Royal Danish Academy of Fine Arts, Copenhagen, DNK), Veronika Valk-Siska (Advisor on Architecture and Design at the Ministry of Culture of Estonia, Tallinn, EST) and Bernhard Furrer (ICOMOS, Paris, FRA)\t\t\t\t\t\t\t\t<\/div>\n\t\t\t\t<\/div>\n\t\t\t\t\t<\/div>\n\t\t\t\t<\/div>\n\t\t\t\t\t<\/div>\n\t\t\t\t<\/div>\n\t\t\t\t\t<\/div>\n\t\t\t\t<\/div>\n\t\t\t\t<div class=\"elementor-element elementor-element-0f0a1d3 elementor-widget elementor-widget-dcwi-prev-widget-toggle\" data-id=\"0f0a1d3\" data-element_type=\"widget\" data-widget_type=\"dcwi-prev-widget-toggle.default\">\n\t\t\t\t<div class=\"elementor-widget-container\">\n\t\t\t\t\t        <div class=\"a-link__wrapper -linkBar\"  data-no-translate>\n            <span tabindex=\"0\"\n                  class=\"a-link -linkBar do-togglePrevWidget -toggleNext\">\n                <span class=\"a-link__label\">Videos Parallel event 3: Systematising quality<\/span>\n                <svg class=\"svg-inline--fa fa-chevron-down a-link__icon\" aria-hidden=\"true\" focusable=\"false\" data-prefix=\"fal\"\n                     data-icon=\"chevron-down\" role=\"img\" xmlns=\"http:\/\/www.w3.org\/2000\/svg\" viewbox=\"0 0 448 512\" data-fa-i2svg=\"\"><path\n                            fill=\"currentColor\"\n                            d=\"M4.251 181.1C7.392 177.7 11.69 175.1 16 175.1c3.891 0 7.781 1.406 10.86 4.25l197.1 181.1l197.1-181.1c6.5-6 16.64-5.625 22.61 .9062c6 6.5 5.594 16.59-.8906 22.59l-208 192c-6.156 5.688-15.56 5.688-21.72 0l-208-192C-1.343 197.7-1.749 187.6 4.251 181.1z\"><\/path><\/svg>\n            <\/span>\n        <\/div>\n        \t\t\t\t<\/div>\n\t\t\t\t<\/div>\n\t\t<div class=\"elementor-element elementor-element-d13f1bf a-toggleableWidget e-flex e-con-boxed e-con e-child\" data-id=\"d13f1bf\" data-element_type=\"container\">\n\t\t\t\t\t<div class=\"e-con-inner\">\n\t\t<div class=\"elementor-element elementor-element-58882aa e-grid u-sidePadding e-con-boxed e-con e-child\" data-id=\"58882aa\" data-element_type=\"container\">\n\t\t\t\t\t<div class=\"e-con-inner\">\n\t\t<div class=\"elementor-element elementor-element-80bc210 e-flex e-con-boxed e-con e-child\" data-id=\"80bc210\" data-element_type=\"container\">\n\t\t\t\t\t<div class=\"e-con-inner\">\n\t\t\t\t<div class=\"elementor-element elementor-element-d6ba8d5 elementor-widget__width-initial elementor-widget-mobile__width-inherit dce_masking-none elementor-widget elementor-widget-video\" data-id=\"d6ba8d5\" data-element_type=\"widget\" data-settings=\"{&quot;youtube_url&quot;:&quot;https:\\\/\\\/youtu.be\\\/PDIHhJBjtAs&quot;,&quot;video_type&quot;:&quot;youtube&quot;,&quot;controls&quot;:&quot;yes&quot;}\" data-widget_type=\"video.default\">\n\t\t\t\t<div class=\"elementor-widget-container\">\n\t\t\t\t\t\t\t<div class=\"elementor-wrapper elementor-open-inline\">\n\t\t\t<div class=\"elementor-video\"><\/div>\t\t<\/div>\n\t\t\t\t\t\t<\/div>\n\t\t\t\t<\/div>\n\t\t\t\t<div class=\"elementor-element elementor-element-d608a9e elementor-widget elementor-widget-text-editor\" data-id=\"d608a9e\" data-element_type=\"widget\" data-widget_type=\"text-editor.default\">\n\t\t\t\t<div class=\"elementor-widget-container\">\n\t\t\t\t\t\t\t\t\t<p class=\"translation-block\">Urban data for improved everyday life\n<br>\nAlanus von Radecki, Head of the Urban Governance Innovation Team at Fraunhofer Institute, Stuttgart (GER)<\/p>\t\t\t\t\t\t\t\t<\/div>\n\t\t\t\t<\/div>\n\t\t\t\t<div class=\"elementor-element elementor-element-d219b29 elementor-widget elementor-widget-dcwi-link\" data-id=\"d219b29\" data-element_type=\"widget\" data-widget_type=\"dcwi-link.default\">\n\t\t\t\t<div class=\"elementor-widget-container\">\n\t\t\t\t\t            <div class=\"a-link__wrapper\" >\n                <a href=\"\/wp-content\/uploads\/sites\/2\/2023\/06\/2022-06-28-154805-alanusvonradecki.pdf\"  target=\"_blank\"                    class=\"a-link -icon -icon-type-arrowRight\"\n                    >\n                    written presentation Alanus von Radecki (pdf)                    <svg class=\"svg-inline--fa fa-arrow-right\" aria-hidden=\"true\" focusable=\"false\" data-prefix=\"fal\" data-icon=\"arrow-right\" role=\"img\" xmlns=\"http:\/\/www.w3.org\/2000\/svg\" viewbox=\"0 0 448 512\" data-fa-i2svg=\"\"><path fill=\"currentColor\" d=\"M443.7 266.8l-165.9 176C274.5 446.3 269.1 448 265.5 448c-3.986 0-7.988-1.375-11.16-4.156c-6.773-5.938-7.275-16.06-1.118-22.59L393.9 272H16.59c-9.171 0-16.59-7.155-16.59-15.1S7.421 240 16.59 240h377.3l-140.7-149.3c-6.157-6.531-5.655-16.66 1.118-22.59c6.789-5.906 17.27-5.469 23.45 1.094l165.9 176C449.4 251.3 449.4 260.7 443.7 266.8z\"><\/path><\/svg>                <\/a>\n            <\/div>\n            \t\t\t\t<\/div>\n\t\t\t\t<\/div>\n\t\t\t\t\t<\/div>\n\t\t\t\t<\/div>\n\t\t<div class=\"elementor-element elementor-element-e5b8b12 e-flex e-con-boxed e-con e-child\" data-id=\"e5b8b12\" data-element_type=\"container\">\n\t\t\t\t\t<div class=\"e-con-inner\">\n\t\t\t\t<div class=\"elementor-element elementor-element-02c130c elementor-widget__width-initial elementor-widget-mobile__width-inherit dce_masking-none elementor-widget elementor-widget-video\" data-id=\"02c130c\" data-element_type=\"widget\" data-settings=\"{&quot;youtube_url&quot;:&quot;https:\\\/\\\/youtu.be\\\/eTsH4KCYGxE&quot;,&quot;video_type&quot;:&quot;youtube&quot;,&quot;controls&quot;:&quot;yes&quot;}\" data-widget_type=\"video.default\">\n\t\t\t\t<div class=\"elementor-widget-container\">\n\t\t\t\t\t\t\t<div class=\"elementor-wrapper elementor-open-inline\">\n\t\t\t<div class=\"elementor-video\"><\/div>\t\t<\/div>\n\t\t\t\t\t\t<\/div>\n\t\t\t\t<\/div>\n\t\t\t\t<div class=\"elementor-element elementor-element-918777b elementor-widget elementor-widget-text-editor\" data-id=\"918777b\" data-element_type=\"widget\" data-widget_type=\"text-editor.default\">\n\t\t\t\t<div class=\"elementor-widget-container\">\n\t\t\t\t\t\t\t\t\t<p class=\"translation-block\">Measuring human development\n<br>\nJon Hall, United Nations Development Programme, New York (USA)<\/p>\t\t\t\t\t\t\t\t<\/div>\n\t\t\t\t<\/div>\n\t\t\t\t<div class=\"elementor-element elementor-element-33a4220 elementor-widget elementor-widget-dcwi-link\" data-id=\"33a4220\" data-element_type=\"widget\" data-widget_type=\"dcwi-link.default\">\n\t\t\t\t<div class=\"elementor-widget-container\">\n\t\t\t\t\t            <div class=\"a-link__wrapper\" >\n                <a href=\"\/wp-content\/uploads\/sites\/2\/2023\/06\/2022-06-28-155921-jonhall.pdf\"  target=\"_blank\"                    class=\"a-link -icon -icon-type-arrowRight\"\n                    >\n                    written presentation Jon Hall (pdf)                    <svg class=\"svg-inline--fa fa-arrow-right\" aria-hidden=\"true\" focusable=\"false\" data-prefix=\"fal\" data-icon=\"arrow-right\" role=\"img\" xmlns=\"http:\/\/www.w3.org\/2000\/svg\" viewbox=\"0 0 448 512\" data-fa-i2svg=\"\"><path fill=\"currentColor\" d=\"M443.7 266.8l-165.9 176C274.5 446.3 269.1 448 265.5 448c-3.986 0-7.988-1.375-11.16-4.156c-6.773-5.938-7.275-16.06-1.118-22.59L393.9 272H16.59c-9.171 0-16.59-7.155-16.59-15.1S7.421 240 16.59 240h377.3l-140.7-149.3c-6.157-6.531-5.655-16.66 1.118-22.59c6.789-5.906 17.27-5.469 23.45 1.094l165.9 176C449.4 251.3 449.4 260.7 443.7 266.8z\"><\/path><\/svg>                <\/a>\n            <\/div>\n            \t\t\t\t<\/div>\n\t\t\t\t<\/div>\n\t\t\t\t\t<\/div>\n\t\t\t\t<\/div>\n\t\t<div class=\"elementor-element elementor-element-8e1fbdc e-flex e-con-boxed e-con e-child\" data-id=\"8e1fbdc\" data-element_type=\"container\">\n\t\t\t\t\t<div class=\"e-con-inner\">\n\t\t\t\t<div class=\"elementor-element elementor-element-437d943 elementor-widget__width-initial elementor-widget-mobile__width-inherit dce_masking-none elementor-widget elementor-widget-video\" data-id=\"437d943\" data-element_type=\"widget\" data-settings=\"{&quot;youtube_url&quot;:&quot;https:\\\/\\\/youtu.be\\\/JlzssiesG9w&quot;,&quot;video_type&quot;:&quot;youtube&quot;,&quot;controls&quot;:&quot;yes&quot;}\" data-widget_type=\"video.default\">\n\t\t\t\t<div class=\"elementor-widget-container\">\n\t\t\t\t\t\t\t<div class=\"elementor-wrapper elementor-open-inline\">\n\t\t\t<div class=\"elementor-video\"><\/div>\t\t<\/div>\n\t\t\t\t\t\t<\/div>\n\t\t\t\t<\/div>\n\t\t\t\t<div class=\"elementor-element elementor-element-ce4275c elementor-widget elementor-widget-text-editor\" data-id=\"ce4275c\" data-element_type=\"widget\" data-widget_type=\"text-editor.default\">\n\t\t\t\t<div class=\"elementor-widget-container\">\n\t\t\t\t\t\t\t\t\t<p class=\"translation-block\">Towards an African model of sustainable construction\n<br>\nKelly Doran, Senior Principal at MASS Design Group, Kigali (RWA)<\/p>\t\t\t\t\t\t\t\t<\/div>\n\t\t\t\t<\/div>\n\t\t\t\t<div class=\"elementor-element elementor-element-f82442e elementor-widget elementor-widget-dcwi-link\" data-id=\"f82442e\" data-element_type=\"widget\" data-widget_type=\"dcwi-link.default\">\n\t\t\t\t<div class=\"elementor-widget-container\">\n\t\t\t\t\t            <div class=\"a-link__wrapper\" >\n                <a href=\"\/wp-content\/uploads\/sites\/2\/2023\/06\/2022-06-28-160010-kellydoran.pdf\"  target=\"_blank\"                    class=\"a-link -icon -icon-type-arrowRight\"\n                    >\n                    written presentation Kelly Doran (pdf)                    <svg class=\"svg-inline--fa fa-arrow-right\" aria-hidden=\"true\" focusable=\"false\" data-prefix=\"fal\" data-icon=\"arrow-right\" role=\"img\" xmlns=\"http:\/\/www.w3.org\/2000\/svg\" viewbox=\"0 0 448 512\" data-fa-i2svg=\"\"><path fill=\"currentColor\" d=\"M443.7 266.8l-165.9 176C274.5 446.3 269.1 448 265.5 448c-3.986 0-7.988-1.375-11.16-4.156c-6.773-5.938-7.275-16.06-1.118-22.59L393.9 272H16.59c-9.171 0-16.59-7.155-16.59-15.1S7.421 240 16.59 240h377.3l-140.7-149.3c-6.157-6.531-5.655-16.66 1.118-22.59c6.789-5.906 17.27-5.469 23.45 1.094l165.9 176C449.4 251.3 449.4 260.7 443.7 266.8z\"><\/path><\/svg>                <\/a>\n            <\/div>\n            \t\t\t\t<\/div>\n\t\t\t\t<\/div>\n\t\t\t\t\t<\/div>\n\t\t\t\t<\/div>\n\t\t<div class=\"elementor-element elementor-element-07dd16f e-flex e-con-boxed e-con e-child\" data-id=\"07dd16f\" data-element_type=\"container\">\n\t\t\t\t\t<div class=\"e-con-inner\">\n\t\t\t\t<div class=\"elementor-element elementor-element-9b06ce2 elementor-widget__width-initial elementor-widget-mobile__width-inherit dce_masking-none elementor-widget elementor-widget-video\" data-id=\"9b06ce2\" data-element_type=\"widget\" data-settings=\"{&quot;youtube_url&quot;:&quot;https:\\\/\\\/youtu.be\\\/vj2xjgrb65Q&quot;,&quot;video_type&quot;:&quot;youtube&quot;,&quot;controls&quot;:&quot;yes&quot;}\" data-widget_type=\"video.default\">\n\t\t\t\t<div class=\"elementor-widget-container\">\n\t\t\t\t\t\t\t<div class=\"elementor-wrapper elementor-open-inline\">\n\t\t\t<div class=\"elementor-video\"><\/div>\t\t<\/div>\n\t\t\t\t\t\t<\/div>\n\t\t\t\t<\/div>\n\t\t\t\t<div class=\"elementor-element elementor-element-1ee5925 elementor-widget elementor-widget-text-editor\" data-id=\"1ee5925\" data-element_type=\"widget\" data-widget_type=\"text-editor.default\">\n\t\t\t\t<div class=\"elementor-widget-container\">\n\t\t\t\t\t\t\t\t\t<p class=\"translation-block\">Discussion\n<br>\nModeration by Francesco della Casa, cantonal architect, Geneva (SUI)<\/p>\t\t\t\t\t\t\t\t<\/div>\n\t\t\t\t<\/div>\n\t\t\t\t\t<\/div>\n\t\t\t\t<\/div>\n\t\t\t\t\t<\/div>\n\t\t\t\t<\/div>\n\t\t\t\t\t<\/div>\n\t\t\t\t<\/div>\n\t\t\t\t<div class=\"elementor-element elementor-element-d42e061 elementor-widget elementor-widget-dcwi-prev-widget-toggle\" data-id=\"d42e061\" data-element_type=\"widget\" data-widget_type=\"dcwi-prev-widget-toggle.default\">\n\t\t\t\t<div class=\"elementor-widget-container\">\n\t\t\t\t\t        <div class=\"a-link__wrapper -linkBar\"  data-no-translate>\n            <span tabindex=\"0\"\n                  class=\"a-link -linkBar do-togglePrevWidget -toggleNext\">\n                <span class=\"a-link__label\">Videos Parallel event 4: Creating identity<\/span>\n                <svg class=\"svg-inline--fa fa-chevron-down a-link__icon\" aria-hidden=\"true\" focusable=\"false\" data-prefix=\"fal\"\n                     data-icon=\"chevron-down\" role=\"img\" xmlns=\"http:\/\/www.w3.org\/2000\/svg\" viewbox=\"0 0 448 512\" data-fa-i2svg=\"\"><path\n                            fill=\"currentColor\"\n                            d=\"M4.251 181.1C7.392 177.7 11.69 175.1 16 175.1c3.891 0 7.781 1.406 10.86 4.25l197.1 181.1l197.1-181.1c6.5-6 16.64-5.625 22.61 .9062c6 6.5 5.594 16.59-.8906 22.59l-208 192c-6.156 5.688-15.56 5.688-21.72 0l-208-192C-1.343 197.7-1.749 187.6 4.251 181.1z\"><\/path><\/svg>\n            <\/span>\n        <\/div>\n        \t\t\t\t<\/div>\n\t\t\t\t<\/div>\n\t\t<div class=\"elementor-element elementor-element-0a913cd a-toggleableWidget e-flex e-con-boxed e-con e-child\" data-id=\"0a913cd\" data-element_type=\"container\">\n\t\t\t\t\t<div class=\"e-con-inner\">\n\t\t<div class=\"elementor-element elementor-element-68e245c e-grid u-sidePadding e-con-boxed e-con e-child\" data-id=\"68e245c\" data-element_type=\"container\">\n\t\t\t\t\t<div class=\"e-con-inner\">\n\t\t<div class=\"elementor-element elementor-element-c4b3f1a e-flex e-con-boxed e-con e-child\" data-id=\"c4b3f1a\" data-element_type=\"container\">\n\t\t\t\t\t<div class=\"e-con-inner\">\n\t\t\t\t<div class=\"elementor-element elementor-element-8564a0f elementor-widget__width-initial elementor-widget-mobile__width-inherit dce_masking-none elementor-widget elementor-widget-video\" data-id=\"8564a0f\" data-element_type=\"widget\" data-settings=\"{&quot;youtube_url&quot;:&quot;https:\\\/\\\/youtu.be\\\/eztP7QqRARQ&quot;,&quot;video_type&quot;:&quot;youtube&quot;,&quot;controls&quot;:&quot;yes&quot;}\" data-widget_type=\"video.default\">\n\t\t\t\t<div class=\"elementor-widget-container\">\n\t\t\t\t\t\t\t<div class=\"elementor-wrapper elementor-open-inline\">\n\t\t\t<div class=\"elementor-video\"><\/div>\t\t<\/div>\n\t\t\t\t\t\t<\/div>\n\t\t\t\t<\/div>\n\t\t\t\t<div class=\"elementor-element elementor-element-f6ae476 elementor-widget elementor-widget-text-editor\" data-id=\"f6ae476\" data-element_type=\"widget\" data-widget_type=\"text-editor.default\">\n\t\t\t\t<div class=\"elementor-widget-container\">\n\t\t\t\t\t\t\t\t\t<p class=\"translation-block\">Diversity and inclusion in urban societies\n<br>\nWolfgang Kaschuba, Ethnologist and Cultural Scientist, Professor emeritus at Humboldt University of Berlin (GER)<\/p>\t\t\t\t\t\t\t\t<\/div>\n\t\t\t\t<\/div>\n\t\t\t\t<div class=\"elementor-element elementor-element-26cedfa elementor-widget elementor-widget-dcwi-link\" data-id=\"26cedfa\" data-element_type=\"widget\" data-widget_type=\"dcwi-link.default\">\n\t\t\t\t<div class=\"elementor-widget-container\">\n\t\t\t\t\t            <div class=\"a-link__wrapper\" >\n                <a href=\"\/wp-content\/uploads\/sites\/2\/2023\/06\/2022-06-28-161244-wolfgangkaschuba.pdf\"  target=\"_blank\"                    class=\"a-link -icon -icon-type-arrowRight\"\n                    >\n                    written presentation Wolfgang Kaschuba (pdf)                    <svg class=\"svg-inline--fa fa-arrow-right\" aria-hidden=\"true\" focusable=\"false\" data-prefix=\"fal\" data-icon=\"arrow-right\" role=\"img\" xmlns=\"http:\/\/www.w3.org\/2000\/svg\" viewbox=\"0 0 448 512\" data-fa-i2svg=\"\"><path fill=\"currentColor\" d=\"M443.7 266.8l-165.9 176C274.5 446.3 269.1 448 265.5 448c-3.986 0-7.988-1.375-11.16-4.156c-6.773-5.938-7.275-16.06-1.118-22.59L393.9 272H16.59c-9.171 0-16.59-7.155-16.59-15.1S7.421 240 16.59 240h377.3l-140.7-149.3c-6.157-6.531-5.655-16.66 1.118-22.59c6.789-5.906 17.27-5.469 23.45 1.094l165.9 176C449.4 251.3 449.4 260.7 443.7 266.8z\"><\/path><\/svg>                <\/a>\n            <\/div>\n            \t\t\t\t<\/div>\n\t\t\t\t<\/div>\n\t\t\t\t\t<\/div>\n\t\t\t\t<\/div>\n\t\t<div class=\"elementor-element elementor-element-bfc809e e-flex e-con-boxed e-con e-child\" data-id=\"bfc809e\" data-element_type=\"container\">\n\t\t\t\t\t<div class=\"e-con-inner\">\n\t\t\t\t<div class=\"elementor-element elementor-element-48d4a14 elementor-widget__width-initial elementor-widget-mobile__width-inherit dce_masking-none elementor-widget elementor-widget-video\" data-id=\"48d4a14\" data-element_type=\"widget\" data-settings=\"{&quot;youtube_url&quot;:&quot;https:\\\/\\\/youtu.be\\\/SWp1PWOH5-M&quot;,&quot;video_type&quot;:&quot;youtube&quot;,&quot;controls&quot;:&quot;yes&quot;}\" data-widget_type=\"video.default\">\n\t\t\t\t<div class=\"elementor-widget-container\">\n\t\t\t\t\t\t\t<div class=\"elementor-wrapper elementor-open-inline\">\n\t\t\t<div class=\"elementor-video\"><\/div>\t\t<\/div>\n\t\t\t\t\t\t<\/div>\n\t\t\t\t<\/div>\n\t\t\t\t<div class=\"elementor-element elementor-element-774c9aa elementor-widget elementor-widget-text-editor\" data-id=\"774c9aa\" data-element_type=\"widget\" data-widget_type=\"text-editor.default\">\n\t\t\t\t<div class=\"elementor-widget-container\">\n\t\t\t\t\t\t\t\t\t<p class=\"translation-block\">Regeneration of historic urban centres\n<br>\nClaudine Houbart, Architecture and Conservation Historian at the University of Li\u00e8ge (BEL)<\/p>\t\t\t\t\t\t\t\t<\/div>\n\t\t\t\t<\/div>\n\t\t\t\t<div class=\"elementor-element elementor-element-9325a56 elementor-widget elementor-widget-dcwi-link\" data-id=\"9325a56\" data-element_type=\"widget\" data-widget_type=\"dcwi-link.default\">\n\t\t\t\t<div class=\"elementor-widget-container\">\n\t\t\t\t\t            <div class=\"a-link__wrapper\" >\n                <a href=\"\/wp-content\/uploads\/sites\/2\/2023\/06\/2022-06-28-155318-claudinehoubart.pdf\"  target=\"_blank\"                    class=\"a-link -icon -icon-type-arrowRight\"\n                    >\n                    written presentation Claudine Houbart (pdf)                    <svg class=\"svg-inline--fa fa-arrow-right\" aria-hidden=\"true\" focusable=\"false\" data-prefix=\"fal\" data-icon=\"arrow-right\" role=\"img\" xmlns=\"http:\/\/www.w3.org\/2000\/svg\" viewbox=\"0 0 448 512\" data-fa-i2svg=\"\"><path fill=\"currentColor\" d=\"M443.7 266.8l-165.9 176C274.5 446.3 269.1 448 265.5 448c-3.986 0-7.988-1.375-11.16-4.156c-6.773-5.938-7.275-16.06-1.118-22.59L393.9 272H16.59c-9.171 0-16.59-7.155-16.59-15.1S7.421 240 16.59 240h377.3l-140.7-149.3c-6.157-6.531-5.655-16.66 1.118-22.59c6.789-5.906 17.27-5.469 23.45 1.094l165.9 176C449.4 251.3 449.4 260.7 443.7 266.8z\"><\/path><\/svg>                <\/a>\n            <\/div>\n            \t\t\t\t<\/div>\n\t\t\t\t<\/div>\n\t\t\t\t\t<\/div>\n\t\t\t\t<\/div>\n\t\t<div class=\"elementor-element elementor-element-a94d6a2 e-flex e-con-boxed e-con e-child\" data-id=\"a94d6a2\" data-element_type=\"container\">\n\t\t\t\t\t<div class=\"e-con-inner\">\n\t\t\t\t<div class=\"elementor-element elementor-element-67941b6 elementor-widget__width-initial elementor-widget-mobile__width-inherit dce_masking-none elementor-widget elementor-widget-video\" data-id=\"67941b6\" data-element_type=\"widget\" data-settings=\"{&quot;youtube_url&quot;:&quot;https:\\\/\\\/youtu.be\\\/jc1DxxOmB2w&quot;,&quot;video_type&quot;:&quot;youtube&quot;,&quot;controls&quot;:&quot;yes&quot;}\" data-widget_type=\"video.default\">\n\t\t\t\t<div class=\"elementor-widget-container\">\n\t\t\t\t\t\t\t<div class=\"elementor-wrapper elementor-open-inline\">\n\t\t\t<div class=\"elementor-video\"><\/div>\t\t<\/div>\n\t\t\t\t\t\t<\/div>\n\t\t\t\t<\/div>\n\t\t\t\t<div class=\"elementor-element elementor-element-fbc3e42 elementor-widget elementor-widget-text-editor\" data-id=\"fbc3e42\" data-element_type=\"widget\" data-widget_type=\"text-editor.default\">\n\t\t\t\t<div class=\"elementor-widget-container\">\n\t\t\t\t\t\t\t\t\t<p class=\"translation-block\">Shaping future identities by digital fabrication\n<br>\nMatthias Kohler, Professor of Architecture and Digital Fabrication at ETH Zurich (SUI)<\/p>\t\t\t\t\t\t\t\t<\/div>\n\t\t\t\t<\/div>\n\t\t\t\t<div class=\"elementor-element elementor-element-4a55c6c elementor-widget elementor-widget-dcwi-link\" data-id=\"4a55c6c\" data-element_type=\"widget\" data-widget_type=\"dcwi-link.default\">\n\t\t\t\t<div class=\"elementor-widget-container\">\n\t\t\t\t\t            <div class=\"a-link__wrapper\" >\n                <a href=\"\/wp-content\/uploads\/sites\/2\/2023\/06\/2022-06-28-160451-matthiaskohler.pdf\"  target=\"_blank\"                    class=\"a-link -icon -icon-type-arrowRight\"\n                    >\n                    written presentation Matthias Kohler (pdf)                    <svg class=\"svg-inline--fa fa-arrow-right\" aria-hidden=\"true\" focusable=\"false\" data-prefix=\"fal\" data-icon=\"arrow-right\" role=\"img\" xmlns=\"http:\/\/www.w3.org\/2000\/svg\" viewbox=\"0 0 448 512\" data-fa-i2svg=\"\"><path fill=\"currentColor\" d=\"M443.7 266.8l-165.9 176C274.5 446.3 269.1 448 265.5 448c-3.986 0-7.988-1.375-11.16-4.156c-6.773-5.938-7.275-16.06-1.118-22.59L393.9 272H16.59c-9.171 0-16.59-7.155-16.59-15.1S7.421 240 16.59 240h377.3l-140.7-149.3c-6.157-6.531-5.655-16.66 1.118-22.59c6.789-5.906 17.27-5.469 23.45 1.094l165.9 176C449.4 251.3 449.4 260.7 443.7 266.8z\"><\/path><\/svg>                <\/a>\n            <\/div>\n            \t\t\t\t<\/div>\n\t\t\t\t<\/div>\n\t\t\t\t\t<\/div>\n\t\t\t\t<\/div>\n\t\t<div class=\"elementor-element elementor-element-c82a5b0 e-flex e-con-boxed e-con e-child\" data-id=\"c82a5b0\" data-element_type=\"container\">\n\t\t\t\t\t<div class=\"e-con-inner\">\n\t\t\t\t<div class=\"elementor-element elementor-element-28594b0 elementor-widget__width-initial elementor-widget-mobile__width-inherit dce_masking-none elementor-widget elementor-widget-video\" data-id=\"28594b0\" data-element_type=\"widget\" data-settings=\"{&quot;youtube_url&quot;:&quot;https:\\\/\\\/youtu.be\\\/3SKHD9-WFvw&quot;,&quot;video_type&quot;:&quot;youtube&quot;,&quot;controls&quot;:&quot;yes&quot;}\" data-widget_type=\"video.default\">\n\t\t\t\t<div class=\"elementor-widget-container\">\n\t\t\t\t\t\t\t<div class=\"elementor-wrapper elementor-open-inline\">\n\t\t\t<div class=\"elementor-video\"><\/div>\t\t<\/div>\n\t\t\t\t\t\t<\/div>\n\t\t\t\t<\/div>\n\t\t\t\t<div class=\"elementor-element elementor-element-e08651c elementor-widget elementor-widget-text-editor\" data-id=\"e08651c\" data-element_type=\"widget\" data-widget_type=\"text-editor.default\">\n\t\t\t\t<div class=\"elementor-widget-container\">\n\t\t\t\t\t\t\t\t\t<p class=\"translation-block\">Discussion\n<br>\nModeration by Trevor Marchand, ICOMOS, Paris (FRA)<\/p>\t\t\t\t\t\t\t\t<\/div>\n\t\t\t\t<\/div>\n\t\t\t\t\t<\/div>\n\t\t\t\t<\/div>\n\t\t\t\t\t<\/div>\n\t\t\t\t<\/div>\n\t\t\t\t\t<\/div>\n\t\t\t\t<\/div>\n\t\t\t\t<div class=\"elementor-element elementor-element-4bef8f9 elementor-widget elementor-widget-dcwi-prev-widget-toggle\" data-id=\"4bef8f9\" data-element_type=\"widget\" data-widget_type=\"dcwi-prev-widget-toggle.default\">\n\t\t\t\t<div class=\"elementor-widget-container\">\n\t\t\t\t\t        <div class=\"a-link__wrapper -linkBar\"  data-no-translate>\n            <span tabindex=\"0\"\n                  class=\"a-link -linkBar do-togglePrevWidget -toggleNext\">\n                <span class=\"a-link__label\">Videos Conclusion<\/span>\n                <svg class=\"svg-inline--fa fa-chevron-down a-link__icon\" aria-hidden=\"true\" focusable=\"false\" data-prefix=\"fal\"\n                     data-icon=\"chevron-down\" role=\"img\" xmlns=\"http:\/\/www.w3.org\/2000\/svg\" viewbox=\"0 0 448 512\" data-fa-i2svg=\"\"><path\n                            fill=\"currentColor\"\n                            d=\"M4.251 181.1C7.392 177.7 11.69 175.1 16 175.1c3.891 0 7.781 1.406 10.86 4.25l197.1 181.1l197.1-181.1c6.5-6 16.64-5.625 22.61 .9062c6 6.5 5.594 16.59-.8906 22.59l-208 192c-6.156 5.688-15.56 5.688-21.72 0l-208-192C-1.343 197.7-1.749 187.6 4.251 181.1z\"><\/path><\/svg>\n            <\/span>\n        <\/div>\n        \t\t\t\t<\/div>\n\t\t\t\t<\/div>\n\t\t<div class=\"elementor-element elementor-element-3ab555e a-toggleableWidget e-flex e-con-boxed e-con e-child\" data-id=\"3ab555e\" data-element_type=\"container\">\n\t\t\t\t\t<div class=\"e-con-inner\">\n\t\t<div class=\"elementor-element elementor-element-0a31916 e-grid u-sidePadding e-con-boxed e-con e-child\" data-id=\"0a31916\" data-element_type=\"container\">\n\t\t\t\t\t<div class=\"e-con-inner\">\n\t\t<div class=\"elementor-element elementor-element-bc84f2e e-flex e-con-boxed e-con e-child\" data-id=\"bc84f2e\" data-element_type=\"container\">\n\t\t\t\t\t<div class=\"e-con-inner\">\n\t\t\t\t<div class=\"elementor-element elementor-element-03c05ce elementor-widget__width-initial elementor-widget-mobile__width-inherit dce_masking-none elementor-widget elementor-widget-video\" data-id=\"03c05ce\" data-element_type=\"widget\" data-settings=\"{&quot;youtube_url&quot;:&quot;https:\\\/\\\/youtu.be\\\/4lzdrl4KnP4&quot;,&quot;video_type&quot;:&quot;youtube&quot;,&quot;controls&quot;:&quot;yes&quot;}\" data-widget_type=\"video.default\">\n\t\t\t\t<div class=\"elementor-widget-container\">\n\t\t\t\t\t\t\t<div class=\"elementor-wrapper elementor-open-inline\">\n\t\t\t<div class=\"elementor-video\"><\/div>\t\t<\/div>\n\t\t\t\t\t\t<\/div>\n\t\t\t\t<\/div>\n\t\t\t\t<div class=\"elementor-element elementor-element-c882a48 elementor-widget elementor-widget-text-editor\" data-id=\"c882a48\" data-element_type=\"widget\" data-widget_type=\"text-editor.default\">\n\t\t\t\t<div class=\"elementor-widget-container\">\n\t\t\t\t\t\t\t\t\t<p class=\"translation-block\">Baukultur\u2019s challenges: encouraging fragile connections future\n<br>\nFelicitas Hillmann, Head of the Research Unit \u201cRegeneration of cities\u201d at the Leibniz Institute for Research on Society and Space, Erkner (GER) and Professor of \u201cUrban Transformation in International Perspective\u201d at the Technical University Berlin<\/p>\t\t\t\t\t\t\t\t<\/div>\n\t\t\t\t<\/div>\n\t\t\t\t<div class=\"elementor-element elementor-element-b47a931 elementor-widget elementor-widget-dcwi-link\" data-id=\"b47a931\" data-element_type=\"widget\" data-widget_type=\"dcwi-link.default\">\n\t\t\t\t<div class=\"elementor-widget-container\">\n\t\t\t\t\t            <div class=\"a-link__wrapper\" >\n                <a href=\"\/wp-content\/uploads\/sites\/2\/2023\/06\/2022-06-28-155522-felicitashillmann.pdf\"  target=\"_blank\"                    class=\"a-link -icon -icon-type-arrowRight\"\n                    >\n                    written presentation Felicitas Hillmann (pdf)                    <svg class=\"svg-inline--fa fa-arrow-right\" aria-hidden=\"true\" focusable=\"false\" data-prefix=\"fal\" data-icon=\"arrow-right\" role=\"img\" xmlns=\"http:\/\/www.w3.org\/2000\/svg\" viewbox=\"0 0 448 512\" data-fa-i2svg=\"\"><path fill=\"currentColor\" d=\"M443.7 266.8l-165.9 176C274.5 446.3 269.1 448 265.5 448c-3.986 0-7.988-1.375-11.16-4.156c-6.773-5.938-7.275-16.06-1.118-22.59L393.9 272H16.59c-9.171 0-16.59-7.155-16.59-15.1S7.421 240 16.59 240h377.3l-140.7-149.3c-6.157-6.531-5.655-16.66 1.118-22.59c6.789-5.906 17.27-5.469 23.45 1.094l165.9 176C449.4 251.3 449.4 260.7 443.7 266.8z\"><\/path><\/svg>                <\/a>\n            <\/div>\n            \t\t\t\t<\/div>\n\t\t\t\t<\/div>\n\t\t\t\t\t<\/div>\n\t\t\t\t<\/div>\n\t\t<div class=\"elementor-element elementor-element-2fc7f75 e-flex e-con-boxed e-con e-child\" data-id=\"2fc7f75\" data-element_type=\"container\">\n\t\t\t\t\t<div class=\"e-con-inner\">\n\t\t\t\t<div class=\"elementor-element elementor-element-eff3595 elementor-widget__width-initial elementor-widget-mobile__width-inherit dce_masking-none elementor-widget elementor-widget-video\" data-id=\"eff3595\" data-element_type=\"widget\" data-settings=\"{&quot;youtube_url&quot;:&quot;https:\\\/\\\/youtu.be\\\/8vj6vYWff6k&quot;,&quot;video_type&quot;:&quot;youtube&quot;,&quot;controls&quot;:&quot;yes&quot;}\" data-widget_type=\"video.default\">\n\t\t\t\t<div class=\"elementor-widget-container\">\n\t\t\t\t\t\t\t<div class=\"elementor-wrapper elementor-open-inline\">\n\t\t\t<div class=\"elementor-video\"><\/div>\t\t<\/div>\n\t\t\t\t\t\t<\/div>\n\t\t\t\t<\/div>\n\t\t\t\t<div class=\"elementor-element elementor-element-5a93fa1 elementor-widget elementor-widget-text-editor\" data-id=\"5a93fa1\" data-element_type=\"widget\" data-widget_type=\"text-editor.default\">\n\t\t\t\t<div class=\"elementor-widget-container\">\n\t\t\t\t\t\t\t\t\t<p class=\"translation-block\">Conclusions\n<br>\nB\u00e9n\u00e9dicte Selfslagh, Davos Declaration editorial team, London (GBR)<\/p>\t\t\t\t\t\t\t\t<\/div>\n\t\t\t\t<\/div>\n\t\t\t\t\t<\/div>\n\t\t\t\t<\/div>\n\t\t\t\t\t<\/div>\n\t\t\t\t<\/div>\n\t\t\t\t\t<\/div>\n\t\t\t\t<\/div>\n\t\t\t\t\t<\/div>\n\t\t\t\t<\/div>\n\t\t<div class=\"elementor-element elementor-element-5a7a10f u-sidePadding u-dcwiSection e-flex e-con-boxed e-con e-parent\" data-id=\"5a7a10f\" data-element_type=\"container\" id=\"2019-malta\">\n\t\t\t\t\t<div class=\"e-con-inner\">\n\t\t\t\t<div class=\"elementor-element elementor-element-c2f7d48 elementor-widget elementor-widget-dcwi-event-header\" data-id=\"c2f7d48\" data-element_type=\"widget\" data-widget_type=\"dcwi-event-header.default\">\n\t\t\t\t<div class=\"elementor-widget-container\">\n\t\t\t\t\t        <div class=\"a-eventHeader\">\n            <span class=\"a-eventHeader__date\">18.10.2019<\/span>\n            <span class=\"a-eventHeader__location\">Malta<\/span>\n            <span class=\"a-eventHeader__type\">Event<\/span>\n        <\/div>\n        \t\t\t\t<\/div>\n\t\t\t\t<\/div>\n\t\t\t\t<div class=\"elementor-element elementor-element-de3cdef elementor-widget elementor-widget-dcwi-content-block\" data-id=\"de3cdef\" data-element_type=\"widget\" data-widget_type=\"dcwi-content-block.default\">\n\t\t\t\t<div class=\"elementor-widget-container\">\n\t\t\t\t\t        <div class=\"m-contentBlock\" >\n                            <div class=\"m-contentBlock__header\">\n                    <h2 class=\"u-noMargin translation-block\">A high-quality Baukultur for Europe | Examples from the Alpine and Mediterranean context\n<br>MU\u017bA | The Malta National Community Art Museum<\/h2>                <\/div>\n                        <div class=\"m-contentBlock__inner\">\n                <a class=\"m-contentBlock__imageWrapper -noFilter\"href=\"https:\/\/davosdeclaration2018.ch\/wp-content\/uploads\/sites\/2\/2023\/06\/2022-06-24-082544-6-121-daryl20cauchi-4960-jpg-1.jpg\"><img loading=\"lazy\" decoding=\"async\" width=\"640\" height=\"427\" src=\"https:\/\/davosdeclaration2018.ch\/wp-content\/uploads\/sites\/2\/2023\/06\/2022-06-24-082544-6-121-daryl20cauchi-4960-jpg-1.jpg\" class=\"m-contentBlock__image\" alt=\"\" srcset=\"https:\/\/davosdeclaration2018.ch\/wp-content\/uploads\/sites\/2\/2023\/06\/2022-06-24-082544-6-121-daryl20cauchi-4960-jpg-1.jpg 640w, https:\/\/davosdeclaration2018.ch\/wp-content\/uploads\/sites\/2\/2023\/06\/2022-06-24-082544-6-121-daryl20cauchi-4960-jpg-1-300x200.jpg 300w, https:\/\/davosdeclaration2018.ch\/wp-content\/uploads\/sites\/2\/2023\/06\/2022-06-24-082544-6-121-daryl20cauchi-4960-jpg-1-18x12.jpg 18w\" sizes=\"(max-width: 640px) 100vw, 640px\" \/><\/a>                <div class=\"m-contentBlock__content\">\n                    <p>In October 2019, the \u201cMinistry for Justice, Culture and Local Government\u201d in Malta and the Swiss embassy in Italy, Malta and San Marino organised the international conference \u201cA high-quality Baukultur for Europe. Examples from the Alpine and Mediterranean context\u201d in Malta in cooperation with the Swiss Federal Office of Culture, the \u201cMinistry of Education, Culture and University of the Republic of San Marino\u201d and the Ministry for Foreign Affairs, Justice and Culture Liechtenstein. The discussion focused on ways of implementing high-quality Baukultur in Malta, San Marino, Liechtenstein and Switzerland plus the associated challenges.<\/p>\n                                    <\/div>\n            <\/div>\n        <\/div>\n        \t\t\t\t<\/div>\n\t\t\t\t<\/div>\n\t\t\t\t<div class=\"elementor-element elementor-element-09bda6b elementor-widget elementor-widget-dcwi-prev-widget-toggle\" data-id=\"09bda6b\" data-element_type=\"widget\" data-widget_type=\"dcwi-prev-widget-toggle.default\">\n\t\t\t\t<div class=\"elementor-widget-container\">\n\t\t\t\t\t        <div class=\"a-link__wrapper -linkBar\"  data-no-translate>\n            <span tabindex=\"0\"\n                  class=\"a-link -linkBar do-togglePrevWidget -toggleNext\">\n                <span class=\"a-link__label\">Impressions<\/span>\n                <svg class=\"svg-inline--fa fa-chevron-down a-link__icon\" aria-hidden=\"true\" focusable=\"false\" data-prefix=\"fal\"\n                     data-icon=\"chevron-down\" role=\"img\" xmlns=\"http:\/\/www.w3.org\/2000\/svg\" viewbox=\"0 0 448 512\" data-fa-i2svg=\"\"><path\n                            fill=\"currentColor\"\n                            d=\"M4.251 181.1C7.392 177.7 11.69 175.1 16 175.1c3.891 0 7.781 1.406 10.86 4.25l197.1 181.1l197.1-181.1c6.5-6 16.64-5.625 22.61 .9062c6 6.5 5.594 16.59-.8906 22.59l-208 192c-6.156 5.688-15.56 5.688-21.72 0l-208-192C-1.343 197.7-1.749 187.6 4.251 181.1z\"><\/path><\/svg>\n            <\/span>\n        <\/div>\n        \t\t\t\t<\/div>\n\t\t\t\t<\/div>\n\t\t\t\t<div class=\"elementor-element elementor-element-816073e a-toggleableWidget elementor-widget elementor-widget-gallery\" data-id=\"816073e\" data-element_type=\"widget\" data-settings=\"{&quot;columns&quot;:&quot;3&quot;,&quot;gap&quot;:{&quot;unit&quot;:&quot;px&quot;,&quot;size&quot;:&quot;20&quot;,&quot;sizes&quot;:[]},&quot;lazyload&quot;:&quot;yes&quot;,&quot;gallery_layout&quot;:&quot;grid&quot;,&quot;columns_tablet&quot;:2,&quot;columns_mobile&quot;:1,&quot;gap_tablet&quot;:{&quot;unit&quot;:&quot;px&quot;,&quot;size&quot;:10,&quot;sizes&quot;:[]},&quot;gap_mobile&quot;:{&quot;unit&quot;:&quot;px&quot;,&quot;size&quot;:10,&quot;sizes&quot;:[]},&quot;link_to&quot;:&quot;file&quot;,&quot;aspect_ratio&quot;:&quot;3:2&quot;,&quot;content_hover_animation&quot;:&quot;fade-in&quot;}\" data-widget_type=\"gallery.default\">\n\t\t\t\t<div class=\"elementor-widget-container\">\n\t\t\t\t\t\t\t<div class=\"elementor-gallery__container\">\n\t\t\t\t\t\t\t<a class=\"e-gallery-item elementor-gallery-item elementor-animated-content\" href=\"https:\/\/davosdeclaration2018.ch\/wp-content\/uploads\/sites\/2\/2023\/06\/2022-06-28-162315-1-274-daryl20cauchi-5170-jpg.jpg\" data-elementor-open-lightbox=\"yes\" data-elementor-lightbox-slideshow=\"816073e\" data-elementor-lightbox-title=\"2022-06-28-162315--1-274-daryl20cauchi-5170-jpg\" data-e-action-hash=\"#elementor-action%3Aaction%3Dlightbox%26settings%3DeyJpZCI6MTQ4MCwidXJsIjoiaHR0cHM6XC9cL2Rhdm9zZGVjbGFyYXRpb24yMDE4LmNoXC93cC1jb250ZW50XC91cGxvYWRzXC9zaXRlc1wvMlwvMjAyM1wvMDZcLzIwMjItMDYtMjgtMTYyMzE1LTEtMjc0LWRhcnlsMjBjYXVjaGktNTE3MC1qcGcuanBnIiwic2xpZGVzaG93IjoiODE2MDczZSJ9\">\n\t\t\t\t\t<div class=\"e-gallery-image elementor-gallery-item__image\" data-thumbnail=\"https:\/\/davosdeclaration2018.ch\/wp-content\/uploads\/sites\/2\/2023\/06\/2022-06-28-162315-1-274-daryl20cauchi-5170-jpg.jpg\" data-width=\"639\" data-height=\"427\" aria-label=\"\" role=\"img\" ><\/div>\n\t\t\t\t\t\t\t\t\t\t\t\t\t\t<\/a>\n\t\t\t\t\t\t\t<a class=\"e-gallery-item elementor-gallery-item elementor-animated-content\" href=\"https:\/\/davosdeclaration2018.ch\/wp-content\/uploads\/sites\/2\/2023\/06\/2022-06-28-162245-7-55-daryl20cauchi-4791-jpg.jpg\" data-elementor-open-lightbox=\"yes\" data-elementor-lightbox-slideshow=\"816073e\" data-elementor-lightbox-title=\"2022-06-28-162245--7-55-daryl20cauchi-4791-jpg\" data-e-action-hash=\"#elementor-action%3Aaction%3Dlightbox%26settings%3DeyJpZCI6MTQ3OSwidXJsIjoiaHR0cHM6XC9cL2Rhdm9zZGVjbGFyYXRpb24yMDE4LmNoXC93cC1jb250ZW50XC91cGxvYWRzXC9zaXRlc1wvMlwvMjAyM1wvMDZcLzIwMjItMDYtMjgtMTYyMjQ1LTctNTUtZGFyeWwyMGNhdWNoaS00NzkxLWpwZy5qcGciLCJzbGlkZXNob3ciOiI4MTYwNzNlIn0%3D\">\n\t\t\t\t\t<div class=\"e-gallery-image elementor-gallery-item__image\" data-thumbnail=\"https:\/\/davosdeclaration2018.ch\/wp-content\/uploads\/sites\/2\/2023\/06\/2022-06-28-162245-7-55-daryl20cauchi-4791-jpg.jpg\" data-width=\"639\" data-height=\"427\" aria-label=\"\" role=\"img\" ><\/div>\n\t\t\t\t\t\t\t\t\t\t\t\t\t\t<\/a>\n\t\t\t\t\t\t\t<a class=\"e-gallery-item elementor-gallery-item elementor-animated-content\" href=\"https:\/\/davosdeclaration2018.ch\/wp-content\/uploads\/sites\/2\/2023\/06\/2022-06-28-162433-19-261-daryl20cauchi-5081-jpg.jpg\" data-elementor-open-lightbox=\"yes\" data-elementor-lightbox-slideshow=\"816073e\" data-elementor-lightbox-title=\"2022-06-28-162433--19-261-daryl20cauchi-5081-jpg\" data-e-action-hash=\"#elementor-action%3Aaction%3Dlightbox%26settings%3DeyJpZCI6MTQ4MywidXJsIjoiaHR0cHM6XC9cL2Rhdm9zZGVjbGFyYXRpb24yMDE4LmNoXC93cC1jb250ZW50XC91cGxvYWRzXC9zaXRlc1wvMlwvMjAyM1wvMDZcLzIwMjItMDYtMjgtMTYyNDMzLTE5LTI2MS1kYXJ5bDIwY2F1Y2hpLTUwODEtanBnLmpwZyIsInNsaWRlc2hvdyI6IjgxNjA3M2UifQ%3D%3D\">\n\t\t\t\t\t<div class=\"e-gallery-image elementor-gallery-item__image\" data-thumbnail=\"https:\/\/davosdeclaration2018.ch\/wp-content\/uploads\/sites\/2\/2023\/06\/2022-06-28-162433-19-261-daryl20cauchi-5081-jpg.jpg\" data-width=\"639\" data-height=\"427\" aria-label=\"\" role=\"img\" ><\/div>\n\t\t\t\t\t\t\t\t\t\t\t\t\t\t<\/a>\n\t\t\t\t\t\t\t<a class=\"e-gallery-item elementor-gallery-item elementor-animated-content\" href=\"https:\/\/davosdeclaration2018.ch\/wp-content\/uploads\/sites\/2\/2023\/06\/2022-06-28-162157-5-30-daryl20cauchi-4359-jpg.jpg\" data-elementor-open-lightbox=\"yes\" data-elementor-lightbox-slideshow=\"816073e\" data-elementor-lightbox-title=\"2022-06-28-162157--5-30-daryl20cauchi-4359-jpg\" data-e-action-hash=\"#elementor-action%3Aaction%3Dlightbox%26settings%3DeyJpZCI6MTQ3OCwidXJsIjoiaHR0cHM6XC9cL2Rhdm9zZGVjbGFyYXRpb24yMDE4LmNoXC93cC1jb250ZW50XC91cGxvYWRzXC9zaXRlc1wvMlwvMjAyM1wvMDZcLzIwMjItMDYtMjgtMTYyMTU3LTUtMzAtZGFyeWwyMGNhdWNoaS00MzU5LWpwZy5qcGciLCJzbGlkZXNob3ciOiI4MTYwNzNlIn0%3D\">\n\t\t\t\t\t<div class=\"e-gallery-image elementor-gallery-item__image\" data-thumbnail=\"https:\/\/davosdeclaration2018.ch\/wp-content\/uploads\/sites\/2\/2023\/06\/2022-06-28-162157-5-30-daryl20cauchi-4359-jpg.jpg\" data-width=\"640\" data-height=\"427\" aria-label=\"\" role=\"img\" ><\/div>\n\t\t\t\t\t\t\t\t\t\t\t\t\t\t<\/a>\n\t\t\t\t\t\t\t<a class=\"e-gallery-item elementor-gallery-item elementor-animated-content\" href=\"https:\/\/davosdeclaration2018.ch\/wp-content\/uploads\/sites\/2\/2023\/06\/2022-06-28-162413-12-167-daryl20cauchi-5126-jpg.jpg\" data-elementor-open-lightbox=\"yes\" data-elementor-lightbox-slideshow=\"816073e\" data-elementor-lightbox-title=\"2022-06-28-162413--12-167-daryl20cauchi-5126-jpg\" data-e-action-hash=\"#elementor-action%3Aaction%3Dlightbox%26settings%3DeyJpZCI6MTQ4MiwidXJsIjoiaHR0cHM6XC9cL2Rhdm9zZGVjbGFyYXRpb24yMDE4LmNoXC93cC1jb250ZW50XC91cGxvYWRzXC9zaXRlc1wvMlwvMjAyM1wvMDZcLzIwMjItMDYtMjgtMTYyNDEzLTEyLTE2Ny1kYXJ5bDIwY2F1Y2hpLTUxMjYtanBnLmpwZyIsInNsaWRlc2hvdyI6IjgxNjA3M2UifQ%3D%3D\">\n\t\t\t\t\t<div class=\"e-gallery-image elementor-gallery-item__image\" data-thumbnail=\"https:\/\/davosdeclaration2018.ch\/wp-content\/uploads\/sites\/2\/2023\/06\/2022-06-28-162413-12-167-daryl20cauchi-5126-jpg.jpg\" data-width=\"640\" data-height=\"427\" aria-label=\"\" role=\"img\" ><\/div>\n\t\t\t\t\t\t\t\t\t\t\t\t\t\t<\/a>\n\t\t\t\t\t\t\t<a class=\"e-gallery-item elementor-gallery-item elementor-animated-content\" href=\"https:\/\/davosdeclaration2018.ch\/wp-content\/uploads\/sites\/2\/2023\/06\/2022-06-28-162340-11-155-daryl20cauchi-5079-jpg.jpg\" data-elementor-open-lightbox=\"yes\" data-elementor-lightbox-slideshow=\"816073e\" data-elementor-lightbox-title=\"2022-06-28-162340--11-155-daryl20cauchi-5079-jpg\" data-e-action-hash=\"#elementor-action%3Aaction%3Dlightbox%26settings%3DeyJpZCI6MTQ4MSwidXJsIjoiaHR0cHM6XC9cL2Rhdm9zZGVjbGFyYXRpb24yMDE4LmNoXC93cC1jb250ZW50XC91cGxvYWRzXC9zaXRlc1wvMlwvMjAyM1wvMDZcLzIwMjItMDYtMjgtMTYyMzQwLTExLTE1NS1kYXJ5bDIwY2F1Y2hpLTUwNzktanBnLmpwZyIsInNsaWRlc2hvdyI6IjgxNjA3M2UifQ%3D%3D\">\n\t\t\t\t\t<div class=\"e-gallery-image elementor-gallery-item__image\" data-thumbnail=\"https:\/\/davosdeclaration2018.ch\/wp-content\/uploads\/sites\/2\/2023\/06\/2022-06-28-162340-11-155-daryl20cauchi-5079-jpg.jpg\" data-width=\"639\" data-height=\"427\" aria-label=\"\" role=\"img\" ><\/div>\n\t\t\t\t\t\t\t\t\t\t\t\t\t\t<\/a>\n\t\t\t\t\t<\/div>\n\t\t\t\t\t<\/div>\n\t\t\t\t<\/div>\n\t\t\t\t\t<\/div>\n\t\t\t\t<\/div>\n\t\t<div class=\"elementor-element elementor-element-ba75d58 u-sidePadding u-dcwiSection e-flex e-con-boxed e-con e-parent\" data-id=\"ba75d58\" data-element_type=\"container\" id=\"2018-bruessel\">\n\t\t\t\t\t<div class=\"e-con-inner\">\n\t\t\t\t<div class=\"elementor-element elementor-element-ab63564 elementor-widget elementor-widget-dcwi-event-header\" data-id=\"ab63564\" data-element_type=\"widget\" data-widget_type=\"dcwi-event-header.default\">\n\t\t\t\t<div class=\"elementor-widget-container\">\n\t\t\t\t\t        <div class=\"a-eventHeader\">\n            <span class=\"a-eventHeader__date\">3.10.2018<\/span>\n            <span class=\"a-eventHeader__location\">Brussels<\/span>\n            <span class=\"a-eventHeader__type\">Event<\/span>\n        <\/div>\n        \t\t\t\t<\/div>\n\t\t\t\t<\/div>\n\t\t\t\t<div class=\"elementor-element elementor-element-bcff1b5 elementor-widget elementor-widget-dcwi-content-block\" data-id=\"bcff1b5\" data-element_type=\"widget\" data-widget_type=\"dcwi-content-block.default\">\n\t\t\t\t<div class=\"elementor-widget-container\">\n\t\t\t\t\t        <div class=\"m-contentBlock\" >\n                            <div class=\"m-contentBlock__header\">\n                    <h2 class=\"u-noMargin\">Signature of the Davos Declaration by Belgium<\/h2>                <\/div>\n                        <div class=\"m-contentBlock__inner\">\n                <a class=\"m-contentBlock__imageWrapper -noFilter\"href=\"https:\/\/davosdeclaration2018.ch\/wp-content\/uploads\/sites\/2\/2023\/06\/2022-06-22-144957-belgien-unterschrift-davos-1.jpg\"><img loading=\"lazy\" decoding=\"async\" width=\"1000\" height=\"667\" src=\"https:\/\/davosdeclaration2018.ch\/wp-content\/uploads\/sites\/2\/2023\/06\/2022-06-22-144957-belgien-unterschrift-davos-1.jpg\" class=\"m-contentBlock__image\" alt=\"\" srcset=\"https:\/\/davosdeclaration2018.ch\/wp-content\/uploads\/sites\/2\/2023\/06\/2022-06-22-144957-belgien-unterschrift-davos-1.jpg 1000w, https:\/\/davosdeclaration2018.ch\/wp-content\/uploads\/sites\/2\/2023\/06\/2022-06-22-144957-belgien-unterschrift-davos-1-300x200.jpg 300w, https:\/\/davosdeclaration2018.ch\/wp-content\/uploads\/sites\/2\/2023\/06\/2022-06-22-144957-belgien-unterschrift-davos-1-768x512.jpg 768w, https:\/\/davosdeclaration2018.ch\/wp-content\/uploads\/sites\/2\/2023\/06\/2022-06-22-144957-belgien-unterschrift-davos-1-18x12.jpg 18w\" sizes=\"(max-width: 1000px) 100vw, 1000px\" \/><\/a>                <div class=\"m-contentBlock__content\">\n                                                        <\/div>\n            <\/div>\n        <\/div>\n        \t\t\t\t<\/div>\n\t\t\t\t<\/div>\n\t\t\t\t<div class=\"elementor-element elementor-element-ed6468b elementor-widget elementor-widget-dcwi-prev-widget-toggle\" data-id=\"ed6468b\" data-element_type=\"widget\" data-widget_type=\"dcwi-prev-widget-toggle.default\">\n\t\t\t\t<div class=\"elementor-widget-container\">\n\t\t\t\t\t        <div class=\"a-link__wrapper -linkBar\"  data-no-translate>\n            <span tabindex=\"0\"\n                  class=\"a-link -linkBar do-togglePrevWidget -toggleNext\">\n                <span class=\"a-link__label\">Impressions<\/span>\n                <svg class=\"svg-inline--fa fa-chevron-down a-link__icon\" aria-hidden=\"true\" focusable=\"false\" data-prefix=\"fal\"\n                     data-icon=\"chevron-down\" role=\"img\" xmlns=\"http:\/\/www.w3.org\/2000\/svg\" viewbox=\"0 0 448 512\" data-fa-i2svg=\"\"><path\n                            fill=\"currentColor\"\n                            d=\"M4.251 181.1C7.392 177.7 11.69 175.1 16 175.1c3.891 0 7.781 1.406 10.86 4.25l197.1 181.1l197.1-181.1c6.5-6 16.64-5.625 22.61 .9062c6 6.5 5.594 16.59-.8906 22.59l-208 192c-6.156 5.688-15.56 5.688-21.72 0l-208-192C-1.343 197.7-1.749 187.6 4.251 181.1z\"><\/path><\/svg>\n            <\/span>\n        <\/div>\n        \t\t\t\t<\/div>\n\t\t\t\t<\/div>\n\t\t\t\t<div class=\"elementor-element elementor-element-2f59b0e a-toggleableWidget elementor-widget elementor-widget-gallery\" data-id=\"2f59b0e\" data-element_type=\"widget\" data-settings=\"{&quot;columns&quot;:&quot;3&quot;,&quot;gap&quot;:{&quot;unit&quot;:&quot;px&quot;,&quot;size&quot;:&quot;20&quot;,&quot;sizes&quot;:[]},&quot;lazyload&quot;:&quot;yes&quot;,&quot;gallery_layout&quot;:&quot;grid&quot;,&quot;columns_tablet&quot;:2,&quot;columns_mobile&quot;:1,&quot;gap_tablet&quot;:{&quot;unit&quot;:&quot;px&quot;,&quot;size&quot;:10,&quot;sizes&quot;:[]},&quot;gap_mobile&quot;:{&quot;unit&quot;:&quot;px&quot;,&quot;size&quot;:10,&quot;sizes&quot;:[]},&quot;link_to&quot;:&quot;file&quot;,&quot;aspect_ratio&quot;:&quot;3:2&quot;,&quot;content_hover_animation&quot;:&quot;fade-in&quot;}\" data-widget_type=\"gallery.default\">\n\t\t\t\t<div class=\"elementor-widget-container\">\n\t\t\t\t\t\t\t<div class=\"elementor-gallery__container\">\n\t\t\t\t\t\t\t<a class=\"e-gallery-item elementor-gallery-item elementor-animated-content\" href=\"https:\/\/davosdeclaration2018.ch\/wp-content\/uploads\/sites\/2\/2023\/06\/2022-06-22-160151-belgien-unterschrift-davos-4.jpg\" data-elementor-open-lightbox=\"yes\" data-elementor-lightbox-slideshow=\"2f59b0e\" data-elementor-lightbox-title=\"2022-06-22-160151--belgien-unterschrift-davos-4\" data-e-action-hash=\"#elementor-action%3Aaction%3Dlightbox%26settings%3DeyJpZCI6MTQ5NCwidXJsIjoiaHR0cHM6XC9cL2Rhdm9zZGVjbGFyYXRpb24yMDE4LmNoXC93cC1jb250ZW50XC91cGxvYWRzXC9zaXRlc1wvMlwvMjAyM1wvMDZcLzIwMjItMDYtMjItMTYwMTUxLWJlbGdpZW4tdW50ZXJzY2hyaWZ0LWRhdm9zLTQuanBnIiwic2xpZGVzaG93IjoiMmY1OWIwZSJ9\">\n\t\t\t\t\t<div class=\"e-gallery-image elementor-gallery-item__image\" data-thumbnail=\"https:\/\/davosdeclaration2018.ch\/wp-content\/uploads\/sites\/2\/2023\/06\/2022-06-22-160151-belgien-unterschrift-davos-4-768x576.jpg\" data-width=\"768\" data-height=\"576\" aria-label=\"\" role=\"img\" ><\/div>\n\t\t\t\t\t\t\t\t\t\t\t\t\t\t<\/a>\n\t\t\t\t\t\t\t<a class=\"e-gallery-item elementor-gallery-item elementor-animated-content\" href=\"https:\/\/davosdeclaration2018.ch\/wp-content\/uploads\/sites\/2\/2023\/06\/2022-06-22-145230-belgien-unterschrift-davos-2.jpg\" data-elementor-open-lightbox=\"yes\" data-elementor-lightbox-slideshow=\"2f59b0e\" data-elementor-lightbox-title=\"2022-06-22-145230--belgien-unterschrift-davos-2\" data-e-action-hash=\"#elementor-action%3Aaction%3Dlightbox%26settings%3DeyJpZCI6MTQ5MiwidXJsIjoiaHR0cHM6XC9cL2Rhdm9zZGVjbGFyYXRpb24yMDE4LmNoXC93cC1jb250ZW50XC91cGxvYWRzXC9zaXRlc1wvMlwvMjAyM1wvMDZcLzIwMjItMDYtMjItMTQ1MjMwLWJlbGdpZW4tdW50ZXJzY2hyaWZ0LWRhdm9zLTIuanBnIiwic2xpZGVzaG93IjoiMmY1OWIwZSJ9\">\n\t\t\t\t\t<div class=\"e-gallery-image elementor-gallery-item__image\" data-thumbnail=\"https:\/\/davosdeclaration2018.ch\/wp-content\/uploads\/sites\/2\/2023\/06\/2022-06-22-145230-belgien-unterschrift-davos-2-768x576.jpg\" data-width=\"768\" data-height=\"576\" aria-label=\"\" role=\"img\" ><\/div>\n\t\t\t\t\t\t\t\t\t\t\t\t\t\t<\/a>\n\t\t\t\t\t\t\t<a class=\"e-gallery-item elementor-gallery-item elementor-animated-content\" href=\"https:\/\/davosdeclaration2018.ch\/wp-content\/uploads\/sites\/2\/2023\/06\/2022-06-22-145352-belgien-unterschrift-davos-3.jpg\" data-elementor-open-lightbox=\"yes\" data-elementor-lightbox-slideshow=\"2f59b0e\" data-elementor-lightbox-title=\"2022-06-22-145352--belgien-unterschrift-davos-3\" data-e-action-hash=\"#elementor-action%3Aaction%3Dlightbox%26settings%3DeyJpZCI6MTQ5MywidXJsIjoiaHR0cHM6XC9cL2Rhdm9zZGVjbGFyYXRpb24yMDE4LmNoXC93cC1jb250ZW50XC91cGxvYWRzXC9zaXRlc1wvMlwvMjAyM1wvMDZcLzIwMjItMDYtMjItMTQ1MzUyLWJlbGdpZW4tdW50ZXJzY2hyaWZ0LWRhdm9zLTMuanBnIiwic2xpZGVzaG93IjoiMmY1OWIwZSJ9\">\n\t\t\t\t\t<div class=\"e-gallery-image elementor-gallery-item__image\" data-thumbnail=\"https:\/\/davosdeclaration2018.ch\/wp-content\/uploads\/sites\/2\/2023\/06\/2022-06-22-145352-belgien-unterschrift-davos-3-768x512.jpg\" data-width=\"768\" data-height=\"512\" aria-label=\"\" role=\"img\" ><\/div>\n\t\t\t\t\t\t\t\t\t\t\t\t\t\t<\/a>\n\t\t\t\t\t<\/div>\n\t\t\t\t\t<\/div>\n\t\t\t\t<\/div>\n\t\t\t\t\t<\/div>\n\t\t\t\t<\/div>\n\t\t<div class=\"elementor-element elementor-element-c3a74a6 u-sidePadding u-dcwiSection e-flex e-con-boxed e-con e-parent\" data-id=\"c3a74a6\" data-element_type=\"container\" id=\"2018-venedig\">\n\t\t\t\t\t<div class=\"e-con-inner\">\n\t\t\t\t<div class=\"elementor-element elementor-element-1da239b elementor-widget elementor-widget-dcwi-event-header\" data-id=\"1da239b\" data-element_type=\"widget\" data-widget_type=\"dcwi-event-header.default\">\n\t\t\t\t<div class=\"elementor-widget-container\">\n\t\t\t\t\t        <div class=\"a-eventHeader\">\n            <span class=\"a-eventHeader__date\">26.05.2018<\/span>\n            <span class=\"a-eventHeader__location\">Venice<\/span>\n            <span class=\"a-eventHeader__type\">Event<\/span>\n        <\/div>\n        \t\t\t\t<\/div>\n\t\t\t\t<\/div>\n\t\t\t\t<div class=\"elementor-element elementor-element-270f40a elementor-widget elementor-widget-dcwi-content-block\" data-id=\"270f40a\" data-element_type=\"widget\" data-widget_type=\"dcwi-content-block.default\">\n\t\t\t\t<div class=\"elementor-widget-container\">\n\t\t\t\t\t<style>.elementor-element-270f40a{display:none !important}<\/style>\t\t\t\t<\/div>\n\t\t\t\t<\/div>\n\t\t\t\t<div class=\"elementor-element elementor-element-692ba96 elementor-widget elementor-widget-dcwi-content-block\" data-id=\"692ba96\" data-element_type=\"widget\" data-widget_type=\"dcwi-content-block.default\">\n\t\t\t\t<div class=\"elementor-widget-container\">\n\t\t\t\t\t        <div class=\"m-contentBlock\" >\n                            <div class=\"m-contentBlock__header\">\n                    <h2 class=\"u-noMargin translation-block\">Baukultur for everyone?<br>\nPalazzo Trevisan Venezia<\/h2>                <\/div>\n                        <div class=\"m-contentBlock__inner\">\n                <a class=\"m-contentBlock__imageWrapper -noFilter\"href=\"https:\/\/davosdeclaration2018.ch\/wp-content\/uploads\/sites\/2\/2023\/06\/2022-06-23-132933-image-dd-venice-2018-titel.png\"><img loading=\"lazy\" decoding=\"async\" width=\"1000\" height=\"665\" src=\"https:\/\/davosdeclaration2018.ch\/wp-content\/uploads\/sites\/2\/2023\/06\/2022-06-23-132933-image-dd-venice-2018-titel.png\" class=\"m-contentBlock__image\" alt=\"\" srcset=\"https:\/\/davosdeclaration2018.ch\/wp-content\/uploads\/sites\/2\/2023\/06\/2022-06-23-132933-image-dd-venice-2018-titel.png 1000w, https:\/\/davosdeclaration2018.ch\/wp-content\/uploads\/sites\/2\/2023\/06\/2022-06-23-132933-image-dd-venice-2018-titel-300x200.png 300w, https:\/\/davosdeclaration2018.ch\/wp-content\/uploads\/sites\/2\/2023\/06\/2022-06-23-132933-image-dd-venice-2018-titel-768x511.png 768w, https:\/\/davosdeclaration2018.ch\/wp-content\/uploads\/sites\/2\/2023\/06\/2022-06-23-132933-image-dd-venice-2018-titel-18x12.png 18w\" sizes=\"(max-width: 1000px) 100vw, 1000px\" \/><\/a>                <div class=\"m-contentBlock__content\">\n                    <p>Using the \u201csingle-family home\u201d as an example, a panel discussion organised by the Federal Office of Culture to mark the opening of the 2018 Venice Biennale of Architecture will explore the idea of ensuring a better quality of life for everyone by developing high-quality Baukultur solutions.<\/p>\n<p class=\"translation-block\">Alain Berset, President of the Swiss Confederation<br>\nAntonio Hodgers, Counselor of State, Canton of Geneva<br>\nFelix Keller, University St. Gallen<br>\nLudovica Molo, President of the Federation of architects Switzerland<br>\nChristine Vollmer, Chief Editor, Das Einfamilienhaus<br>\nRomaine Jean, Journalist and television producer (chair)<\/p>\n                                    <\/div>\n            <\/div>\n        <\/div>\n        \t\t\t\t<\/div>\n\t\t\t\t<\/div>\n\t\t\t\t<div class=\"elementor-element elementor-element-90cf35d elementor-widget elementor-widget-dcwi-prev-widget-toggle\" data-id=\"90cf35d\" data-element_type=\"widget\" data-widget_type=\"dcwi-prev-widget-toggle.default\">\n\t\t\t\t<div class=\"elementor-widget-container\">\n\t\t\t\t\t        <div class=\"a-link__wrapper -linkBar\"  data-no-translate>\n            <span tabindex=\"0\"\n                  class=\"a-link -linkBar do-togglePrevWidget -toggleNext\">\n                <span class=\"a-link__label\">Impressions<\/span>\n                <svg class=\"svg-inline--fa fa-chevron-down a-link__icon\" aria-hidden=\"true\" focusable=\"false\" data-prefix=\"fal\"\n                     data-icon=\"chevron-down\" role=\"img\" xmlns=\"http:\/\/www.w3.org\/2000\/svg\" viewbox=\"0 0 448 512\" data-fa-i2svg=\"\"><path\n                            fill=\"currentColor\"\n                            d=\"M4.251 181.1C7.392 177.7 11.69 175.1 16 175.1c3.891 0 7.781 1.406 10.86 4.25l197.1 181.1l197.1-181.1c6.5-6 16.64-5.625 22.61 .9062c6 6.5 5.594 16.59-.8906 22.59l-208 192c-6.156 5.688-15.56 5.688-21.72 0l-208-192C-1.343 197.7-1.749 187.6 4.251 181.1z\"><\/path><\/svg>\n            <\/span>\n        <\/div>\n        \t\t\t\t<\/div>\n\t\t\t\t<\/div>\n\t\t\t\t<div class=\"elementor-element elementor-element-18695d6 a-toggleableWidget elementor-widget elementor-widget-gallery\" data-id=\"18695d6\" data-element_type=\"widget\" data-settings=\"{&quot;columns&quot;:&quot;3&quot;,&quot;gap&quot;:{&quot;unit&quot;:&quot;px&quot;,&quot;size&quot;:&quot;20&quot;,&quot;sizes&quot;:[]},&quot;lazyload&quot;:&quot;yes&quot;,&quot;gallery_layout&quot;:&quot;grid&quot;,&quot;columns_tablet&quot;:2,&quot;columns_mobile&quot;:1,&quot;gap_tablet&quot;:{&quot;unit&quot;:&quot;px&quot;,&quot;size&quot;:10,&quot;sizes&quot;:[]},&quot;gap_mobile&quot;:{&quot;unit&quot;:&quot;px&quot;,&quot;size&quot;:10,&quot;sizes&quot;:[]},&quot;link_to&quot;:&quot;file&quot;,&quot;aspect_ratio&quot;:&quot;3:2&quot;,&quot;content_hover_animation&quot;:&quot;fade-in&quot;}\" data-widget_type=\"gallery.default\">\n\t\t\t\t<div class=\"elementor-widget-container\">\n\t\t\t\t\t\t\t<div class=\"elementor-gallery__container\">\n\t\t\t\t\t\t\t<a class=\"e-gallery-item elementor-gallery-item elementor-animated-content\" href=\"https:\/\/davosdeclaration2018.ch\/wp-content\/uploads\/sites\/2\/2023\/06\/2022-06-28-145320-4-1024x682-1.png\" data-elementor-open-lightbox=\"yes\" data-elementor-lightbox-slideshow=\"18695d6\" data-elementor-lightbox-title=\"2022-06-28-145320--4-1024x682\" data-e-action-hash=\"#elementor-action%3Aaction%3Dlightbox%26settings%3DeyJpZCI6MTU0MCwidXJsIjoiaHR0cHM6XC9cL2Rhdm9zZGVjbGFyYXRpb24yMDE4LmNoXC93cC1jb250ZW50XC91cGxvYWRzXC9zaXRlc1wvMlwvMjAyM1wvMDZcLzIwMjItMDYtMjgtMTQ1MzIwLTQtMTAyNHg2ODItMS5wbmciLCJzbGlkZXNob3ciOiIxODY5NWQ2In0%3D\">\n\t\t\t\t\t<div class=\"e-gallery-image elementor-gallery-item__image\" data-thumbnail=\"https:\/\/davosdeclaration2018.ch\/wp-content\/uploads\/sites\/2\/2023\/06\/2022-06-28-145320-4-1024x682-1-768x512.png\" data-width=\"768\" data-height=\"512\" aria-label=\"\" role=\"img\" ><\/div>\n\t\t\t\t\t\t\t\t\t\t\t\t\t\t<\/a>\n\t\t\t\t\t\t\t<a class=\"e-gallery-item elementor-gallery-item elementor-animated-content\" href=\"https:\/\/davosdeclaration2018.ch\/wp-content\/uploads\/sites\/2\/2023\/06\/2022-06-28-145135-7-1024x681-1.png\" data-elementor-open-lightbox=\"yes\" data-elementor-lightbox-slideshow=\"18695d6\" data-elementor-lightbox-title=\"2022-06-28-145135--7-1024x681\" data-e-action-hash=\"#elementor-action%3Aaction%3Dlightbox%26settings%3DeyJpZCI6MTUzOSwidXJsIjoiaHR0cHM6XC9cL2Rhdm9zZGVjbGFyYXRpb24yMDE4LmNoXC93cC1jb250ZW50XC91cGxvYWRzXC9zaXRlc1wvMlwvMjAyM1wvMDZcLzIwMjItMDYtMjgtMTQ1MTM1LTctMTAyNHg2ODEtMS5wbmciLCJzbGlkZXNob3ciOiIxODY5NWQ2In0%3D\">\n\t\t\t\t\t<div class=\"e-gallery-image elementor-gallery-item__image\" data-thumbnail=\"https:\/\/davosdeclaration2018.ch\/wp-content\/uploads\/sites\/2\/2023\/06\/2022-06-28-145135-7-1024x681-1-768x511.png\" data-width=\"768\" data-height=\"511\" aria-label=\"\" role=\"img\" ><\/div>\n\t\t\t\t\t\t\t\t\t\t\t\t\t\t<\/a>\n\t\t\t\t\t\t\t<a class=\"e-gallery-item elementor-gallery-item elementor-animated-content\" href=\"https:\/\/davosdeclaration2018.ch\/wp-content\/uploads\/sites\/2\/2023\/06\/2022-06-28-145616-1-1024x684-1.png\" data-elementor-open-lightbox=\"yes\" data-elementor-lightbox-slideshow=\"18695d6\" data-elementor-lightbox-title=\"2022-06-28-145616--1-1024x684\" data-e-action-hash=\"#elementor-action%3Aaction%3Dlightbox%26settings%3DeyJpZCI6MTU0MiwidXJsIjoiaHR0cHM6XC9cL2Rhdm9zZGVjbGFyYXRpb24yMDE4LmNoXC93cC1jb250ZW50XC91cGxvYWRzXC9zaXRlc1wvMlwvMjAyM1wvMDZcLzIwMjItMDYtMjgtMTQ1NjE2LTEtMTAyNHg2ODQtMS5wbmciLCJzbGlkZXNob3ciOiIxODY5NWQ2In0%3D\">\n\t\t\t\t\t<div class=\"e-gallery-image elementor-gallery-item__image\" data-thumbnail=\"https:\/\/davosdeclaration2018.ch\/wp-content\/uploads\/sites\/2\/2023\/06\/2022-06-28-145616-1-1024x684-1-768x513.png\" data-width=\"768\" data-height=\"513\" aria-label=\"\" role=\"img\" ><\/div>\n\t\t\t\t\t\t\t\t\t\t\t\t\t\t<\/a>\n\t\t\t\t\t\t\t<a class=\"e-gallery-item elementor-gallery-item elementor-animated-content\" href=\"https:\/\/davosdeclaration2018.ch\/wp-content\/uploads\/sites\/2\/2023\/06\/2022-06-28-145652-3-1024x681-1.png\" data-elementor-open-lightbox=\"yes\" data-elementor-lightbox-slideshow=\"18695d6\" data-elementor-lightbox-title=\"2022-06-28-145652--3-1024x681\" data-e-action-hash=\"#elementor-action%3Aaction%3Dlightbox%26settings%3DeyJpZCI6MTU0MywidXJsIjoiaHR0cHM6XC9cL2Rhdm9zZGVjbGFyYXRpb24yMDE4LmNoXC93cC1jb250ZW50XC91cGxvYWRzXC9zaXRlc1wvMlwvMjAyM1wvMDZcLzIwMjItMDYtMjgtMTQ1NjUyLTMtMTAyNHg2ODEtMS5wbmciLCJzbGlkZXNob3ciOiIxODY5NWQ2In0%3D\">\n\t\t\t\t\t<div class=\"e-gallery-image elementor-gallery-item__image\" data-thumbnail=\"https:\/\/davosdeclaration2018.ch\/wp-content\/uploads\/sites\/2\/2023\/06\/2022-06-28-145652-3-1024x681-1-768x511.png\" data-width=\"768\" data-height=\"511\" aria-label=\"\" role=\"img\" ><\/div>\n\t\t\t\t\t\t\t\t\t\t\t\t\t\t<\/a>\n\t\t\t\t\t\t\t<a class=\"e-gallery-item elementor-gallery-item elementor-animated-content\" href=\"https:\/\/davosdeclaration2018.ch\/wp-content\/uploads\/sites\/2\/2023\/06\/2022-06-28-145537-2-1024x680-1.png\" data-elementor-open-lightbox=\"yes\" data-elementor-lightbox-slideshow=\"18695d6\" data-elementor-lightbox-title=\"2022-06-28-145537--2-1024x680\" data-e-action-hash=\"#elementor-action%3Aaction%3Dlightbox%26settings%3DeyJpZCI6MTU0MSwidXJsIjoiaHR0cHM6XC9cL2Rhdm9zZGVjbGFyYXRpb24yMDE4LmNoXC93cC1jb250ZW50XC91cGxvYWRzXC9zaXRlc1wvMlwvMjAyM1wvMDZcLzIwMjItMDYtMjgtMTQ1NTM3LTItMTAyNHg2ODAtMS5wbmciLCJzbGlkZXNob3ciOiIxODY5NWQ2In0%3D\">\n\t\t\t\t\t<div class=\"e-gallery-image elementor-gallery-item__image\" data-thumbnail=\"https:\/\/davosdeclaration2018.ch\/wp-content\/uploads\/sites\/2\/2023\/06\/2022-06-28-145537-2-1024x680-1-768x510.png\" data-width=\"768\" data-height=\"510\" aria-label=\"\" role=\"img\" ><\/div>\n\t\t\t\t\t\t\t\t\t\t\t\t\t\t<\/a>\n\t\t\t\t\t\t\t<a class=\"e-gallery-item elementor-gallery-item elementor-animated-content\" href=\"https:\/\/davosdeclaration2018.ch\/wp-content\/uploads\/sites\/2\/2023\/06\/2022-06-28-145805-5-1024x684-1.png\" data-elementor-open-lightbox=\"yes\" data-elementor-lightbox-slideshow=\"18695d6\" data-elementor-lightbox-title=\"2022-06-28-145805--5-1024x684\" data-e-action-hash=\"#elementor-action%3Aaction%3Dlightbox%26settings%3DeyJpZCI6MTU0NCwidXJsIjoiaHR0cHM6XC9cL2Rhdm9zZGVjbGFyYXRpb24yMDE4LmNoXC93cC1jb250ZW50XC91cGxvYWRzXC9zaXRlc1wvMlwvMjAyM1wvMDZcLzIwMjItMDYtMjgtMTQ1ODA1LTUtMTAyNHg2ODQtMS5wbmciLCJzbGlkZXNob3ciOiIxODY5NWQ2In0%3D\">\n\t\t\t\t\t<div class=\"e-gallery-image elementor-gallery-item__image\" data-thumbnail=\"https:\/\/davosdeclaration2018.ch\/wp-content\/uploads\/sites\/2\/2023\/06\/2022-06-28-145805-5-1024x684-1-768x513.png\" data-width=\"768\" data-height=\"513\" aria-label=\"\" role=\"img\" ><\/div>\n\t\t\t\t\t\t\t\t\t\t\t\t\t\t<\/a>\n\t\t\t\t\t\t\t<a class=\"e-gallery-item elementor-gallery-item elementor-animated-content\" href=\"https:\/\/davosdeclaration2018.ch\/wp-content\/uploads\/sites\/2\/2023\/06\/2022-06-28-145917-9-1024x684-1.png\" data-elementor-open-lightbox=\"yes\" data-elementor-lightbox-slideshow=\"18695d6\" data-elementor-lightbox-title=\"2022-06-28-145917--9-1024x684\" data-e-action-hash=\"#elementor-action%3Aaction%3Dlightbox%26settings%3DeyJpZCI6MTU0NiwidXJsIjoiaHR0cHM6XC9cL2Rhdm9zZGVjbGFyYXRpb24yMDE4LmNoXC93cC1jb250ZW50XC91cGxvYWRzXC9zaXRlc1wvMlwvMjAyM1wvMDZcLzIwMjItMDYtMjgtMTQ1OTE3LTktMTAyNHg2ODQtMS5wbmciLCJzbGlkZXNob3ciOiIxODY5NWQ2In0%3D\">\n\t\t\t\t\t<div class=\"e-gallery-image elementor-gallery-item__image\" data-thumbnail=\"https:\/\/davosdeclaration2018.ch\/wp-content\/uploads\/sites\/2\/2023\/06\/2022-06-28-145917-9-1024x684-1-768x513.png\" data-width=\"768\" data-height=\"513\" aria-label=\"\" role=\"img\" ><\/div>\n\t\t\t\t\t\t\t\t\t\t\t\t\t\t<\/a>\n\t\t\t\t\t\t\t<a class=\"e-gallery-item elementor-gallery-item elementor-animated-content\" href=\"https:\/\/davosdeclaration2018.ch\/wp-content\/uploads\/sites\/2\/2023\/06\/2022-06-28-145842-10-1024x680-1.png\" data-elementor-open-lightbox=\"yes\" data-elementor-lightbox-slideshow=\"18695d6\" data-elementor-lightbox-title=\"2022-06-28-145842--10-1024x680\" data-e-action-hash=\"#elementor-action%3Aaction%3Dlightbox%26settings%3DeyJpZCI6MTU0NSwidXJsIjoiaHR0cHM6XC9cL2Rhdm9zZGVjbGFyYXRpb24yMDE4LmNoXC93cC1jb250ZW50XC91cGxvYWRzXC9zaXRlc1wvMlwvMjAyM1wvMDZcLzIwMjItMDYtMjgtMTQ1ODQyLTEwLTEwMjR4NjgwLTEucG5nIiwic2xpZGVzaG93IjoiMTg2OTVkNiJ9\">\n\t\t\t\t\t<div class=\"e-gallery-image elementor-gallery-item__image\" data-thumbnail=\"https:\/\/davosdeclaration2018.ch\/wp-content\/uploads\/sites\/2\/2023\/06\/2022-06-28-145842-10-1024x680-1-768x510.png\" data-width=\"768\" data-height=\"510\" aria-label=\"\" role=\"img\" ><\/div>\n\t\t\t\t\t\t\t\t\t\t\t\t\t\t<\/a>\n\t\t\t\t\t\t\t<a class=\"e-gallery-item elementor-gallery-item elementor-animated-content\" href=\"https:\/\/davosdeclaration2018.ch\/wp-content\/uploads\/sites\/2\/2023\/06\/2022-06-28-150056-11.png\" data-elementor-open-lightbox=\"yes\" data-elementor-lightbox-slideshow=\"18695d6\" data-elementor-lightbox-title=\"2022-06-28-150056--11\" data-e-action-hash=\"#elementor-action%3Aaction%3Dlightbox%26settings%3DeyJpZCI6MTU0NywidXJsIjoiaHR0cHM6XC9cL2Rhdm9zZGVjbGFyYXRpb24yMDE4LmNoXC93cC1jb250ZW50XC91cGxvYWRzXC9zaXRlc1wvMlwvMjAyM1wvMDZcLzIwMjItMDYtMjgtMTUwMDU2LTExLnBuZyIsInNsaWRlc2hvdyI6IjE4Njk1ZDYifQ%3D%3D\">\n\t\t\t\t\t<div class=\"e-gallery-image elementor-gallery-item__image\" data-thumbnail=\"https:\/\/davosdeclaration2018.ch\/wp-content\/uploads\/sites\/2\/2023\/06\/2022-06-28-150056-11-768x512.png\" data-width=\"768\" data-height=\"512\" aria-label=\"\" role=\"img\" ><\/div>\n\t\t\t\t\t\t\t\t\t\t\t\t\t\t<\/a>\n\t\t\t\t\t<\/div>\n\t\t\t\t\t<\/div>\n\t\t\t\t<\/div>\n\t\t\t\t\t<\/div>\n\t\t\t\t<\/div>\n\t\t<div class=\"elementor-element elementor-element-458479f u-sidePadding u-dcwiSection e-flex e-con-boxed e-con e-parent\" data-id=\"458479f\" data-element_type=\"container\" id=\"2018-davos\">\n\t\t\t\t\t<div class=\"e-con-inner\">\n\t\t\t\t<div class=\"elementor-element elementor-element-d5acea9 elementor-widget elementor-widget-dcwi-event-header\" data-id=\"d5acea9\" data-element_type=\"widget\" data-widget_type=\"dcwi-event-header.default\">\n\t\t\t\t<div class=\"elementor-widget-container\">\n\t\t\t\t\t        <div class=\"a-eventHeader\">\n            <span class=\"a-eventHeader__date\">20.\u201322.01.2018<\/span>\n            <span class=\"a-eventHeader__location\">Davos<\/span>\n            <span class=\"a-eventHeader__type\">Event<\/span>\n        <\/div>\n        \t\t\t\t<\/div>\n\t\t\t\t<\/div>\n\t\t\t\t<div class=\"elementor-element elementor-element-8f1e7c8 elementor-widget elementor-widget-dcwi-content-block\" data-id=\"8f1e7c8\" data-element_type=\"widget\" data-widget_type=\"dcwi-content-block.default\">\n\t\t\t\t<div class=\"elementor-widget-container\">\n\t\t\t\t\t        <div class=\"m-contentBlock\" >\n                            <div class=\"m-contentBlock__header\">\n                    <h2 class=\"u-noMargin\">Conference of Ministries of Culture Davos 2018<\/h2>                <\/div>\n                        <div class=\"m-contentBlock__inner\">\n                <a class=\"m-contentBlock__imageWrapper -noFilter\"href=\"https:\/\/davosdeclaration2018.ch\/wp-content\/uploads\/sites\/2\/2023\/06\/2022-11-09-142113-ube7884-cmjn-1.jpg\"><img loading=\"lazy\" decoding=\"async\" width=\"1000\" height=\"603\" src=\"https:\/\/davosdeclaration2018.ch\/wp-content\/uploads\/sites\/2\/2023\/06\/2022-11-09-142113-ube7884-cmjn-1.jpg\" class=\"m-contentBlock__image\" alt=\"\" srcset=\"https:\/\/davosdeclaration2018.ch\/wp-content\/uploads\/sites\/2\/2023\/06\/2022-11-09-142113-ube7884-cmjn-1.jpg 1000w, https:\/\/davosdeclaration2018.ch\/wp-content\/uploads\/sites\/2\/2023\/06\/2022-11-09-142113-ube7884-cmjn-1-300x181.jpg 300w, https:\/\/davosdeclaration2018.ch\/wp-content\/uploads\/sites\/2\/2023\/06\/2022-11-09-142113-ube7884-cmjn-1-768x463.jpg 768w, https:\/\/davosdeclaration2018.ch\/wp-content\/uploads\/sites\/2\/2023\/06\/2022-11-09-142113-ube7884-cmjn-1-18x12.jpg 18w\" sizes=\"(max-width: 1000px) 100vw, 1000px\" \/>                    <span class=\"m-contentBlock__credit\"> Conference of Ministries of Culture Davos 2018<\/span>\n                <\/a>                <div class=\"m-contentBlock__content\">\n                    <p>Europe\u2019s Ministers of Culture accepted the invitation of President of the Swiss Confederation Alain Berset to meet in January 2018 in the run-up to the World Economic Forum (WEF) in Davos. They approved the Davos Declaration \u201cTowards a high-quality Baukultur for Europe\u201d, which shows possibilities for embedding high-quality Baukultur in Europe on a political and strategic level.<\/p>\n                                    <\/div>\n            <\/div>\n        <\/div>\n        \t\t\t\t<\/div>\n\t\t\t\t<\/div>\n\t\t\t\t<div class=\"elementor-element elementor-element-c4b1671 elementor-widget elementor-widget-dcwi-prev-widget-toggle\" data-id=\"c4b1671\" data-element_type=\"widget\" data-widget_type=\"dcwi-prev-widget-toggle.default\">\n\t\t\t\t<div class=\"elementor-widget-container\">\n\t\t\t\t\t        <div class=\"a-link__wrapper -linkBar\"  data-no-translate>\n            <span tabindex=\"0\"\n                  class=\"a-link -linkBar do-togglePrevWidget -toggleNext\">\n                <span class=\"a-link__label\">Impressions<\/span>\n                <svg class=\"svg-inline--fa fa-chevron-down a-link__icon\" aria-hidden=\"true\" focusable=\"false\" data-prefix=\"fal\"\n                     data-icon=\"chevron-down\" role=\"img\" xmlns=\"http:\/\/www.w3.org\/2000\/svg\" viewbox=\"0 0 448 512\" data-fa-i2svg=\"\"><path\n                            fill=\"currentColor\"\n                            d=\"M4.251 181.1C7.392 177.7 11.69 175.1 16 175.1c3.891 0 7.781 1.406 10.86 4.25l197.1 181.1l197.1-181.1c6.5-6 16.64-5.625 22.61 .9062c6 6.5 5.594 16.59-.8906 22.59l-208 192c-6.156 5.688-15.56 5.688-21.72 0l-208-192C-1.343 197.7-1.749 187.6 4.251 181.1z\"><\/path><\/svg>\n            <\/span>\n        <\/div>\n        \t\t\t\t<\/div>\n\t\t\t\t<\/div>\n\t\t\t\t<div class=\"elementor-element elementor-element-ed6c304 a-toggleableWidget elementor-widget elementor-widget-gallery\" data-id=\"ed6c304\" data-element_type=\"widget\" data-settings=\"{&quot;columns&quot;:&quot;3&quot;,&quot;gap&quot;:{&quot;unit&quot;:&quot;px&quot;,&quot;size&quot;:&quot;20&quot;,&quot;sizes&quot;:[]},&quot;lazyload&quot;:&quot;yes&quot;,&quot;gallery_layout&quot;:&quot;grid&quot;,&quot;columns_tablet&quot;:2,&quot;columns_mobile&quot;:1,&quot;gap_tablet&quot;:{&quot;unit&quot;:&quot;px&quot;,&quot;size&quot;:10,&quot;sizes&quot;:[]},&quot;gap_mobile&quot;:{&quot;unit&quot;:&quot;px&quot;,&quot;size&quot;:10,&quot;sizes&quot;:[]},&quot;link_to&quot;:&quot;file&quot;,&quot;aspect_ratio&quot;:&quot;3:2&quot;,&quot;content_hover_animation&quot;:&quot;fade-in&quot;}\" data-widget_type=\"gallery.default\">\n\t\t\t\t<div class=\"elementor-widget-container\">\n\t\t\t\t\t\t\t<div class=\"elementor-gallery__container\">\n\t\t\t\t\t\t\t<a class=\"e-gallery-item elementor-gallery-item elementor-animated-content\" href=\"https:\/\/davosdeclaration2018.ch\/wp-content\/uploads\/sites\/2\/2023\/06\/2022-06-24-170833-spr7979-1024x702-1.jpg\" data-elementor-open-lightbox=\"yes\" data-elementor-lightbox-slideshow=\"ed6c304\" data-elementor-lightbox-title=\"2022-06-24-170833--spr7979-1024x702\" data-e-action-hash=\"#elementor-action%3Aaction%3Dlightbox%26settings%3DeyJpZCI6MTU2MCwidXJsIjoiaHR0cHM6XC9cL2Rhdm9zZGVjbGFyYXRpb24yMDE4LmNoXC93cC1jb250ZW50XC91cGxvYWRzXC9zaXRlc1wvMlwvMjAyM1wvMDZcLzIwMjItMDYtMjQtMTcwODMzLXNwcjc5NzktMTAyNHg3MDItMS5qcGciLCJzbGlkZXNob3ciOiJlZDZjMzA0In0%3D\">\n\t\t\t\t\t<div class=\"e-gallery-image elementor-gallery-item__image\" data-thumbnail=\"https:\/\/davosdeclaration2018.ch\/wp-content\/uploads\/sites\/2\/2023\/06\/2022-06-24-170833-spr7979-1024x702-1-768x527.jpg\" data-width=\"768\" data-height=\"527\" aria-label=\"\" role=\"img\" ><\/div>\n\t\t\t\t\t\t\t\t\t\t\t\t\t\t<\/a>\n\t\t\t\t\t\t\t<a class=\"e-gallery-item elementor-gallery-item elementor-animated-content\" href=\"https:\/\/davosdeclaration2018.ch\/wp-content\/uploads\/sites\/2\/2023\/06\/2022-06-24-170649-spr7534-1024x687-1.jpg\" data-elementor-open-lightbox=\"yes\" data-elementor-lightbox-slideshow=\"ed6c304\" data-elementor-lightbox-title=\"2022-06-24-170649--spr7534-1024x687\" data-e-action-hash=\"#elementor-action%3Aaction%3Dlightbox%26settings%3DeyJpZCI6MTU1OCwidXJsIjoiaHR0cHM6XC9cL2Rhdm9zZGVjbGFyYXRpb24yMDE4LmNoXC93cC1jb250ZW50XC91cGxvYWRzXC9zaXRlc1wvMlwvMjAyM1wvMDZcLzIwMjItMDYtMjQtMTcwNjQ5LXNwcjc1MzQtMTAyNHg2ODctMS5qcGciLCJzbGlkZXNob3ciOiJlZDZjMzA0In0%3D\">\n\t\t\t\t\t<div class=\"e-gallery-image elementor-gallery-item__image\" data-thumbnail=\"https:\/\/davosdeclaration2018.ch\/wp-content\/uploads\/sites\/2\/2023\/06\/2022-06-24-170649-spr7534-1024x687-1-768x515.jpg\" data-width=\"768\" data-height=\"515\" aria-label=\"\" role=\"img\" ><\/div>\n\t\t\t\t\t\t\t\t\t\t\t\t\t\t<\/a>\n\t\t\t\t\t\t\t<a class=\"e-gallery-item elementor-gallery-item elementor-animated-content\" href=\"https:\/\/davosdeclaration2018.ch\/wp-content\/uploads\/sites\/2\/2023\/06\/2022-06-24-170919-ube7803-1024x671-1.jpg\" data-elementor-open-lightbox=\"yes\" data-elementor-lightbox-slideshow=\"ed6c304\" data-elementor-lightbox-title=\"2022-06-24-170919--ube7803-1024x671\" data-e-action-hash=\"#elementor-action%3Aaction%3Dlightbox%26settings%3DeyJpZCI6MTU2MiwidXJsIjoiaHR0cHM6XC9cL2Rhdm9zZGVjbGFyYXRpb24yMDE4LmNoXC93cC1jb250ZW50XC91cGxvYWRzXC9zaXRlc1wvMlwvMjAyM1wvMDZcLzIwMjItMDYtMjQtMTcwOTE5LXViZTc4MDMtMTAyNHg2NzEtMS5qcGciLCJzbGlkZXNob3ciOiJlZDZjMzA0In0%3D\">\n\t\t\t\t\t<div class=\"e-gallery-image elementor-gallery-item__image\" data-thumbnail=\"https:\/\/davosdeclaration2018.ch\/wp-content\/uploads\/sites\/2\/2023\/06\/2022-06-24-170919-ube7803-1024x671-1-768x503.jpg\" data-width=\"768\" data-height=\"503\" aria-label=\"\" role=\"img\" ><\/div>\n\t\t\t\t\t\t\t\t\t\t\t\t\t\t<\/a>\n\t\t\t\t\t\t\t<a class=\"e-gallery-item elementor-gallery-item elementor-animated-content\" href=\"https:\/\/davosdeclaration2018.ch\/wp-content\/uploads\/sites\/2\/2023\/06\/2022-06-24-170858-ube7770-1024x704-1.jpg\" data-elementor-open-lightbox=\"yes\" data-elementor-lightbox-slideshow=\"ed6c304\" data-elementor-lightbox-title=\"2022-06-24-170858--ube7770-1024x704\" data-e-action-hash=\"#elementor-action%3Aaction%3Dlightbox%26settings%3DeyJpZCI6MTU2MSwidXJsIjoiaHR0cHM6XC9cL2Rhdm9zZGVjbGFyYXRpb24yMDE4LmNoXC93cC1jb250ZW50XC91cGxvYWRzXC9zaXRlc1wvMlwvMjAyM1wvMDZcLzIwMjItMDYtMjQtMTcwODU4LXViZTc3NzAtMTAyNHg3MDQtMS5qcGciLCJzbGlkZXNob3ciOiJlZDZjMzA0In0%3D\">\n\t\t\t\t\t<div class=\"e-gallery-image elementor-gallery-item__image\" data-thumbnail=\"https:\/\/davosdeclaration2018.ch\/wp-content\/uploads\/sites\/2\/2023\/06\/2022-06-24-170858-ube7770-1024x704-1-768x528.jpg\" data-width=\"768\" data-height=\"528\" aria-label=\"\" role=\"img\" ><\/div>\n\t\t\t\t\t\t\t\t\t\t\t\t\t\t<\/a>\n\t\t\t\t\t\t\t<a class=\"e-gallery-item elementor-gallery-item elementor-animated-content\" href=\"https:\/\/davosdeclaration2018.ch\/wp-content\/uploads\/sites\/2\/2023\/06\/2022-06-24-170758-spr7596-1-1024x716-1.jpg\" data-elementor-open-lightbox=\"yes\" data-elementor-lightbox-slideshow=\"ed6c304\" data-elementor-lightbox-title=\"2022-06-24-170758--spr7596-1-1024x716\" data-e-action-hash=\"#elementor-action%3Aaction%3Dlightbox%26settings%3DeyJpZCI6MTU1OSwidXJsIjoiaHR0cHM6XC9cL2Rhdm9zZGVjbGFyYXRpb24yMDE4LmNoXC93cC1jb250ZW50XC91cGxvYWRzXC9zaXRlc1wvMlwvMjAyM1wvMDZcLzIwMjItMDYtMjQtMTcwNzU4LXNwcjc1OTYtMS0xMDI0eDcxNi0xLmpwZyIsInNsaWRlc2hvdyI6ImVkNmMzMDQifQ%3D%3D\">\n\t\t\t\t\t<div class=\"e-gallery-image elementor-gallery-item__image\" data-thumbnail=\"https:\/\/davosdeclaration2018.ch\/wp-content\/uploads\/sites\/2\/2023\/06\/2022-06-24-170758-spr7596-1-1024x716-1-768x537.jpg\" data-width=\"768\" data-height=\"537\" aria-label=\"\" role=\"img\" ><\/div>\n\t\t\t\t\t\t\t\t\t\t\t\t\t\t<\/a>\n\t\t\t\t\t\t\t<a class=\"e-gallery-item elementor-gallery-item elementor-animated-content\" href=\"https:\/\/davosdeclaration2018.ch\/wp-content\/uploads\/sites\/2\/2023\/06\/2022-06-30-123607-ube8142-1-1024x650-1.jpg\" data-elementor-open-lightbox=\"yes\" data-elementor-lightbox-slideshow=\"ed6c304\" data-elementor-lightbox-title=\"2022-06-30-123607--ube8142-1-1024x650\" data-e-action-hash=\"#elementor-action%3Aaction%3Dlightbox%26settings%3DeyJpZCI6MTU2MywidXJsIjoiaHR0cHM6XC9cL2Rhdm9zZGVjbGFyYXRpb24yMDE4LmNoXC93cC1jb250ZW50XC91cGxvYWRzXC9zaXRlc1wvMlwvMjAyM1wvMDZcLzIwMjItMDYtMzAtMTIzNjA3LXViZTgxNDItMS0xMDI0eDY1MC0xLmpwZyIsInNsaWRlc2hvdyI6ImVkNmMzMDQifQ%3D%3D\">\n\t\t\t\t\t<div class=\"e-gallery-image elementor-gallery-item__image\" data-thumbnail=\"https:\/\/davosdeclaration2018.ch\/wp-content\/uploads\/sites\/2\/2023\/06\/2022-06-30-123607-ube8142-1-1024x650-1-768x488.jpg\" data-width=\"768\" data-height=\"488\" aria-label=\"\" role=\"img\" ><\/div>\n\t\t\t\t\t\t\t\t\t\t\t\t\t\t<\/a>\n\t\t\t\t\t\t\t<a class=\"e-gallery-item elementor-gallery-item elementor-animated-content\" href=\"https:\/\/davosdeclaration2018.ch\/wp-content\/uploads\/sites\/2\/2023\/06\/2022-06-30-123747-spr7559-1024x647-1.jpg\" data-elementor-open-lightbox=\"yes\" data-elementor-lightbox-slideshow=\"ed6c304\" data-elementor-lightbox-title=\"2022-06-30-123747--spr7559-1024x647\" data-e-action-hash=\"#elementor-action%3Aaction%3Dlightbox%26settings%3DeyJpZCI6MTU2NCwidXJsIjoiaHR0cHM6XC9cL2Rhdm9zZGVjbGFyYXRpb24yMDE4LmNoXC93cC1jb250ZW50XC91cGxvYWRzXC9zaXRlc1wvMlwvMjAyM1wvMDZcLzIwMjItMDYtMzAtMTIzNzQ3LXNwcjc1NTktMTAyNHg2NDctMS5qcGciLCJzbGlkZXNob3ciOiJlZDZjMzA0In0%3D\">\n\t\t\t\t\t<div class=\"e-gallery-image elementor-gallery-item__image\" data-thumbnail=\"https:\/\/davosdeclaration2018.ch\/wp-content\/uploads\/sites\/2\/2023\/06\/2022-06-30-123747-spr7559-1024x647-1-768x485.jpg\" data-width=\"768\" data-height=\"485\" aria-label=\"\" role=\"img\" ><\/div>\n\t\t\t\t\t\t\t\t\t\t\t\t\t\t<\/a>\n\t\t\t\t\t\t\t<a class=\"e-gallery-item elementor-gallery-item elementor-animated-content\" href=\"https:\/\/davosdeclaration2018.ch\/wp-content\/uploads\/sites\/2\/2023\/06\/2022-06-30-123829-spr7646-1024x622-1.jpg\" data-elementor-open-lightbox=\"yes\" data-elementor-lightbox-slideshow=\"ed6c304\" data-elementor-lightbox-title=\"2022-06-30-123829--spr7646-1024x622\" data-e-action-hash=\"#elementor-action%3Aaction%3Dlightbox%26settings%3DeyJpZCI6MTU2NSwidXJsIjoiaHR0cHM6XC9cL2Rhdm9zZGVjbGFyYXRpb24yMDE4LmNoXC93cC1jb250ZW50XC91cGxvYWRzXC9zaXRlc1wvMlwvMjAyM1wvMDZcLzIwMjItMDYtMzAtMTIzODI5LXNwcjc2NDYtMTAyNHg2MjItMS5qcGciLCJzbGlkZXNob3ciOiJlZDZjMzA0In0%3D\">\n\t\t\t\t\t<div class=\"e-gallery-image elementor-gallery-item__image\" data-thumbnail=\"https:\/\/davosdeclaration2018.ch\/wp-content\/uploads\/sites\/2\/2023\/06\/2022-06-30-123829-spr7646-1024x622-1-768x467.jpg\" data-width=\"768\" data-height=\"467\" aria-label=\"\" role=\"img\" ><\/div>\n\t\t\t\t\t\t\t\t\t\t\t\t\t\t<\/a>\n\t\t\t\t\t\t\t<a class=\"e-gallery-item elementor-gallery-item elementor-animated-content\" href=\"https:\/\/davosdeclaration2018.ch\/wp-content\/uploads\/sites\/2\/2023\/06\/2022-06-30-123859-spr8070-1024x675-1.jpg\" data-elementor-open-lightbox=\"yes\" data-elementor-lightbox-slideshow=\"ed6c304\" data-elementor-lightbox-title=\"2022-06-30-123859--spr8070-1024x675\" data-e-action-hash=\"#elementor-action%3Aaction%3Dlightbox%26settings%3DeyJpZCI6MTU2NiwidXJsIjoiaHR0cHM6XC9cL2Rhdm9zZGVjbGFyYXRpb24yMDE4LmNoXC93cC1jb250ZW50XC91cGxvYWRzXC9zaXRlc1wvMlwvMjAyM1wvMDZcLzIwMjItMDYtMzAtMTIzODU5LXNwcjgwNzAtMTAyNHg2NzUtMS5qcGciLCJzbGlkZXNob3ciOiJlZDZjMzA0In0%3D\">\n\t\t\t\t\t<div class=\"e-gallery-image elementor-gallery-item__image\" data-thumbnail=\"https:\/\/davosdeclaration2018.ch\/wp-content\/uploads\/sites\/2\/2023\/06\/2022-06-30-123859-spr8070-1024x675-1-768x506.jpg\" data-width=\"768\" data-height=\"506\" aria-label=\"\" role=\"img\" ><\/div>\n\t\t\t\t\t\t\t\t\t\t\t\t\t\t<\/a>\n\t\t\t\t\t<\/div>\n\t\t\t\t\t<\/div>\n\t\t\t\t<\/div>\n\t\t\t\t\t<\/div>\n\t\t\t\t<\/div>\n\t\t<div class=\"elementor-element elementor-element-e74c1bd e-flex e-con-boxed e-con e-parent\" data-id=\"e74c1bd\" data-element_type=\"container\">\n\t\t\t\t\t<div class=\"e-con-inner\">\n\t\t\t\t\t<\/div>\n\t\t\t\t<\/div>\n\t\t\t\t<\/div>","protected":false},"excerpt":{"rendered":"<p>Davos Baukultur Prozess Wege zu einer hohen Baukultur Die Erkl\u00e4rung von Davos ist der Ausgangspunkt f\u00fcr den Davos Baukultur Prozess, der den Diskurs \u00fcber Baukultur auf zwei Ebenen weiterf\u00fchrt. Zum einen werden in einem wissenschaftlich-inhaltichen Ansatz das Konzept Baukultur und die Schl\u00fcsselbegriffe der Erkl\u00e4rung gefestigt. Zum anderen werden auf politisch-strategischer Ebene internationale Konferenzen und Debatten [&hellip;]<\/p>","protected":false},"author":1,"featured_media":0,"parent":0,"menu_order":0,"comment_status":"closed","ping_status":"closed","template":"","meta":{"_acf_changed":false,"inline_featured_image":false,"footnotes":""},"class_list":["post-237","page","type-page","status-publish","hentry"],"acf":[],"yoast_head":"<!-- This site is optimized with the Yoast SEO plugin v26.1.1 - https:\/\/yoast.com\/wordpress\/plugins\/seo\/ -->\n<title>Davos Baukultur Prozess &#8211; Erkl\u00e4rung von Davos 2018<\/title>\n<meta name=\"robots\" content=\"index, follow, max-snippet:-1, max-image-preview:large, max-video-preview:-1\" \/>\n<link rel=\"canonical\" href=\"https:\/\/davosdeclaration2018.ch\/en\/davos-baukultur-process\/\" \/>\n<meta property=\"og:locale\" content=\"en_GB\" \/>\n<meta property=\"og:type\" content=\"article\" \/>\n<meta property=\"og:title\" content=\"Davos Baukultur Prozess &#8211; Erkl\u00e4rung von Davos 2018\" \/>\n<meta property=\"og:description\" content=\"Davos Baukultur Prozess Wege zu einer hohen Baukultur Die Erkl\u00e4rung von Davos ist der Ausgangspunkt f\u00fcr den Davos Baukultur Prozess, der den Diskurs \u00fcber Baukultur auf zwei Ebenen weiterf\u00fchrt. Zum einen werden in einem wissenschaftlich-inhaltichen Ansatz das Konzept Baukultur und die Schl\u00fcsselbegriffe der Erkl\u00e4rung gefestigt. Zum anderen werden auf politisch-strategischer Ebene internationale Konferenzen und Debatten [&hellip;]\" \/>\n<meta property=\"og:url\" content=\"https:\/\/davosdeclaration2018.ch\/en\/davos-baukultur-process\/\" \/>\n<meta property=\"og:site_name\" content=\"Erkl\u00e4rung von Davos 2018\" \/>\n<meta property=\"article:modified_time\" content=\"2025-07-09T15:52:42+00:00\" \/>\n<meta property=\"og:image\" content=\"https:\/\/davosdeclaration2018.ch\/wp-content\/uploads\/sites\/2\/2025\/06\/Plakat_Danzig.jpg\" \/>\n<meta name=\"twitter:card\" content=\"summary_large_image\" \/>\n<meta name=\"twitter:label1\" content=\"Estimated reading time\" \/>\n\t<meta name=\"twitter:data1\" content=\"17 minutes\" \/>\n<script type=\"application\/ld+json\" class=\"yoast-schema-graph\">{\"@context\":\"https:\/\/schema.org\",\"@graph\":[{\"@type\":\"WebPage\",\"@id\":\"https:\/\/davosdeclaration2018.ch\/davos-baukultur-prozess\/\",\"url\":\"https:\/\/davosdeclaration2018.ch\/davos-baukultur-prozess\/\",\"name\":\"Davos Baukultur Prozess &#8211; Erkl\u00e4rung von Davos 2018\",\"isPartOf\":{\"@id\":\"https:\/\/davosdeclaration2018.ch\/en\/#website\"},\"primaryImageOfPage\":{\"@id\":\"https:\/\/davosdeclaration2018.ch\/davos-baukultur-prozess\/#primaryimage\"},\"image\":{\"@id\":\"https:\/\/davosdeclaration2018.ch\/davos-baukultur-prozess\/#primaryimage\"},\"thumbnailUrl\":\"https:\/\/davosdeclaration2018.ch\/wp-content\/uploads\/sites\/2\/2025\/06\/Plakat_Danzig.jpg\",\"datePublished\":\"2023-05-19T13:59:19+00:00\",\"dateModified\":\"2025-07-09T15:52:42+00:00\",\"breadcrumb\":{\"@id\":\"https:\/\/davosdeclaration2018.ch\/davos-baukultur-prozess\/#breadcrumb\"},\"inLanguage\":\"en-GB\",\"potentialAction\":[{\"@type\":\"ReadAction\",\"target\":[\"https:\/\/davosdeclaration2018.ch\/davos-baukultur-prozess\/\"]}]},{\"@type\":\"ImageObject\",\"inLanguage\":\"en-GB\",\"@id\":\"https:\/\/davosdeclaration2018.ch\/davos-baukultur-prozess\/#primaryimage\",\"url\":\"https:\/\/davosdeclaration2018.ch\/wp-content\/uploads\/sites\/2\/2025\/06\/Plakat_Danzig.jpg\",\"contentUrl\":\"https:\/\/davosdeclaration2018.ch\/wp-content\/uploads\/sites\/2\/2025\/06\/Plakat_Danzig.jpg\"},{\"@type\":\"BreadcrumbList\",\"@id\":\"https:\/\/davosdeclaration2018.ch\/davos-baukultur-prozess\/#breadcrumb\",\"itemListElement\":[{\"@type\":\"ListItem\",\"position\":1,\"name\":\"Startseite\",\"item\":\"https:\/\/davosdeclaration2018.ch\/\"},{\"@type\":\"ListItem\",\"position\":2,\"name\":\"Davos Baukultur Prozess\"}]},{\"@type\":\"WebSite\",\"@id\":\"https:\/\/davosdeclaration2018.ch\/en\/#website\",\"url\":\"https:\/\/davosdeclaration2018.ch\/en\/\",\"name\":\"Davos Baukultur Allianz 2023\",\"description\":\"\",\"potentialAction\":[{\"@type\":\"SearchAction\",\"target\":{\"@type\":\"EntryPoint\",\"urlTemplate\":\"https:\/\/davosdeclaration2018.ch\/en\/?s={search_term_string}\"},\"query-input\":{\"@type\":\"PropertyValueSpecification\",\"valueRequired\":true,\"valueName\":\"search_term_string\"}}],\"inLanguage\":\"en-GB\"}]}<\/script>\n<!-- \/ Yoast SEO plugin. -->","yoast_head_json":{"title":"Davos Baukultur Prozess &#8211; Erkl\u00e4rung von Davos 2018","robots":{"index":"index","follow":"follow","max-snippet":"max-snippet:-1","max-image-preview":"max-image-preview:large","max-video-preview":"max-video-preview:-1"},"canonical":"https:\/\/davosdeclaration2018.ch\/en\/davos-baukultur-process\/","og_locale":"en_GB","og_type":"article","og_title":"Davos Baukultur Prozess &#8211; Erkl\u00e4rung von Davos 2018","og_description":"Davos Baukultur Prozess Wege zu einer hohen Baukultur Die Erkl\u00e4rung von Davos ist der Ausgangspunkt f\u00fcr den Davos Baukultur Prozess, der den Diskurs \u00fcber Baukultur auf zwei Ebenen weiterf\u00fchrt. Zum einen werden in einem wissenschaftlich-inhaltichen Ansatz das Konzept Baukultur und die Schl\u00fcsselbegriffe der Erkl\u00e4rung gefestigt. Zum anderen werden auf politisch-strategischer Ebene internationale Konferenzen und Debatten [&hellip;]","og_url":"https:\/\/davosdeclaration2018.ch\/en\/davos-baukultur-process\/","og_site_name":"Erkl\u00e4rung von Davos 2018","article_modified_time":"2025-07-09T15:52:42+00:00","og_image":[{"url":"https:\/\/davosdeclaration2018.ch\/wp-content\/uploads\/sites\/2\/2025\/06\/Plakat_Danzig.jpg","type":"","width":"","height":""}],"twitter_card":"summary_large_image","twitter_misc":{"Estimated reading time":"17 minutes"},"schema":{"@context":"https:\/\/schema.org","@graph":[{"@type":"WebPage","@id":"https:\/\/davosdeclaration2018.ch\/davos-baukultur-prozess\/","url":"https:\/\/davosdeclaration2018.ch\/davos-baukultur-prozess\/","name":"Davos Baukultur Prozess &#8211; Erkl\u00e4rung von Davos 2018","isPartOf":{"@id":"https:\/\/davosdeclaration2018.ch\/en\/#website"},"primaryImageOfPage":{"@id":"https:\/\/davosdeclaration2018.ch\/davos-baukultur-prozess\/#primaryimage"},"image":{"@id":"https:\/\/davosdeclaration2018.ch\/davos-baukultur-prozess\/#primaryimage"},"thumbnailUrl":"https:\/\/davosdeclaration2018.ch\/wp-content\/uploads\/sites\/2\/2025\/06\/Plakat_Danzig.jpg","datePublished":"2023-05-19T13:59:19+00:00","dateModified":"2025-07-09T15:52:42+00:00","breadcrumb":{"@id":"https:\/\/davosdeclaration2018.ch\/davos-baukultur-prozess\/#breadcrumb"},"inLanguage":"en-GB","potentialAction":[{"@type":"ReadAction","target":["https:\/\/davosdeclaration2018.ch\/davos-baukultur-prozess\/"]}]},{"@type":"ImageObject","inLanguage":"en-GB","@id":"https:\/\/davosdeclaration2018.ch\/davos-baukultur-prozess\/#primaryimage","url":"https:\/\/davosdeclaration2018.ch\/wp-content\/uploads\/sites\/2\/2025\/06\/Plakat_Danzig.jpg","contentUrl":"https:\/\/davosdeclaration2018.ch\/wp-content\/uploads\/sites\/2\/2025\/06\/Plakat_Danzig.jpg"},{"@type":"BreadcrumbList","@id":"https:\/\/davosdeclaration2018.ch\/davos-baukultur-prozess\/#breadcrumb","itemListElement":[{"@type":"ListItem","position":1,"name":"Startseite","item":"https:\/\/davosdeclaration2018.ch\/"},{"@type":"ListItem","position":2,"name":"Davos Baukultur Prozess"}]},{"@type":"WebSite","@id":"https:\/\/davosdeclaration2018.ch\/en\/#website","url":"https:\/\/davosdeclaration2018.ch\/en\/","name":"Davos Baukultur Allianz 2023","description":"","potentialAction":[{"@type":"SearchAction","target":{"@type":"EntryPoint","urlTemplate":"https:\/\/davosdeclaration2018.ch\/en\/?s={search_term_string}"},"query-input":{"@type":"PropertyValueSpecification","valueRequired":true,"valueName":"search_term_string"}}],"inLanguage":"en-GB"}]}},"_links":{"self":[{"href":"https:\/\/davosdeclaration2018.ch\/en\/wp-json\/wp\/v2\/pages\/237","targetHints":{"allow":["GET"]}}],"collection":[{"href":"https:\/\/davosdeclaration2018.ch\/en\/wp-json\/wp\/v2\/pages"}],"about":[{"href":"https:\/\/davosdeclaration2018.ch\/en\/wp-json\/wp\/v2\/types\/page"}],"author":[{"embeddable":true,"href":"https:\/\/davosdeclaration2018.ch\/en\/wp-json\/wp\/v2\/users\/1"}],"replies":[{"embeddable":true,"href":"https:\/\/davosdeclaration2018.ch\/en\/wp-json\/wp\/v2\/comments?post=237"}],"version-history":[{"count":821,"href":"https:\/\/davosdeclaration2018.ch\/en\/wp-json\/wp\/v2\/pages\/237\/revisions"}],"predecessor-version":[{"id":2509,"href":"https:\/\/davosdeclaration2018.ch\/en\/wp-json\/wp\/v2\/pages\/237\/revisions\/2509"}],"wp:attachment":[{"href":"https:\/\/davosdeclaration2018.ch\/en\/wp-json\/wp\/v2\/media?parent=237"}],"curies":[{"name":"wp","href":"https:\/\/api.w.org\/{rel}","templated":true}]}}