{"id":10,"date":"2023-05-17T09:32:41","date_gmt":"2023-05-17T07:32:41","guid":{"rendered":"https:\/\/davos.dclabs.ch\/?page_id=10"},"modified":"2025-10-30T12:06:06","modified_gmt":"2025-10-30T11:06:06","slug":"startseite","status":"publish","type":"page","link":"https:\/\/davosdeclaration2018.ch\/fr\/","title":{"rendered":"D\u00e9claration de Davos 2018"},"content":{"rendered":"<div data-elementor-type=\"wp-page\" data-elementor-id=\"10\" class=\"elementor elementor-10\" data-elementor-post-type=\"page\">\n\t\t\t\t<!-- dce invisible element 55f89cd --><section class=\"elementor-element elementor-element-76865c1 u-sidePadding e-con-full u-dcwiSection -noTop e-flex e-con e-parent\" data-id=\"76865c1\" data-element_type=\"container\">\n\t\t\t\t<div class=\"elementor-element elementor-element-42291b6 elementor-widget elementor-widget-dcwi-content-block\" data-id=\"42291b6\" data-element_type=\"widget\" data-widget_type=\"dcwi-content-block.default\">\n\t\t\t\t<div class=\"elementor-widget-container\">\n\t\t\t\t\t        <div class=\"m-contentBlock -wide u-leadText -borderTop\" >\n                            <div class=\"m-contentBlock__header\">\n                    <h1 class=\"u-noMargin\">D\u00e9claration de Davos 2018<\/h1><span class=\"u-likeH1 u-subHeading\">Une culture du b\u00e2ti de qualit\u00e9 pour l'Europe!<\/span>                <\/div>\n                        <div class=\"m-contentBlock__inner\">\n                <div class=\"m-contentBlock__imageWrapper\"><\/div>                <div class=\"m-contentBlock__content\">\n                    <p>En janvier 2018, les ministres europ\u00e9ens de la culture adoptaient la D\u00e9claration de Davos \u00ab Vers une culture du b\u00e2ti de qualit\u00e9 pour l\u2019Europe \u00bb, qui d\u00e9gage des pistes sur la mani\u00e8re d\u2019instaurer une culture du b\u00e2ti de qualit\u00e9 au plan politique et strat\u00e9gique. Elle rappelle que construire est un acte culturel et cr\u00e9e un espace pour la culture.<\/p>\n                                    <\/div>\n            <\/div>\n        <\/div>\n        \t\t\t\t<\/div>\n\t\t\t\t<\/div>\n\t\t\t\t<div class=\"elementor-element elementor-element-99f9d68 u-leadText elementor-widget elementor-widget-dcwi-prev-widget-toggle\" data-id=\"99f9d68\" data-element_type=\"widget\" data-widget_type=\"dcwi-prev-widget-toggle.default\">\n\t\t\t\t<div class=\"elementor-widget-container\">\n\t\t\t\t\t        <div class=\"a-link__wrapper -icon\"  data-no-translate>\n            <span tabindex=\"0\"\n                  class=\"a-link -icon do-togglePrevWidget -toggleNext\">\n                <span class=\"a-link__label\">en savoir plus<\/span>\n                <svg class=\"svg-inline--fa fa-chevron-down a-link__icon\" aria-hidden=\"true\" focusable=\"false\" data-prefix=\"fal\"\n                     data-icon=\"chevron-down\" role=\"img\" xmlns=\"http:\/\/www.w3.org\/2000\/svg\" viewbox=\"0 0 448 512\" data-fa-i2svg=\"\"><path\n                            fill=\"currentColor\"\n                            d=\"M4.251 181.1C7.392 177.7 11.69 175.1 16 175.1c3.891 0 7.781 1.406 10.86 4.25l197.1 181.1l197.1-181.1c6.5-6 16.64-5.625 22.61 .9062c6 6.5 5.594 16.59-.8906 22.59l-208 192c-6.156 5.688-15.56 5.688-21.72 0l-208-192C-1.343 197.7-1.749 187.6 4.251 181.1z\"><\/path><\/svg>\n            <\/span>\n        <\/div>\n        \t\t\t\t<\/div>\n\t\t\t\t<\/div>\n\t\t\t\t<div class=\"elementor-element elementor-element-56da6df u-leadText a-toggleableWidget elementor-widget elementor-widget-text-editor\" data-id=\"56da6df\" data-element_type=\"widget\" data-widget_type=\"text-editor.default\">\n\t\t\t\t<div class=\"elementor-widget-container\">\n\t\t\t\t\t\t\t\t\tS\u2019appuyant sur la D\u00e9claration de Davos, le mouvement en faveur d\u2019une culture du b\u00e2ti se poursuit aussi bien au niveau strat\u00e9gique et politique que scientifique. Des notions centrales font l\u2019objet d\u2019une r\u00e9flexion scientifique approfondie et les termes cl\u00e9s de la D\u00e9claration de Davos sont clarifi\u00e9s. En m\u00eame temps, des strat\u00e9gies politiques sont mises en \u0153uvre pour la reconnaissance de la valeur culturelle de la conservation, de l\u2019am\u00e9nagement et de la construction et pour faire de la culture du b\u00e2ti de qualit\u00e9 un objectif prioritaire. Ces diff\u00e9rentes initiatives internationales constituent ce qu\u2019on nomme le Processus de Davos.\t\t\t\t\t\t\t\t<\/div>\n\t\t\t\t<\/div>\n\t\t\t\t<div class=\"elementor-element elementor-element-a9f1d36 u-leadText elementor-widget elementor-widget-text-editor\" data-id=\"a9f1d36\" data-element_type=\"widget\" data-widget_type=\"text-editor.default\">\n\t\t\t\t<div class=\"elementor-widget-container\">\n\t\t\t\t\t\t\t\t\t<p><a href=\"https:\/\/davosdeclaration2018.ch\/fr\/devenez-partenaire\/\">Devenez partenaire<\/a> de la D\u00e9claration de Davos et engagez-vous en faveur d\u2019une culture du b\u00e2ti de qualit\u00e9 en g\u00e9n\u00e9ral et de la D\u00e9claration de Davos 2018 en particulier.<\/p>\t\t\t\t\t\t\t\t<\/div>\n\t\t\t\t<\/div>\n\t\t\t\t<\/section>\n\t\t<section class=\"elementor-element elementor-element-f7f5972 u-sidePadding e-con-full u-dcwiSection e-flex e-con e-parent\" data-id=\"f7f5972\" data-element_type=\"container\">\n\t\t\t\t<div class=\"elementor-element elementor-element-77033d4 elementor-widget elementor-widget-dcwi-content-block\" data-id=\"77033d4\" data-element_type=\"widget\" data-widget_type=\"dcwi-content-block.default\">\n\t\t\t\t<div class=\"elementor-widget-container\">\n\t\t\t\t\t        <div class=\"m-contentBlock -wide u-leadText -borderTop\" >\n                            <div class=\"m-contentBlock__header\">\n                    <h1 class=\"u-noMargin\">D\u00e9claration de Davos 2018<\/h1>                <\/div>\n                        <div class=\"m-contentBlock__inner\">\n                <div class=\"m-contentBlock__imageWrapper\"><\/div>                <div class=\"m-contentBlock__content\">\n                                                                <div class=\"m-contentBlock__links\">\n                                                            <a class=\"-contentBlock -icon\"\n                                     target=\"_blank\"                                    href=\"https:\/\/davosdeclaration2018.ch\/wp-content\/uploads\/sites\/2\/2023\/06\/2022-06-09-081317-davos-declaration.pdf\">\n                                    fran\u00e7ais, allemand, anglais, italien                                    <svg class=\"svg-inline--fa fa-arrow-right\" aria-hidden=\"true\" focusable=\"false\" data-prefix=\"fal\" data-icon=\"arrow-right\" role=\"img\" xmlns=\"http:\/\/www.w3.org\/2000\/svg\" viewbox=\"0 0 448 512\" data-fa-i2svg=\"\"><path fill=\"currentColor\" d=\"M443.7 266.8l-165.9 176C274.5 446.3 269.1 448 265.5 448c-3.986 0-7.988-1.375-11.16-4.156c-6.773-5.938-7.275-16.06-1.118-22.59L393.9 272H16.59c-9.171 0-16.59-7.155-16.59-15.1S7.421 240 16.59 240h377.3l-140.7-149.3c-6.157-6.531-5.655-16.66 1.118-22.59c6.789-5.906 17.27-5.469 23.45 1.094l165.9 176C449.4 251.3 449.4 260.7 443.7 266.8z\"><\/path><\/svg>                                <\/a>\n                                                            <a class=\"-contentBlock -icon\"\n                                     target=\"_blank\"                                    href=\"https:\/\/davosdeclaration2018.ch\/wp-content\/uploads\/sites\/2\/2023\/06\/2022-06-27-112549-document-de-contexte-fr.pdf\">\n                                    Document de contexte (fran\u00e7ais)                                    <svg class=\"svg-inline--fa fa-arrow-right\" aria-hidden=\"true\" focusable=\"false\" data-prefix=\"fal\" data-icon=\"arrow-right\" role=\"img\" xmlns=\"http:\/\/www.w3.org\/2000\/svg\" viewbox=\"0 0 448 512\" data-fa-i2svg=\"\"><path fill=\"currentColor\" d=\"M443.7 266.8l-165.9 176C274.5 446.3 269.1 448 265.5 448c-3.986 0-7.988-1.375-11.16-4.156c-6.773-5.938-7.275-16.06-1.118-22.59L393.9 272H16.59c-9.171 0-16.59-7.155-16.59-15.1S7.421 240 16.59 240h377.3l-140.7-149.3c-6.157-6.531-5.655-16.66 1.118-22.59c6.789-5.906 17.27-5.469 23.45 1.094l165.9 176C449.4 251.3 449.4 260.7 443.7 266.8z\"><\/path><\/svg>                                <\/a>\n                                                            <a class=\"-contentBlock -icon\"\n                                     target=\"_blank\"                                    href=\"https:\/\/davosdeclaration2018.ch\/wp-content\/uploads\/sites\/2\/2023\/06\/2022-06-09-075742-context-document-en.pdf\">\n                                    Document de contexte (anglais)                                    <svg class=\"svg-inline--fa fa-arrow-right\" aria-hidden=\"true\" focusable=\"false\" data-prefix=\"fal\" data-icon=\"arrow-right\" role=\"img\" xmlns=\"http:\/\/www.w3.org\/2000\/svg\" viewbox=\"0 0 448 512\" data-fa-i2svg=\"\"><path fill=\"currentColor\" d=\"M443.7 266.8l-165.9 176C274.5 446.3 269.1 448 265.5 448c-3.986 0-7.988-1.375-11.16-4.156c-6.773-5.938-7.275-16.06-1.118-22.59L393.9 272H16.59c-9.171 0-16.59-7.155-16.59-15.1S7.421 240 16.59 240h377.3l-140.7-149.3c-6.157-6.531-5.655-16.66 1.118-22.59c6.789-5.906 17.27-5.469 23.45 1.094l165.9 176C449.4 251.3 449.4 260.7 443.7 266.8z\"><\/path><\/svg>                                <\/a>\n                                                    <\/div>\n                                    <\/div>\n            <\/div>\n        <\/div>\n        \t\t\t\t<\/div>\n\t\t\t\t<\/div>\n\t\t\t\t<\/section>\n\t\t<section class=\"elementor-element elementor-element-7e2a9e6 u-sidePadding e-con-full u-dcwiSection e-flex e-con e-parent\" data-id=\"7e2a9e6\" data-element_type=\"container\">\n\t\t\t\t<div class=\"elementor-element elementor-element-fb9ffba elementor-widget elementor-widget-dcwi-content-block\" data-id=\"fb9ffba\" data-element_type=\"widget\" data-widget_type=\"dcwi-content-block.default\">\n\t\t\t\t<div class=\"elementor-widget-container\">\n\t\t\t\t\t        <div class=\"m-contentBlock -wide u-leadText -borderTop\" >\n                            <div class=\"m-contentBlock__header\">\n                    <h1 class=\"u-noMargin\">Declaraci\u00f3n de Davos 2018 <\/h1>                <\/div>\n                        <div class=\"m-contentBlock__inner\">\n                <div class=\"m-contentBlock__imageWrapper\"><\/div>                <div class=\"m-contentBlock__content\">\n                                                                <div class=\"m-contentBlock__links\">\n                                                            <a class=\"-contentBlock -icon\"\n                                     target=\"_blank\"                                    href=\"https:\/\/davosdeclaration2018.ch\/wp-content\/uploads\/sites\/2\/2023\/06\/2022-05-27-082324-declaracion-de-davos-2018-def-es.pdf\">\n                                    espagnol                                    <svg class=\"svg-inline--fa fa-arrow-right\" aria-hidden=\"true\" focusable=\"false\" data-prefix=\"fal\" data-icon=\"arrow-right\" role=\"img\" xmlns=\"http:\/\/www.w3.org\/2000\/svg\" viewbox=\"0 0 448 512\" data-fa-i2svg=\"\"><path fill=\"currentColor\" d=\"M443.7 266.8l-165.9 176C274.5 446.3 269.1 448 265.5 448c-3.986 0-7.988-1.375-11.16-4.156c-6.773-5.938-7.275-16.06-1.118-22.59L393.9 272H16.59c-9.171 0-16.59-7.155-16.59-15.1S7.421 240 16.59 240h377.3l-140.7-149.3c-6.157-6.531-5.655-16.66 1.118-22.59c6.789-5.906 17.27-5.469 23.45 1.094l165.9 176C449.4 251.3 449.4 260.7 443.7 266.8z\"><\/path><\/svg>                                <\/a>\n                                                    <\/div>\n                                    <\/div>\n            <\/div>\n        <\/div>\n        \t\t\t\t<\/div>\n\t\t\t\t<\/div>\n\t\t\t\t<\/section>\n\t\t<section class=\"elementor-element elementor-element-6481fbe u-sidePadding e-con-full u-dcwiSection e-flex e-con e-parent\" data-id=\"6481fbe\" data-element_type=\"container\">\n\t\t\t\t<div class=\"elementor-element elementor-element-851ca36 elementor-widget elementor-widget-dcwi-content-block\" data-id=\"851ca36\" data-element_type=\"widget\" data-widget_type=\"dcwi-content-block.default\">\n\t\t\t\t<div class=\"elementor-widget-container\">\n\t\t\t\t\t        <div class=\"m-contentBlock -wide u-leadText -borderTop\" >\n                            <div class=\"m-contentBlock__header\">\n                    <h1 class=\"u-noMargin\">Declaraci\u00f3 de Davos 2018 <\/h1>                <\/div>\n                        <div class=\"m-contentBlock__inner\">\n                <div class=\"m-contentBlock__imageWrapper\"><\/div>                <div class=\"m-contentBlock__content\">\n                                                                <div class=\"m-contentBlock__links\">\n                                                            <a class=\"-contentBlock -icon\"\n                                     target=\"_blank\"                                    href=\"https:\/\/davosdeclaration2018.ch\/wp-content\/uploads\/sites\/2\/2023\/06\/2022-06-27-103550-davos-declaration-2018-catalan.pdf\">\n                                    catalan                                    <svg class=\"svg-inline--fa fa-arrow-right\" aria-hidden=\"true\" focusable=\"false\" data-prefix=\"fal\" data-icon=\"arrow-right\" role=\"img\" xmlns=\"http:\/\/www.w3.org\/2000\/svg\" viewbox=\"0 0 448 512\" data-fa-i2svg=\"\"><path fill=\"currentColor\" d=\"M443.7 266.8l-165.9 176C274.5 446.3 269.1 448 265.5 448c-3.986 0-7.988-1.375-11.16-4.156c-6.773-5.938-7.275-16.06-1.118-22.59L393.9 272H16.59c-9.171 0-16.59-7.155-16.59-15.1S7.421 240 16.59 240h377.3l-140.7-149.3c-6.157-6.531-5.655-16.66 1.118-22.59c6.789-5.906 17.27-5.469 23.45 1.094l165.9 176C449.4 251.3 449.4 260.7 443.7 266.8z\"><\/path><\/svg>                                <\/a>\n                                                    <\/div>\n                                    <\/div>\n            <\/div>\n        <\/div>\n        \t\t\t\t<\/div>\n\t\t\t\t<\/div>\n\t\t\t\t<\/section>\n\t\t<section class=\"elementor-element elementor-element-9163aab u-sidePadding e-con-full u-dcwiSection e-flex e-con e-parent\" data-id=\"9163aab\" data-element_type=\"container\">\n\t\t\t\t<div class=\"elementor-element elementor-element-42d6a25 elementor-widget elementor-widget-dcwi-content-block\" data-id=\"42d6a25\" data-element_type=\"widget\" data-widget_type=\"dcwi-content-block.default\">\n\t\t\t\t<div class=\"elementor-widget-container\">\n\t\t\t\t\t        <div class=\"m-contentBlock -wide u-leadText -borderTop\" >\n                            <div class=\"m-contentBlock__header\">\n                    <h1 class=\"u-noMargin\">Verklaring van Davos 2018<\/h1>                <\/div>\n                        <div class=\"m-contentBlock__inner\">\n                <div class=\"m-contentBlock__imageWrapper\"><\/div>                <div class=\"m-contentBlock__content\">\n                                                                <div class=\"m-contentBlock__links\">\n                                                            <a class=\"-contentBlock -icon\"\n                                     target=\"_blank\"                                    href=\"https:\/\/davosdeclaration2018.ch\/wp-content\/uploads\/sites\/2\/2023\/06\/2022-05-27-082553-verklaring-van-davos-2018-def-nl.pdf\">\n                                    n\u00e9erlandais                                    <svg class=\"svg-inline--fa fa-arrow-right\" aria-hidden=\"true\" focusable=\"false\" data-prefix=\"fal\" data-icon=\"arrow-right\" role=\"img\" xmlns=\"http:\/\/www.w3.org\/2000\/svg\" viewbox=\"0 0 448 512\" data-fa-i2svg=\"\"><path fill=\"currentColor\" d=\"M443.7 266.8l-165.9 176C274.5 446.3 269.1 448 265.5 448c-3.986 0-7.988-1.375-11.16-4.156c-6.773-5.938-7.275-16.06-1.118-22.59L393.9 272H16.59c-9.171 0-16.59-7.155-16.59-15.1S7.421 240 16.59 240h377.3l-140.7-149.3c-6.157-6.531-5.655-16.66 1.118-22.59c6.789-5.906 17.27-5.469 23.45 1.094l165.9 176C449.4 251.3 449.4 260.7 443.7 266.8z\"><\/path><\/svg>                                <\/a>\n                                                    <\/div>\n                                    <\/div>\n            <\/div>\n        <\/div>\n        \t\t\t\t<\/div>\n\t\t\t\t<\/div>\n\t\t\t\t<\/section>\n\t\t<div class=\"elementor-element elementor-element-ec37476 u-sidePadding u-dcwiSection e-flex e-con-boxed e-con e-parent\" data-id=\"ec37476\" data-element_type=\"container\">\n\t\t\t\t\t<div class=\"e-con-inner\">\n\t\t\t\t<div class=\"elementor-element elementor-element-a672957 elementor-widget elementor-widget-dcwi-content-block\" data-id=\"a672957\" data-element_type=\"widget\" data-widget_type=\"dcwi-content-block.default\">\n\t\t\t\t<div class=\"elementor-widget-container\">\n\t\t\t\t\t        <div class=\"m-contentBlock -wide u-leadText -borderTop\" >\n                            <div class=\"m-contentBlock__header\">\n                    <h1 class=\"u-noMargin\">\u10d3\u10d0\u10d5\u10dd\u10e1\u10d8\u10e1 \u10d3\u10d4\u10d9\u10da\u10d0\u10e0\u10d0\u10ea\u10d8\u10d0 2018 \u10ec<\/h1>                <\/div>\n                        <div class=\"m-contentBlock__inner\">\n                <div class=\"m-contentBlock__imageWrapper\"><\/div>                <div class=\"m-contentBlock__content\">\n                                                                <div class=\"m-contentBlock__links\">\n                                                            <a class=\"-contentBlock -icon\"\n                                     target=\"_blank\"                                    href=\"https:\/\/davosdeclaration2018.ch\/wp-content\/uploads\/sites\/2\/2023\/06\/2022-06-27-100414-davos-declaration-2018-def-georgian-pdf.pdf\">\n                                    g\u00e9orgien                                    <svg class=\"svg-inline--fa fa-arrow-right\" aria-hidden=\"true\" focusable=\"false\" data-prefix=\"fal\" data-icon=\"arrow-right\" role=\"img\" xmlns=\"http:\/\/www.w3.org\/2000\/svg\" viewbox=\"0 0 448 512\" data-fa-i2svg=\"\"><path fill=\"currentColor\" d=\"M443.7 266.8l-165.9 176C274.5 446.3 269.1 448 265.5 448c-3.986 0-7.988-1.375-11.16-4.156c-6.773-5.938-7.275-16.06-1.118-22.59L393.9 272H16.59c-9.171 0-16.59-7.155-16.59-15.1S7.421 240 16.59 240h377.3l-140.7-149.3c-6.157-6.531-5.655-16.66 1.118-22.59c6.789-5.906 17.27-5.469 23.45 1.094l165.9 176C449.4 251.3 449.4 260.7 443.7 266.8z\"><\/path><\/svg>                                <\/a>\n                                                            <a class=\"-contentBlock -icon\"\n                                     target=\"_blank\"                                    href=\"https:\/\/davosdeclaration2018.ch\/wp-content\/uploads\/sites\/2\/2023\/06\/2022-06-27-111652-context-document-def-georgian-pdf.pdf\">\n                                    Document de contexte (g\u00e9orgien)                                    <svg class=\"svg-inline--fa fa-arrow-right\" aria-hidden=\"true\" focusable=\"false\" data-prefix=\"fal\" data-icon=\"arrow-right\" role=\"img\" xmlns=\"http:\/\/www.w3.org\/2000\/svg\" viewbox=\"0 0 448 512\" data-fa-i2svg=\"\"><path fill=\"currentColor\" d=\"M443.7 266.8l-165.9 176C274.5 446.3 269.1 448 265.5 448c-3.986 0-7.988-1.375-11.16-4.156c-6.773-5.938-7.275-16.06-1.118-22.59L393.9 272H16.59c-9.171 0-16.59-7.155-16.59-15.1S7.421 240 16.59 240h377.3l-140.7-149.3c-6.157-6.531-5.655-16.66 1.118-22.59c6.789-5.906 17.27-5.469 23.45 1.094l165.9 176C449.4 251.3 449.4 260.7 443.7 266.8z\"><\/path><\/svg>                                <\/a>\n                                                    <\/div>\n                                    <\/div>\n            <\/div>\n        <\/div>\n        \t\t\t\t<\/div>\n\t\t\t\t<\/div>\n\t\t\t\t\t<\/div>\n\t\t\t\t<\/div>\n\t\t<div class=\"elementor-element elementor-element-b7cec3c u-sidePadding u-dcwiSection e-flex e-con-boxed e-con e-parent\" data-id=\"b7cec3c\" data-element_type=\"container\">\n\t\t\t\t\t<div class=\"e-con-inner\">\n\t\t\t\t<div class=\"elementor-element elementor-element-3102771 elementor-widget elementor-widget-dcwi-content-block\" data-id=\"3102771\" data-element_type=\"widget\" data-widget_type=\"dcwi-content-block.default\">\n\t\t\t\t<div class=\"elementor-widget-container\">\n\t\t\t\t\t        <div class=\"m-contentBlock -wide u-leadText -borderTop\" >\n                            <div class=\"m-contentBlock__header\">\n                    <h1 class=\"u-noMargin\">2018. gada Davosas deklar\u0101cija<\/h1>                <\/div>\n                        <div class=\"m-contentBlock__inner\">\n                <div class=\"m-contentBlock__imageWrapper\"><\/div>                <div class=\"m-contentBlock__content\">\n                                                                <div class=\"m-contentBlock__links\">\n                                                            <a class=\"-contentBlock -icon\"\n                                     target=\"_blank\"                                    href=\"https:\/\/davosdeclaration2018.ch\/wp-content\/uploads\/sites\/2\/2023\/06\/2022-06-27-102346-davos-declaration-2018-23-01-2018-lv.pdf\">\n                                    letton                                    <svg class=\"svg-inline--fa fa-arrow-right\" aria-hidden=\"true\" focusable=\"false\" data-prefix=\"fal\" data-icon=\"arrow-right\" role=\"img\" xmlns=\"http:\/\/www.w3.org\/2000\/svg\" viewbox=\"0 0 448 512\" data-fa-i2svg=\"\"><path fill=\"currentColor\" d=\"M443.7 266.8l-165.9 176C274.5 446.3 269.1 448 265.5 448c-3.986 0-7.988-1.375-11.16-4.156c-6.773-5.938-7.275-16.06-1.118-22.59L393.9 272H16.59c-9.171 0-16.59-7.155-16.59-15.1S7.421 240 16.59 240h377.3l-140.7-149.3c-6.157-6.531-5.655-16.66 1.118-22.59c6.789-5.906 17.27-5.469 23.45 1.094l165.9 176C449.4 251.3 449.4 260.7 443.7 266.8z\"><\/path><\/svg>                                <\/a>\n                                                            <a class=\"-contentBlock -icon\"\n                                     target=\"_blank\"                                    href=\"https:\/\/davosdeclaration2018.ch\/wp-content\/uploads\/sites\/2\/2023\/06\/2022-06-27-112100-davos-context-document-lv.pdf\">\n                                    Document de contexte (letton)                                    <svg class=\"svg-inline--fa fa-arrow-right\" aria-hidden=\"true\" focusable=\"false\" data-prefix=\"fal\" data-icon=\"arrow-right\" role=\"img\" xmlns=\"http:\/\/www.w3.org\/2000\/svg\" viewbox=\"0 0 448 512\" data-fa-i2svg=\"\"><path fill=\"currentColor\" d=\"M443.7 266.8l-165.9 176C274.5 446.3 269.1 448 265.5 448c-3.986 0-7.988-1.375-11.16-4.156c-6.773-5.938-7.275-16.06-1.118-22.59L393.9 272H16.59c-9.171 0-16.59-7.155-16.59-15.1S7.421 240 16.59 240h377.3l-140.7-149.3c-6.157-6.531-5.655-16.66 1.118-22.59c6.789-5.906 17.27-5.469 23.45 1.094l165.9 176C449.4 251.3 449.4 260.7 443.7 266.8z\"><\/path><\/svg>                                <\/a>\n                                                    <\/div>\n                                    <\/div>\n            <\/div>\n        <\/div>\n        \t\t\t\t<\/div>\n\t\t\t\t<\/div>\n\t\t\t\t\t<\/div>\n\t\t\t\t<\/div>\n\t\t<div class=\"elementor-element elementor-element-dfbe2ca u-sidePadding u-dcwiSection e-flex e-con-boxed e-con e-parent\" data-id=\"dfbe2ca\" data-element_type=\"container\">\n\t\t\t\t\t<div class=\"e-con-inner\">\n\t\t\t\t<div class=\"elementor-element elementor-element-4de616f elementor-widget elementor-widget-dcwi-content-block\" data-id=\"4de616f\" data-element_type=\"widget\" data-widget_type=\"dcwi-content-block.default\">\n\t\t\t\t<div class=\"elementor-widget-container\">\n\t\t\t\t\t        <div class=\"m-contentBlock -wide u-leadText -borderTop\" >\n                            <div class=\"m-contentBlock__header\">\n                    <h1 class=\"u-noMargin\">Davo\u0161ka deklaracija 2018 <\/h1>                <\/div>\n                        <div class=\"m-contentBlock__inner\">\n                <div class=\"m-contentBlock__imageWrapper\"><\/div>                <div class=\"m-contentBlock__content\">\n                                                                <div class=\"m-contentBlock__links\">\n                                                            <a class=\"-contentBlock -icon\"\n                                     target=\"_blank\"                                    href=\"https:\/\/davosdeclaration2018.ch\/wp-content\/uploads\/sites\/2\/2023\/06\/2022-06-27-103030-davos-deklaracija-koncna-1.pdf\">\n                                    slov\u00e8ne                                    <svg class=\"svg-inline--fa fa-arrow-right\" aria-hidden=\"true\" focusable=\"false\" data-prefix=\"fal\" data-icon=\"arrow-right\" role=\"img\" xmlns=\"http:\/\/www.w3.org\/2000\/svg\" viewbox=\"0 0 448 512\" data-fa-i2svg=\"\"><path fill=\"currentColor\" d=\"M443.7 266.8l-165.9 176C274.5 446.3 269.1 448 265.5 448c-3.986 0-7.988-1.375-11.16-4.156c-6.773-5.938-7.275-16.06-1.118-22.59L393.9 272H16.59c-9.171 0-16.59-7.155-16.59-15.1S7.421 240 16.59 240h377.3l-140.7-149.3c-6.157-6.531-5.655-16.66 1.118-22.59c6.789-5.906 17.27-5.469 23.45 1.094l165.9 176C449.4 251.3 449.4 260.7 443.7 266.8z\"><\/path><\/svg>                                <\/a>\n                                                    <\/div>\n                                    <\/div>\n            <\/div>\n        <\/div>\n        \t\t\t\t<\/div>\n\t\t\t\t<\/div>\n\t\t\t\t\t<\/div>\n\t\t\t\t<\/div>\n\t\t<div class=\"elementor-element elementor-element-cf3dffc u-sidePadding u-dcwiSection e-flex e-con-boxed e-con e-parent\" data-id=\"cf3dffc\" data-element_type=\"container\">\n\t\t\t\t\t<div class=\"e-con-inner\">\n\t\t\t\t<div class=\"elementor-element elementor-element-90b2a24 elementor-widget elementor-widget-dcwi-content-block\" data-id=\"90b2a24\" data-element_type=\"widget\" data-widget_type=\"dcwi-content-block.default\">\n\t\t\t\t<div class=\"elementor-widget-container\">\n\t\t\t\t\t        <div class=\"m-contentBlock -wide u-leadText -borderTop\" >\n                            <div class=\"m-contentBlock__header\">\n                    <h1 class=\"u-noMargin\">Declara\u021bia de la Davos 2018<\/h1>                <\/div>\n                        <div class=\"m-contentBlock__inner\">\n                <div class=\"m-contentBlock__imageWrapper\"><\/div>                <div class=\"m-contentBlock__content\">\n                                                                <div class=\"m-contentBlock__links\">\n                                                            <a class=\"-contentBlock -icon\"\n                                     target=\"_blank\"                                    href=\"https:\/\/davosdeclaration2018.ch\/wp-content\/uploads\/sites\/2\/2023\/06\/2022-06-27-101525-declaratia-de-la-davos-rom.pdf\">\n                                    roumain                                    <svg class=\"svg-inline--fa fa-arrow-right\" aria-hidden=\"true\" focusable=\"false\" data-prefix=\"fal\" data-icon=\"arrow-right\" role=\"img\" xmlns=\"http:\/\/www.w3.org\/2000\/svg\" viewbox=\"0 0 448 512\" data-fa-i2svg=\"\"><path fill=\"currentColor\" d=\"M443.7 266.8l-165.9 176C274.5 446.3 269.1 448 265.5 448c-3.986 0-7.988-1.375-11.16-4.156c-6.773-5.938-7.275-16.06-1.118-22.59L393.9 272H16.59c-9.171 0-16.59-7.155-16.59-15.1S7.421 240 16.59 240h377.3l-140.7-149.3c-6.157-6.531-5.655-16.66 1.118-22.59c6.789-5.906 17.27-5.469 23.45 1.094l165.9 176C449.4 251.3 449.4 260.7 443.7 266.8z\"><\/path><\/svg>                                <\/a>\n                                                    <\/div>\n                                    <\/div>\n            <\/div>\n        <\/div>\n        \t\t\t\t<\/div>\n\t\t\t\t<\/div>\n\t\t\t\t\t<\/div>\n\t\t\t\t<\/div>\n\t\t<div class=\"elementor-element elementor-element-4ef0b63 u-sidePadding u-dcwiSection e-flex e-con-boxed e-con e-parent\" data-id=\"4ef0b63\" data-element_type=\"container\">\n\t\t\t\t\t<div class=\"e-con-inner\">\n\t\t\t\t<div class=\"elementor-element elementor-element-f383b7b elementor-widget elementor-widget-dcwi-content-block\" data-id=\"f383b7b\" data-element_type=\"widget\" data-widget_type=\"dcwi-content-block.default\">\n\t\t\t\t<div class=\"elementor-widget-container\">\n\t\t\t\t\t        <div class=\"m-contentBlock -wide u-leadText -borderTop\" >\n                            <div class=\"m-contentBlock__header\">\n                    <h1 class=\"u-noMargin\">2018 m. Davoso deklaracija<\/h1>                <\/div>\n                        <div class=\"m-contentBlock__inner\">\n                <div class=\"m-contentBlock__imageWrapper\"><\/div>                <div class=\"m-contentBlock__content\">\n                                                                <div class=\"m-contentBlock__links\">\n                                                            <a class=\"-contentBlock -icon\"\n                                     target=\"_blank\"                                    href=\"https:\/\/davosdeclaration2018.ch\/wp-content\/uploads\/sites\/2\/2023\/06\/2022-11-29-085245-2018-m-davoso-deklaracija.pdf\">\n                                    lituanien                                    <svg class=\"svg-inline--fa fa-arrow-right\" aria-hidden=\"true\" focusable=\"false\" data-prefix=\"fal\" data-icon=\"arrow-right\" role=\"img\" xmlns=\"http:\/\/www.w3.org\/2000\/svg\" viewbox=\"0 0 448 512\" data-fa-i2svg=\"\"><path fill=\"currentColor\" d=\"M443.7 266.8l-165.9 176C274.5 446.3 269.1 448 265.5 448c-3.986 0-7.988-1.375-11.16-4.156c-6.773-5.938-7.275-16.06-1.118-22.59L393.9 272H16.59c-9.171 0-16.59-7.155-16.59-15.1S7.421 240 16.59 240h377.3l-140.7-149.3c-6.157-6.531-5.655-16.66 1.118-22.59c6.789-5.906 17.27-5.469 23.45 1.094l165.9 176C449.4 251.3 449.4 260.7 443.7 266.8z\"><\/path><\/svg>                                <\/a>\n                                                    <\/div>\n                                    <\/div>\n            <\/div>\n        <\/div>\n        \t\t\t\t<\/div>\n\t\t\t\t<\/div>\n\t\t\t\t\t<\/div>\n\t\t\t\t<\/div>\n\t\t<div class=\"elementor-element elementor-element-32b7cdf u-sidePadding u-dcwiSection e-flex e-con-boxed e-con e-parent\" data-id=\"32b7cdf\" data-element_type=\"container\">\n\t\t\t\t\t<div class=\"e-con-inner\">\n\t\t\t\t<div class=\"elementor-element elementor-element-a5efbda elementor-widget elementor-widget-dcwi-content-block\" data-id=\"a5efbda\" data-element_type=\"widget\" data-widget_type=\"dcwi-content-block.default\">\n\t\t\t\t<div class=\"elementor-widget-container\">\n\t\t\t\t\t        <div class=\"m-contentBlock -wide u-leadText -borderTop\" >\n                            <div class=\"m-contentBlock__header\">\n                    <h1 class=\"u-noMargin\">Davosin julistus 2018 <\/h1>                <\/div>\n                        <div class=\"m-contentBlock__inner\">\n                <div class=\"m-contentBlock__imageWrapper\"><\/div>                <div class=\"m-contentBlock__content\">\n                                                                <div class=\"m-contentBlock__links\">\n                                                            <a class=\"-contentBlock -icon\"\n                                     target=\"_blank\"                                    href=\"https:\/\/davosdeclaration2018.ch\/wp-content\/uploads\/sites\/2\/2023\/06\/2022-12-07-141036-davosin-julistus-2018.pdf\">\n                                    finlandais                                    <svg class=\"svg-inline--fa fa-arrow-right\" aria-hidden=\"true\" focusable=\"false\" data-prefix=\"fal\" data-icon=\"arrow-right\" role=\"img\" xmlns=\"http:\/\/www.w3.org\/2000\/svg\" viewbox=\"0 0 448 512\" data-fa-i2svg=\"\"><path fill=\"currentColor\" d=\"M443.7 266.8l-165.9 176C274.5 446.3 269.1 448 265.5 448c-3.986 0-7.988-1.375-11.16-4.156c-6.773-5.938-7.275-16.06-1.118-22.59L393.9 272H16.59c-9.171 0-16.59-7.155-16.59-15.1S7.421 240 16.59 240h377.3l-140.7-149.3c-6.157-6.531-5.655-16.66 1.118-22.59c6.789-5.906 17.27-5.469 23.45 1.094l165.9 176C449.4 251.3 449.4 260.7 443.7 266.8z\"><\/path><\/svg>                                <\/a>\n                                                    <\/div>\n                                    <\/div>\n            <\/div>\n        <\/div>\n        \t\t\t\t<\/div>\n\t\t\t\t<\/div>\n\t\t\t\t\t<\/div>\n\t\t\t\t<\/div>\n\t\t<div class=\"elementor-element elementor-element-fe1eea2 u-sidePadding u-dcwiSection e-flex e-con-boxed e-con e-parent\" data-id=\"fe1eea2\" data-element_type=\"container\">\n\t\t\t\t\t<div class=\"e-con-inner\">\n\t\t\t\t<div class=\"elementor-element elementor-element-062e51d elementor-widget elementor-widget-dcwi-content-block\" data-id=\"062e51d\" data-element_type=\"widget\" data-widget_type=\"dcwi-content-block.default\">\n\t\t\t\t<div class=\"elementor-widget-container\">\n\t\t\t\t\t        <div class=\"m-contentBlock -wide u-leadText -borderTop\" >\n                            <div class=\"m-contentBlock__header\">\n                    <h1 class=\"u-noMargin\">Davosk\u00e1 deklarace 2018<\/h1>                <\/div>\n                        <div class=\"m-contentBlock__inner\">\n                <div class=\"m-contentBlock__imageWrapper\"><\/div>                <div class=\"m-contentBlock__content\">\n                                                                <div class=\"m-contentBlock__links\">\n                                                            <a class=\"-contentBlock -icon\"\n                                     target=\"_blank\"                                    href=\"https:\/\/davosdeclaration2018.ch\/wp-content\/uploads\/sites\/2\/2025\/10\/DD_2018_Czech.pdf\">\n                                    tch\u00e8que                                    <svg class=\"svg-inline--fa fa-arrow-right\" aria-hidden=\"true\" focusable=\"false\" data-prefix=\"fal\" data-icon=\"arrow-right\" role=\"img\" xmlns=\"http:\/\/www.w3.org\/2000\/svg\" viewbox=\"0 0 448 512\" data-fa-i2svg=\"\"><path fill=\"currentColor\" d=\"M443.7 266.8l-165.9 176C274.5 446.3 269.1 448 265.5 448c-3.986 0-7.988-1.375-11.16-4.156c-6.773-5.938-7.275-16.06-1.118-22.59L393.9 272H16.59c-9.171 0-16.59-7.155-16.59-15.1S7.421 240 16.59 240h377.3l-140.7-149.3c-6.157-6.531-5.655-16.66 1.118-22.59c6.789-5.906 17.27-5.469 23.45 1.094l165.9 176C449.4 251.3 449.4 260.7 443.7 266.8z\"><\/path><\/svg>                                <\/a>\n                                                    <\/div>\n                                    <\/div>\n            <\/div>\n        <\/div>\n        \t\t\t\t<\/div>\n\t\t\t\t<\/div>\n\t\t\t\t\t<\/div>\n\t\t\t\t<\/div>\n\t\t<div class=\"elementor-element elementor-element-32fdd19 u-sidePadding u-dcwiSection e-flex e-con-boxed e-con e-parent\" data-id=\"32fdd19\" data-element_type=\"container\">\n\t\t\t\t\t<div class=\"e-con-inner\">\n\t\t\t\t<div class=\"elementor-element elementor-element-622d53c elementor-widget elementor-widget-dcwi-content-block\" data-id=\"622d53c\" data-element_type=\"widget\" data-widget_type=\"dcwi-content-block.default\">\n\t\t\t\t<div class=\"elementor-widget-container\">\n\t\t\t\t\t        <div class=\"m-contentBlock -wide u-leadText\" >\n                        <div class=\"m-contentBlock__inner\">\n                <a class=\"m-contentBlock__imageWrapper -noFilter\"href=\"https:\/\/davosdeclaration2018.ch\/wp-content\/uploads\/sites\/2\/2023\/06\/2022-11-09-142113-ube7884-cmjn.jpg\"><img fetchpriority=\"high\" decoding=\"async\" width=\"1800\" height=\"1086\" src=\"https:\/\/davosdeclaration2018.ch\/wp-content\/uploads\/sites\/2\/2023\/06\/2022-11-09-142113-ube7884-cmjn.jpg\" class=\"m-contentBlock__image\" alt=\"\" srcset=\"https:\/\/davosdeclaration2018.ch\/wp-content\/uploads\/sites\/2\/2023\/06\/2022-11-09-142113-ube7884-cmjn.jpg 1800w, https:\/\/davosdeclaration2018.ch\/wp-content\/uploads\/sites\/2\/2023\/06\/2022-11-09-142113-ube7884-cmjn-300x181.jpg 300w, https:\/\/davosdeclaration2018.ch\/wp-content\/uploads\/sites\/2\/2023\/06\/2022-11-09-142113-ube7884-cmjn-1024x618.jpg 1024w, https:\/\/davosdeclaration2018.ch\/wp-content\/uploads\/sites\/2\/2023\/06\/2022-11-09-142113-ube7884-cmjn-768x463.jpg 768w, https:\/\/davosdeclaration2018.ch\/wp-content\/uploads\/sites\/2\/2023\/06\/2022-11-09-142113-ube7884-cmjn-1536x927.jpg 1536w, https:\/\/davosdeclaration2018.ch\/wp-content\/uploads\/sites\/2\/2023\/06\/2022-11-09-142113-ube7884-cmjn-18x12.jpg 18w\" sizes=\"(max-width: 1800px) 100vw, 1800px\" \/>                    <span class=\"m-contentBlock__credit\"> Conf\u00e9rence des ministres de la culture Davos 2018<br \/>\n\u00a9 OFC \/ photo Ruben Speich<\/span>\n                <\/a>                <div class=\"m-contentBlock__content\">\n                                                        <\/div>\n            <\/div>\n        <\/div>\n        \t\t\t\t<\/div>\n\t\t\t\t<\/div>\n\t\t\t\t\t<\/div>\n\t\t\t\t<\/div>\n\t\t\t\t<\/div>","protected":false},"excerpt":{"rendered":"<p>Aktuell \u00abCollective Baukultur\u00bb an der Architekturbiennale 2025 Das offizielle Rahmenprogramm GENS der Architekturbiennale 2025 wird mit der Veranstaltung \u00abCollective Baukultur\u00bb er\u00f6ffnet. Sie findet am 10. Mai 2025 von 17:00-19:00 Uhr im Teatro Piccolo Arsenale in Venedig statt. Bezugnehmend auf das Biennalethema \u00abIntelligens\u00bb werden kollaborative Arbeitsmethoden und innovative Ans\u00e4tze diskutiert, die nachhaltige Lebensr\u00e4ume f\u00fcr alle schaffen. [&hellip;]<\/p>","protected":false},"author":1,"featured_media":0,"parent":0,"menu_order":0,"comment_status":"closed","ping_status":"closed","template":"templates\/noHeader.php","meta":{"_acf_changed":false,"inline_featured_image":false,"footnotes":""},"class_list":["post-10","page","type-page","status-publish","hentry"],"acf":[],"yoast_head":"<!-- This site is optimized with the Yoast SEO plugin v26.1.1 - https:\/\/yoast.com\/wordpress\/plugins\/seo\/ -->\n<title>Erkl\u00e4rung von Davos 2018 &#8211; Erkl\u00e4rung von Davos 2018<\/title>\n<meta name=\"robots\" content=\"index, follow, max-snippet:-1, max-image-preview:large, max-video-preview:-1\" \/>\n<link rel=\"canonical\" href=\"https:\/\/davosdeclaration2018.ch\/fr\/\" \/>\n<meta property=\"og:locale\" content=\"fr_FR\" \/>\n<meta property=\"og:type\" content=\"article\" \/>\n<meta property=\"og:title\" content=\"Erkl\u00e4rung von Davos 2018 &#8211; Erkl\u00e4rung von Davos 2018\" \/>\n<meta property=\"og:description\" content=\"Aktuell \u00abCollective Baukultur\u00bb an der Architekturbiennale 2025 Das offizielle Rahmenprogramm GENS der Architekturbiennale 2025 wird mit der Veranstaltung \u00abCollective Baukultur\u00bb er\u00f6ffnet. Sie findet am 10. Mai 2025 von 17:00-19:00 Uhr im Teatro Piccolo Arsenale in Venedig statt. Bezugnehmend auf das Biennalethema \u00abIntelligens\u00bb werden kollaborative Arbeitsmethoden und innovative Ans\u00e4tze diskutiert, die nachhaltige Lebensr\u00e4ume f\u00fcr alle schaffen. [&hellip;]\" \/>\n<meta property=\"og:url\" content=\"https:\/\/davosdeclaration2018.ch\/fr\/\" \/>\n<meta property=\"og:site_name\" content=\"Erkl\u00e4rung von Davos 2018\" \/>\n<meta property=\"article:modified_time\" content=\"2025-10-30T11:06:06+00:00\" \/>\n<meta property=\"og:image\" content=\"https:\/\/davosdeclaration2018.ch\/wp-content\/uploads\/sites\/2\/2023\/06\/2022-11-09-142113-ube7884-cmjn.jpg\" \/>\n<meta name=\"twitter:card\" content=\"summary_large_image\" \/>\n<meta name=\"twitter:label1\" content=\"Dur\u00e9e de lecture estim\u00e9e\" \/>\n\t<meta name=\"twitter:data1\" content=\"2 minutes\" \/>\n<script type=\"application\/ld+json\" class=\"yoast-schema-graph\">{\"@context\":\"https:\/\/schema.org\",\"@graph\":[{\"@type\":\"WebPage\",\"@id\":\"https:\/\/davosdeclaration2018.ch\/\",\"url\":\"https:\/\/davosdeclaration2018.ch\/\",\"name\":\"Erkl\u00e4rung von Davos 2018 &#8211; Erkl\u00e4rung von Davos 2018\",\"isPartOf\":{\"@id\":\"https:\/\/davosdeclaration2018.ch\/en\/#website\"},\"primaryImageOfPage\":{\"@id\":\"https:\/\/davosdeclaration2018.ch\/#primaryimage\"},\"image\":{\"@id\":\"https:\/\/davosdeclaration2018.ch\/#primaryimage\"},\"thumbnailUrl\":\"https:\/\/davosdeclaration2018.ch\/wp-content\/uploads\/sites\/2\/2023\/06\/2022-11-09-142113-ube7884-cmjn.jpg\",\"datePublished\":\"2023-05-17T07:32:41+00:00\",\"dateModified\":\"2025-10-30T11:06:06+00:00\",\"breadcrumb\":{\"@id\":\"https:\/\/davosdeclaration2018.ch\/#breadcrumb\"},\"inLanguage\":\"fr-FR\",\"potentialAction\":[{\"@type\":\"ReadAction\",\"target\":[\"https:\/\/davosdeclaration2018.ch\/\"]}]},{\"@type\":\"ImageObject\",\"inLanguage\":\"fr-FR\",\"@id\":\"https:\/\/davosdeclaration2018.ch\/#primaryimage\",\"url\":\"https:\/\/davosdeclaration2018.ch\/wp-content\/uploads\/sites\/2\/2023\/06\/2022-11-09-142113-ube7884-cmjn.jpg\",\"contentUrl\":\"https:\/\/davosdeclaration2018.ch\/wp-content\/uploads\/sites\/2\/2023\/06\/2022-11-09-142113-ube7884-cmjn.jpg\"},{\"@type\":\"BreadcrumbList\",\"@id\":\"https:\/\/davosdeclaration2018.ch\/#breadcrumb\",\"itemListElement\":[{\"@type\":\"ListItem\",\"position\":1,\"name\":\"Startseite\",\"item\":\"https:\/\/davosdeclaration2018.ch\/\"},{\"@type\":\"ListItem\",\"position\":2,\"name\":\"Erkl\u00e4rung von Davos 2018\"}]},{\"@type\":\"WebSite\",\"@id\":\"https:\/\/davosdeclaration2018.ch\/en\/#website\",\"url\":\"https:\/\/davosdeclaration2018.ch\/en\/\",\"name\":\"Davos Baukultur Allianz 2023\",\"description\":\"\",\"potentialAction\":[{\"@type\":\"SearchAction\",\"target\":{\"@type\":\"EntryPoint\",\"urlTemplate\":\"https:\/\/davosdeclaration2018.ch\/en\/?s={search_term_string}\"},\"query-input\":{\"@type\":\"PropertyValueSpecification\",\"valueRequired\":true,\"valueName\":\"search_term_string\"}}],\"inLanguage\":\"fr-FR\"}]}<\/script>\n<!-- \/ Yoast SEO plugin. -->","yoast_head_json":{"title":"Erkl\u00e4rung von Davos 2018 &#8211; Erkl\u00e4rung von Davos 2018","robots":{"index":"index","follow":"follow","max-snippet":"max-snippet:-1","max-image-preview":"max-image-preview:large","max-video-preview":"max-video-preview:-1"},"canonical":"https:\/\/davosdeclaration2018.ch\/fr\/","og_locale":"fr_FR","og_type":"article","og_title":"Erkl\u00e4rung von Davos 2018 &#8211; Erkl\u00e4rung von Davos 2018","og_description":"Aktuell \u00abCollective Baukultur\u00bb an der Architekturbiennale 2025 Das offizielle Rahmenprogramm GENS der Architekturbiennale 2025 wird mit der Veranstaltung \u00abCollective Baukultur\u00bb er\u00f6ffnet. Sie findet am 10. Mai 2025 von 17:00-19:00 Uhr im Teatro Piccolo Arsenale in Venedig statt. Bezugnehmend auf das Biennalethema \u00abIntelligens\u00bb werden kollaborative Arbeitsmethoden und innovative Ans\u00e4tze diskutiert, die nachhaltige Lebensr\u00e4ume f\u00fcr alle schaffen. [&hellip;]","og_url":"https:\/\/davosdeclaration2018.ch\/fr\/","og_site_name":"Erkl\u00e4rung von Davos 2018","article_modified_time":"2025-10-30T11:06:06+00:00","og_image":[{"url":"https:\/\/davosdeclaration2018.ch\/wp-content\/uploads\/sites\/2\/2023\/06\/2022-11-09-142113-ube7884-cmjn.jpg","type":"","width":"","height":""}],"twitter_card":"summary_large_image","twitter_misc":{"Dur\u00e9e de lecture estim\u00e9e":"2 minutes"},"schema":{"@context":"https:\/\/schema.org","@graph":[{"@type":"WebPage","@id":"https:\/\/davosdeclaration2018.ch\/","url":"https:\/\/davosdeclaration2018.ch\/","name":"Erkl\u00e4rung von Davos 2018 &#8211; Erkl\u00e4rung von Davos 2018","isPartOf":{"@id":"https:\/\/davosdeclaration2018.ch\/en\/#website"},"primaryImageOfPage":{"@id":"https:\/\/davosdeclaration2018.ch\/#primaryimage"},"image":{"@id":"https:\/\/davosdeclaration2018.ch\/#primaryimage"},"thumbnailUrl":"https:\/\/davosdeclaration2018.ch\/wp-content\/uploads\/sites\/2\/2023\/06\/2022-11-09-142113-ube7884-cmjn.jpg","datePublished":"2023-05-17T07:32:41+00:00","dateModified":"2025-10-30T11:06:06+00:00","breadcrumb":{"@id":"https:\/\/davosdeclaration2018.ch\/#breadcrumb"},"inLanguage":"fr-FR","potentialAction":[{"@type":"ReadAction","target":["https:\/\/davosdeclaration2018.ch\/"]}]},{"@type":"ImageObject","inLanguage":"fr-FR","@id":"https:\/\/davosdeclaration2018.ch\/#primaryimage","url":"https:\/\/davosdeclaration2018.ch\/wp-content\/uploads\/sites\/2\/2023\/06\/2022-11-09-142113-ube7884-cmjn.jpg","contentUrl":"https:\/\/davosdeclaration2018.ch\/wp-content\/uploads\/sites\/2\/2023\/06\/2022-11-09-142113-ube7884-cmjn.jpg"},{"@type":"BreadcrumbList","@id":"https:\/\/davosdeclaration2018.ch\/#breadcrumb","itemListElement":[{"@type":"ListItem","position":1,"name":"Startseite","item":"https:\/\/davosdeclaration2018.ch\/"},{"@type":"ListItem","position":2,"name":"Erkl\u00e4rung von Davos 2018"}]},{"@type":"WebSite","@id":"https:\/\/davosdeclaration2018.ch\/en\/#website","url":"https:\/\/davosdeclaration2018.ch\/en\/","name":"Davos Baukultur Allianz 2023","description":"","potentialAction":[{"@type":"SearchAction","target":{"@type":"EntryPoint","urlTemplate":"https:\/\/davosdeclaration2018.ch\/en\/?s={search_term_string}"},"query-input":{"@type":"PropertyValueSpecification","valueRequired":true,"valueName":"search_term_string"}}],"inLanguage":"fr-FR"}]}},"_links":{"self":[{"href":"https:\/\/davosdeclaration2018.ch\/fr\/wp-json\/wp\/v2\/pages\/10","targetHints":{"allow":["GET"]}}],"collection":[{"href":"https:\/\/davosdeclaration2018.ch\/fr\/wp-json\/wp\/v2\/pages"}],"about":[{"href":"https:\/\/davosdeclaration2018.ch\/fr\/wp-json\/wp\/v2\/types\/page"}],"author":[{"embeddable":true,"href":"https:\/\/davosdeclaration2018.ch\/fr\/wp-json\/wp\/v2\/users\/1"}],"replies":[{"embeddable":true,"href":"https:\/\/davosdeclaration2018.ch\/fr\/wp-json\/wp\/v2\/comments?post=10"}],"version-history":[{"count":281,"href":"https:\/\/davosdeclaration2018.ch\/fr\/wp-json\/wp\/v2\/pages\/10\/revisions"}],"predecessor-version":[{"id":2506,"href":"https:\/\/davosdeclaration2018.ch\/fr\/wp-json\/wp\/v2\/pages\/10\/revisions\/2506"}],"wp:attachment":[{"href":"https:\/\/davosdeclaration2018.ch\/fr\/wp-json\/wp\/v2\/media?parent=10"}],"curies":[{"name":"wp","href":"https:\/\/api.w.org\/{rel}","templated":true}]}}